{"id":77,"date":"2024-05-15T08:35:15","date_gmt":"2024-05-15T08:35:15","guid":{"rendered":"http:\/\/fl-conf.local\/?page_id=77"},"modified":"2024-06-11T10:28:18","modified_gmt":"2024-06-11T10:28:18","slug":"voix-afrique","status":"publish","type":"page","link":"https:\/\/football-legal.com\/conference\/fr\/voix-afrique\/","title":{"rendered":"Gouvernance et r\u00e9gulation du football : faire entendre la voix de l&#8217;Afrique"},"content":{"rendered":"<p>[et_pb_section fb_built=&#8221;1&#8243; custom_padding_last_edited=&#8221;on|tablet&#8221; admin_label=&#8221;Overview&#8221; _builder_version=&#8221;4.25.0&#8243; background_enable_color=&#8221;off&#8221; use_background_color_gradient=&#8221;on&#8221; background_color_gradient_stops=&#8221;#e4e46f 0%|#1ba854 30%|#1eaf69 50%|#194e24 100%&#8221; background_enable_image=&#8221;off&#8221; background_size=&#8221;custom&#8221; background_image_width=&#8221;17%&#8221; background_image_height=&#8221;79%&#8221; background_position=&#8221;center_right&#8221; background_horizontal_offset=&#8221;0%&#8221; max_width_tablet=&#8221;&#8221; max_width_phone=&#8221;&#8221; max_width_last_edited=&#8221;on|desktop&#8221; module_alignment=&#8221;right&#8221; custom_padding=&#8221;0px|0px|0px|0px|false|false&#8221; custom_padding_tablet=&#8221;0px|||0px|false|false&#8221; custom_padding_phone=&#8221;40px||||false|false&#8221; background_last_edited=&#8221;on|desktop&#8221; background_enable_image_tablet=&#8221;off&#8221; global_colors_info=&#8221;{}&#8221;][et_pb_row custom_padding_last_edited=&#8221;off|desktop&#8221; _builder_version=&#8221;4.23.2&#8243; background_color=&#8221;#ffffff&#8221; custom_padding=&#8221;40px|0px|80px|0|false|false&#8221; custom_padding_tablet=&#8221;|||40px&#8221; box_shadow_style=&#8221;preset4&#8243; box_shadow_horizontal=&#8221;-700px&#8221; box_shadow_vertical=&#8221;0px&#8221; box_shadow_color=&#8221;#ffffff&#8221; global_colors_info=&#8221;{}&#8221;][et_pb_column type=&#8221;4_4&#8243; _builder_version=&#8221;4.16&#8243; custom_padding=&#8221;|||&#8221; global_colors_info=&#8221;{}&#8221; custom_padding__hover=&#8221;|||&#8221;][et_pb_text content_tablet=&#8221;<\/p>\n<h5><span class=%22background-details%22><span class=%22lt-line-clamp__line%22><span style=%22color: #000000;%22><span style=%22color: #3e2814;%22><strong>Panel 4 <\/strong>&#8211; Mardi 18 Juin 2024, 14:30 &#8211; 16:30<\/span><\/span><\/span><\/span><\/h5>\n<h1>Gouvernance et r\u00e9gulation du football : faire entendre la voix de l&#8217;Afrique<\/h1>\n<p>&#8221; content_phone=&#8221;<\/p>\n<h5><span class=%22background-details%22><span class=%22lt-line-clamp__line%22><span style=%22color: #000000;%22><span style=%22color: #3e2814;%22><strong>Panel 4<br \/><\/strong>Mardi 18 Juin 2024<br \/>14:30 &#8211; 16:30<\/span><\/span><\/span><\/span><\/h5>\n<h1>Gouvernance et r\u00e9gulation du football : faire entendre la voix de l&#8217;Afrique<\/h1>\n<p>&#8221; content_last_edited=&#8221;on|phone&#8221; _builder_version=&#8221;4.25.1&#8243; text_font=&#8221;||||||||&#8221; text_font_size=&#8221;16px&#8221; text_line_height=&#8221;1.8em&#8221; header_font=&#8221;Montserrat|700|||||||&#8221; header_text_color=&#8221;#299F53&#8243; header_font_size=&#8221;49px&#8221; header_line_height=&#8221;1.2em&#8221; header_2_font=&#8221;Muli|700|||||||&#8221; header_2_font_size=&#8221;36px&#8221; header_2_line_height=&#8221;1.4em&#8221; header_5_font=&#8221;Montserrat||||||||&#8221; header_5_text_color=&#8221;#000000&#8243; header_5_font_size=&#8221;20px&#8221; header_5_line_height=&#8221;1.6em&#8221; custom_padding=&#8221;|20px|0px||false|false&#8221; custom_padding_tablet=&#8221;|||20px|false|false&#8221; custom_padding_phone=&#8221;|20px|||false|false&#8221; custom_padding_last_edited=&#8221;on|phone&#8221; animation_style=&#8221;fade&#8221; animation_delay=&#8221;100ms&#8221; header_font_size_tablet=&#8221;36px&#8221; header_font_size_phone=&#8221;24px&#8221; header_font_size_last_edited=&#8221;on|desktop&#8221; header_2_font_size_tablet=&#8221;24px&#8221; header_2_font_size_phone=&#8221;18px&#8221; header_2_font_size_last_edited=&#8221;on|phone&#8221; header_5_font_size_tablet=&#8221;20px&#8221; header_5_font_size_phone=&#8221;18px&#8221; header_5_font_size_last_edited=&#8221;on|phone&#8221; locked=&#8221;off&#8221; global_colors_info=&#8221;{}&#8221; text_font_size__hover=&#8221;14px&#8221; text_font_size__hover_enabled=&#8221;14px&#8221; text_letter_spacing__hover=&#8221;0px&#8221; text_letter_spacing__hover_enabled=&#8221;0px&#8221; text_line_height__hover=&#8221;1.7em&#8221; text_line_height__hover_enabled=&#8221;1.7em&#8221; text_text_shadow_style__hover=&#8221;none&#8221; text_text_shadow_style__hover_enabled=&#8221;none&#8221; text_text_shadow_color__hover=&#8221;rgba(0,0,0,0.4)&#8221; text_text_shadow_color__hover_enabled=&#8221;rgba(0,0,0,0.4)&#8221; link_font_size__hover=&#8221;14px&#8221; link_font_size__hover_enabled=&#8221;14px&#8221; link_letter_spacing__hover=&#8221;0px&#8221; link_letter_spacing__hover_enabled=&#8221;0px&#8221; link_line_height__hover=&#8221;1em&#8221; link_line_height__hover_enabled=&#8221;1em&#8221; link_text_shadow_style__hover=&#8221;none&#8221; link_text_shadow_style__hover_enabled=&#8221;none&#8221; link_text_shadow_color__hover=&#8221;rgba(0,0,0,0.4)&#8221; link_text_shadow_color__hover_enabled=&#8221;rgba(0,0,0,0.4)&#8221; ul_font_size__hover=&#8221;14px&#8221; ul_font_size__hover_enabled=&#8221;14px&#8221; ul_letter_spacing__hover=&#8221;0px&#8221; ul_letter_spacing__hover_enabled=&#8221;0px&#8221; ul_line_height__hover=&#8221;1em&#8221; ul_line_height__hover_enabled=&#8221;1em&#8221; ul_text_shadow_style__hover=&#8221;none&#8221; ul_text_shadow_style__hover_enabled=&#8221;none&#8221; ul_text_shadow_color__hover=&#8221;rgba(0,0,0,0.4)&#8221; ul_text_shadow_color__hover_enabled=&#8221;rgba(0,0,0,0.4)&#8221; ol_font_size__hover=&#8221;14px&#8221; ol_font_size__hover_enabled=&#8221;14px&#8221; ol_letter_spacing__hover=&#8221;0px&#8221; ol_letter_spacing__hover_enabled=&#8221;0px&#8221; ol_line_height__hover=&#8221;1em&#8221; ol_line_height__hover_enabled=&#8221;1em&#8221; ol_text_shadow_style__hover=&#8221;none&#8221; ol_text_shadow_style__hover_enabled=&#8221;none&#8221; ol_text_shadow_color__hover=&#8221;rgba(0,0,0,0.4)&#8221; ol_text_shadow_color__hover_enabled=&#8221;rgba(0,0,0,0.4)&#8221; quote_font_size__hover=&#8221;14px&#8221; quote_font_size__hover_enabled=&#8221;14px&#8221; quote_letter_spacing__hover=&#8221;0px&#8221; quote_letter_spacing__hover_enabled=&#8221;0px&#8221; quote_line_height__hover=&#8221;1em&#8221; quote_line_height__hover_enabled=&#8221;1em&#8221; quote_text_shadow_style__hover=&#8221;none&#8221; quote_text_shadow_style__hover_enabled=&#8221;none&#8221; quote_text_shadow_color__hover=&#8221;rgba(0,0,0,0.4)&#8221; quote_text_shadow_color__hover_enabled=&#8221;rgba(0,0,0,0.4)&#8221; text_orientation__hover=&#8221;left&#8221; text_orientation__hover_enabled=&#8221;left&#8221; background_layout__hover=&#8221;light&#8221; background_layout__hover_enabled=&#8221;light&#8221; header_3_font_size__hover=&#8221;22px&#8221; header_3_font_size__hover_enabled=&#8221;22px&#8221; header_3_letter_spacing__hover=&#8221;0px&#8221; header_3_letter_spacing__hover_enabled=&#8221;0px&#8221; header_3_line_height__hover=&#8221;1em&#8221; header_3_line_height__hover_enabled=&#8221;1em&#8221; header_3_text_shadow_style__hover=&#8221;none&#8221; header_3_text_shadow_style__hover_enabled=&#8221;none&#8221; header_3_text_shadow_color__hover=&#8221;rgba(0,0,0,0.4)&#8221; header_3_text_shadow_color__hover_enabled=&#8221;rgba(0,0,0,0.4)&#8221; header_6_font_size__hover=&#8221;14px&#8221; header_6_font_size__hover_enabled=&#8221;14px&#8221; header_6_letter_spacing__hover=&#8221;0px&#8221; header_6_letter_spacing__hover_enabled=&#8221;0px&#8221; header_6_line_height__hover=&#8221;1em&#8221; header_6_line_height__hover_enabled=&#8221;1em&#8221; header_6_text_shadow_style__hover=&#8221;none&#8221; header_6_text_shadow_style__hover_enabled=&#8221;none&#8221; header_6_text_shadow_color__hover=&#8221;rgba(0,0,0,0.4)&#8221; header_6_text_shadow_color__hover_enabled=&#8221;rgba(0,0,0,0.4)&#8221;]<\/p>\n<h5><span class=\"background-details\"><span class=\"lt-line-clamp__line\"><span style=\"color: #000000;\"><span style=\"color: #3e2814;\"><strong>Panel 4 <\/strong>&#8211; Mardi 18 Juin 2024, 14:30 &#8211; 16:30<\/span><\/span><\/span><\/span><\/h5>\n<h1>Gouvernance et r\u00e9gulation du football : faire entendre la voix de l&#8217;Afrique<\/h1>\n<p>[\/et_pb_text][et_pb_image src=&#8221;https:\/\/football-legal.com\/conference\/wp-content\/uploads\/2024\/06\/p4-africa-football-2.jpg&#8221; title_text=&#8221;p4-africa-football-2&#8243; disabled_on=&#8221;on|off|off&#8221; _builder_version=&#8221;4.25.1&#8243; _module_preset=&#8221;default&#8221; animation_style=&#8221;fade&#8221; animation_delay=&#8221;100ms&#8221; global_colors_info=&#8221;{}&#8221;][\/et_pb_image][et_pb_image src=&#8221;https:\/\/football-legal.com\/conference\/wp-content\/uploads\/2024\/06\/p4-africa-football.jpg&#8221; title_text=&#8221;p4-africa-football&#8221; disabled_on=&#8221;off|on|on&#8221; _builder_version=&#8221;4.25.1&#8243; _module_preset=&#8221;default&#8221; animation_style=&#8221;fade&#8221; animation_delay=&#8221;100ms&#8221; global_colors_info=&#8221;{}&#8221;][\/et_pb_image][et_pb_text _builder_version=&#8221;4.25.1&#8243; text_font=&#8221;||||||||&#8221; text_font_size=&#8221;16px&#8221; text_line_height=&#8221;1.8em&#8221; header_font=&#8221;Montserrat|700|||||||&#8221; header_text_color=&#8221;#000000&#8243; header_font_size=&#8221;55px&#8221; header_line_height=&#8221;1.2em&#8221; header_2_font=&#8221;Muli|700|||||||&#8221; header_2_font_size=&#8221;36px&#8221; header_2_line_height=&#8221;1.4em&#8221; header_5_font=&#8221;Montserrat||||||||&#8221; header_5_text_color=&#8221;#000000&#8243; header_5_font_size=&#8221;20px&#8221; header_5_line_height=&#8221;1.6em&#8221; custom_padding=&#8221;|40px|||false|false&#8221; custom_padding_tablet=&#8221;|20px||20px|false|false&#8221; custom_padding_phone=&#8221;|20px||20px|false|false&#8221; custom_padding_last_edited=&#8221;on|phone&#8221; animation_style=&#8221;fade&#8221; animation_delay=&#8221;100ms&#8221; header_font_size_tablet=&#8221;&#8221; header_font_size_phone=&#8221;32px&#8221; header_font_size_last_edited=&#8221;on|phone&#8221; header_2_font_size_tablet=&#8221;24px&#8221; header_2_font_size_phone=&#8221;18px&#8221; header_2_font_size_last_edited=&#8221;on|phone&#8221; locked=&#8221;off&#8221; global_colors_info=&#8221;{}&#8221; text_font_size__hover=&#8221;14px&#8221; text_font_size__hover_enabled=&#8221;14px&#8221; text_letter_spacing__hover=&#8221;0px&#8221; text_letter_spacing__hover_enabled=&#8221;0px&#8221; text_line_height__hover=&#8221;1.7em&#8221; text_line_height__hover_enabled=&#8221;1.7em&#8221; text_text_shadow_style__hover=&#8221;none&#8221; text_text_shadow_style__hover_enabled=&#8221;none&#8221; text_text_shadow_color__hover=&#8221;rgba(0,0,0,0.4)&#8221; text_text_shadow_color__hover_enabled=&#8221;rgba(0,0,0,0.4)&#8221; link_font_size__hover=&#8221;14px&#8221; link_font_size__hover_enabled=&#8221;14px&#8221; link_letter_spacing__hover=&#8221;0px&#8221; link_letter_spacing__hover_enabled=&#8221;0px&#8221; link_line_height__hover=&#8221;1em&#8221; link_line_height__hover_enabled=&#8221;1em&#8221; link_text_shadow_style__hover=&#8221;none&#8221; link_text_shadow_style__hover_enabled=&#8221;none&#8221; link_text_shadow_color__hover=&#8221;rgba(0,0,0,0.4)&#8221; link_text_shadow_color__hover_enabled=&#8221;rgba(0,0,0,0.4)&#8221; ul_font_size__hover=&#8221;14px&#8221; ul_font_size__hover_enabled=&#8221;14px&#8221; ul_letter_spacing__hover=&#8221;0px&#8221; ul_letter_spacing__hover_enabled=&#8221;0px&#8221; ul_line_height__hover=&#8221;1em&#8221; ul_line_height__hover_enabled=&#8221;1em&#8221; ul_text_shadow_style__hover=&#8221;none&#8221; ul_text_shadow_style__hover_enabled=&#8221;none&#8221; ul_text_shadow_color__hover=&#8221;rgba(0,0,0,0.4)&#8221; ul_text_shadow_color__hover_enabled=&#8221;rgba(0,0,0,0.4)&#8221; ol_font_size__hover=&#8221;14px&#8221; ol_font_size__hover_enabled=&#8221;14px&#8221; ol_letter_spacing__hover=&#8221;0px&#8221; ol_letter_spacing__hover_enabled=&#8221;0px&#8221; ol_line_height__hover=&#8221;1em&#8221; ol_line_height__hover_enabled=&#8221;1em&#8221; ol_text_shadow_style__hover=&#8221;none&#8221; ol_text_shadow_style__hover_enabled=&#8221;none&#8221; ol_text_shadow_color__hover=&#8221;rgba(0,0,0,0.4)&#8221; ol_text_shadow_color__hover_enabled=&#8221;rgba(0,0,0,0.4)&#8221; quote_font_size__hover=&#8221;14px&#8221; quote_font_size__hover_enabled=&#8221;14px&#8221; quote_letter_spacing__hover=&#8221;0px&#8221; quote_letter_spacing__hover_enabled=&#8221;0px&#8221; quote_line_height__hover=&#8221;1em&#8221; quote_line_height__hover_enabled=&#8221;1em&#8221; quote_text_shadow_style__hover=&#8221;none&#8221; quote_text_shadow_style__hover_enabled=&#8221;none&#8221; quote_text_shadow_color__hover=&#8221;rgba(0,0,0,0.4)&#8221; quote_text_shadow_color__hover_enabled=&#8221;rgba(0,0,0,0.4)&#8221; text_orientation__hover=&#8221;left&#8221; text_orientation__hover_enabled=&#8221;left&#8221; background_layout__hover=&#8221;light&#8221; background_layout__hover_enabled=&#8221;light&#8221; header_3_font_size__hover=&#8221;22px&#8221; header_3_font_size__hover_enabled=&#8221;22px&#8221; header_3_letter_spacing__hover=&#8221;0px&#8221; header_3_letter_spacing__hover_enabled=&#8221;0px&#8221; header_3_line_height__hover=&#8221;1em&#8221; header_3_line_height__hover_enabled=&#8221;1em&#8221; header_3_text_shadow_style__hover=&#8221;none&#8221; header_3_text_shadow_style__hover_enabled=&#8221;none&#8221; header_3_text_shadow_color__hover=&#8221;rgba(0,0,0,0.4)&#8221; header_3_text_shadow_color__hover_enabled=&#8221;rgba(0,0,0,0.4)&#8221; header_6_font_size__hover=&#8221;14px&#8221; header_6_font_size__hover_enabled=&#8221;14px&#8221; header_6_letter_spacing__hover=&#8221;0px&#8221; header_6_letter_spacing__hover_enabled=&#8221;0px&#8221; header_6_line_height__hover=&#8221;1em&#8221; header_6_line_height__hover_enabled=&#8221;1em&#8221; header_6_text_shadow_style__hover=&#8221;none&#8221; header_6_text_shadow_style__hover_enabled=&#8221;none&#8221; header_6_text_shadow_color__hover=&#8221;rgba(0,0,0,0.4)&#8221; header_6_text_shadow_color__hover_enabled=&#8221;rgba(0,0,0,0.4)&#8221;]<\/p>\n<p>Le continent africain est un vivier du football mondial : aux quatre coins du monde, des joueurs africains \u00e9voluent dans les clubs professionnels les plus prestigieux. Mais, dans ce football globalis\u00e9, les int\u00e9r\u00eats du continent africain sont-ils vraiment repr\u00e9sent\u00e9s et d\u00e9fendus ? Le Panel aura pour objectif d&#8217;aborder les questions de r\u00e9gulation et de gouvernance du football, tant au niveau continental que mondial, et de r\u00e9fl\u00e9chir, d\u00e9battre sur la mani\u00e8re dont peuvent \u00eatre port\u00e9s au plus haut niveau les combats juridiques en faveur du football africain.<\/p>\n<p>[\/et_pb_text][\/et_pb_column][\/et_pb_row][et_pb_row column_structure=&#8221;1_4,1_4,1_4,1_4&#8243; use_custom_gutter=&#8221;on&#8221; gutter_width=&#8221;2&#8243; custom_padding_last_edited=&#8221;off|desktop&#8221; disabled_on=&#8221;off|off|off&#8221; _builder_version=&#8221;4.25.1&#8243; background_color=&#8221;#ffffff&#8221; custom_padding=&#8221;0px|0px|40px|0|false|false&#8221; custom_padding_tablet=&#8221;|||40px&#8221; pac_drh_column_numbers_tablet=&#8221;pac_drh_tab_col_four&#8221; box_shadow_style=&#8221;preset4&#8243; box_shadow_horizontal=&#8221;-700px&#8221; box_shadow_vertical=&#8221;0px&#8221; box_shadow_color=&#8221;#ffffff&#8221; locked=&#8221;off&#8221; global_colors_info=&#8221;{}&#8221;][et_pb_column type=&#8221;1_4&#8243; _builder_version=&#8221;4.16&#8243; custom_padding=&#8221;|||&#8221; global_colors_info=&#8221;{}&#8221; custom_padding__hover=&#8221;|||&#8221;][et_pb_image src=&#8221;https:\/\/football-legal.com\/conference\/wp-content\/uploads\/2024\/05\/Alexandre-DURAND-nb.jpg&#8221; title_text=&#8221;Alexandre-DURAND-nb&#8221; align_tablet=&#8221;center&#8221; align_phone=&#8221;&#8221; align_last_edited=&#8221;on|desktop&#8221; module_class=&#8221;zoom-image&#8221; _builder_version=&#8221;4.25.1&#8243; custom_margin=&#8221;0px|0px|20px|0px&#8221; custom_padding=&#8221;0px|0px|0px|0px&#8221; animation_style=&#8221;fade&#8221; animation_delay=&#8221;100ms&#8221; border_width_bottom=&#8221;6px&#8221; border_style_bottom=&#8221;inset&#8221; locked=&#8221;off&#8221; global_colors_info=&#8221;{}&#8221; border_radii__hover_enabled=&#8221;on&#8221; border_width_bottom__hover_enabled=&#8221;on|hover&#8221; border_color_bottom__hover_enabled=&#8221;on|hover&#8221; border_color_bottom__hover=&#8221;#CEB200&#8243; border_radii__hover=&#8221;||||&#8221; border_width_bottom__hover=&#8221;6px&#8221;][\/et_pb_image][et_pb_text _builder_version=&#8221;4.25.1&#8243; text_font=&#8221;||||||||&#8221; text_text_color=&#8221;#7a7a7a&#8221; text_font_size=&#8221;13px&#8221; header_font=&#8221;||||||||&#8221; header_4_font=&#8221;Montserrat|700|||||||&#8221; custom_margin=&#8221;0px|0px|0px|0px&#8221; custom_padding=&#8221;0px|0px|5px|0px&#8221; custom_padding_tablet=&#8221;|||20px|false|false&#8221; custom_padding_phone=&#8221;|||20px|false|false&#8221; custom_padding_last_edited=&#8221;on|phone&#8221; animation_style=&#8221;fade&#8221; animation_delay=&#8221;100ms&#8221; locked=&#8221;off&#8221; global_colors_info=&#8221;{}&#8221; header_4_text_color__hover_enabled=&#8221;on&#8221; header_4_text_color__hover=&#8221;#4dbdc6&#8243;]<\/p>\n<p><span style=\"color: #299f53;\"><strong>Intervenant<\/strong><\/span><\/p>\n<p>[\/et_pb_text][et_pb_text content_tablet=&#8221;<\/p>\n<h4><strong>Alexandre<br \/>DURAND<\/strong><span style=%22text-decoration: underline;%22><\/span><\/h4>\n<p><span style=%22color: #7a7a7a;%22>Alexandre DURAND est un juriste sp\u00e9cialis\u00e9 en droit du sport. Il est le fondateur des Editions <a href=%22https:\/\/www.droitdusport.com\/%22 data-et-target-link=%22_blank%22 rel=%22noopener%22><span style=%22text-decoration: underline;%22><strong>droitdusport.com<\/strong><\/span><\/a> et de <strong><a href=%22https:\/\/football-legal.com\/%22 data-et-target-link=%22_blank%22 rel=%22noopener%22><span style=%22text-decoration: underline;%22>Football Legal<\/span><\/a><\/strong>. Il organise depuis plus de 15 ans des conf\u00e9rences en droit du sport en France et \u00e0 l&#8217;international.<\/span><\/p>\n<p>&#8221; content_phone=&#8221;<\/p>\n<h4><strong>Alexandre DURAND<\/strong><span style=%22text-decoration: underline;%22><\/span><\/h4>\n<p><span style=%22color: #7a7a7a;%22>Alexandre DURAND est un juriste sp\u00e9cialis\u00e9 en droit du sport. Il est le fondateur des Editions <a href=%22https:\/\/www.droitdusport.com\/%22 data-et-target-link=%22_blank%22 rel=%22noopener%22><span style=%22text-decoration: underline;%22><strong>droitdusport.com<\/strong><\/span><\/a> et de <strong><a href=%22https:\/\/football-legal.com\/%22 data-et-target-link=%22_blank%22 rel=%22noopener%22><span style=%22text-decoration: underline;%22>Football Legal<\/span><\/a><\/strong>. Il organise depuis plus de 15 ans des conf\u00e9rences en droit du sport en France et \u00e0 l&#8217;international.<\/span><\/p>\n<p>&#8221; content_last_edited=&#8221;on|phone&#8221; _builder_version=&#8221;4.25.1&#8243; text_font=&#8221;||||||||&#8221; text_font_size=&#8221;13px&#8221; header_font=&#8221;||||||||&#8221; header_4_font=&#8221;Montserrat|700|||||||&#8221; custom_margin=&#8221;0px|0px|0px|0px&#8221; custom_padding=&#8221;0px|20px|5px|0px|false|false&#8221; custom_padding_tablet=&#8221;|||20px|false|false&#8221; custom_padding_phone=&#8221;|||20px|false|false&#8221; custom_padding_last_edited=&#8221;on|phone&#8221; animation_style=&#8221;fade&#8221; animation_delay=&#8221;100ms&#8221; global_colors_info=&#8221;{}&#8221; header_4_text_color__hover_enabled=&#8221;off|desktop&#8221; header_4_text_color__hover=&#8221;#4dbdc6&#8243;]<\/p>\n<h4><strong>Alexandre DURAND<\/strong><span style=\"text-decoration: underline;\"><\/span><\/h4>\n<p><span style=\"color: #7a7a7a;\">Alexandre DURAND est un juriste sp\u00e9cialis\u00e9 en droit du sport. Il est le fondateur des Editions <a href=\"https:\/\/www.droitdusport.com\/\" target=\"_blank\" rel=\"noopener\"><span style=\"text-decoration: underline;\"><strong>droitdusport.com<\/strong><\/span><\/a> et de <strong><a href=\"https:\/\/football-legal.com\/\" target=\"_blank\" rel=\"noopener\"><span style=\"text-decoration: underline;\">Football Legal<\/span><\/a><\/strong>. Il organise depuis plus de 15 ans des conf\u00e9rences en droit du sport en France et \u00e0 l&#8217;international.<\/span><\/p>\n<p>[\/et_pb_text][\/et_pb_column][et_pb_column type=&#8221;1_4&#8243; _builder_version=&#8221;4.25.0&#8243; _module_preset=&#8221;default&#8221; global_colors_info=&#8221;{}&#8221;][et_pb_image src=&#8221;https:\/\/football-legal.com\/conference\/wp-content\/uploads\/2024\/05\/Nasr-EL-DIN-AZZAM-nb.jpg&#8221; title_text=&#8221;Nasr-EL-DIN-AZZAM-nb&#8221; align_tablet=&#8221;center&#8221; align_phone=&#8221;&#8221; align_last_edited=&#8221;on|desktop&#8221; module_class=&#8221;zoom-image&#8221; _builder_version=&#8221;4.25.1&#8243; custom_margin=&#8221;0px|0px|20px|0px&#8221; custom_padding=&#8221;0px|0px|0px|0px&#8221; animation_style=&#8221;fade&#8221; animation_delay=&#8221;100ms&#8221; border_width_bottom=&#8221;6px&#8221; border_style_bottom=&#8221;inset&#8221; locked=&#8221;off&#8221; global_colors_info=&#8221;{}&#8221; border_radii__hover_enabled=&#8221;on&#8221; border_width_bottom__hover_enabled=&#8221;on|hover&#8221; border_color_bottom__hover_enabled=&#8221;on|hover&#8221; border_color_bottom__hover=&#8221;#CEB200&#8243; border_radii__hover=&#8221;||||&#8221; border_width_bottom__hover=&#8221;6px&#8221;][\/et_pb_image][et_pb_text _builder_version=&#8221;4.25.1&#8243; text_font=&#8221;||||||||&#8221; text_text_color=&#8221;#7a7a7a&#8221; text_font_size=&#8221;13px&#8221; header_font=&#8221;||||||||&#8221; header_4_font=&#8221;Montserrat|700|||||||&#8221; custom_margin=&#8221;0px|0px|0px|0px&#8221; custom_padding=&#8221;0px|0px|5px|0px&#8221; custom_padding_tablet=&#8221;|||0px|false|false&#8221; custom_padding_phone=&#8221;|||20px|false|false&#8221; custom_padding_last_edited=&#8221;on|tablet&#8221; animation_style=&#8221;fade&#8221; animation_delay=&#8221;100ms&#8221; locked=&#8221;off&#8221; global_colors_info=&#8221;{}&#8221; header_4_text_color__hover_enabled=&#8221;on&#8221; header_4_text_color__hover=&#8221;#4dbdc6&#8243;]<\/p>\n<p><span style=\"color: #299f53;\"><strong>Intervenant<\/strong><\/span><\/p>\n<p>[\/et_pb_text][et_pb_text content_tablet=&#8221;<\/p>\n<h4><strong>Nasr<br \/>EL DIN AZZAM<\/strong><span style=%22text-decoration: underline;%22><\/span><\/h4>\n<p><span style=%22color: #7a7a7a;%22>Nasr El Din Azzam est co-fondateur et avocat du cabinet <strong><a href=%22https:\/\/sportmakers.com%22 data-et-target-link=%22_blank%22 rel=%22noopener%22><span style=%22text-decoration: underline;%22>Sport Makers<\/span><\/a><\/strong> bas\u00e9 au Caire et \u00e0 Doha.<br \/>Il est conseiller juridique du Zamalek SC et de l&#8217;Ismaily SC en \u00c9gypte, aux c\u00f4t\u00e9s de nombreux autres clubs du Moyen-Orient et d&#8217;Afrique. Compte tenu de ses exp\u00e9riences ant\u00e9rieures en tant qu&#8217;ancien footballeur, il conseille \u00e9galement les joueurs de football en mati\u00e8re contractuelle.<br \/>Nasr est membre de l&#8217;<strong><a href=%22https:\/\/www.aiaf-law.com\/%22 data-et-target-link=%22_blank%22 rel=%22noopener%22><span style=%22text-decoration: underline;%22>l&#8217;Association Internationale des Avocats du Football (AIAF)<\/span><\/a><\/strong>.<\/span><\/p>\n<p>&#8221; content_phone=&#8221;<\/p>\n<h4><strong>Nasr EL DIN AZZAM<\/strong><span style=%22text-decoration: underline;%22><\/span><\/h4>\n<p><span style=%22color: #7a7a7a;%22>Nasr El Din Azzam est co-fondateur et avocat du cabinet <strong><a href=%22https:\/\/sportmakers.com%22 data-et-target-link=%22_blank%22 rel=%22noopener%22><span style=%22text-decoration: underline;%22>Sport Makers<\/span><\/a><\/strong> bas\u00e9 au Caire et \u00e0 Doha.<br \/>Il est conseiller juridique du Zamalek SC et de l&#8217;Ismaily SC en \u00c9gypte, aux c\u00f4t\u00e9s de nombreux autres clubs du Moyen-Orient et d&#8217;Afrique. Compte tenu de ses exp\u00e9riences ant\u00e9rieures en tant qu&#8217;ancien footballeur, il conseille \u00e9galement les joueurs de football en mati\u00e8re contractuelle.<br \/>Nasr est membre de l&#8217;<strong><a href=%22https:\/\/www.aiaf-law.com\/%22 data-et-target-link=%22_blank%22 rel=%22noopener%22><span style=%22text-decoration: underline;%22>l&#8217;Association Internationale des Avocats du Football (AIAF)<\/span><\/a><\/strong>.<\/span><\/p>\n<p>&#8221; content_last_edited=&#8221;on|phone&#8221; _builder_version=&#8221;4.25.1&#8243; text_font=&#8221;||||||||&#8221; text_font_size=&#8221;13px&#8221; header_font=&#8221;||||||||&#8221; header_4_font=&#8221;Montserrat|700|||||||&#8221; custom_margin=&#8221;0px|0px|0px|0px&#8221; custom_padding=&#8221;0px|20px|5px|0px|false|false&#8221; custom_padding_tablet=&#8221;|||0px|false|false&#8221; custom_padding_phone=&#8221;|||20px|false|false&#8221; custom_padding_last_edited=&#8221;on|phone&#8221; animation_style=&#8221;fade&#8221; animation_delay=&#8221;100ms&#8221; global_colors_info=&#8221;{}&#8221; header_4_text_color__hover_enabled=&#8221;off|desktop&#8221; header_4_text_color__hover=&#8221;#4dbdc6&#8243;]<\/p>\n<h4><strong>Nasr EL DIN AZZAM<\/strong><span style=\"text-decoration: underline;\"><\/span><\/h4>\n<p><span style=\"color: #7a7a7a;\">Nasr El Din Azzam est co-fondateur et avocat du cabinet <strong><a href=\"https:\/\/sportmakers.com\" target=\"_blank\" rel=\"noopener\"><span style=\"text-decoration: underline;\">Sport Makers<\/span><\/a><\/strong> bas\u00e9 au Caire et \u00e0 Doha.<br \/>Il est conseiller juridique du Zamalek SC et de l&#8217;Ismaily SC en \u00c9gypte, aux c\u00f4t\u00e9s de nombreux autres clubs du Moyen-Orient et d&#8217;Afrique. Compte tenu de ses exp\u00e9riences ant\u00e9rieures en tant qu&#8217;ancien footballeur, il conseille \u00e9galement les joueurs de football en mati\u00e8re contractuelle.<br \/>Nasr est membre de l&#8217;<strong><a href=\"https:\/\/www.aiaf-law.com\/\" target=\"_blank\" rel=\"noopener\"><span style=\"text-decoration: underline;\">l&#8217;Association Internationale des Avocats du Football (AIAF)<\/span><\/a><\/strong>.<\/span><\/p>\n<p>[\/et_pb_text][\/et_pb_column][et_pb_column type=&#8221;1_4&#8243; _builder_version=&#8221;4.25.0&#8243; _module_preset=&#8221;default&#8221; global_colors_info=&#8221;{}&#8221;][et_pb_image src=&#8221;https:\/\/football-legal.com\/conference\/wp-content\/uploads\/2024\/06\/Abdouraman-HAMADOU-BABA-nb.jpg&#8221; title_text=&#8221;Abdouraman-HAMADOU-BABA-nb&#8221; align_tablet=&#8221;center&#8221; align_phone=&#8221;&#8221; align_last_edited=&#8221;on|desktop&#8221; module_class=&#8221;zoom-image&#8221; _builder_version=&#8221;4.25.1&#8243; custom_margin=&#8221;0px|0px|20px|0px&#8221; custom_padding=&#8221;0px|0px|0px|0px&#8221; animation_style=&#8221;fade&#8221; animation_delay=&#8221;100ms&#8221; border_width_bottom=&#8221;6px&#8221; border_style_bottom=&#8221;inset&#8221; locked=&#8221;off&#8221; global_colors_info=&#8221;{}&#8221; border_radii__hover_enabled=&#8221;on&#8221; border_width_bottom__hover_enabled=&#8221;on|hover&#8221; border_color_bottom__hover_enabled=&#8221;on|hover&#8221; border_color_bottom__hover=&#8221;#CEB200&#8243; border_radii__hover=&#8221;||||&#8221; border_width_bottom__hover=&#8221;6px&#8221;][\/et_pb_image][et_pb_text _builder_version=&#8221;4.25.1&#8243; text_font=&#8221;||||||||&#8221; text_text_color=&#8221;#7a7a7a&#8221; text_font_size=&#8221;13px&#8221; header_font=&#8221;||||||||&#8221; header_4_font=&#8221;Montserrat|700|||||||&#8221; custom_margin=&#8221;0px|0px|0px|0px&#8221; custom_padding=&#8221;0px|0px|5px|0px&#8221; custom_padding_tablet=&#8221;|||0px|false|false&#8221; custom_padding_phone=&#8221;|||20px|false|false&#8221; custom_padding_last_edited=&#8221;on|tablet&#8221; animation_style=&#8221;fade&#8221; animation_delay=&#8221;100ms&#8221; locked=&#8221;off&#8221; global_colors_info=&#8221;{}&#8221; header_4_text_color__hover_enabled=&#8221;on&#8221; header_4_text_color__hover=&#8221;#4dbdc6&#8243;]<\/p>\n<p><span style=\"color: #299f53;\"><strong>Intervenant<\/strong><\/span><\/p>\n<p>[\/et_pb_text][et_pb_text content_tablet=&#8221;<\/p>\n<h4><strong>Abdouraman<br \/>HAMADOU<br \/>BABBA<\/strong><span style=%22text-decoration: underline;%22><\/span><\/h4>\n<p><span style=%22color: #7a7a7a;%22>Abdouraman Hamadou Babba est un dirigeant du football au Cameroun. Il a \u00e9t\u00e9 membre de la F\u00e9cafoot et pr\u00e9sident de l&#8217;Etoile Filante de Garoua. Il est connu pour les diff\u00e9rents recours aupr\u00e8s du Tribunal arbitral du sport qui ont conduit \u00e0 plusieurs annulations de processus \u00e9lectoraux et dissolutions des \u00e9quipes dirigeantes de la F\u00e9cafoot.<\/span><\/p>\n<p>&#8221; content_phone=&#8221;<\/p>\n<h4><strong>Abdouraman<br \/>HAMADOU BABBA<\/strong><span style=%22text-decoration: underline;%22><\/span><\/h4>\n<p><span style=%22color: #7a7a7a;%22>Abdouraman Hamadou Babba est un dirigeant du football au Cameroun. Il a \u00e9t\u00e9 membre de la F\u00e9cafoot et pr\u00e9sident de l&#8217;Etoile Filante de Garoua. Il est connu pour les diff\u00e9rents recours aupr\u00e8s du Tribunal arbitral du sport qui ont conduit \u00e0 plusieurs annulations de processus \u00e9lectoraux et dissolutions des \u00e9quipes dirigeantes de la F\u00e9cafoot.<\/span><\/p>\n<p>&#8221; content_last_edited=&#8221;on|phone&#8221; _builder_version=&#8221;4.25.1&#8243; text_font=&#8221;||||||||&#8221; text_font_size=&#8221;13px&#8221; header_font=&#8221;||||||||&#8221; header_4_font=&#8221;Montserrat|700|||||||&#8221; custom_margin=&#8221;0px|0px|0px|0px&#8221; custom_padding=&#8221;0px|20px|5px|0px|false|false&#8221; custom_padding_tablet=&#8221;|||0px|false|false&#8221; custom_padding_phone=&#8221;|||20px|false|false&#8221; custom_padding_last_edited=&#8221;on|phone&#8221; animation_style=&#8221;fade&#8221; animation_delay=&#8221;100ms&#8221; hover_enabled=&#8221;0&#8243; global_colors_info=&#8221;{}&#8221; header_4_text_color__hover_enabled=&#8221;off|desktop&#8221; header_4_text_color__hover=&#8221;#4dbdc6&#8243; sticky_enabled=&#8221;0&#8243;]<\/p>\n<h4><strong>Abdouraman<br \/>HAMADOU BABBA<\/strong><span style=\"text-decoration: underline;\"><\/span><\/h4>\n<p><span style=\"color: #7a7a7a;\">Abdouraman Hamadou Babba est un dirigeant du football au Cameroun. Il a \u00e9t\u00e9 membre de la F\u00e9cafoot et pr\u00e9sident de l&#8217;Etoile Filante de Garoua. Il est connu pour les diff\u00e9rents recours aupr\u00e8s du Tribunal arbitral du sport qui ont conduit \u00e0 plusieurs annulations de processus \u00e9lectoraux et dissolutions des \u00e9quipes dirigeantes de la F\u00e9cafoot.<\/span><\/p>\n<p>[\/et_pb_text][\/et_pb_column][et_pb_column type=&#8221;1_4&#8243; _builder_version=&#8221;4.25.0&#8243; _module_preset=&#8221;default&#8221; global_colors_info=&#8221;{}&#8221;][et_pb_image src=&#8221;https:\/\/football-legal.com\/conference\/wp-content\/uploads\/2024\/05\/JJ-Nouyadjam-nb.jpg&#8221; title_text=&#8221;JJ-Nouyadjam-nb&#8221; align_tablet=&#8221;center&#8221; align_phone=&#8221;&#8221; align_last_edited=&#8221;on|desktop&#8221; module_class=&#8221;zoom-image&#8221; _builder_version=&#8221;4.25.1&#8243; custom_margin=&#8221;0px|0px|20px|0px&#8221; custom_padding=&#8221;0px|0px|0px|0px&#8221; animation_style=&#8221;fade&#8221; animation_delay=&#8221;100ms&#8221; border_width_bottom=&#8221;6px&#8221; border_style_bottom=&#8221;inset&#8221; locked=&#8221;off&#8221; global_colors_info=&#8221;{}&#8221; border_radii__hover_enabled=&#8221;on&#8221; border_width_bottom__hover_enabled=&#8221;on|hover&#8221; border_color_bottom__hover_enabled=&#8221;on|hover&#8221; border_color_bottom__hover=&#8221;#CEB200&#8243; border_radii__hover=&#8221;||||&#8221; border_width_bottom__hover=&#8221;6px&#8221;][\/et_pb_image][et_pb_text _builder_version=&#8221;4.25.1&#8243; text_font=&#8221;||||||||&#8221; text_text_color=&#8221;#7a7a7a&#8221; text_font_size=&#8221;13px&#8221; header_font=&#8221;||||||||&#8221; header_4_font=&#8221;Montserrat|700|||||||&#8221; custom_margin=&#8221;0px|0px|0px|0px&#8221; custom_padding=&#8221;0px|0px|5px|0px&#8221; custom_padding_tablet=&#8221;|||0px|false|false&#8221; custom_padding_phone=&#8221;|||20px|false|false&#8221; custom_padding_last_edited=&#8221;on|tablet&#8221; animation_style=&#8221;fade&#8221; animation_delay=&#8221;100ms&#8221; locked=&#8221;off&#8221; global_colors_info=&#8221;{}&#8221; header_4_text_color__hover_enabled=&#8221;on&#8221; header_4_text_color__hover=&#8221;#4dbdc6&#8243;]<\/p>\n<p><span style=\"color: #299f53;\"><strong>Intervenant<\/strong><\/span><\/p>\n<p>[\/et_pb_text][et_pb_text content_tablet=&#8221;<\/p>\n<h4><strong>Jean-Jacques<br \/>NOUYADJAM<\/strong><span style=%22text-decoration: underline;%22><\/span><\/h4>\n<p><span style=%22color: #7a7a7a;%22>Jean-Jacques NOUYADJAM est un avocat sp\u00e9cialis\u00e9 en droit du sport, inscrit au Barreau du Cameroun. Il a fond\u00e9 le Cabinet d\u2019Avocats bilingue et panafricain NOUYADJAM &#038; Associates. Il est membre de <strong><a href=%22https:\/\/www.aiaf-law.com\/%22 data-et-target-link=%22_blank%22 rel=%22noopener%22><span style=%22text-decoration: underline;%22>l&#8217;Association Internationale des Avocats du Football (AIAF)<\/span><\/a><\/strong>. Il est \u00e9galement le fondateur de <strong><a href=%22http:\/\/www.acads-droitsport.org\/%22 data-et-target-link=%22_blank%22 rel=%22noopener%22><span style=%22text-decoration: underline;%22>l\u2019Association Camerounaise des Avocats en Droit du Sport (ACADS)<\/span><\/a><\/strong>.<br \/><\/span><\/p>\n<p>&#8221; content_phone=&#8221;<\/p>\n<h4><strong>Jean-Jacques NOUYADJAM<\/strong><span style=%22text-decoration: underline;%22><\/span><\/h4>\n<p><span style=%22color: #7a7a7a;%22>Jean-Jacques NOUYADJAM est un avocat sp\u00e9cialis\u00e9 en droit du sport, inscrit au Barreau du Cameroun. Il a fond\u00e9 le Cabinet d\u2019Avocats bilingue et panafricain NOUYADJAM &#038; Associates. Il est membre de <strong><a href=%22https:\/\/www.aiaf-law.com\/%22 data-et-target-link=%22_blank%22 rel=%22noopener%22><span style=%22text-decoration: underline;%22>l&#8217;Association Internationale des Avocats du Football (AIAF)<\/span><\/a><\/strong>. Il est \u00e9galement le fondateur de <strong><a href=%22http:\/\/www.acads-droitsport.org\/%22 data-et-target-link=%22_blank%22 rel=%22noopener%22><span style=%22text-decoration: underline;%22>l\u2019Association Camerounaise des Avocats en Droit du Sport (ACADS)<\/span><\/a><\/strong>.<br \/><\/span><\/p>\n<p>&#8221; content_last_edited=&#8221;on|phone&#8221; _builder_version=&#8221;4.25.1&#8243; text_font=&#8221;||||||||&#8221; text_font_size=&#8221;13px&#8221; header_font=&#8221;||||||||&#8221; header_4_font=&#8221;Montserrat|700|||||||&#8221; custom_margin=&#8221;0px|0px|0px|0px&#8221; custom_padding=&#8221;0px|20px|5px|0px|false|false&#8221; custom_padding_tablet=&#8221;|||0px|false|false&#8221; custom_padding_phone=&#8221;|||20px|false|false&#8221; custom_padding_last_edited=&#8221;on|phone&#8221; animation_style=&#8221;fade&#8221; animation_delay=&#8221;100ms&#8221; global_colors_info=&#8221;{}&#8221; header_4_text_color__hover_enabled=&#8221;off|desktop&#8221; header_4_text_color__hover=&#8221;#4dbdc6&#8243;]<\/p>\n<h4><strong>Jean-Jacques NOUYADJAM<\/strong><span style=\"text-decoration: underline;\"><\/span><\/h4>\n<p><span style=\"color: #7a7a7a;\">Jean-Jacques NOUYADJAM est un avocat sp\u00e9cialis\u00e9 en droit du sport, inscrit au Barreau du Cameroun. Il a fond\u00e9 le Cabinet d\u2019Avocats bilingue et panafricain NOUYADJAM &amp; Associates. Il est membre de <strong><a href=\"https:\/\/www.aiaf-law.com\/\" target=\"_blank\" rel=\"noopener\"><span style=\"text-decoration: underline;\">l&#8217;Association Internationale des Avocats du Football (AIAF)<\/span><\/a><\/strong>. Il est \u00e9galement le fondateur de <strong><a href=\"http:\/\/www.acads-droitsport.org\/\" target=\"_blank\" rel=\"noopener\"><span style=\"text-decoration: underline;\">l\u2019Association Camerounaise des Avocats en Droit du Sport (ACADS)<\/span><\/a><\/strong>.<br \/><\/span><\/p>\n<p>[\/et_pb_text][\/et_pb_column][\/et_pb_row][et_pb_row make_equal=&#8221;on&#8221; _builder_version=&#8221;4.23.2&#8243; background_color=&#8221;#ededed&#8221; custom_padding=&#8221;40px|0px|0px|0|false|false&#8221; box_shadow_style=&#8221;preset4&#8243; box_shadow_horizontal=&#8221;-700px&#8221; box_shadow_vertical=&#8221;0px&#8221; box_shadow_color=&#8221;#ededed&#8221; locked=&#8221;off&#8221; global_colors_info=&#8221;{}&#8221;][et_pb_column type=&#8221;4_4&#8243; _builder_version=&#8221;4.16&#8243; background_blend=&#8221;multiply&#8221; custom_padding=&#8221;|||&#8221; global_colors_info=&#8221;{}&#8221; custom_padding__hover=&#8221;|||&#8221;][et_pb_text content_tablet=&#8221;<\/p>\n<h2>Programme<\/h2>\n<p>&#8221; content_phone=&#8221;<\/p>\n<h2>Programme<\/h2>\n<p>&#8221; content_last_edited=&#8221;on|phone&#8221; _builder_version=&#8221;4.25.1&#8243; text_font=&#8221;||||||||&#8221; text_font_size=&#8221;16px&#8221; text_line_height=&#8221;1.8em&#8221; header_font=&#8221;Montserrat|700|||||||&#8221; header_text_color=&#8221;#000000&#8243; header_font_size=&#8221;55px&#8221; header_line_height=&#8221;1.2em&#8221; header_2_font=&#8221;Montserrat|700|||||||&#8221; header_2_text_color=&#8221;#299F53&#8243; header_2_font_size=&#8221;40px&#8221; header_2_line_height=&#8221;1.4em&#8221; header_5_font=&#8221;Montserrat||||||||&#8221; header_5_text_color=&#8221;#000000&#8243; header_5_font_size=&#8221;20px&#8221; header_5_line_height=&#8221;1.6em&#8221; custom_margin=&#8221;||0px|||&#8221; custom_padding=&#8221;|20px|0px||false|false&#8221; custom_padding_tablet=&#8221;|||20px|false|false&#8221; custom_padding_phone=&#8221;|20px|||false|false&#8221; custom_padding_last_edited=&#8221;on|phone&#8221; animation_style=&#8221;fade&#8221; animation_direction=&#8221;top&#8221; animation_delay=&#8221;100ms&#8221; header_font_size_tablet=&#8221;35px&#8221; header_font_size_phone=&#8221;28px&#8221; header_font_size_last_edited=&#8221;on|phone&#8221; header_2_font_size_tablet=&#8221;40px&#8221; header_2_font_size_phone=&#8221;30px&#8221; header_2_font_size_last_edited=&#8221;on|desktop&#8221; locked=&#8221;off&#8221; inline_fonts=&#8221;Georgia&#8221; global_colors_info=&#8221;{}&#8221;]<\/p>\n<h2>Programme<\/h2>\n<p>[\/et_pb_text][\/et_pb_column][\/et_pb_row][et_pb_row column_structure=&#8221;1_2,1_2&#8243; make_equal=&#8221;on&#8221; _builder_version=&#8221;4.24.2&#8243; background_color=&#8221;#ededed&#8221; custom_padding=&#8221;40px|0px|0px|0|false|false&#8221; pac_drh_column_numbers_tablet=&#8221;pac_drh_tab_col_two&#8221; box_shadow_style=&#8221;preset4&#8243; box_shadow_horizontal=&#8221;-700px&#8221; box_shadow_vertical=&#8221;0px&#8221; box_shadow_color=&#8221;#ededed&#8221; global_module=&#8221;194&#8243; saved_tabs=&#8221;all&#8221; locked=&#8221;off&#8221; global_colors_info=&#8221;{}&#8221;][et_pb_column type=&#8221;1_2&#8243; _builder_version=&#8221;4.16&#8243; custom_padding=&#8221;|||&#8221; global_colors_info=&#8221;{}&#8221; custom_padding__hover=&#8221;|||&#8221;][et_pb_image src=&#8221;https:\/\/football-legal.com\/conference\/wp-content\/uploads\/2024\/05\/atelier-pratique-Stabilite-contractuelle.jpg&#8221; title_text=&#8221;atelier-pratique-Stabilite\u0301-contractuelle&#8221; url=&#8221;https:\/\/football-legal.com\/conference\/fr\/systeme-transferts\/&#8221; align_tablet=&#8221;center&#8221; align_phone=&#8221;&#8221; align_last_edited=&#8221;on|desktop&#8221; module_class=&#8221;zoom-image&#8221; _builder_version=&#8221;4.25.1&#8243; custom_margin=&#8221;0px|0px|20px|0px&#8221; custom_padding=&#8221;0px|0px|0px|0px&#8221; filter_saturate=&#8221;0%&#8221; animation_style=&#8221;fade&#8221; animation_delay=&#8221;100ms&#8221; border_width_bottom=&#8221;6px&#8221; border_style_bottom=&#8221;inset&#8221; locked=&#8221;off&#8221; global_colors_info=&#8221;{}&#8221; border_radii__hover_enabled=&#8221;on&#8221; border_width_bottom__hover_enabled=&#8221;on|hover&#8221; border_color_bottom__hover_enabled=&#8221;on|hover&#8221; border_color_bottom__hover=&#8221;#CEB200&#8243; border_radii__hover=&#8221;||||&#8221; filter_saturate__hover_enabled=&#8221;on&#8221; filter_saturate__hover=&#8221;100%&#8221; border_width_bottom__hover=&#8221;6px&#8221;][\/et_pb_image][et_pb_text content_tablet=&#8221;<\/p>\n<\/p>\n<p><span style=%22color: #000000;%22><strong><\/strong><span style=%22color: #3e2814;%22><strong>Panel 1<br \/><\/strong><\/span><\/span><span style=%22color: #000000;%22><span style=%22color: #3e2814;%22>Lundi 17 Juin 2024, 10:00 &#8211; 12:30<\/span><span style=%22text-decoration: underline;%22><strong><\/strong><\/span><br \/><\/span><\/p>\n<\/p>\n<p>&#8221; content_phone=&#8221;<\/p>\n<\/p>\n<p><span style=%22color: #000000;%22><strong><\/strong><span style=%22color: #3e2814;%22><strong>Panel 1<br \/><\/strong><\/span><\/span><span style=%22color: #000000;%22><span style=%22color: #3e2814;%22>Lundi 17 Juin 2024, 10:00 &#8211; 12:30<\/span><span style=%22text-decoration: underline;%22><strong><\/strong><\/span><br \/><\/span><span style=%22color: #000000;%22><\/span><\/p>\n<\/p>\n<p>&#8221; content_last_edited=&#8221;on|phone&#8221; _builder_version=&#8221;4.25.1&#8243; header_font=&#8221;||||||||&#8221; header_4_font=&#8221;Montserrat|700|||||||&#8221; custom_margin=&#8221;0px|0px|0px|0px|false|false&#8221; custom_margin_tablet=&#8221;|||20px|false|false&#8221; custom_margin_phone=&#8221;&#8221; custom_margin_last_edited=&#8221;on|tablet&#8221; custom_padding=&#8221;0px|0px|5px|0px&#8221; custom_padding_tablet=&#8221;||||false|false&#8221; custom_padding_phone=&#8221;||||false|false&#8221; custom_padding_last_edited=&#8221;on|phone&#8221; animation_style=&#8221;fade&#8221; animation_delay=&#8221;100ms&#8221; locked=&#8221;off&#8221; global_colors_info=&#8221;{}&#8221;]<\/p>\n<p><span style=\"color: #000000;\"><span style=\"color: #3e2814;\"><strong>Panel 1 <\/strong>&#8211; Lundi 17 Juin 2024, 10:00 &#8211; 12:30<\/span><span style=\"text-decoration: underline;\"><strong><br \/><\/strong><\/span><\/span><\/p>\n<p>[\/et_pb_text][et_pb_text content_tablet=&#8221;<\/p>\n<p><span style=%22color: #299f53;%22><a href=%22https:\/\/football-legal.com\/conference\/fr\/systeme-transferts\/%22 style=%22color: #299f53;%22><span style=%22text-decoration: underline;%22><strong>Syst\u00e8me des transferts et indemnit\u00e9s de formation<\/strong><\/span><\/a><\/span><\/p>\n<p>Comment fonctionne le syst\u00e8me des transferts avec la mise en place par la FIFA de la Clearing House ? Quels sont les points cl\u00e9s \u00e0 ma\u00eetriser et les bonnes pratiques pour r\u00e9aliser une op\u00e9ration de transfert ? Quels sont les principes g\u00e9n\u00e9raux et les objectifs des m\u00e9canismes d&#8217;indemnit\u00e9s de formation et de contributions de solidarit\u00e9 ? Comment calculer les deux&#8230; <a href=%22https:\/\/football-legal.com\/conference\/fr\/systeme-transferts\/%22><span style=%22text-decoration: underline; color: #4dbdc6;%22><em><strong><span style=%22color: #299f53; text-decoration: underline;%22>> Lire plus<\/span><\/strong><\/em><\/span><\/a><\/p>\n<p>&#8221; content_phone=&#8221;<\/p>\n<p><span style=%22color: #299f53;%22><a href=%22https:\/\/football-legal.com\/conference\/fr\/systeme-transferts\/%22 style=%22color: #299f53;%22><span style=%22text-decoration: underline;%22><strong>Syst\u00e8me des transferts et indemnit\u00e9s de formation<\/strong><\/span><\/a><\/span><\/p>\n<p>Comment fonctionne le syst\u00e8me des transferts avec la mise en place par la FIFA de la Clearing House ? Quels sont les points cl\u00e9s \u00e0 ma\u00eetriser et les bonnes pratiques pour r\u00e9aliser une op\u00e9ration de transfert ? Quels sont les principes g\u00e9n\u00e9raux et les objectifs des m\u00e9canismes d&#8217;indemnit\u00e9s de formation et de contributions de solidarit\u00e9 ? Comment calculer les deux&#8230; <a href=%22https:\/\/football-legal.com\/conference\/transfer-system\/%22><span style=%22text-decoration: underline; color: #4dbdc6;%22><em><strong><span style=%22color: #299f53; text-decoration: underline;%22>> Lire plus<\/span><\/strong><\/em><\/span><\/a><\/p>\n<p>&#8221; content_last_edited=&#8221;on|phone&#8221; _builder_version=&#8221;4.25.1&#8243; header_font=&#8221;||||||||&#8221; header_3_font=&#8221;|700|||||||&#8221; header_3_font_size=&#8221;14px&#8221; header_4_font=&#8221;Montserrat|700|||||||&#8221; custom_margin=&#8221;0px|0px|0px|0px|false|false&#8221; custom_margin_tablet=&#8221;|0px||20px|false|false&#8221; custom_margin_phone=&#8221;|20px||20px|false|false&#8221; custom_margin_last_edited=&#8221;on|tablet&#8221; custom_padding=&#8221;0px|0px|5px|0px|false|false&#8221; custom_padding_tablet=&#8221;||||false|false&#8221; custom_padding_phone=&#8221;0px||5px|0px|false|false&#8221; custom_padding_last_edited=&#8221;on|tablet&#8221; animation_style=&#8221;fade&#8221; animation_delay=&#8221;100ms&#8221; locked=&#8221;off&#8221; global_colors_info=&#8221;{}&#8221;]<\/p>\n<p><span style=\"color: #299f53;\"><a href=\"https:\/\/football-legal.com\/conference\/fr\/systeme-transferts\/\" style=\"color: #299f53;\"><span style=\"text-decoration: underline;\"><strong>Syst\u00e8me des transferts et indemnit\u00e9s de formation<\/strong><\/span><\/a><\/span><\/p>\n<p>Comment fonctionne le syst\u00e8me des transferts avec la mise en place par la FIFA de la Clearing House ? Quels sont les points cl\u00e9s \u00e0 ma\u00eetriser et les bonnes pratiques pour r\u00e9aliser une op\u00e9ration de transfert ? Quels sont les principes g\u00e9n\u00e9raux et les objectifs des m\u00e9canismes d&#8217;indemnit\u00e9s de formation et de contributions de solidarit\u00e9 ? Comment calculer les deux&#8230; <a href=\"https:\/\/football-legal.com\/conference\/fr\/systeme-transferts\/\"><span style=\"text-decoration: underline; color: #4dbdc6;\"><em><strong><span style=\"color: #299f53; text-decoration: underline;\">&gt; Lire plus<\/span><\/strong><\/em><\/span><\/a><\/p>\n<p>[\/et_pb_text][\/et_pb_column][et_pb_column type=&#8221;1_2&#8243; _builder_version=&#8221;4.16&#8243; custom_padding=&#8221;|||&#8221; global_colors_info=&#8221;{}&#8221; custom_padding__hover=&#8221;|||&#8221;][et_pb_image src=&#8221;https:\/\/football-legal.com\/conference\/wp-content\/uploads\/2024\/05\/p2-photo-minors.jpg&#8221; title_text=&#8221;p2-photo-minors&#8221; url=&#8221;https:\/\/football-legal.com\/conference\/fr\/mineurs\/&#8221; align_tablet=&#8221;center&#8221; align_phone=&#8221;&#8221; align_last_edited=&#8221;on|desktop&#8221; module_class=&#8221;zoom-image&#8221; _builder_version=&#8221;4.25.1&#8243; custom_margin=&#8221;0px|0px|20px|0px&#8221; custom_padding=&#8221;0px|0px|0px|0px&#8221; filter_saturate=&#8221;0%&#8221; animation_style=&#8221;fade&#8221; animation_delay=&#8221;100ms&#8221; border_width_bottom=&#8221;6px&#8221; border_style_bottom=&#8221;inset&#8221; locked=&#8221;off&#8221; global_colors_info=&#8221;{}&#8221; border_radii__hover_enabled=&#8221;on&#8221; border_width_bottom__hover_enabled=&#8221;on|hover&#8221; border_color_bottom__hover_enabled=&#8221;on|hover&#8221; border_color_bottom__hover=&#8221;#CEB200&#8243; border_radii__hover=&#8221;||||&#8221; filter_saturate__hover_enabled=&#8221;on&#8221; filter_saturate__hover=&#8221;100%&#8221; border_width_bottom__hover=&#8221;6px&#8221;][\/et_pb_image][et_pb_text content_tablet=&#8221;<\/p>\n<\/p>\n<p><span style=%22color: #000000;%22><strong><\/strong><span style=%22color: #3e2814;%22><strong>Panel 2<br \/><\/strong><\/span><\/span><span style=%22color: #000000;%22><span style=%22color: #3e2814;%22>Lundi 17 Juin 2024, 14:30 &#8211; 17:00<\/span><span style=%22text-decoration: underline;%22><strong><\/strong><\/span><br \/><\/span><\/p>\n<\/p>\n<p>&#8221; content_phone=&#8221;<\/p>\n<\/p>\n<p><span style=%22color: #000000;%22><strong><\/strong><span style=%22color: #3e2814;%22><strong>Panel 2<br \/><\/strong>Lundi 17 Juin 2024, 14:30 &#8211; 17:00<\/span><span style=%22text-decoration: underline;%22><strong><\/strong><\/span><br \/><\/span><span style=%22color: #000000;%22><\/span><\/p>\n<\/p>\n<p>&#8221; content_last_edited=&#8221;on|phone&#8221; _builder_version=&#8221;4.25.1&#8243; header_font=&#8221;||||||||&#8221; header_4_font=&#8221;Montserrat|700|||||||&#8221; custom_margin=&#8221;0px||0px|0px|false|false&#8221; custom_margin_tablet=&#8221;|||0px|false|false&#8221; custom_margin_phone=&#8221;|||20px|false|false&#8221; custom_margin_last_edited=&#8221;on|phone&#8221; custom_padding=&#8221;0px|0px|5px|0px&#8221; custom_padding_tablet=&#8221;||||false|false&#8221; custom_padding_phone=&#8221;||||false|false&#8221; custom_padding_last_edited=&#8221;on|phone&#8221; animation_style=&#8221;fade&#8221; animation_delay=&#8221;100ms&#8221; locked=&#8221;off&#8221; global_colors_info=&#8221;{}&#8221;]<\/p>\n<p><span style=\"color: #000000;\"><span style=\"color: #3e2814;\"><strong>Panel 2 <\/strong>&#8211; Lundi 17 Juin 2024, 14:30 &#8211; 17:00<\/span><span style=\"text-decoration: underline;\"><strong><br \/><\/strong><\/span><\/span><\/p>\n<p>[\/et_pb_text][et_pb_text content_tablet=&#8221;<\/p>\n<p><span style=%22color: #299f53;%22><a href=%22https:\/\/football-legal.com\/conference\/fr\/mineurs\/%22 style=%22color: #299f53;%22><span style=%22text-decoration: underline;%22><strong>La formation des jeunes joueurs en Afrique<\/strong><\/span><\/a><\/span><\/p>\n<p>Quelles sont les dispositions sp\u00e9cifiques du droit national et international qui s&#8217;appliquent au joueur mineur ? Quels contrats peut-il signer ? Quels sont les m\u00e9canismes juridiques destin\u00e9s \u00e0 le prot\u00e9ger mais aussi \u00e0 faire face \u00e0 son incapacit\u00e9 de principe \u00e0 contracter ? De m\u00eame, les centres de formation et les acad\u00e9mies de football en&#8230; <a href=%22https:\/\/football-legal.com\/conference\/fr\/mineurs\/%22><span style=%22text-decoration: underline; color: #4dbdc6;%22><em><strong><span style=%22color: #299f53; text-decoration: underline;%22>> Lire plus<\/span><\/strong><\/em><\/span><\/a><\/p>\n<p>&#8221; content_phone=&#8221;<\/p>\n<p><span style=%22color: #299f53;%22><a href=%22https:\/\/football-legal.com\/conference\/fr\/mineurs\/%22 style=%22color: #299f53;%22><span style=%22text-decoration: underline;%22><strong>La formation des jeunes joueurs en Afrique<\/strong><\/span><\/a><\/span><\/p>\n<p>Quelles sont les dispositions sp\u00e9cifiques du droit national et international qui s&#8217;appliquent au joueur mineur ? Quels contrats peut-il signer ? Quels sont les m\u00e9canismes juridiques destin\u00e9s \u00e0 le prot\u00e9ger mais aussi \u00e0 faire face \u00e0 son incapacit\u00e9 de principe \u00e0 contracter ? De m\u00eame, les centres de formation et les acad\u00e9mies de football en&#8230; <a href=%22https:\/\/football-legal.com\/conference\/fr\/mineurs\/%22><span style=%22text-decoration: underline; color: #4dbdc6;%22><em><strong><span style=%22color: #299f53; text-decoration: underline;%22>> Lire plus<\/span><\/strong><\/em><\/span><\/a><\/p>\n<p>&#8221; content_last_edited=&#8221;on|phone&#8221; _builder_version=&#8221;4.25.1&#8243; header_font=&#8221;||||||||&#8221; header_3_font=&#8221;|700|||||||&#8221; header_3_font_size=&#8221;14px&#8221; header_4_font=&#8221;Montserrat|700|||||||&#8221; custom_margin=&#8221;0px|20px|0px|0px|false|false&#8221; custom_margin_tablet=&#8221;&#8221; custom_margin_phone=&#8221;|20px||20px|false|false&#8221; custom_margin_last_edited=&#8221;on|phone&#8221; custom_padding=&#8221;0px|0px|5px|0px|false|false&#8221; custom_padding_tablet=&#8221;||||false|false&#8221; custom_padding_phone=&#8221;0px||5px||false|false&#8221; custom_padding_last_edited=&#8221;on|phone&#8221; animation_style=&#8221;fade&#8221; animation_delay=&#8221;100ms&#8221; locked=&#8221;off&#8221; global_colors_info=&#8221;{}&#8221;]<\/p>\n<p><span style=\"color: #299f53;\"><a href=\"https:\/\/football-legal.com\/conference\/fr\/mineurs\/\" style=\"color: #299f53;\"><span style=\"text-decoration: underline;\"><strong>La formation des jeunes joueurs en Afrique<\/strong><\/span><\/a><\/span><\/p>\n<p>Quelles sont les dispositions sp\u00e9cifiques du droit national et international qui s&#8217;appliquent au joueur mineur ? Quels contrats peut-il signer ? Quels sont les m\u00e9canismes juridiques destin\u00e9s \u00e0 le prot\u00e9ger mais aussi \u00e0 faire face \u00e0 son incapacit\u00e9 de principe \u00e0 contracter ? De m\u00eame, les centres de formation et les acad\u00e9mies de football en&#8230; <a href=\"https:\/\/football-legal.com\/conference\/fr\/mineurs\/\"><span style=\"text-decoration: underline; color: #4dbdc6;\"><em><strong><span style=\"color: #299f53; text-decoration: underline;\">&gt; Lire plus<\/span><\/strong><\/em><\/span><\/a><\/p>\n<p>[\/et_pb_text][\/et_pb_column][\/et_pb_row][et_pb_row column_structure=&#8221;1_2,1_2&#8243; make_equal=&#8221;on&#8221; _builder_version=&#8221;4.24.2&#8243; background_color=&#8221;#ededed&#8221; custom_padding=&#8221;40px|0px|80px|0|false|false&#8221; pac_drh_column_numbers_tablet=&#8221;pac_drh_tab_col_two&#8221; box_shadow_style=&#8221;preset4&#8243; box_shadow_horizontal=&#8221;-700px&#8221; box_shadow_vertical=&#8221;0px&#8221; box_shadow_color=&#8221;#ededed&#8221; global_module=&#8221;195&#8243; saved_tabs=&#8221;all&#8221; locked=&#8221;off&#8221; global_colors_info=&#8221;{}&#8221;][et_pb_column type=&#8221;1_2&#8243; _builder_version=&#8221;4.16&#8243; custom_padding=&#8221;|||&#8221; global_colors_info=&#8221;{}&#8221; custom_padding__hover=&#8221;|||&#8221;][et_pb_image src=&#8221;https:\/\/football-legal.com\/conference\/wp-content\/uploads\/2024\/05\/p3-environnement-joueur.jpg&#8221; title_text=&#8221;p3-environnement-joueur&#8221; url=&#8221;https:\/\/football-legal.com\/conference\/fr\/environnement-travail-joueur\/&#8221; align_tablet=&#8221;center&#8221; align_phone=&#8221;&#8221; align_last_edited=&#8221;on|desktop&#8221; module_class=&#8221;zoom-image&#8221; _builder_version=&#8221;4.25.1&#8243; custom_margin=&#8221;0px|0px|20px|0px&#8221; custom_padding=&#8221;0px|0px|0px|0px&#8221; filter_saturate=&#8221;0%&#8221; animation_style=&#8221;fade&#8221; animation_delay=&#8221;100ms&#8221; border_width_bottom=&#8221;6px&#8221; border_style_bottom=&#8221;inset&#8221; locked=&#8221;off&#8221; global_colors_info=&#8221;{}&#8221; border_radii__hover_enabled=&#8221;on&#8221; border_width_bottom__hover_enabled=&#8221;on|hover&#8221; border_color_bottom__hover_enabled=&#8221;on|hover&#8221; border_color_bottom__hover=&#8221;#CEB200&#8243; border_radii__hover=&#8221;||||&#8221; filter_saturate__hover_enabled=&#8221;on&#8221; filter_saturate__hover=&#8221;100%&#8221; border_width_bottom__hover=&#8221;6px&#8221;][\/et_pb_image][et_pb_text content_tablet=&#8221;<\/p>\n<p><span style=%22color: #000000;%22><span style=%22color: #3e2814;%22><strong>Panel 3 <\/strong>&#8211; Mardi 18 Juin 2024, 10:00 &#8211; 12:30<\/span><span style=%22text-decoration: underline;%22><strong><br \/><\/strong><\/span><\/span><\/p>\n<p>&#8221; content_phone=&#8221;<\/p>\n<\/p>\n<p><span style=%22color: #000000;%22><strong><\/strong><span style=%22color: #3e2814;%22><strong>Panel 3<br \/><\/strong><\/span><span style=%22color: #3e2814;%22>Mardi 18 Juin 2024, 10:00 &#8211; 12:30<\/span><span style=%22text-decoration: underline;%22><strong><\/strong><\/span><br \/><\/span><span style=%22color: #000000;%22><\/span><\/p>\n<\/p>\n<p>&#8221; content_last_edited=&#8221;on|phone&#8221; _builder_version=&#8221;4.25.1&#8243; header_font=&#8221;||||||||&#8221; header_4_font=&#8221;Montserrat|700|||||||&#8221; custom_margin=&#8221;0px|0px|0px|0px|false|false&#8221; custom_margin_tablet=&#8221;|||20px|false|false&#8221; custom_margin_phone=&#8221;&#8221; custom_margin_last_edited=&#8221;on|tablet&#8221; custom_padding=&#8221;0px|0px|5px|0px&#8221; custom_padding_tablet=&#8221;||||false|false&#8221; custom_padding_phone=&#8221;||||false|false&#8221; custom_padding_last_edited=&#8221;on|phone&#8221; animation_style=&#8221;fade&#8221; animation_delay=&#8221;100ms&#8221; locked=&#8221;off&#8221; global_colors_info=&#8221;{}&#8221;]<\/p>\n<p><span style=\"color: #000000;\"><span style=\"color: #3e2814;\"><strong>Panel 3 <\/strong>&#8211; Mardi 18 Juin 2024, 10:00 &#8211; 12:30<\/span><span style=\"text-decoration: underline;\"><strong><br \/><\/strong><\/span><\/span><\/p>\n<p>[\/et_pb_text][et_pb_text content_tablet=&#8221;<\/p>\n<p><span style=%22color: #299f53;%22><a href=%22https:\/\/football-legal.com\/conference\/fr\/environnement-travail-joueur\/%22 style=%22color: #299f53;%22><span style=%22text-decoration: underline;%22><strong>L&#8217;environnement de travail du joueur<\/strong><\/span><\/a><\/span><\/p>\n<p class=%22p1%22>Le footballeur qui \u00e9volue en Afrique peut se trouver dans des situations tr\u00e8s diff\u00e9rentes selon les clubs et les pays. Dans sa relation avec son club et sa f\u00e9d\u00e9ration nationale, de nombreuses difficult\u00e9s peuvent survenir : non paiement des salaires, absence de contrat \u00e9crit, sanctions disciplinaires, menaces, etc. Comment le joueur doit-il r\u00e9agir face&#8230; <a href=%22https:\/\/football-legal.com\/conference\/fr\/environnement-travail-joueur\/%22><span style=%22text-decoration: underline; color: #4dbdc6;%22><em><strong><span style=%22color: #299f53; text-decoration: underline;%22>> Lire plus<\/span><\/strong><\/em><\/span><\/a><\/p>\n<p>&#8221; content_phone=&#8221;<\/p>\n<p><span style=%22color: #299f53;%22><a href=%22https:\/\/football-legal.com\/conference\/fr\/environnement-travail-joueur\/%22 style=%22color: #299f53;%22><span style=%22text-decoration: underline;%22><strong>L&#8217;environnement de travail du joueur<\/strong><\/span><\/a><\/span><\/p>\n<p class=%22p1%22>Le footballeur qui \u00e9volue en Afrique peut se trouver dans des situations tr\u00e8s diff\u00e9rentes selon les clubs et les pays. Dans sa relation avec son club et sa f\u00e9d\u00e9ration nationale, de nombreuses difficult\u00e9s peuvent survenir : non paiement des salaires, absence de contrat \u00e9crit, sanctions disciplinaires, menaces, etc. Comment le joueur doit-il r\u00e9agir face&#8230; <a href=%22https:\/\/football-legal.com\/conference\/fr\/environnement-travail-joueur\/%22><span style=%22text-decoration: underline; color: #4dbdc6;%22><em><strong><span style=%22color: #299f53; text-decoration: underline;%22>> Lire plus<\/span><\/strong><\/em><\/span><\/a><\/p>\n<p>&#8221; content_last_edited=&#8221;on|tablet&#8221; _builder_version=&#8221;4.25.1&#8243; header_font=&#8221;||||||||&#8221; header_3_font=&#8221;|700|||||||&#8221; header_3_font_size=&#8221;14px&#8221; header_4_font=&#8221;Montserrat|700|||||||&#8221; custom_margin=&#8221;0px|0px|0px|0px|false|false&#8221; custom_margin_tablet=&#8221;|0px||20px|false|false&#8221; custom_margin_phone=&#8221;|20px||20px|false|false&#8221; custom_margin_last_edited=&#8221;on|tablet&#8221; custom_padding=&#8221;0px|0px|5px|0px|false|false&#8221; custom_padding_tablet=&#8221;||||false|false&#8221; custom_padding_phone=&#8221;0px||5px|0px|false|false&#8221; custom_padding_last_edited=&#8221;on|tablet&#8221; animation_style=&#8221;fade&#8221; animation_delay=&#8221;100ms&#8221; locked=&#8221;off&#8221; global_colors_info=&#8221;{}&#8221;]<\/p>\n<p><span style=\"color: #299f53;\"><a href=\"https:\/\/football-legal.com\/conference\/fr\/environnement-travail-joueur\/\" style=\"color: #299f53;\"><span style=\"text-decoration: underline;\"><strong>L&#8217;environnement de travail du joueur<\/strong><\/span><\/a><\/span><\/p>\n<p class=\"p1\">Le footballeur qui \u00e9volue en Afrique peut se trouver dans des situations tr\u00e8s diff\u00e9rentes selon les clubs et les pays. Dans sa relation avec son club et sa f\u00e9d\u00e9ration nationale, de nombreuses difficult\u00e9s peuvent survenir : non paiement des salaires, absence de contrat \u00e9crit, sanctions disciplinaires, menaces, etc. Comment le joueur doit-il r\u00e9agir face&#8230; <a href=\"https:\/\/football-legal.com\/conference\/fr\/environnement-travail-joueur\/\"><span style=\"text-decoration: underline; color: #4dbdc6;\"><em><strong><span style=\"color: #299f53; text-decoration: underline;\">&gt; Lire plus<\/span><\/strong><\/em><\/span><\/a><\/p>\n<p>[\/et_pb_text][\/et_pb_column][et_pb_column type=&#8221;1_2&#8243; _builder_version=&#8221;4.16&#8243; custom_padding=&#8221;|||&#8221; global_colors_info=&#8221;{}&#8221; custom_padding__hover=&#8221;|||&#8221;][et_pb_image src=&#8221;https:\/\/football-legal.com\/conference\/wp-content\/uploads\/2024\/06\/p4-africa-football.jpg&#8221; title_text=&#8221;p4-africa-football&#8221; url=&#8221;https:\/\/football-legal.com\/conference\/fr\/voix-afrique\/&#8221; align_tablet=&#8221;center&#8221; align_phone=&#8221;&#8221; align_last_edited=&#8221;on|desktop&#8221; module_class=&#8221;zoom-image&#8221; _builder_version=&#8221;4.25.1&#8243; custom_margin=&#8221;0px|0px|20px|0px&#8221; custom_padding=&#8221;0px|0px|0px|0px&#8221; filter_saturate=&#8221;0%&#8221; animation_style=&#8221;fade&#8221; animation_delay=&#8221;100ms&#8221; border_width_bottom=&#8221;6px&#8221; border_style_bottom=&#8221;inset&#8221; locked=&#8221;off&#8221; global_colors_info=&#8221;{}&#8221; border_radii__hover_enabled=&#8221;on&#8221; border_width_bottom__hover_enabled=&#8221;on|hover&#8221; border_color_bottom__hover_enabled=&#8221;on|hover&#8221; border_color_bottom__hover=&#8221;#CEB200&#8243; border_radii__hover=&#8221;||||&#8221; filter_saturate__hover_enabled=&#8221;on&#8221; filter_saturate__hover=&#8221;100%&#8221; border_width_bottom__hover=&#8221;6px&#8221;][\/et_pb_image][et_pb_text content_tablet=&#8221;<\/p>\n<\/p>\n<p><span style=%22color: #000000;%22><strong><\/strong><span style=%22color: #3e2814;%22><strong>Panel 4<br \/><\/strong><\/span><span style=%22color: #3e2814;%22>Mardi 18 Juin 2024, 14:30 &#8211; 16:30<\/span><span style=%22text-decoration: underline;%22><strong><\/strong><\/span><br \/><\/span><\/p>\n<\/p>\n<p>&#8221; content_phone=&#8221;<\/p>\n<\/p>\n<p><span style=%22color: #000000;%22><strong><\/strong><span style=%22color: #3e2814;%22><strong>Panel 4<br \/><\/strong><\/span><span style=%22color: #3e2814;%22>Mardi 18 Juin 2024, 14:30 &#8211; 16:30<\/span><span style=%22text-decoration: underline;%22><strong><\/strong><\/span><br \/><\/span><span style=%22color: #000000;%22><\/span><\/p>\n<\/p>\n<p>&#8221; content_last_edited=&#8221;on|phone&#8221; _builder_version=&#8221;4.25.1&#8243; header_font=&#8221;||||||||&#8221; header_4_font=&#8221;Montserrat|700|||||||&#8221; custom_margin=&#8221;0px||0px|0px|false|false&#8221; custom_margin_tablet=&#8221;|||0px|false|false&#8221; custom_margin_phone=&#8221;|||20px|false|false&#8221; custom_margin_last_edited=&#8221;on|phone&#8221; custom_padding=&#8221;0px|0px|5px|0px&#8221; custom_padding_tablet=&#8221;||||false|false&#8221; custom_padding_phone=&#8221;||||false|false&#8221; custom_padding_last_edited=&#8221;on|phone&#8221; animation_style=&#8221;fade&#8221; animation_delay=&#8221;100ms&#8221; locked=&#8221;off&#8221; global_colors_info=&#8221;{}&#8221;]<\/p>\n<p><span style=\"color: #000000;\"><span style=\"color: #3e2814;\"><strong>Panel 4 <\/strong>&#8211; Mardi 18 Juin 2024, 14:30 &#8211; 16:30<\/span><span style=\"text-decoration: underline;\"><strong><br \/><\/strong><\/span><\/span><\/p>\n<p>[\/et_pb_text][et_pb_text content_tablet=&#8221;<\/p>\n<p><span style=%22text-decoration: underline;%22><strong><span style=%22color: #299f53;%22><a href=%22https:\/\/football-legal.com\/conference\/fr\/voix-afrique\/%22 style=%22color: #299f53; text-decoration: underline;%22>Gouvernance et r\u00e9gulation du football : faire entendre la voix de l&#8217;Afrique<\/a><\/span><\/strong><\/span><\/p>\n<p class=%22p1%22>Le continent africain est un vivier du football mondial : aux quatre coins du monde, des joueurs africains \u00e9voluent dans les clubs professionnels les plus prestigieux. Mais, dans ce football globalis\u00e9, les int\u00e9r\u00eats du continent africain sont-ils vraiment repr\u00e9sent\u00e9s et d\u00e9fendus ?&#8230; <a href=%22https:\/\/football-legal.com\/conference\/fr\/voix-afrique\/%22><span style=%22text-decoration: underline; color: #4dbdc6;%22><em><strong><span style=%22color: #299f53; text-decoration: underline;%22>> Lire plus<\/span><\/strong><\/em><\/span><\/a><\/p>\n<p>&#8221; content_phone=&#8221;<\/p>\n<p><span style=%22text-decoration: underline;%22><strong><span style=%22color: #299f53;%22><a href=%22https:\/\/football-legal.com\/conference\/fr\/voix-afrique\/%22 style=%22color: #299f53; text-decoration: underline;%22>Gouvernance et r\u00e9gulation du football : faire entendre la voix de l&#8217;Afrique<\/a><\/span><\/strong><\/span><\/p>\n<p class=%22p1%22>Le continent africain est un vivier du football mondial : aux quatre coins du monde, des joueurs africains \u00e9voluent dans les clubs professionnels les plus prestigieux. Mais, dans ce football globalis\u00e9, les int\u00e9r\u00eats du continent africain sont-ils vraiment repr\u00e9sent\u00e9s et d\u00e9fendus ?&#8230; <a href=%22https:\/\/football-legal.com\/conference\/fr\/voix-afrique\/%22><span style=%22text-decoration: underline; color: #4dbdc6;%22><em><strong><span style=%22color: #299f53; text-decoration: underline;%22>> Lire plus<\/span><\/strong><\/em><\/span><\/a><\/p>\n<p>&#8221; content_last_edited=&#8221;on|phone&#8221; _builder_version=&#8221;4.25.1&#8243; header_font=&#8221;||||||||&#8221; header_3_font=&#8221;|700|||||||&#8221; header_3_font_size=&#8221;14px&#8221; header_4_font=&#8221;Montserrat|700|||||||&#8221; custom_margin=&#8221;0px|20px|0px|0px|false|false&#8221; custom_margin_tablet=&#8221;&#8221; custom_margin_phone=&#8221;|20px||20px|false|false&#8221; custom_margin_last_edited=&#8221;on|phone&#8221; custom_padding=&#8221;0px|0px|5px|0px|false|false&#8221; custom_padding_tablet=&#8221;||||false|false&#8221; custom_padding_phone=&#8221;0px||5px||false|false&#8221; custom_padding_last_edited=&#8221;on|phone&#8221; animation_style=&#8221;fade&#8221; animation_delay=&#8221;100ms&#8221; locked=&#8221;off&#8221; global_colors_info=&#8221;{}&#8221;]<\/p>\n<p><span style=\"text-decoration: underline;\"><strong><span style=\"color: #299f53;\"><a href=\"https:\/\/football-legal.com\/conference\/fr\/voix-afrique\/\" style=\"color: #299f53; text-decoration: underline;\">Gouvernance et r\u00e9gulation du football :<br \/>faire entendre la voix de l&#8217;Afrique<\/a><\/span><\/strong><\/span><\/p>\n<p class=\"p1\">Le continent africain est un vivier du football mondial : aux quatre coins du monde, des joueurs africains \u00e9voluent dans les clubs professionnels les plus prestigieux. Mais, dans ce football globalis\u00e9, les int\u00e9r\u00eats du continent africain sont-ils vraiment repr\u00e9sent\u00e9s et d\u00e9fendus ?&#8230; <a href=\"https:\/\/football-legal.com\/conference\/fr\/voix-afrique\/\"><span style=\"text-decoration: underline; color: #4dbdc6;\"><em><strong><span style=\"color: #299f53; text-decoration: underline;\">&gt; Lire plus<\/span><\/strong><\/em><\/span><\/a><\/p>\n<p>[\/et_pb_text][\/et_pb_column][\/et_pb_row][\/et_pb_section]<\/p>\n","protected":false},"excerpt":{"rendered":"<p>Panel 4 &#8211; Mardi 18 Juin 2024, 14:30 &#8211; 16:30 Gouvernance et r\u00e9gulation du football : faire entendre la voix de l&#8217;AfriqueLe continent africain est un vivier du football mondial : aux quatre coins du monde, des joueurs africains \u00e9voluent dans les clubs professionnels les plus prestigieux. Mais, dans ce football globalis\u00e9, les int\u00e9r\u00eats du [&hellip;]<\/p>\n","protected":false},"author":2,"featured_media":526,"parent":0,"menu_order":0,"comment_status":"closed","ping_status":"closed","template":"","meta":{"_et_pb_use_builder":"on","_et_pb_old_content":"","_et_gb_content_width":"","footnotes":""},"class_list":["post-77","page","type-page","status-publish","has-post-thumbnail","hentry"],"yoast_head":"<!-- This site is optimized with the Yoast SEO plugin v27.4 - https:\/\/yoast.com\/product\/yoast-seo-wordpress\/ -->\n<title>Gouvernance et r\u00e9gulation du football : faire entendre la voix de l&#039;Afrique - Football Legal Conference<\/title>\n<meta name=\"description\" content=\"Le continent africain est un vivier du football mondial : aux quatre coins du monde, des joueurs africains \u00e9voluent dans les clubs professionnels les plus prestigieux.\" \/>\n<meta name=\"robots\" content=\"index, follow, max-snippet:-1, max-image-preview:large, max-video-preview:-1\" \/>\n<link rel=\"canonical\" href=\"https:\/\/football-legal.com\/conference\/fr\/voix-afrique\/\" \/>\n<meta property=\"og:locale\" content=\"en_US\" \/>\n<meta property=\"og:type\" content=\"article\" \/>\n<meta property=\"og:title\" content=\"Gouvernance et r\u00e9gulation du football : faire entendre la voix de l&#039;Afrique - Football Legal Conference\" \/>\n<meta property=\"og:description\" content=\"Le continent africain est un vivier du football mondial : aux quatre coins du monde, des joueurs africains \u00e9voluent dans les clubs professionnels les plus prestigieux.\" \/>\n<meta property=\"og:url\" content=\"https:\/\/football-legal.com\/conference\/fr\/voix-afrique\/\" \/>\n<meta property=\"og:site_name\" content=\"Football Legal Conference\" \/>\n<meta property=\"article:modified_time\" content=\"2024-06-11T10:28:18+00:00\" \/>\n<meta property=\"og:image\" content=\"https:\/\/football-legal.com\/conference\/wp-content\/uploads\/2024\/06\/p4-africa-football-rs.jpg\" \/>\n\t<meta property=\"og:image:width\" content=\"769\" \/>\n\t<meta property=\"og:image:height\" content=\"769\" \/>\n\t<meta property=\"og:image:type\" content=\"image\/jpeg\" \/>\n<meta name=\"twitter:card\" content=\"summary_large_image\" \/>\n<meta name=\"twitter:label1\" content=\"Est. reading time\" \/>\n\t<meta name=\"twitter:data1\" content=\"9 minutes\" \/>\n<script type=\"application\/ld+json\" class=\"yoast-schema-graph\">{\"@context\":\"https:\\\/\\\/schema.org\",\"@graph\":[{\"@type\":\"WebPage\",\"@id\":\"https:\\\/\\\/football-legal.com\\\/conference\\\/fr\\\/voix-afrique\\\/\",\"url\":\"https:\\\/\\\/football-legal.com\\\/conference\\\/fr\\\/voix-afrique\\\/\",\"name\":\"Gouvernance et r\u00e9gulation du football : faire entendre la voix de l'Afrique - Football Legal Conference\",\"isPartOf\":{\"@id\":\"https:\\\/\\\/football-legal.com\\\/conference\\\/#website\"},\"primaryImageOfPage\":{\"@id\":\"https:\\\/\\\/football-legal.com\\\/conference\\\/fr\\\/voix-afrique\\\/#primaryimage\"},\"image\":{\"@id\":\"https:\\\/\\\/football-legal.com\\\/conference\\\/fr\\\/voix-afrique\\\/#primaryimage\"},\"thumbnailUrl\":\"https:\\\/\\\/football-legal.com\\\/conference\\\/wp-content\\\/uploads\\\/2024\\\/06\\\/p4-africa-football-rs.jpg\",\"datePublished\":\"2024-05-15T08:35:15+00:00\",\"dateModified\":\"2024-06-11T10:28:18+00:00\",\"description\":\"Le continent africain est un vivier du football mondial : aux quatre coins du monde, des joueurs africains \u00e9voluent dans les clubs professionnels les plus prestigieux.\",\"breadcrumb\":{\"@id\":\"https:\\\/\\\/football-legal.com\\\/conference\\\/fr\\\/voix-afrique\\\/#breadcrumb\"},\"inLanguage\":\"en-US\",\"potentialAction\":[{\"@type\":\"ReadAction\",\"target\":[\"https:\\\/\\\/football-legal.com\\\/conference\\\/fr\\\/voix-afrique\\\/\"]}]},{\"@type\":\"ImageObject\",\"inLanguage\":\"en-US\",\"@id\":\"https:\\\/\\\/football-legal.com\\\/conference\\\/fr\\\/voix-afrique\\\/#primaryimage\",\"url\":\"https:\\\/\\\/football-legal.com\\\/conference\\\/wp-content\\\/uploads\\\/2024\\\/06\\\/p4-africa-football-rs.jpg\",\"contentUrl\":\"https:\\\/\\\/football-legal.com\\\/conference\\\/wp-content\\\/uploads\\\/2024\\\/06\\\/p4-africa-football-rs.jpg\",\"width\":769,\"height\":769},{\"@type\":\"BreadcrumbList\",\"@id\":\"https:\\\/\\\/football-legal.com\\\/conference\\\/fr\\\/voix-afrique\\\/#breadcrumb\",\"itemListElement\":[{\"@type\":\"ListItem\",\"position\":1,\"name\":\"Home\",\"item\":\"https:\\\/\\\/football-legal.com\\\/conference\\\/\"},{\"@type\":\"ListItem\",\"position\":2,\"name\":\"Gouvernance et r\u00e9gulation du football : faire entendre la voix de l&rsquo;Afrique\"}]},{\"@type\":\"WebSite\",\"@id\":\"https:\\\/\\\/football-legal.com\\\/conference\\\/#website\",\"url\":\"https:\\\/\\\/football-legal.com\\\/conference\\\/\",\"name\":\"Football Legal Conference\",\"description\":\"1st Football Legal Conference Africa\",\"potentialAction\":[{\"@type\":\"SearchAction\",\"target\":{\"@type\":\"EntryPoint\",\"urlTemplate\":\"https:\\\/\\\/football-legal.com\\\/conference\\\/?s={search_term_string}\"},\"query-input\":{\"@type\":\"PropertyValueSpecification\",\"valueRequired\":true,\"valueName\":\"search_term_string\"}}],\"inLanguage\":\"en-US\"}]}<\/script>\n<!-- \/ Yoast SEO plugin. -->","yoast_head_json":{"title":"Gouvernance et r\u00e9gulation du football : faire entendre la voix de l'Afrique - Football Legal Conference","description":"Le continent africain est un vivier du football mondial : aux quatre coins du monde, des joueurs africains \u00e9voluent dans les clubs professionnels les plus prestigieux.","robots":{"index":"index","follow":"follow","max-snippet":"max-snippet:-1","max-image-preview":"max-image-preview:large","max-video-preview":"max-video-preview:-1"},"canonical":"https:\/\/football-legal.com\/conference\/fr\/voix-afrique\/","og_locale":"en_US","og_type":"article","og_title":"Gouvernance et r\u00e9gulation du football : faire entendre la voix de l'Afrique - Football Legal Conference","og_description":"Le continent africain est un vivier du football mondial : aux quatre coins du monde, des joueurs africains \u00e9voluent dans les clubs professionnels les plus prestigieux.","og_url":"https:\/\/football-legal.com\/conference\/fr\/voix-afrique\/","og_site_name":"Football Legal Conference","article_modified_time":"2024-06-11T10:28:18+00:00","og_image":[{"width":769,"height":769,"url":"https:\/\/football-legal.com\/conference\/wp-content\/uploads\/2024\/06\/p4-africa-football-rs.jpg","type":"image\/jpeg"}],"twitter_card":"summary_large_image","twitter_misc":{"Est. reading time":"9 minutes"},"schema":{"@context":"https:\/\/schema.org","@graph":[{"@type":"WebPage","@id":"https:\/\/football-legal.com\/conference\/fr\/voix-afrique\/","url":"https:\/\/football-legal.com\/conference\/fr\/voix-afrique\/","name":"Gouvernance et r\u00e9gulation du football : faire entendre la voix de l'Afrique - Football Legal Conference","isPartOf":{"@id":"https:\/\/football-legal.com\/conference\/#website"},"primaryImageOfPage":{"@id":"https:\/\/football-legal.com\/conference\/fr\/voix-afrique\/#primaryimage"},"image":{"@id":"https:\/\/football-legal.com\/conference\/fr\/voix-afrique\/#primaryimage"},"thumbnailUrl":"https:\/\/football-legal.com\/conference\/wp-content\/uploads\/2024\/06\/p4-africa-football-rs.jpg","datePublished":"2024-05-15T08:35:15+00:00","dateModified":"2024-06-11T10:28:18+00:00","description":"Le continent africain est un vivier du football mondial : aux quatre coins du monde, des joueurs africains \u00e9voluent dans les clubs professionnels les plus prestigieux.","breadcrumb":{"@id":"https:\/\/football-legal.com\/conference\/fr\/voix-afrique\/#breadcrumb"},"inLanguage":"en-US","potentialAction":[{"@type":"ReadAction","target":["https:\/\/football-legal.com\/conference\/fr\/voix-afrique\/"]}]},{"@type":"ImageObject","inLanguage":"en-US","@id":"https:\/\/football-legal.com\/conference\/fr\/voix-afrique\/#primaryimage","url":"https:\/\/football-legal.com\/conference\/wp-content\/uploads\/2024\/06\/p4-africa-football-rs.jpg","contentUrl":"https:\/\/football-legal.com\/conference\/wp-content\/uploads\/2024\/06\/p4-africa-football-rs.jpg","width":769,"height":769},{"@type":"BreadcrumbList","@id":"https:\/\/football-legal.com\/conference\/fr\/voix-afrique\/#breadcrumb","itemListElement":[{"@type":"ListItem","position":1,"name":"Home","item":"https:\/\/football-legal.com\/conference\/"},{"@type":"ListItem","position":2,"name":"Gouvernance et r\u00e9gulation du football : faire entendre la voix de l&rsquo;Afrique"}]},{"@type":"WebSite","@id":"https:\/\/football-legal.com\/conference\/#website","url":"https:\/\/football-legal.com\/conference\/","name":"Football Legal Conference","description":"1st Football Legal Conference Africa","potentialAction":[{"@type":"SearchAction","target":{"@type":"EntryPoint","urlTemplate":"https:\/\/football-legal.com\/conference\/?s={search_term_string}"},"query-input":{"@type":"PropertyValueSpecification","valueRequired":true,"valueName":"search_term_string"}}],"inLanguage":"en-US"}]}},"_links":{"self":[{"href":"https:\/\/football-legal.com\/conference\/wp-json\/wp\/v2\/pages\/77","targetHints":{"allow":["GET"]}}],"collection":[{"href":"https:\/\/football-legal.com\/conference\/wp-json\/wp\/v2\/pages"}],"about":[{"href":"https:\/\/football-legal.com\/conference\/wp-json\/wp\/v2\/types\/page"}],"author":[{"embeddable":true,"href":"https:\/\/football-legal.com\/conference\/wp-json\/wp\/v2\/users\/2"}],"replies":[{"embeddable":true,"href":"https:\/\/football-legal.com\/conference\/wp-json\/wp\/v2\/comments?post=77"}],"version-history":[{"count":16,"href":"https:\/\/football-legal.com\/conference\/wp-json\/wp\/v2\/pages\/77\/revisions"}],"predecessor-version":[{"id":749,"href":"https:\/\/football-legal.com\/conference\/wp-json\/wp\/v2\/pages\/77\/revisions\/749"}],"wp:featuredmedia":[{"embeddable":true,"href":"https:\/\/football-legal.com\/conference\/wp-json\/wp\/v2\/media\/526"}],"wp:attachment":[{"href":"https:\/\/football-legal.com\/conference\/wp-json\/wp\/v2\/media?parent=77"}],"curies":[{"name":"wp","href":"https:\/\/api.w.org\/{rel}","templated":true}]}}