{"id":29,"date":"2024-05-14T18:29:39","date_gmt":"2024-05-14T18:29:39","guid":{"rendered":"http:\/\/fl-conf.local\/sample-page-francais\/"},"modified":"2024-06-25T15:34:14","modified_gmt":"2024-06-25T15:34:14","slug":"accueil","status":"publish","type":"page","link":"https:\/\/football-legal.com\/conference\/fr\/","title":{"rendered":"Accueil"},"content":{"rendered":"<p>[et_pb_section fb_built=&#8221;1&#8243; admin_label=&#8221;Hero&#8221; _builder_version=&#8221;4.16&#8243; background_color=&#8221;#000000&#8243; background_color_gradient_direction=&#8221;271deg&#8221; custom_margin=&#8221;||&#8221; custom_padding=&#8221;0|0px|0px|0px|false|false&#8221; locked=&#8221;off&#8221; global_colors_info=&#8221;{}&#8221;][et_pb_row column_structure=&#8221;1_3,1_3,1_3&#8243; use_custom_gutter=&#8221;on&#8221; gutter_width=&#8221;1&#8243; make_equal=&#8221;on&#8221; _builder_version=&#8221;4.25.0&#8243; _module_preset=&#8221;default&#8221; custom_margin=&#8221;0px||0px||false|false&#8221; custom_padding=&#8221;15px||15px||false|false&#8221; custom_css_free_form=&#8221;.selector {||  display: flex;||  align-items: center;||}&#8221; pac_drh_column_numbers_tablet=&#8221;pac_drh_tab_col_three&#8221; pac_drh_column_numbers_phone=&#8221;pac_drh_phone_col_three&#8221; global_colors_info=&#8221;{}&#8221;][et_pb_column type=&#8221;1_3&#8243; _builder_version=&#8221;4.23.1&#8243; _module_preset=&#8221;default&#8221; custom_padding=&#8221;|0px||0px|false|false&#8221; global_colors_info=&#8221;{}&#8221;][et_pb_image src=&#8221;https:\/\/football-legal.com\/conference\/wp-content\/uploads\/2024\/05\/logo-football-legal.svg&#8221; title_text=&#8221;logo-football-legal&#8221; url=&#8221;https:\/\/football-legal.com\/&#8221; url_new_window=&#8221;on&#8221; align=&#8221;right&#8221; align_tablet=&#8221;right&#8221; align_phone=&#8221;right&#8221; align_last_edited=&#8221;on|desktop&#8221; _builder_version=&#8221;4.25.1&#8243; _module_preset=&#8221;default&#8221; max_width=&#8221;50%&#8221; max_width_tablet=&#8221;75%&#8221; max_width_phone=&#8221;75%&#8221; max_width_last_edited=&#8221;on|desktop&#8221; module_alignment=&#8221;right&#8221; module_alignment_tablet=&#8221;left&#8221; module_alignment_phone=&#8221;left&#8221; module_alignment_last_edited=&#8221;on|desktop&#8221; global_colors_info=&#8221;{}&#8221;][\/et_pb_image][\/et_pb_column][et_pb_column type=&#8221;1_3&#8243; _builder_version=&#8221;4.23.1&#8243; _module_preset=&#8221;default&#8221; global_colors_info=&#8221;{}&#8221;][et_pb_image src=&#8221;https:\/\/football-legal.com\/conference\/wp-content\/uploads\/2024\/05\/logo-acads-french-green.svg&#8221; title_text=&#8221;logo-acads-french-green&#8221; url=&#8221;http:\/\/www.acads-droitsport.org\/&#8221; url_new_window=&#8221;on&#8221; _builder_version=&#8221;4.25.1&#8243; _module_preset=&#8221;default&#8221; max_width=&#8221;57%&#8221; max_width_tablet=&#8221;75%&#8221; max_width_phone=&#8221;85%&#8221; max_width_last_edited=&#8221;on|phone&#8221; module_alignment=&#8221;center&#8221; global_colors_info=&#8221;{}&#8221;][\/et_pb_image][\/et_pb_column][et_pb_column type=&#8221;1_3&#8243; _builder_version=&#8221;4.23.1&#8243; _module_preset=&#8221;default&#8221; global_colors_info=&#8221;{}&#8221;][et_pb_image src=&#8221;https:\/\/football-legal.com\/conference\/wp-content\/uploads\/2024\/05\/presentent.svg&#8221; title_text=&#8221;presentent&#8221; _builder_version=&#8221;4.25.1&#8243; _module_preset=&#8221;default&#8221; max_width=&#8221;35%&#8221; max_width_tablet=&#8221;55%&#8221; max_width_phone=&#8221;65%&#8221; max_width_last_edited=&#8221;on|desktop&#8221; module_alignment=&#8221;left&#8221; module_alignment_tablet=&#8221;right&#8221; module_alignment_phone=&#8221;right&#8221; module_alignment_last_edited=&#8221;on|desktop&#8221; global_colors_info=&#8221;{}&#8221;][\/et_pb_image][\/et_pb_column][\/et_pb_row][\/et_pb_section][et_pb_section fb_built=&#8221;1&#8243; disabled_on=&#8221;off|off|off&#8221; admin_label=&#8221;Hero&#8221; _builder_version=&#8221;4.25.1&#8243; background_color=&#8221;#FFFFFF&#8221; background_color_gradient_direction=&#8221;271deg&#8221; background_image=&#8221;https:\/\/football-legal.com\/conference\/wp-content\/uploads\/2024\/05\/conf-dds-cameroun_visuel-desktop.jpg&#8221; parallax=&#8221;on&#8221; min_height_tablet=&#8221;&#8221; min_height_phone=&#8221;940px&#8221; min_height_last_edited=&#8221;on|phone&#8221; height=&#8221;1000px&#8221; custom_margin=&#8221;||||false|false&#8221; custom_padding=&#8221;0px||||false|false&#8221; background_last_edited=&#8221;on|tablet&#8221; background_image_tablet=&#8221;https:\/\/football-legal.com\/conference\/wp-content\/uploads\/2024\/05\/header-FL-Conference-Cameroun-tablette-FR.jpg&#8221; background_image_phone=&#8221;https:\/\/football-legal.com\/conference\/wp-content\/uploads\/2024\/05\/header-FL-Conference-Cameroun-mobile-FR-scaled.jpg&#8221; background_enable_image_tablet=&#8221;on&#8221; background_enable_image_phone=&#8221;on&#8221; parallax_tablet=&#8221;off&#8221; parallax_phone=&#8221;off&#8221; background_size_tablet=&#8221;cover&#8221; background_size_phone=&#8221;cover&#8221; background_position_tablet=&#8221;center&#8221; background_position_phone=&#8221;center&#8221; background_blend_tablet=&#8221;normal&#8221; custom_css_free_form=&#8221;.selector {||  border-top: 80px solid !important;||  border-image: linear-gradient(90deg, rgba(228,228,111,1) 0%, rgba(27,168,84,1) 30%, rgba(0,151,73,1) 50%, rgba(25,78,36,1) 100%);||  border-image-slice: 1;||}||@media (max-width: 768px) {||  .selector {||    border-top: 40px solid !important;||  border-image: linear-gradient(90deg, rgba(228,228,111,1) 0%, rgba(27,168,84,1) 30%, rgba(0,151,73,1) 50%, rgba(25,78,36,1) 100%);||  border-image-slice: 1;||}||}&#8221; border_color_top=&#8221;#4DBDC6&#8243; locked=&#8221;off&#8221; global_colors_info=&#8221;{}&#8221;][et_pb_row column_structure=&#8221;1_3,1_3,1_3&#8243; disabled_on=&#8221;on|on|off&#8221; module_class=&#8221;custom_row&#8221; _builder_version=&#8221;4.25.0&#8243; max_width=&#8221;1100px&#8221; module_alignment=&#8221;center&#8221; custom_margin=&#8221;|||&#8221; custom_padding=&#8221;115px||0px||false|false&#8221; global_colors_info=&#8221;{}&#8221;][et_pb_column type=&#8221;1_3&#8243; module_class=&#8221;first-on-mobile&#8221; _builder_version=&#8221;4.25.0&#8243; custom_padding=&#8221;|100px|||false|false&#8221; global_colors_info=&#8221;{}&#8221; custom_padding__hover=&#8221;|||&#8221;][et_pb_image src=&#8221;https:\/\/football-legal.com\/conference\/wp-content\/uploads\/2024\/05\/dates-conf-dds-cam.svg&#8221; title_text=&#8221;dates-conf-dds-cam&#8221; align=&#8221;center&#8221; align_tablet=&#8221;center&#8221; align_phone=&#8221;&#8221; align_last_edited=&#8221;on|desktop&#8221; disabled_on=&#8221;off|off|off&#8221; _builder_version=&#8221;4.25.1&#8243; max_width=&#8221;100%&#8221; module_alignment=&#8221;right&#8221; custom_margin=&#8221;||||false|false&#8221; custom_margin_last_edited=&#8221;off|phone&#8221; custom_padding=&#8221;|50px|||false|false&#8221; mix_blend_mode=&#8221;multiply&#8221; locked=&#8221;off&#8221; global_colors_info=&#8221;{}&#8221;][\/et_pb_image][\/et_pb_column][et_pb_column type=&#8221;1_3&#8243; module_class=&#8221;third-on-mobile&#8221; _builder_version=&#8221;4.16&#8243; custom_padding=&#8221;|||&#8221; global_colors_info=&#8221;{}&#8221; custom_padding__hover=&#8221;|||&#8221;][\/et_pb_column][et_pb_column type=&#8221;1_3&#8243; module_class=&#8221;third-on-mobile&#8221; _builder_version=&#8221;4.23.1&#8243; custom_padding=&#8221;|||&#8221; global_colors_info=&#8221;{}&#8221; custom_padding__hover=&#8221;|||&#8221;][et_pb_image src=&#8221;https:\/\/football-legal.com\/conference\/wp-content\/uploads\/2024\/05\/lieu-conf-dds-cam.svg&#8221; title_text=&#8221;lieu-conf-dds-cam&#8221; show_bottom_space=&#8221;off&#8221; align=&#8221;center&#8221; align_tablet=&#8221;center&#8221; align_phone=&#8221;&#8221; align_last_edited=&#8221;on|desktop&#8221; _builder_version=&#8221;4.25.1&#8243; width=&#8221;130%&#8221; max_width=&#8221;150%&#8221; module_alignment=&#8221;left&#8221; custom_margin=&#8221;||||false|false&#8221; custom_padding=&#8221;|||149px|false|false&#8221; locked=&#8221;off&#8221; global_colors_info=&#8221;{}&#8221;][\/et_pb_image][\/et_pb_column][\/et_pb_row][et_pb_row custom_padding_last_edited=&#8221;on|phone&#8221; _builder_version=&#8221;4.25.0&#8243; _module_preset=&#8221;default&#8221; custom_margin=&#8221;||||false|false&#8221; custom_padding=&#8221;355px||||false|false&#8221; custom_padding_tablet=&#8221;0px||||false|false&#8221; custom_padding_phone=&#8221;0px||||false|false&#8221; global_colors_info=&#8221;{}&#8221;][et_pb_column type=&#8221;4_4&#8243; _builder_version=&#8221;4.25.0&#8243; _module_preset=&#8221;default&#8221; global_colors_info=&#8221;{}&#8221;][et_pb_image src=&#8221;https:\/\/football-legal.com\/conference\/wp-content\/uploads\/2024\/05\/Logo-Football-Legal-Conf_01.svg&#8221; title_text=&#8221;Logo-Football-Legal-Conf_01&#8243; disabled_on=&#8221;on|on|off&#8221; _builder_version=&#8221;4.25.1&#8243; _module_preset=&#8221;default&#8221; width=&#8221;32%&#8221; module_alignment=&#8221;center&#8221; custom_padding=&#8221;||||false|false&#8221; global_colors_info=&#8221;{}&#8221;][\/et_pb_image][\/et_pb_column][\/et_pb_row][\/et_pb_section][et_pb_section fb_built=&#8221;1&#8243; disabled_on=&#8221;on|on|off&#8221; _builder_version=&#8221;4.25.1&#8243; _module_preset=&#8221;default&#8221; use_background_color_gradient=&#8221;on&#8221; background_color_gradient_direction=&#8221;90deg&#8221; background_color_gradient_stops=&#8221;#e4e46f 0%|#1ba854 30%|rgba(30, 175, 105, 1) 50%|#194e24 100%&#8221; max_width=&#8221;100%&#8221; custom_padding=&#8221;||0px|||&#8221; locked=&#8221;off&#8221; global_colors_info=&#8221;{}&#8221;][et_pb_row _builder_version=&#8221;4.25.1&#8243; _module_preset=&#8221;default&#8221; background_image=&#8221;https:\/\/football-legal.com\/conference\/wp-content\/uploads\/2024\/05\/fond_titre-desktop.svg&#8221; parallax=&#8221;on&#8221; max_width=&#8221;100%&#8221; custom_margin=&#8221;||||false|false&#8221; global_colors_info=&#8221;{}&#8221;][et_pb_column type=&#8221;4_4&#8243; _builder_version=&#8221;4.25.0&#8243; _module_preset=&#8221;default&#8221; custom_padding=&#8221;|40px||40px|false|false&#8221; global_colors_info=&#8221;{}&#8221;][et_pb_image src=&#8221;https:\/\/football-legal.com\/conference\/wp-content\/uploads\/2024\/05\/Titre-Football-Legal-Conf-FR.svg&#8221; title_text=&#8221;Titre-Football-Legal-Conf-FR&#8221; _builder_version=&#8221;4.25.1&#8243; _module_preset=&#8221;default&#8221; width=&#8221;61%&#8221; module_alignment=&#8221;center&#8221; custom_margin=&#8221;-60px||||false|false&#8221; global_colors_info=&#8221;{}&#8221;][\/et_pb_image][\/et_pb_column][\/et_pb_row][\/et_pb_section][et_pb_section fb_built=&#8221;1&#8243; custom_padding_last_edited=&#8221;off|desktop&#8221; admin_label=&#8221;hero section&#8221; module_id=&#8221;flc&#8221; _builder_version=&#8221;4.25.1&#8243; background_color=&#8221;#194C23&#8243; use_background_color_gradient=&#8221;on&#8221; background_color_gradient_stops=&#8221;#000000 0%|#000000 16%|#0b3013 100%&#8221; custom_margin=&#8221;|||&#8221; custom_padding=&#8221;80px||80px||false|false&#8221; custom_padding_tablet=&#8221;130px||130px|&#8221; global_colors_info=&#8221;{}&#8221;][et_pb_row use_custom_gutter=&#8221;on&#8221; admin_label=&#8221;title and illustration&#8221; _builder_version=&#8221;4.25.0&#8243; background_color=&#8221;RGBA(255,255,255,0)&#8221; background_size=&#8221;initial&#8221; background_position=&#8221;top_left&#8221; background_repeat=&#8221;repeat&#8221; custom_margin=&#8221;||||false|false&#8221; custom_padding=&#8221;0px||0px||false|false&#8221; global_colors_info=&#8221;{}&#8221;][et_pb_column type=&#8221;4_4&#8243; _builder_version=&#8221;4.16&#8243; custom_padding=&#8221;|||&#8221; global_colors_info=&#8221;{}&#8221; custom_padding__hover=&#8221;|||&#8221;][et_pb_text _builder_version=&#8221;4.25.1&#8243; header_font=&#8221;Montserrat|700|||||||&#8221; header_text_color=&#8221;#CEB200&#8243; header_font_size=&#8221;36px&#8221; header_2_font=&#8221;Montserrat|700|||||||&#8221; header_2_text_color=&#8221;#CEB200&#8243; header_2_font_size=&#8221;40px&#8221; background_color=&#8221;RGBA(255,255,255,0)&#8221; custom_margin=&#8221;||||false|false&#8221; custom_padding=&#8221;3px|||||&#8221; header_font_size_tablet=&#8221;33px&#8221; header_font_size_phone=&#8221;27px&#8221; header_font_size_last_edited=&#8221;on|desktop&#8221; header_2_font_size_tablet=&#8221;33px&#8221; header_2_font_size_phone=&#8221;35px&#8221; header_2_font_size_last_edited=&#8221;on|phone&#8221; global_colors_info=&#8221;{}&#8221;]<\/p>\n<h1><span style=\"color: #e4e46f;\">Le rendez-vous des acteurs africains en droit du football<\/span><\/h1>\n<p>[\/et_pb_text][et_pb_text _builder_version=&#8221;4.25.1&#8243; text_font=&#8221;||||||||&#8221; text_text_color=&#8221;#e4e46f&#8221; text_font_size=&#8221;20px&#8221; text_line_height=&#8221;1.8em&#8221; background_color=&#8221;RGBA(255,255,255,0)&#8221; custom_margin=&#8221;0px||20px||false|false&#8221; custom_padding=&#8221;||||false|false&#8221; custom_padding_tablet=&#8221;||||false|false&#8221; custom_padding_phone=&#8221;||||false|false&#8221; custom_padding_last_edited=&#8221;off|desktop&#8221; animation_direction=&#8221;top&#8221; text_font_size_tablet=&#8221;20px&#8221; text_font_size_phone=&#8221;20px&#8221; text_font_size_last_edited=&#8221;on|phone&#8221; global_colors_info=&#8221;{}&#8221;]<\/p>\n<div><span><\/span>En participant \u00e0 la FLC AFRICA 2024, vous renforcez votre expertise en droit du football et contribuez au d\u00e9veloppement de la valeur du football africain !<br \/><span><strong><\/strong><\/span><\/div>\n<p>[\/et_pb_text][et_pb_text _builder_version=&#8221;4.25.1&#8243; text_font=&#8221;||||||||&#8221; text_text_color=&#8221;#e4e46f&#8221; text_font_size=&#8221;20px&#8221; text_line_height=&#8221;1.8em&#8221; background_color=&#8221;RGBA(255,255,255,0)&#8221; custom_margin=&#8221;0px||0px||false|false&#8221; custom_padding=&#8221;||||false|false&#8221; custom_padding_tablet=&#8221;||||false|false&#8221; custom_padding_phone=&#8221;||||false|false&#8221; custom_padding_last_edited=&#8221;off|desktop&#8221; animation_direction=&#8221;top&#8221; text_font_size_tablet=&#8221;20px&#8221; text_font_size_phone=&#8221;20px&#8221; text_font_size_last_edited=&#8221;on|phone&#8221; global_colors_info=&#8221;{}&#8221;]<\/p>\n<ul>\n<li><strong>Ma\u00eetriser le droit applicable et les r\u00e9glementations du football<\/strong><\/li>\n<li><strong>D\u00e9velopper les bonnes pratiques pour s\u00e9curiser l&#8217;activit\u00e9 des joueurs et des clubs<\/strong><\/li>\n<li><strong>Identifier les proc\u00e9dures et les recours pour faire valoir les droits des joueurs et de vos autres clients dans le football<\/strong><\/li>\n<\/ul>\n<p>[\/et_pb_text][et_pb_text _builder_version=&#8221;4.25.1&#8243; text_font=&#8221;||||||||&#8221; text_text_color=&#8221;#e4e46f&#8221; text_font_size=&#8221;20px&#8221; text_line_height=&#8221;1.8em&#8221; background_color=&#8221;RGBA(255,255,255,0)&#8221; custom_margin=&#8221;0px||20px||false|false&#8221; custom_padding=&#8221;||||false|false&#8221; custom_padding_tablet=&#8221;||||false|false&#8221; custom_padding_phone=&#8221;||||false|false&#8221; custom_padding_last_edited=&#8221;off|desktop&#8221; animation_direction=&#8221;top&#8221; text_font_size_tablet=&#8221;20px&#8221; text_font_size_phone=&#8221;20px&#8221; text_font_size_last_edited=&#8221;on|phone&#8221; global_colors_info=&#8221;{}&#8221;]<\/p>\n<div><span><\/span>La conf\u00e9rence se tiendra en fran\u00e7ais et en anglais, sans traduction simultan\u00e9e.<br \/><span><strong><\/strong><\/span><\/div>\n<p>[\/et_pb_text][\/et_pb_column][\/et_pb_row][\/et_pb_section][et_pb_section fb_built=&#8221;1&#8243; fullwidth=&#8221;on&#8221; disabled_on=&#8221;off|off|off&#8221; admin_label=&#8221;Hero&#8221; module_id=&#8221;retrospective&#8221; _builder_version=&#8221;4.25.2&#8243; background_color=&#8221;rgba(31,31,31,0.75)&#8221; parallax=&#8221;on&#8221; custom_padding=&#8221;|||&#8221; transparent_background=&#8221;on&#8221; locked=&#8221;off&#8221; global_colors_info=&#8221;{}&#8221;][et_pb_fullwidth_header title=&#8221;R\u00e9trospective&#8221; text_orientation=&#8221;center&#8221; button_one_text=&#8221;Voir la galerie de photos&#8221; button_one_url=&#8221;https:\/\/football-legal.com\/conference\/fr\/retrospective-flc-africa-2024\/&#8221; background_overlay_color=&#8221;rgba(31,31,31,0.85)&#8221; subhead_font_color=&#8221;#bebebe&#8221; _builder_version=&#8221;4.25.2&#8243; title_font=&#8221;Montserrat|700|||||||&#8221; title_text_align=&#8221;center&#8221; title_text_color=&#8221;#ffffff&#8221; title_font_size=&#8221;72px&#8221; title_letter_spacing=&#8221;1px&#8221; title_line_height=&#8221;1.3em&#8221; content_font=&#8221;Montserrat||||&#8221; content_text_color=&#8221;#FFFFFF&#8221; content_font_size=&#8221;19px&#8221; content_line_height=&#8221;1.8em&#8221; subhead_font=&#8221;Montserrat||||&#8221; subhead_text_color=&#8221;#bebebe&#8221; subhead_line_height=&#8221;1.8em&#8221; background_color=&#8221;rgba(255, 255, 255, 0)&#8221; background_image=&#8221;https:\/\/football-legal.com\/conference\/wp-content\/uploads\/2024\/05\/conf-dds-cameroun_visuel-desktop.jpg&#8221; parallax=&#8221;on&#8221; parallax_method=&#8221;on&#8221; custom_button_one=&#8221;on&#8221; button_one_text_size=&#8221;20px&#8221; button_one_border_width=&#8221;0px&#8221; button_one_border_radius=&#8221;0px&#8221; button_one_font=&#8221;Montserrat|600|||||||&#8221; custom_padding=&#8221;10%||15%||false|false&#8221; animation_style=&#8221;zoom&#8221; animation_duration=&#8221;1500ms&#8221; animation_intensity_zoom=&#8221;4%&#8221; hover_enabled=&#8221;0&#8243; title_font_size_tablet=&#8221;52px&#8221; title_font_size_phone=&#8221;33px&#8221; title_font_size_last_edited=&#8221;on|phone&#8221; title_line_height_last_edited=&#8221;off|desktop&#8221; global_colors_info=&#8221;{}&#8221; button_one_text_size__hover_enabled=&#8221;off&#8221; button_two_text_size__hover_enabled=&#8221;off&#8221; button_one_text_color__hover_enabled=&#8221;off&#8221; button_two_text_color__hover_enabled=&#8221;off&#8221; button_one_border_width__hover_enabled=&#8221;off&#8221; button_two_border_width__hover_enabled=&#8221;off&#8221; button_one_border_color__hover_enabled=&#8221;off&#8221; button_two_border_color__hover_enabled=&#8221;off&#8221; button_one_border_radius__hover_enabled=&#8221;off&#8221; button_two_border_radius__hover_enabled=&#8221;off&#8221; button_one_letter_spacing__hover_enabled=&#8221;off&#8221; button_two_letter_spacing__hover_enabled=&#8221;off&#8221; button_one_bg_color__hover_enabled=&#8221;off&#8221; button_two_bg_color__hover_enabled=&#8221;off&#8221; sticky_enabled=&#8221;0&#8243;][\/et_pb_fullwidth_header][\/et_pb_section][et_pb_section fb_built=&#8221;1&#8243; disabled_on=&#8221;on|on|on&#8221; _builder_version=&#8221;4.25.2&#8243; background_enable_color=&#8221;off&#8221; background_image=&#8221;https:\/\/football-legal.com\/conference\/wp-content\/uploads\/2024\/05\/fond-compte-rebour-degrade.jpg&#8221; parallax=&#8221;on&#8221; background_blend=&#8221;multiply&#8221; custom_padding=&#8221;80px|0|100px|0px|false|false&#8221; animation_style=&#8221;fade&#8221; animation_delay=&#8221;100ms&#8221; disabled=&#8221;on&#8221; global_colors_info=&#8221;{}&#8221;][et_pb_row _builder_version=&#8221;4.16&#8243; custom_padding=&#8221;0|0px|0|0px|false|false&#8221; global_colors_info=&#8221;{}&#8221;][et_pb_column type=&#8221;4_4&#8243; _builder_version=&#8221;4.16&#8243; custom_padding=&#8221;|||&#8221; global_colors_info=&#8221;{}&#8221; custom_padding__hover=&#8221;|||&#8221;][et_pb_countdown_timer title=&#8221;La FLC Africa 2024 commencera dans :&#8221; date_time=&#8221;2024-06-17 01:30&#8243; _builder_version=&#8221;4.25.1&#8243; header_font=&#8221;Montserrat|700||on|||||&#8221; header_text_color=&#8221;#194C23&#8243; header_font_size=&#8221;45px&#8221; numbers_font=&#8221;Montserrat|800|||||||&#8221; numbers_text_align=&#8221;center&#8221; numbers_text_color=&#8221;#ffffff&#8221; separator_font_size=&#8221;0px&#8221; label_font=&#8221;Montserrat|600||on|||||&#8221; label_text_align=&#8221;center&#8221; label_text_color=&#8221;#ffffff&#8221; label_line_height=&#8221;40px&#8221; use_background_color=&#8221;off&#8221; background_blend=&#8221;multiply&#8221; animation_style=&#8221;fade&#8221; animation_delay=&#8221;100ms&#8221; header_font_size_tablet=&#8221;45px&#8221; header_font_size_phone=&#8221;32px&#8221; header_font_size_last_edited=&#8221;on|phone&#8221; numbers_text_color_tablet=&#8221;#E4E46F&#8221; numbers_text_color_phone=&#8221;#E4E46F&#8221; numbers_text_color_last_edited=&#8221;on|phone&#8221; numbers_font_size_tablet=&#8221;45px&#8221; numbers_font_size_phone=&#8221;25px&#8221; numbers_font_size_last_edited=&#8221;on|phone&#8221; numbers_letter_spacing_tablet=&#8221;0px&#8221; numbers_letter_spacing_phone=&#8221;0px&#8221; numbers_letter_spacing_last_edited=&#8221;on|phone&#8221; numbers_line_height_tablet=&#8221;&#8221; numbers_line_height_phone=&#8221;50px&#8221; numbers_line_height_last_edited=&#8221;on|desktop&#8221; separator_font_size_tablet=&#8221;0px&#8221; separator_font_size_phone=&#8221;0px&#8221; separator_font_size_last_edited=&#8221;on|phone&#8221; label_text_color_tablet=&#8221;#E4E46F&#8221; label_text_color_phone=&#8221;#E4E46F&#8221; label_text_color_last_edited=&#8221;on|desktop&#8221; label_font_size_tablet=&#8221;&#8221; label_font_size_phone=&#8221;10px&#8221; label_font_size_last_edited=&#8221;on|desktop&#8221; global_colors_info=&#8221;{}&#8221;][\/et_pb_countdown_timer][\/et_pb_column][\/et_pb_row][\/et_pb_section][et_pb_section fb_built=&#8221;1&#8243; disabled_on=&#8221;on|on|on&#8221; module_id=&#8221;program&#8221; _builder_version=&#8221;4.25.2&#8243; background_color=&#8221;#ffffff&#8221; custom_padding=&#8221;80px|0px|80px|0px|false|false&#8221; disabled=&#8221;on&#8221; locked=&#8221;off&#8221; global_colors_info=&#8221;{}&#8221;][et_pb_row _builder_version=&#8221;4.23.1&#8243; custom_margin=&#8221;||&#8221; custom_padding=&#8221;0px|0px|0|0px|false|false&#8221; global_colors_info=&#8221;{}&#8221;][et_pb_column type=&#8221;4_4&#8243; _builder_version=&#8221;4.16&#8243; background_blend=&#8221;multiply&#8221; custom_padding=&#8221;|||&#8221; global_colors_info=&#8221;{}&#8221; custom_padding__hover=&#8221;|||&#8221;][et_pb_text _builder_version=&#8221;4.25.1&#8243; text_font=&#8221;Montserrat|700|||||||&#8221; text_text_color=&#8221;#282828&#8243; text_font_size=&#8221;40px&#8221; text_line_height=&#8221;1.8em&#8221; header_font=&#8221;Montserrat|700|||||||&#8221; header_text_color=&#8221;#000000&#8243; header_font_size=&#8221;40px&#8221; header_2_font=&#8221;Montserrat|700|||||||&#8221; header_2_text_color=&#8221;#000000&#8243; header_2_font_size=&#8221;40px&#8221; custom_margin=&#8221;0px||||false|false&#8221; animation_style=&#8221;fade&#8221; animation_direction=&#8221;top&#8221; animation_delay=&#8221;100ms&#8221; header_font_size_tablet=&#8221;40px&#8221; header_font_size_phone=&#8221;27px&#8221; header_font_size_last_edited=&#8221;on|phone&#8221; header_2_font_size_tablet=&#8221;40px&#8221; header_2_font_size_phone=&#8221;35px&#8221; header_2_font_size_last_edited=&#8221;on|desktop&#8221; locked=&#8221;off&#8221; inline_fonts=&#8221;Georgia&#8221; global_colors_info=&#8221;{}&#8221;]<\/p>\n<h2><span style=\"color: #299f53;\">Programme<\/span><\/h2>\n<p>[\/et_pb_text][\/et_pb_column][\/et_pb_row][et_pb_row column_structure=&#8221;1_2,1_2&#8243; _builder_version=&#8221;4.24.2&#8243; custom_padding=&#8221;27px|0px|0px|0px|false|false&#8221; pac_drh_column_numbers_tablet=&#8221;pac_drh_tab_col_two&#8221; locked=&#8221;off&#8221; global_colors_info=&#8221;{}&#8221;][et_pb_column type=&#8221;1_2&#8243; _builder_version=&#8221;4.16&#8243; custom_padding=&#8221;|||&#8221; global_colors_info=&#8221;{}&#8221; custom_padding__hover=&#8221;|||&#8221;][et_pb_image src=&#8221;https:\/\/football-legal.com\/conference\/wp-content\/uploads\/2024\/05\/atelier-pratique-Stabilite-contractuelle.jpg&#8221; title_text=&#8221;atelier-pratique-Stabilite-contractuelle&#8221; url=&#8221;https:\/\/football-legal.com\/conference\/fr\/systeme-transferts\/&#8221; align_tablet=&#8221;center&#8221; align_phone=&#8221;&#8221; align_last_edited=&#8221;on|desktop&#8221; module_class=&#8221;zoom-image&#8221; _builder_version=&#8221;4.25.1&#8243; custom_margin=&#8221;0px|0px|20px|0px&#8221; custom_padding=&#8221;0px|0px|0px|0px&#8221; filter_saturate=&#8221;0%&#8221; animation_style=&#8221;fade&#8221; animation_delay=&#8221;100ms&#8221; border_width_bottom=&#8221;6px&#8221; border_style_bottom=&#8221;inset&#8221; locked=&#8221;off&#8221; global_colors_info=&#8221;{}&#8221; border_radii__hover_enabled=&#8221;on&#8221; border_width_bottom__hover_enabled=&#8221;on|hover&#8221; border_color_bottom__hover_enabled=&#8221;on|hover&#8221; border_color_bottom__hover=&#8221;#CEB200&#8243; border_radii__hover=&#8221;||||&#8221; filter_saturate__hover_enabled=&#8221;on&#8221; filter_saturate__hover=&#8221;100%&#8221; border_width_bottom__hover=&#8221;6px&#8221;][\/et_pb_image][et_pb_text content_tablet=&#8221;<\/p>\n<div class=%22et_pb_module et_pb_text et_pb_text_7 et_pb_text_align_left et_pb_bg_layout_light et_multi_view__hover_selector et_had_animation et_multi_view__hovered%22>\n<div class=%22et_pb_text_inner%22 data-et-multi-view=%22{%22schema%22:{%22content%22:{%22desktop%22:%22\n\n<p><span style=%22color: #000000;%22><span style=%22color: #3e2814;%22><strong>Panel 1 <\/strong>&#8211; Lundi 17 Juin 2024, 10:00 &#8211; 12:30<\/span><span style=%22text-decoration: underline;%22><strong><br \/><\/strong><\/span><\/span><\/p>\n<p>%22,%22tablet%22:%22<\/p>\n<p>n<\/p>\n<p><span style=%22color: #000000;%22><strong><\/strong><span style=%22color: #3e2814;%22><strong>Panel 1<br \/><\/strong><\/span><\/span><span style=%22color: #000000;%22><span style=%22color: #3e2814;%22>Lundi 17 Juin 2024, 10:00 &#8211; 12:30<\/span><span style=%22text-decoration: underline;%22><strong><\/strong><\/span><br \/><\/span><\/p>\n<p>n<\/p>\n<p>%22,%22phone%22:%22<\/p>\n<p>n<\/p>\n<p><span style=%22color: #000000;%22><strong><\/strong><span style=%22color: #3e2814;%22><strong>Panel 1<br \/><\/strong><\/span><\/span><span style=%22color: #000000;%22><span style=%22color: #3e2814;%22>Lundi 17 Juin 2024, 10:00 &#8211; 12:30<\/span><span style=%22text-decoration: underline;%22><strong><\/strong><\/span><br \/><\/span><span style=%22color: #000000;%22><\/span><\/p>\n<p>n<\/p>\n<p>%22}},%22slug%22:%22et_pb_text%22}%22 data-et-multi-view-load-tablet-hidden=%22true%22 data-et-multi-view-load-phone-hidden=%22true%22><\/p>\n<p><span style=%22color: #000000;%22><span style=%22color: #3e2814;%22><strong>Panel 1 <\/strong>&#8211; Lundi 17 Juin 2024, 10:00 &#8211; 12:30<\/span><span style=%22text-decoration: underline;%22><strong><br \/><\/strong><\/span><\/span><\/p>\n<\/div>\n<\/div>\n<p>&#8221; content_phone=&#8221;<\/p>\n<p><span style=%22color: #000000;%22><strong><\/strong><span style=%22color: #3e2814;%22><strong>Panel 1 <\/strong>&#8211; Lundi 17 Juin 2024, 10:00 &#8211; 12:30<\/span><span style=%22text-decoration: underline;%22><strong><\/strong><\/span><br \/><\/span><span style=%22color: #000000;%22><\/span><\/p>\n<p>&#8221; content_last_edited=&#8221;on|phone&#8221; _builder_version=&#8221;4.25.1&#8243; header_font=&#8221;||||||||&#8221; header_4_font=&#8221;Montserrat|700|||||||&#8221; custom_margin=&#8221;0px|0px|0px|0px&#8221; custom_padding=&#8221;0px|0px|5px|0px&#8221; custom_padding_tablet=&#8221;||||false|false&#8221; custom_padding_phone=&#8221;||||false|false&#8221; custom_padding_last_edited=&#8221;on|phone&#8221; animation_style=&#8221;fade&#8221; animation_delay=&#8221;100ms&#8221; locked=&#8221;off&#8221; global_colors_info=&#8221;{}&#8221;]<\/p>\n<div class=\"et_pb_module et_pb_text et_pb_text_7 et_pb_text_align_left et_pb_bg_layout_light et_multi_view__hover_selector et_had_animation et_multi_view__hovered\">\n<div class=\"et_pb_text_inner\" data-et-multi-view=\"{&quot;schema&quot;:{&quot;content&quot;:{&quot;desktop&quot;:&quot;&lt;p&gt;&lt;span style=\\&quot;color: #000000;\\&quot;&gt;&lt;span style=\\&quot;color: #3e2814;\\&quot;&gt;&lt;strong&gt;Panel 1 &lt;\\\/strong&gt;- Lundi 17 Juin 2024, 10:00 - 12:30&lt;\\\/span&gt;&lt;span style=\\&quot;text-decoration: underline;\\&quot;&gt;&lt;strong&gt;&lt;br \\\/&gt;&lt;\\\/strong&gt;&lt;\\\/span&gt;&lt;\\\/span&gt;&lt;\\\/p&gt;&quot;,&quot;tablet&quot;:&quot;&lt;p&gt; &lt;\\\/p&gt;\\n&lt;p&gt;&lt;span style=\\&quot;color: #000000;\\&quot;&gt;&lt;strong&gt;&lt;\\\/strong&gt;&lt;span style=\\&quot;color: #3e2814;\\&quot;&gt;&lt;strong&gt;Panel 1&lt;br \\\/&gt;&lt;\\\/strong&gt;&lt;\\\/span&gt;&lt;\\\/span&gt;&lt;span style=\\&quot;color: #000000;\\&quot;&gt;&lt;span style=\\&quot;color: #3e2814;\\&quot;&gt;Lundi 17 Juin 2024, 10:00 - 12:30&lt;\\\/span&gt;&lt;span style=\\&quot;text-decoration: underline;\\&quot;&gt;&lt;strong&gt;&lt;\\\/strong&gt;&lt;\\\/span&gt;&lt;br \\\/&gt;&lt;\\\/span&gt;&lt;\\\/p&gt;\\n&lt;p&gt; &lt;\\\/p&gt;&quot;,&quot;phone&quot;:&quot;&lt;p&gt; &lt;\\\/p&gt;\\n&lt;p&gt;&lt;span style=\\&quot;color: #000000;\\&quot;&gt;&lt;strong&gt;&lt;\\\/strong&gt;&lt;span style=\\&quot;color: #3e2814;\\&quot;&gt;&lt;strong&gt;Panel 1&lt;br \\\/&gt;&lt;\\\/strong&gt;&lt;\\\/span&gt;&lt;\\\/span&gt;&lt;span style=\\&quot;color: #000000;\\&quot;&gt;&lt;span style=\\&quot;color: #3e2814;\\&quot;&gt;Lundi 17 Juin 2024, 10:00 - 12:30&lt;\\\/span&gt;&lt;span style=\\&quot;text-decoration: underline;\\&quot;&gt;&lt;strong&gt;&lt;\\\/strong&gt;&lt;\\\/span&gt;&lt;br \\\/&gt;&lt;\\\/span&gt;&lt;span style=\\&quot;color: #000000;\\&quot;&gt;&lt;\\\/span&gt;&lt;\\\/p&gt;\\n&lt;p&gt; &lt;\\\/p&gt;&quot;}},&quot;slug&quot;:&quot;et_pb_text&quot;}\" data-et-multi-view-load-tablet-hidden=\"true\" data-et-multi-view-load-phone-hidden=\"true\">\n<p><span style=\"color: #000000;\"><span style=\"color: #3e2814;\"><strong>Panel 1 <\/strong>&#8211; Lundi 17 Juin 2024, 10:00 &#8211;\u00a012:30<\/span><span style=\"text-decoration: underline;\"><strong><br \/><\/strong><\/span><\/span><\/p>\n<\/div>\n<\/div>\n<p>[\/et_pb_text][et_pb_text content_tablet=&#8221;<\/p>\n<p><span style=%22color: #299f53;%22><a href=%22https:\/\/football-legal.com\/conference\/fr\/systeme-transferts\/%22 style=%22color: #299f53;%22><span style=%22text-decoration: underline;%22><strong>Syst\u00e8me des transferts et indemnit\u00e9s de formation<\/strong><\/span><\/a><\/span><\/p>\n<p>Comment fonctionne le syst\u00e8me des transferts avec la mise en place par la FIFA de la Clearing House ? Quels sont les points cl\u00e9s \u00e0 ma\u00eetriser et les bonnes pratiques pour r\u00e9aliser une op\u00e9ration de transfert ? Quels sont les principes g\u00e9n\u00e9raux et les objectifs des m\u00e9canismes d&#8217;indemnit\u00e9s de formation et de contributions de solidarit\u00e9 ? Comment calculer les deux&#8230; <a href=%22https:\/\/football-legal.com\/conference\/fr\/systeme-transferts\/%22><span style=%22text-decoration: underline; color: #4dbdc6;%22><em><strong><span style=%22color: #299f53; text-decoration: underline;%22>> Lire plus<\/span><\/strong><\/em><\/span><\/a><\/p>\n<p>&#8221; content_phone=&#8221;<\/p>\n<p><span style=%22color: #299f53;%22><a href=%22https:\/\/football-legal.com\/conference\/fr\/systeme-transferts\/%22 style=%22color: #299f53;%22><span style=%22text-decoration: underline;%22><strong>Syst\u00e8me des transferts et indemnit\u00e9s de formation<\/strong><\/span><\/a><\/span><\/p>\n<p>Comment fonctionne le syst\u00e8me des transferts avec la mise en place par la FIFA de la Clearing House ? Quels sont les points cl\u00e9s \u00e0 ma\u00eetriser et les bonnes pratiques pour r\u00e9aliser une op\u00e9ration de transfert ? Quels sont les principes g\u00e9n\u00e9raux et les objectifs des m\u00e9canismes d&#8217;indemnit\u00e9s de formation et de contributions de solidarit\u00e9 ? Comment calculer les deux&#8230; <a href=%22https:\/\/football-legal.com\/conference\/fr\/systeme-transferts\/%22><span style=%22text-decoration: underline; color: #4dbdc6;%22><em><strong><span style=%22color: #299f53; text-decoration: underline;%22>> Lire plus<\/span><\/strong><\/em><\/span><\/a><\/p>\n<p>&#8221; content_last_edited=&#8221;on|phone&#8221; _builder_version=&#8221;4.25.1&#8243; header_font=&#8221;||||||||&#8221; header_3_font=&#8221;|700|||||||&#8221; header_3_font_size=&#8221;14px&#8221; header_4_font=&#8221;Montserrat|700|||||||&#8221; custom_margin=&#8221;0px|0px|0px|0px&#8221; custom_padding=&#8221;0px|0px|5px|0px|false|false&#8221; custom_padding_tablet=&#8221;||||false|false&#8221; custom_padding_phone=&#8221;0px|0px|5px||false|false&#8221; custom_padding_last_edited=&#8221;on|phone&#8221; animation_style=&#8221;fade&#8221; animation_delay=&#8221;100ms&#8221; locked=&#8221;off&#8221; global_colors_info=&#8221;{}&#8221;]<\/p>\n<div class=\"et_pb_module et_pb_text et_pb_text_8 et_pb_text_align_left et_pb_bg_layout_light et_multi_view__hover_selector et_had_animation\">\n<div class=\"et_pb_text_inner\" data-et-multi-view=\"{&quot;schema&quot;:{&quot;content&quot;:{&quot;desktop&quot;:&quot;&lt;p&gt;&lt;span style=\\&quot;color: #299f53;\\&quot;&gt;&lt;a href=\\&quot;https:\\\/\\\/fl-conf.local\\\/fr\\\/systeme-transferts\\\/\\&quot; style=\\&quot;color: #299f53;\\&quot;&gt;&lt;span style=\\&quot;text-decoration: underline;\\&quot;&gt;&lt;strong&gt;Syst\\u00e8me des transferts et indemnit\\u00e9s de formation&lt;\\\/strong&gt;&lt;\\\/span&gt;&lt;\\\/a&gt;&lt;\\\/span&gt;&lt;\\\/p&gt;\\n&lt;p&gt;Comment fonctionne le syst\\u00e8me des transferts avec la mise en place par la FIFA de la Clearing House ? Quels sont les points cl\\u00e9s \\u00e0 ma\\u00eetriser et les bonnes pratiques pour r\\u00e9aliser une op\\u00e9ration de transfert ? Quels sont les principes g\\u00e9n\\u00e9raux et les objectifs des m\\u00e9canismes d'indemnit\\u00e9s de formation et de contributions de solidarit\\u00e9 ? Comment calculer les deux... &lt;a href=\\&quot;https:\\\/\\\/fl-conf.local\\\/fr\\\/systeme-transferts\\\/\\&quot;&gt;&lt;span style=\\&quot;text-decoration: underline; color: #4dbdc6;\\&quot;&gt;&lt;em&gt;&lt;strong&gt;&lt;span style=\\&quot;color: #299f53; text-decoration: underline;\\&quot;&gt;&amp;gt; Lire plus&lt;\\\/span&gt;&lt;\\\/strong&gt;&lt;\\\/em&gt;&lt;\\\/span&gt;&lt;\\\/a&gt;&lt;\\\/p&gt;&quot;,&quot;phone&quot;:&quot;&lt;p&gt;&lt;span style=\\&quot;color: #299f53;\\&quot;&gt;&lt;a href=\\&quot;https:\\\/\\\/fl-conf.local\\\/fr\\\/systeme-transferts\\\/\\&quot; style=\\&quot;color: #299f53;\\&quot;&gt;&lt;span style=\\&quot;text-decoration: underline;\\&quot;&gt;&lt;strong&gt;Syst\\u00e8me des transferts et indemnit\\u00e9s de formation&lt;\\\/strong&gt;&lt;\\\/span&gt;&lt;\\\/a&gt;&lt;\\\/span&gt;&lt;\\\/p&gt;\\n&lt;p&gt;Comment fonctionne le syst\\u00e8me des transferts avec la mise en place par la FIFA de la Clearing House ? Quels sont les points cl\\u00e9s \\u00e0 ma\\u00eetriser et les bonnes pratiques pour r\\u00e9aliser une op\\u00e9ration de transfert ? Quels sont les principes g\\u00e9n\\u00e9raux et les objectifs des m\\u00e9canismes d'indemnit\\u00e9s de formation et de contributions de solidarit\\u00e9 ? Comment calculer les deux... &lt;a href=\\&quot;https:\\\/\\\/football-legal.com\\\/conference\\\/transfer-system\\\/\\&quot;&gt;&lt;span style=\\&quot;text-decoration: underline; color: #4dbdc6;\\&quot;&gt;&lt;em&gt;&lt;strong&gt;&lt;span style=\\&quot;color: #299f53; text-decoration: underline;\\&quot;&gt;&gt; Lire plus&lt;\\\/span&gt;&lt;\\\/strong&gt;&lt;\\\/em&gt;&lt;\\\/span&gt;&lt;\\\/a&gt;&lt;\\\/p&gt;&quot;}},&quot;slug&quot;:&quot;et_pb_text&quot;}\" data-et-multi-view-load-phone-hidden=\"true\">\n<p><span style=\"color: #299f53;\"><a href=\"https:\/\/football-legal.com\/conference\/fr\/systeme-transferts\/\" style=\"color: #299f53;\"><span style=\"text-decoration: underline;\"><strong>Syst\u00e8me des transferts et indemnit\u00e9s de formation<\/strong><\/span><\/a><\/span><\/p>\n<p>Comment fonctionne le syst\u00e8me des transferts avec la mise en place par la FIFA de la Clearing House ? Quels sont les points cl\u00e9s \u00e0 ma\u00eetriser et les bonnes pratiques pour r\u00e9aliser une op\u00e9ration de transfert ? Quels sont les principes g\u00e9n\u00e9raux et les objectifs des m\u00e9canismes d&#8217;indemnit\u00e9s de formation et de contributions de solidarit\u00e9 ? Comment calculer les deux&#8230; <a href=\"https:\/\/football-legal.com\/conference\/fr\/systeme-transferts\/\"><span style=\"text-decoration: underline; color: #4dbdc6;\"><em><strong><span style=\"color: #299f53; text-decoration: underline;\">&gt; Lire plus<\/span><\/strong><\/em><\/span><\/a><\/p>\n<\/div>\n<\/div>\n<p>[\/et_pb_text][\/et_pb_column][et_pb_column type=&#8221;1_2&#8243; _builder_version=&#8221;4.16&#8243; custom_padding=&#8221;|||&#8221; global_colors_info=&#8221;{}&#8221; custom_padding__hover=&#8221;|||&#8221;][et_pb_image src=&#8221;https:\/\/football-legal.com\/conference\/wp-content\/uploads\/2024\/05\/p2-photo-minors.jpg&#8221; title_text=&#8221;p2-photo-minors&#8221; url=&#8221;https:\/\/football-legal.com\/conference\/fr\/mineurs\/&#8221; align_tablet=&#8221;center&#8221; align_phone=&#8221;&#8221; align_last_edited=&#8221;on|desktop&#8221; module_class=&#8221;zoom-image&#8221; _builder_version=&#8221;4.25.1&#8243; custom_margin=&#8221;0px|0px|20px|0px&#8221; custom_padding=&#8221;0px|0px|0px|0px&#8221; filter_saturate=&#8221;0%&#8221; animation_style=&#8221;fade&#8221; animation_delay=&#8221;100ms&#8221; border_width_bottom=&#8221;6px&#8221; border_style_bottom=&#8221;inset&#8221; locked=&#8221;off&#8221; global_colors_info=&#8221;{}&#8221; border_radii__hover_enabled=&#8221;on&#8221; border_width_bottom__hover_enabled=&#8221;on|hover&#8221; border_color_bottom__hover_enabled=&#8221;on|hover&#8221; border_color_bottom__hover=&#8221;#CEB200&#8243; border_radii__hover=&#8221;||||&#8221; filter_saturate__hover_enabled=&#8221;on&#8221; filter_saturate__hover=&#8221;100%&#8221; border_width_bottom__hover=&#8221;6px&#8221;][\/et_pb_image][et_pb_text content_tablet=&#8221;<\/p>\n<p><span style=%22color: #000000;%22><strong><\/strong><span style=%22color: #3e2814;%22><strong>Panel 2 <\/strong>&#8211; Lundi 17 Juin 2024, 14:30 &#8211; 17:00<\/span><span style=%22text-decoration: underline;%22><strong><\/strong><\/span><br \/><\/span><\/p>\n<p>&#8221; content_phone=&#8221;<\/p>\n<p><span style=%22color: #000000;%22><strong><\/strong><span style=%22color: #3e2814;%22><strong>Panel 2 <\/strong>&#8211; Lundi 17 Juin 2024, 14:30 &#8211; 17:00<\/span><span style=%22text-decoration: underline;%22><strong><\/strong><\/span><br \/><\/span><span style=%22color: #000000;%22><\/span><\/p>\n<p>&#8221; content_last_edited=&#8221;on|phone&#8221; _builder_version=&#8221;4.25.1&#8243; header_font=&#8221;||||||||&#8221; header_4_font=&#8221;Montserrat|700|||||||&#8221; custom_margin=&#8221;0px|0px|0px|0px&#8221; custom_padding=&#8221;0px|0px|5px|0px&#8221; custom_padding_tablet=&#8221;||||false|false&#8221; custom_padding_phone=&#8221;||||false|false&#8221; custom_padding_last_edited=&#8221;on|phone&#8221; animation_style=&#8221;fade&#8221; animation_delay=&#8221;100ms&#8221; locked=&#8221;off&#8221; global_colors_info=&#8221;{}&#8221;]<\/p>\n<div class=\"et_pb_module et_pb_text et_pb_text_9 et_pb_text_align_left et_pb_bg_layout_light et_multi_view__hover_selector et_had_animation\">\n<div class=\"et_pb_text_inner\" data-et-multi-view=\"{&quot;schema&quot;:{&quot;content&quot;:{&quot;desktop&quot;:&quot;&lt;p&gt;&lt;span style=\\&quot;color: #000000;\\&quot;&gt;&lt;span style=\\&quot;color: #3e2814;\\&quot;&gt;&lt;strong&gt;Panel 2 &lt;\\\/strong&gt;- Lundi 17 Juin 2024, 14:30 - 17:00&lt;\\\/span&gt;&lt;span style=\\&quot;text-decoration: underline;\\&quot;&gt;&lt;strong&gt;&lt;br \\\/&gt;&lt;\\\/strong&gt;&lt;\\\/span&gt;&lt;\\\/span&gt;&lt;\\\/p&gt;&quot;,&quot;tablet&quot;:&quot;&lt;p&gt; &lt;\\\/p&gt;\\n&lt;p&gt;&lt;span style=\\&quot;color: #000000;\\&quot;&gt;&lt;strong&gt;&lt;\\\/strong&gt;&lt;span style=\\&quot;color: #3e2814;\\&quot;&gt;&lt;strong&gt;Panel 2&lt;br \\\/&gt;&lt;\\\/strong&gt;&lt;\\\/span&gt;&lt;\\\/span&gt;&lt;span style=\\&quot;color: #000000;\\&quot;&gt;&lt;span style=\\&quot;color: #3e2814;\\&quot;&gt;Lundi 17 Juin 2024, 14:30 - 17:00&lt;\\\/span&gt;&lt;span style=\\&quot;text-decoration: underline;\\&quot;&gt;&lt;strong&gt;&lt;\\\/strong&gt;&lt;\\\/span&gt;&lt;br \\\/&gt;&lt;\\\/span&gt;&lt;\\\/p&gt;\\n&lt;p&gt; &lt;\\\/p&gt;&quot;,&quot;phone&quot;:&quot;&lt;p&gt; &lt;\\\/p&gt;\\n&lt;p&gt;&lt;span style=\\&quot;color: #000000;\\&quot;&gt;&lt;strong&gt;&lt;\\\/strong&gt;&lt;span style=\\&quot;color: #3e2814;\\&quot;&gt;&lt;strong&gt;Panel 2&lt;br \\\/&gt;&lt;\\\/strong&gt;Lundi 17 Juin 2024, 14:30 - 17:00&lt;\\\/span&gt;&lt;span style=\\&quot;text-decoration: underline;\\&quot;&gt;&lt;strong&gt;&lt;\\\/strong&gt;&lt;\\\/span&gt;&lt;br \\\/&gt;&lt;\\\/span&gt;&lt;span style=\\&quot;color: #000000;\\&quot;&gt;&lt;\\\/span&gt;&lt;\\\/p&gt;\\n&lt;p&gt; &lt;\\\/p&gt;&quot;}},&quot;slug&quot;:&quot;et_pb_text&quot;}\" data-et-multi-view-load-tablet-hidden=\"true\" data-et-multi-view-load-phone-hidden=\"true\">\n<p><span style=\"color: #000000;\"><span style=\"color: #3e2814;\"><strong>Panel 2 <\/strong>&#8211; Lundi 17 Juin 2024, 14:30 &#8211;\u00a017:00<\/span><span style=\"text-decoration: underline;\"><strong><br \/><\/strong><\/span><\/span><\/p>\n<\/div>\n<\/div>\n<p>[\/et_pb_text][et_pb_text content_tablet=&#8221;<\/p>\n<div class=%22et_pb_module et_pb_text et_pb_text_10 et_pb_text_align_left et_pb_bg_layout_light et_had_animation%22>\n<div class=%22et_pb_text_inner%22>\n<p><span style=%22color: #299f53;%22><a href=%22https:\/\/football-legal.com\/conference\/fr\/mineurs\/%22 style=%22color: #299f53;%22><span style=%22text-decoration: underline;%22><strong>La formation des jeunes joueurs en Afrique<\/strong><\/span><\/a><\/span><\/p>\n<p>Quelles sont les dispositions sp\u00e9cifiques du droit national et international qui s&#8217;appliquent au joueur mineur ? Quels contrats peut-il signer ? Quels sont les m\u00e9canismes juridiques destin\u00e9s \u00e0 le prot\u00e9ger mais aussi \u00e0 faire face \u00e0 son incapacit\u00e9 de principe \u00e0 contracter ? De m\u00eame, les centres de formation et les acad\u00e9mies de football en&#8230; <a href=%22https:\/\/football-legal.com\/conference\/fr\/mineurs\/%22><span style=%22text-decoration: underline; color: #4dbdc6;%22><em><strong><span style=%22color: #299f53; text-decoration: underline;%22>> Lire plus<\/span><\/strong><\/em><\/span><\/a><\/p>\n<\/div>\n<\/div>\n<p>&#8221; content_phone=&#8221;<\/p>\n<div class=%22et_pb_module et_pb_text et_pb_text_10 et_pb_text_align_left et_pb_bg_layout_light et_had_animation%22>\n<div class=%22et_pb_text_inner%22>\n<p><span style=%22color: #299f53;%22><a href=%22https:\/\/football-legal.com\/conference\/fr\/mineurs\/%22 style=%22color: #299f53;%22><span style=%22text-decoration: underline;%22><strong>La formation des jeunes joueurs en Afrique<\/strong><\/span><\/a><\/span><\/p>\n<p>Quelles sont les dispositions sp\u00e9cifiques du droit national et international qui s&#8217;appliquent au joueur mineur ? Quels contrats peut-il signer ? Quels sont les m\u00e9canismes juridiques destin\u00e9s \u00e0 le prot\u00e9ger mais aussi \u00e0 faire face \u00e0 son incapacit\u00e9 de principe \u00e0 contracter ? De m\u00eame, les centres de formation et les acad\u00e9mies de football en&#8230; <a href=%22https:\/\/football-legal.com\/conference\/fr\/mineurs\/%22><span style=%22text-decoration: underline; color: #4dbdc6;%22><em><strong><span style=%22color: #299f53; text-decoration: underline;%22>> Lire plus<\/span><\/strong><\/em><\/span><\/a><\/p>\n<\/div>\n<\/div>\n<p>&#8221; content_last_edited=&#8221;on|phone&#8221; _builder_version=&#8221;4.25.1&#8243; header_font=&#8221;||||||||&#8221; header_3_font=&#8221;|700|||||||&#8221; header_3_font_size=&#8221;14px&#8221; header_4_font=&#8221;Montserrat|700|||||||&#8221; custom_margin=&#8221;0px|0px|0px|0px&#8221; custom_padding=&#8221;0px|0px|5px|0px|false|false&#8221; custom_padding_tablet=&#8221;||||false|false&#8221; custom_padding_phone=&#8221;0px|0px|5px||false|false&#8221; custom_padding_last_edited=&#8221;on|tablet&#8221; animation_style=&#8221;fade&#8221; animation_delay=&#8221;100ms&#8221; locked=&#8221;off&#8221; global_colors_info=&#8221;{}&#8221;]<\/p>\n<div class=\"et_pb_module et_pb_text et_pb_text_10 et_pb_text_align_left et_pb_bg_layout_light et_had_animation\">\n<div class=\"et_pb_text_inner\">\n<p><span style=\"color: #299f53;\"><a href=\"https:\/\/football-legal.com\/conference\/fr\/mineurs\/\" style=\"color: #299f53;\"><span style=\"text-decoration: underline;\"><strong>La formation des jeunes joueurs en Afrique<\/strong><\/span><\/a><\/span><\/p>\n<p>Quelles sont les dispositions sp\u00e9cifiques du droit national et international qui s&#8217;appliquent au joueur mineur ? Quels contrats peut-il signer ? Quels sont les m\u00e9canismes juridiques destin\u00e9s \u00e0 le prot\u00e9ger mais aussi \u00e0 faire face \u00e0 son incapacit\u00e9 de principe \u00e0 contracter ? De m\u00eame, les centres de formation et les acad\u00e9mies de football en&#8230; <a href=\"https:\/\/football-legal.com\/conference\/fr\/mineurs\/\"><span style=\"text-decoration: underline; color: #4dbdc6;\"><em><strong><span style=\"color: #299f53; text-decoration: underline;\">&gt; Lire plus<\/span><\/strong><\/em><\/span><\/a><\/p>\n<\/div>\n<\/div>\n<p>[\/et_pb_text][\/et_pb_column][\/et_pb_row][et_pb_row column_structure=&#8221;1_2,1_2&#8243; _builder_version=&#8221;4.24.2&#8243; custom_padding=&#8221;27px|0px|0px|0px|false|false&#8221; pac_drh_column_numbers_tablet=&#8221;pac_drh_tab_col_two&#8221; locked=&#8221;off&#8221; global_colors_info=&#8221;{}&#8221;][et_pb_column type=&#8221;1_2&#8243; _builder_version=&#8221;4.16&#8243; custom_padding=&#8221;|||&#8221; global_colors_info=&#8221;{}&#8221; custom_padding__hover=&#8221;|||&#8221;][et_pb_image src=&#8221;https:\/\/football-legal.com\/conference\/wp-content\/uploads\/2024\/05\/p3-environnement-joueur.jpg&#8221; title_text=&#8221;p3-environnement-joueur&#8221; url=&#8221;https:\/\/football-legal.com\/conference\/fr\/environnement-travail-joueur\/&#8221; align_tablet=&#8221;center&#8221; align_phone=&#8221;&#8221; align_last_edited=&#8221;on|desktop&#8221; module_class=&#8221;zoom-image&#8221; _builder_version=&#8221;4.25.1&#8243; custom_margin=&#8221;0px|0px|20px|0px&#8221; custom_padding=&#8221;0px|0px|0px|0px&#8221; filter_saturate=&#8221;0%&#8221; animation_style=&#8221;fade&#8221; animation_delay=&#8221;100ms&#8221; border_width_bottom=&#8221;6px&#8221; border_style_bottom=&#8221;inset&#8221; locked=&#8221;off&#8221; global_colors_info=&#8221;{}&#8221; border_radii__hover_enabled=&#8221;on&#8221; border_width_bottom__hover_enabled=&#8221;on|hover&#8221; border_color_bottom__hover_enabled=&#8221;on|hover&#8221; border_color_bottom__hover=&#8221;#CEB200&#8243; border_radii__hover=&#8221;||||&#8221; filter_saturate__hover_enabled=&#8221;on&#8221; filter_saturate__hover=&#8221;100%&#8221; border_width_bottom__hover=&#8221;6px&#8221;][\/et_pb_image][et_pb_text content_tablet=&#8221;<\/p>\n<div class=%22et_pb_module et_pb_text et_pb_text_11 et_pb_text_align_left et_pb_bg_layout_light et_multi_view__hover_selector et_had_animation%22>\n<div class=%22et_pb_text_inner%22 data-et-multi-view=%22{%22schema%22:{%22content%22:{%22desktop%22:%22\n\n<p><span style=%22color: #000000;%22><span style=%22color: #3e2814;%22><strong>Panel 3 <\/strong>&#8211; Mardi 18 Juin 2024, 10:00 &#8211; 12:30<\/span><span style=%22text-decoration: underline;%22><strong><br \/><\/strong><\/span><\/span><\/p>\n<p>%22,%22phone%22:%22n<\/p>\n<p><span style=%22color: #000000;%22><strong><\/strong><span style=%22color: #3e2814;%22><strong>Panel 3<br \/><\/strong><\/span><span style=%22color: #3e2814;%22>Mardi 18 Juin 2024, 10:00 &#8211; 12:30<\/span><span style=%22text-decoration: underline;%22><strong><\/strong><\/span><br \/><\/span><span style=%22color: #000000;%22><\/span><\/p>\n<p>n%22}},%22slug%22:%22et_pb_text%22}%22 data-et-multi-view-load-phone-hidden=%22true%22><\/p>\n<p><span style=%22color: #000000;%22><span style=%22color: #3e2814;%22><strong>Panel 3 <\/strong>&#8211; Mardi 18 Juin 2024, 10:00 &#8211; 12:30<\/span><span style=%22text-decoration: underline;%22><strong><br \/><\/strong><\/span><\/span><\/p>\n<\/div>\n<\/div>\n<p>&#8221; content_phone=&#8221;<\/p>\n<div class=%22et_pb_module et_pb_text et_pb_text_11 et_pb_text_align_left et_pb_bg_layout_light et_multi_view__hover_selector et_had_animation%22>\n<div class=%22et_pb_text_inner%22 data-et-multi-view=%22{%22schema%22:{%22content%22:{%22desktop%22:%22\n\n<p><span style=%22color: #000000;%22><span style=%22color: #3e2814;%22><strong>Panel 3 <\/strong>&#8211; Mardi 18 Juin 2024, 10:00 &#8211; 12:30<\/span><span style=%22text-decoration: underline;%22><strong><br \/><\/strong><\/span><\/span><\/p>\n<p>%22,%22phone%22:%22n<\/p>\n<p><span style=%22color: #000000;%22><strong><\/strong><span style=%22color: #3e2814;%22><strong>Panel 3<br \/><\/strong><\/span><span style=%22color: #3e2814;%22>Mardi 18 Juin 2024, 10:00 &#8211; 12:30<\/span><span style=%22text-decoration: underline;%22><strong><\/strong><\/span><br \/><\/span><span style=%22color: #000000;%22><\/span><\/p>\n<p>n%22}},%22slug%22:%22et_pb_text%22}%22 data-et-multi-view-load-phone-hidden=%22true%22><\/p>\n<p><span style=%22color: #000000;%22><span style=%22color: #3e2814;%22><strong>Panel 3 <\/strong>&#8211; Mardi 18 Juin 2024, 10:00 &#8211; 12:30<\/span><span style=%22text-decoration: underline;%22><strong><br \/><\/strong><\/span><\/span><\/p>\n<\/div>\n<\/div>\n<p>&#8221; content_last_edited=&#8221;on|phone&#8221; _builder_version=&#8221;4.25.1&#8243; header_font=&#8221;||||||||&#8221; header_4_font=&#8221;Montserrat|700|||||||&#8221; custom_margin=&#8221;0px|0px|0px|0px&#8221; custom_padding=&#8221;0px|0px|5px|0px&#8221; custom_padding_tablet=&#8221;||||false|false&#8221; custom_padding_phone=&#8221;||||false|false&#8221; custom_padding_last_edited=&#8221;on|phone&#8221; animation_style=&#8221;fade&#8221; animation_delay=&#8221;100ms&#8221; locked=&#8221;off&#8221; global_colors_info=&#8221;{}&#8221;]<\/p>\n<div class=\"et_pb_module et_pb_text et_pb_text_11 et_pb_text_align_left et_pb_bg_layout_light et_multi_view__hover_selector et_had_animation\">\n<div class=\"et_pb_text_inner\" data-et-multi-view=\"{&quot;schema&quot;:{&quot;content&quot;:{&quot;desktop&quot;:&quot;&lt;p&gt;&lt;span style=\\&quot;color: #000000;\\&quot;&gt;&lt;span style=\\&quot;color: #3e2814;\\&quot;&gt;&lt;strong&gt;Panel 3 &lt;\\\/strong&gt;- Mardi 18 Juin 2024, 10:00 - 12:30&lt;\\\/span&gt;&lt;span style=\\&quot;text-decoration: underline;\\&quot;&gt;&lt;strong&gt;&lt;br \\\/&gt;&lt;\\\/strong&gt;&lt;\\\/span&gt;&lt;\\\/span&gt;&lt;\\\/p&gt;&quot;,&quot;phone&quot;:&quot;\\n&lt;p&gt;&lt;span style=\\&quot;color: #000000;\\&quot;&gt;&lt;strong&gt;&lt;\\\/strong&gt;&lt;span style=\\&quot;color: #3e2814;\\&quot;&gt;&lt;strong&gt;Panel 3&lt;br \\\/&gt;&lt;\\\/strong&gt;&lt;\\\/span&gt;&lt;span style=\\&quot;color: #3e2814;\\&quot;&gt;Mardi 18 Juin 2024, 10:00 - 12:30&lt;\\\/span&gt;&lt;span style=\\&quot;text-decoration: underline;\\&quot;&gt;&lt;strong&gt;&lt;\\\/strong&gt;&lt;\\\/span&gt;&lt;br \\\/&gt;&lt;\\\/span&gt;&lt;span style=\\&quot;color: #000000;\\&quot;&gt;&lt;\\\/span&gt;&lt;\\\/p&gt;\\n&quot;}},&quot;slug&quot;:&quot;et_pb_text&quot;}\" data-et-multi-view-load-phone-hidden=\"true\">\n<p><span style=\"color: #000000;\"><span style=\"color: #3e2814;\"><strong>Panel 3 <\/strong>&#8211; Mardi 18 Juin 2024, 10:00 &#8211;\u00a012:30<\/span><span style=\"text-decoration: underline;\"><strong><br \/><\/strong><\/span><\/span><\/p>\n<\/div>\n<\/div>\n<p>[\/et_pb_text][et_pb_text content_tablet=&#8221;<\/p>\n<p><span style=%22color: #299f53;%22><a href=%22https:\/\/football-legal.com\/conference\/fr\/environnement-travail-joueur\/%22 style=%22color: #299f53;%22><span style=%22text-decoration: underline;%22><strong>L&#8217;environnement de travail du joueur<\/strong><\/span><\/a><\/span><\/p>\n<p class=%22p1%22>Le footballeur qui \u00e9volue en Afrique peut se trouver dans des situations tr\u00e8s diff\u00e9rentes selon les clubs et les pays. Dans sa relation avec son club et sa f\u00e9d\u00e9ration nationale, de nombreuses difficult\u00e9s peuvent survenir : non paiement des salaires, absence de contrat \u00e9crit, sanctions disciplinaires, menaces, etc. Comment le joueur doit-il r\u00e9agir face&#8230; <a href=%22https:\/\/football-legal.com\/conference\/fr\/environnement-travail-joueur\/%22><span style=%22text-decoration: underline; color: #4dbdc6;%22><em><strong><span style=%22color: #299f53; text-decoration: underline;%22>> Lire plus<\/span><\/strong><\/em><\/span><\/a><\/p>\n<p>&#8221; content_phone=&#8221;<\/p>\n<p><span style=%22color: #299f53;%22><a href=%22https:\/\/football-legal.com\/conference\/fr\/environnement-travail-joueur\/%22 style=%22color: #299f53;%22><span style=%22text-decoration: underline;%22><strong>L&#8217;environnement de travail du joueur<\/strong><\/span><\/a><\/span><\/p>\n<p class=%22p1%22>Le footballeur qui \u00e9volue en Afrique peut se trouver dans des situations tr\u00e8s diff\u00e9rentes selon les clubs et les pays. Dans sa relation avec son club et sa f\u00e9d\u00e9ration nationale, de nombreuses difficult\u00e9s peuvent survenir : non paiement des salaires, absence de contrat \u00e9crit, sanctions disciplinaires, menaces, etc. Comment le joueur doit-il r\u00e9agir face&#8230; <a href=%22https:\/\/football-legal.com\/conference\/fr\/environnement-travail-joueur\/%22><span style=%22text-decoration: underline; color: #4dbdc6;%22><em><strong><span style=%22color: #299f53; text-decoration: underline;%22>> Lire plus<\/span><\/strong><\/em><\/span><\/a><\/p>\n<p>&#8221; content_last_edited=&#8221;on|phone&#8221; _builder_version=&#8221;4.25.1&#8243; header_font=&#8221;||||||||&#8221; header_3_font=&#8221;|700|||||||&#8221; header_3_text_color=&#8221;#299F53&#8243; header_3_font_size=&#8221;14px&#8221; header_4_font=&#8221;Montserrat|700|||||||&#8221; custom_margin=&#8221;0px|0px|0px|0px&#8221; custom_padding=&#8221;0px|0px|5px|0px&#8221; custom_padding_tablet=&#8221;||||false|false&#8221; custom_padding_phone=&#8221;||||false|false&#8221; custom_padding_last_edited=&#8221;on|phone&#8221; animation_style=&#8221;fade&#8221; animation_delay=&#8221;100ms&#8221; locked=&#8221;off&#8221; global_colors_info=&#8221;{}&#8221;]<\/p>\n<p><span style=\"color: #299f53;\"><a href=\"https:\/\/football-legal.com\/conference\/fr\/environnement-travail-joueur\/\" style=\"color: #299f53;\"><span style=\"text-decoration: underline;\"><strong>L&#8217;environnement de travail du joueur<\/strong><\/span><\/a><\/span><\/p>\n<p class=\"p1\">Le footballeur qui \u00e9volue en Afrique peut se trouver dans des situations tr\u00e8s diff\u00e9rentes selon les clubs et les pays. Dans sa relation avec son club et sa f\u00e9d\u00e9ration nationale, de nombreuses difficult\u00e9s peuvent survenir : non paiement des salaires, absence de contrat \u00e9crit, sanctions disciplinaires, menaces, etc. Comment le joueur doit-il r\u00e9agir face&#8230; <a href=\"https:\/\/football-legal.com\/conference\/fr\/environnement-travail-joueur\/\"><span style=\"text-decoration: underline; color: #4dbdc6;\"><em><strong><span style=\"color: #299f53; text-decoration: underline;\">&gt; Lire plus<\/span><\/strong><\/em><\/span><\/a><\/p>\n<p>[\/et_pb_text][\/et_pb_column][et_pb_column type=&#8221;1_2&#8243; _builder_version=&#8221;4.16&#8243; custom_padding=&#8221;|||&#8221; global_colors_info=&#8221;{}&#8221; custom_padding__hover=&#8221;|||&#8221;][et_pb_image src=&#8221;https:\/\/football-legal.com\/conference\/wp-content\/uploads\/2024\/06\/p4-africa-football.jpg&#8221; title_text=&#8221;p4-africa-football&#8221; url=&#8221;https:\/\/football-legal.com\/conference\/fr\/voix-afrique\/&#8221; align_tablet=&#8221;center&#8221; align_phone=&#8221;&#8221; align_last_edited=&#8221;on|desktop&#8221; module_class=&#8221;zoom-image&#8221; _builder_version=&#8221;4.25.1&#8243; custom_margin=&#8221;0px|0px|20px|0px&#8221; custom_padding=&#8221;0px|0px|0px|0px&#8221; filter_saturate=&#8221;0%&#8221; animation_style=&#8221;fade&#8221; animation_delay=&#8221;100ms&#8221; border_width_bottom=&#8221;6px&#8221; border_style_bottom=&#8221;inset&#8221; locked=&#8221;off&#8221; global_colors_info=&#8221;{}&#8221; border_radii__hover_enabled=&#8221;on&#8221; border_width_bottom__hover_enabled=&#8221;on|hover&#8221; border_color_bottom__hover_enabled=&#8221;on|hover&#8221; border_color_bottom__hover=&#8221;#CEB200&#8243; border_radii__hover=&#8221;||||&#8221; filter_saturate__hover_enabled=&#8221;on&#8221; filter_saturate__hover=&#8221;100%&#8221; border_width_bottom__hover=&#8221;6px&#8221;][\/et_pb_image][et_pb_text content_tablet=&#8221;<\/p>\n<p><span style=%22color: #000000;%22><strong><\/strong><span style=%22color: #3e2814;%22><strong>Panel 4 <\/strong>&#8211; Tuesday 18 June 2024, 14:30 &#8211; 16:30<\/span><span style=%22text-decoration: underline;%22><strong><\/strong><\/span><br \/><\/span><\/p>\n<p>&#8221; content_phone=&#8221;<\/p>\n<p><span style=%22color: #000000;%22><strong><\/strong><span style=%22color: #3e2814;%22><strong>Panel 4 <\/strong>&#8211; Tuesday 18 June 2024, 14:30 &#8211; 16:30<\/span><span style=%22text-decoration: underline;%22><strong><\/strong><\/span><br \/><\/span><span style=%22color: #000000;%22><\/span><\/p>\n<p>&#8221; content_last_edited=&#8221;on|phone&#8221; _builder_version=&#8221;4.25.1&#8243; header_font=&#8221;||||||||&#8221; header_4_font=&#8221;Montserrat|700|||||||&#8221; custom_margin=&#8221;0px|0px|0px|0px&#8221; custom_padding=&#8221;0px|0px|5px|0px&#8221; custom_padding_tablet=&#8221;||||false|false&#8221; custom_padding_phone=&#8221;||||false|false&#8221; custom_padding_last_edited=&#8221;on|phone&#8221; animation_style=&#8221;fade&#8221; animation_delay=&#8221;100ms&#8221; locked=&#8221;off&#8221; global_colors_info=&#8221;{}&#8221;]<\/p>\n<p><span style=\"color: #000000;\"><span style=\"color: #3e2814;\"><strong>Panel 4 <\/strong>&#8211; Tuesday 18 June 2024, 14:30 &#8211; 16:30<\/span><span style=\"text-decoration: underline;\"><strong><br \/><\/strong><\/span><\/span><\/p>\n<p>[\/et_pb_text][et_pb_text content_tablet=&#8221;<\/p>\n<p><strong><span style=%22color: #299f53;%22><a href=%22https:\/\/football-legal.com\/conference\/fr\/voix-afrique\/%22 style=%22color: #299f53;%22>Gouvernance et r\u00e9gulation du football : faire entendre la voix de l&#8217;Afrique<\/a><\/span><\/strong><\/p>\n<p class=%22p1%22>Le continent africain est un vivier du football mondial : aux quatre coins du monde, des joueurs africains \u00e9voluent dans les clubs professionnels les plus prestigieux. Mais, dans ce football globalis\u00e9, les int\u00e9r\u00eats du continent africain sont-ils vraiment repr\u00e9sent\u00e9s et d\u00e9fendus ?&#8230; <a href=%22https:\/\/football-legal.com\/conference\/fr\/voix-afrique\/%22><span style=%22text-decoration: underline; color: #4dbdc6;%22><em><strong><span style=%22color: #299f53; text-decoration: underline;%22>> Lire plus<\/span><\/strong><\/em><\/span><\/a><\/p>\n<p>&#8221; content_phone=&#8221;<\/p>\n<p><strong><span style=%22color: #299f53;%22><a href=%22https:\/\/football-legal.com\/conference\/fr\/voix-afrique\/%22 style=%22color: #299f53;%22>Gouvernance et r\u00e9gulation du football : faire entendre la voix de l&#8217;Afrique<\/a><\/span><\/strong><\/p>\n<p class=%22p1%22>Le continent africain est un vivier du football mondial : aux quatre coins du monde, des joueurs africains \u00e9voluent dans les clubs professionnels les plus prestigieux. Mais, dans ce football globalis\u00e9, les int\u00e9r\u00eats du continent africain sont-ils vraiment repr\u00e9sent\u00e9s et d\u00e9fendus ?&#8230; <a href=%22https:\/\/football-legal.com\/conference\/fr\/voix-afrique\/%22><span style=%22text-decoration: underline; color: #4dbdc6;%22><em><strong><span style=%22color: #299f53; text-decoration: underline;%22>> Lire plus<\/span><\/strong><\/em><\/span><\/a><\/p>\n<p>&#8221; content_last_edited=&#8221;on|desktop&#8221; _builder_version=&#8221;4.25.1&#8243; header_font=&#8221;||||||||&#8221; header_3_font=&#8221;|700|||||||&#8221; header_3_font_size=&#8221;14px&#8221; header_4_font=&#8221;Montserrat|700|||||||&#8221; custom_margin=&#8221;0px|0px|0px|0px&#8221; custom_padding=&#8221;0px|0px|5px|0px&#8221; custom_padding_tablet=&#8221;0px|0px|5px|0px&#8221; custom_padding_phone=&#8221;||||false|false&#8221; custom_padding_last_edited=&#8221;on|phone&#8221; animation_style=&#8221;fade&#8221; animation_delay=&#8221;100ms&#8221; locked=&#8221;off&#8221; global_colors_info=&#8221;{}&#8221;]<\/p>\n<p><span style=\"text-decoration: underline;\"><strong><span style=\"color: #299f53;\"><a href=\"https:\/\/football-legal.com\/conference\/fr\/voix-afrique\/\" style=\"color: #299f53; text-decoration: underline;\">Gouvernance et r\u00e9gulation du football :<br \/>faire entendre la voix de l&#8217;Afrique<\/a><\/span><\/strong><\/span><\/p>\n<p class=\"p1\">Le continent africain est un vivier du football mondial : aux quatre coins du monde, des joueurs africains \u00e9voluent dans les clubs professionnels les plus prestigieux. Mais, dans ce football globalis\u00e9, les int\u00e9r\u00eats du continent africain sont-ils vraiment repr\u00e9sent\u00e9s et d\u00e9fendus ?&#8230; <a href=\"https:\/\/football-legal.com\/conference\/fr\/voix-afrique\/\"><span style=\"text-decoration: underline; color: #4dbdc6;\"><em><strong><span style=\"color: #299f53; text-decoration: underline;\">&gt; Lire plus<\/span><\/strong><\/em><\/span><\/a><\/p>\n<p>[\/et_pb_text][\/et_pb_column][\/et_pb_row][\/et_pb_section][et_pb_section fb_built=&#8221;1&#8243; disabled_on=&#8221;on|on|on&#8221; _builder_version=&#8221;4.25.1&#8243; use_background_color_gradient=&#8221;on&#8221; background_color_gradient_stops=&#8221;#e4e46f 0%|#1ba854 43%|rgba(30, 175, 105, 1) 74%|#194e24 100%&#8221; custom_padding=&#8221;80px|3px|80px|0px|false|false&#8221; disabled=&#8221;on&#8221; locked=&#8221;off&#8221; global_colors_info=&#8221;{}&#8221;][et_pb_row _builder_version=&#8221;4.16&#8243; background_color=&#8221;#ffffff&#8221; custom_padding=&#8221;0|20px|10px|20px|false|false&#8221; animation_style=&#8221;fade&#8221; animation_delay=&#8221;100ms&#8221; border_color_top=&#8221;#e1e3e5&#8243; border_width_bottom=&#8221;1px&#8221; border_color_bottom=&#8221;#e1e3e5&#8243; locked=&#8221;off&#8221; global_colors_info=&#8221;{}&#8221;][et_pb_column type=&#8221;4_4&#8243; _builder_version=&#8221;4.16&#8243; custom_padding=&#8221;|||&#8221; global_colors_info=&#8221;{}&#8221; custom_padding__hover=&#8221;|||&#8221;][et_pb_text content_tablet=&#8221;<\/p>\n<h1>Programme<\/h1>\n<h1><\/h1>\n<\/p>\n<p><span style=%22font-size: x-large;%22><strong><span style=%22font-family: Montserrat;%22>Jeudi 25 avril 2024 &#8211; Maison du Barreau de Paris<\/span><\/strong><\/span><\/p>\n<p>&#8221; content_phone=&#8221;<\/p>\n<h1>Programme<\/h1>\n<h1><\/h1>\n<\/p>\n<p><span style=%22font-size: x-large;%22><strong><span style=%22font-family: Montserrat;%22>Jeudi 25 avril 2024 &#8211; Maison du Barreau de Paris<\/span><\/strong><\/span><\/p>\n<p>&#8221; content_last_edited=&#8221;on|phone&#8221; _builder_version=&#8221;4.25.0&#8243; text_font=&#8221;Montserrat|700|||||||&#8221; text_text_color=&#8221;#282828&#8243; text_font_size=&#8221;10px&#8221; header_font=&#8221;Montserrat|700|||||||&#8221; header_text_color=&#8221;#000000&#8243; header_font_size=&#8221;40px&#8221; header_2_font=&#8221;||||||||&#8221; header_3_font=&#8221;||||||||&#8221; custom_margin=&#8221;25px|||&#8221; animation_style=&#8221;fade&#8221; animation_direction=&#8221;top&#8221; animation_delay=&#8221;100ms&#8221; header_font_size_tablet=&#8221;&#8221; header_font_size_phone=&#8221;27px&#8221; header_font_size_last_edited=&#8221;on|desktop&#8221; inline_fonts=&#8221;Montserrat&#8221; global_colors_info=&#8221;{}&#8221;]<\/p>\n<h1>Program<\/h1>\n<h1><\/h1>\n<p>&nbsp;<\/p>\n<p><span style=\"font-size: x-large;\"><strong><span style=\"font-family: Montserrat;\">Monday 17 June &#8211; Djeuga Palace Hotel of Yaound\u00e9 &#8211; Cameroon<br \/><\/span><\/strong><\/span><\/p>\n<p>[\/et_pb_text][\/et_pb_column][\/et_pb_row][et_pb_row column_structure=&#8221;1_4,3_4&#8243; _builder_version=&#8221;4.16&#8243; background_color=&#8221;#ffffff&#8221; custom_padding=&#8221;29px|20px|0|20px|false|false&#8221; animation_style=&#8221;fade&#8221; animation_delay=&#8221;100ms&#8221; border_color_top=&#8221;#e1e3e5&#8243; border_width_bottom=&#8221;1px&#8221; border_color_bottom=&#8221;#e1e3e5&#8243; locked=&#8221;off&#8221; global_colors_info=&#8221;{}&#8221;][et_pb_column type=&#8221;1_4&#8243; _builder_version=&#8221;4.16&#8243; custom_padding=&#8221;|||&#8221; global_colors_info=&#8221;{}&#8221; custom_padding__hover=&#8221;|||&#8221;][et_pb_blurb title=&#8221;8h30 &#8211; 9h00&#8243; use_icon=&#8221;on&#8221; font_icon=&#8221;&#x7d;||divi||400&#8243; icon_color=&#8221;#299F53&#8243; icon_placement=&#8221;left&#8221; image_icon_width=&#8221;17px&#8221; _builder_version=&#8221;4.25.0&#8243; header_font=&#8221;Montserrat||||||||&#8221; header_text_color=&#8221;#7c7c7c&#8221; header_font_size=&#8221;16px&#8221; icon_font_size=&#8221;17px&#8221; global_colors_info=&#8221;{}&#8221;][\/et_pb_blurb][\/et_pb_column][et_pb_column type=&#8221;3_4&#8243; _builder_version=&#8221;4.16&#8243; custom_padding=&#8221;|||&#8221; global_colors_info=&#8221;{}&#8221; custom_padding__hover=&#8221;|||&#8221;][et_pb_text _builder_version=&#8221;4.25.0&#8243; text_font=&#8221;||||||||&#8221; text_text_color=&#8221;#7a7a7a&#8221; text_line_height=&#8221;1.8em&#8221; link_font=&#8221;||||||||&#8221; link_text_color=&#8221;#7a7a7a&#8221; header_font=&#8221;||||||||&#8221; header_3_font=&#8221;Montserrat|700|||||||&#8221; header_3_text_color=&#8221;#F39200&#8243; header_3_line_height=&#8221;1.3em&#8221; custom_margin=&#8221;-9px||20px||false|false&#8221; global_colors_info=&#8221;{}&#8221; link_text_color__hover_enabled=&#8221;on&#8221; link_text_color__hover=&#8221;#7a7a7a&#8221;]<\/p>\n<h3><span style=\"color: #299f53;\">Accueil caf\u00e9 des participants<\/span><\/h3>\n<p>[\/et_pb_text][\/et_pb_column][\/et_pb_row][et_pb_row column_structure=&#8221;1_4,3_4&#8243; _builder_version=&#8221;4.24.3&#8243; background_color=&#8221;#ffffff&#8221; custom_padding=&#8221;29px|20px|0|20px|false|false&#8221; animation_style=&#8221;fade&#8221; animation_delay=&#8221;100ms&#8221; border_color_top=&#8221;#e1e3e5&#8243; border_color_bottom=&#8221;#e1e3e5&#8243; locked=&#8221;off&#8221; global_colors_info=&#8221;{}&#8221;][et_pb_column type=&#8221;1_4&#8243; _builder_version=&#8221;4.16&#8243; custom_padding=&#8221;|||&#8221; global_colors_info=&#8221;{}&#8221; custom_padding__hover=&#8221;|||&#8221;][et_pb_blurb title=&#8221;9h00 &#8211; 9h45&#8243; use_icon=&#8221;on&#8221; font_icon=&#8221;&#x7d;||divi||400&#8243; icon_color=&#8221;#299F53&#8243; icon_placement=&#8221;left&#8221; image_icon_width=&#8221;17px&#8221; _builder_version=&#8221;4.23.1&#8243; header_font=&#8221;Montserrat||||||||&#8221; header_text_color=&#8221;#7c7c7c&#8221; header_font_size=&#8221;16px&#8221; icon_font_size=&#8221;17px&#8221; global_colors_info=&#8221;{}&#8221;][\/et_pb_blurb][\/et_pb_column][et_pb_column type=&#8221;3_4&#8243; _builder_version=&#8221;4.16&#8243; custom_padding=&#8221;|||&#8221; global_colors_info=&#8221;{}&#8221; custom_padding__hover=&#8221;|||&#8221;][et_pb_text _builder_version=&#8221;4.25.0&#8243; text_font=&#8221;||||||||&#8221; text_text_color=&#8221;#7a7a7a&#8221; text_line_height=&#8221;1.8em&#8221; link_font=&#8221;||||||||&#8221; link_text_color=&#8221;#7a7a7a&#8221; header_font=&#8221;||||||||&#8221; header_3_font=&#8221;Montserrat|700|||||||&#8221; header_3_text_color=&#8221;#F39200&#8243; header_3_line_height=&#8221;1.3em&#8221; custom_margin=&#8221;-9px||20px||false|false&#8221; global_colors_info=&#8221;{}&#8221; link_text_color__hover_enabled=&#8221;on&#8221; link_text_color__hover=&#8221;#7a7a7a&#8221;]<\/p>\n<h3><span style=\"color: #299f53;\">Allocutions d&#8217;ouverture<\/span><\/h3>\n<p>[\/et_pb_text][\/et_pb_column][\/et_pb_row][et_pb_row column_structure=&#8221;1_5,1_5,3_5&#8243; _builder_version=&#8221;4.24.0&#8243; background_color=&#8221;#ffffff&#8221; custom_padding=&#8221;15px|20px|12px|20px|false|false&#8221; animation_style=&#8221;fade&#8221; animation_delay=&#8221;100ms&#8221; pac_drh_column_numbers_tablet=&#8221;pac_drh_tab_col_two&#8221; border_color_top=&#8221;#e1e3e5&#8243; border_width_bottom=&#8221;1px&#8221; border_color_bottom=&#8221;#e1e3e5&#8243; locked=&#8221;off&#8221; global_colors_info=&#8221;{}&#8221;][et_pb_column type=&#8221;1_5&#8243; _builder_version=&#8221;4.16&#8243; custom_padding=&#8221;|||&#8221; global_colors_info=&#8221;{}&#8221; custom_padding__hover=&#8221;|||&#8221;][\/et_pb_column][et_pb_column type=&#8221;1_5&#8243; _builder_version=&#8221;4.16&#8243; custom_padding=&#8221;|||&#8221; global_colors_info=&#8221;{}&#8221; custom_padding__hover=&#8221;|||&#8221;][et_pb_image src=&#8221;https:\/\/football-legal.com\/conference\/wp-content\/uploads\/2024\/04\/Vanessa-BOUSARDO-nb-square.jpg&#8221; title_text=&#8221;Vanessa-BOUSARDO-nb-square&#8221; _builder_version=&#8221;4.24.3&#8243; max_width=&#8221;55%&#8221; module_alignment=&#8221;center&#8221; custom_margin=&#8221;|||&#8221; custom_margin_tablet=&#8221;90px|||&#8221; custom_margin_last_edited=&#8221;off|desktop&#8221; animation_style=&#8221;zoom&#8221; border_radii=&#8221;on|100%|100%|100%|100%&#8221; always_center_on_mobile=&#8221;off&#8221; locked=&#8221;off&#8221; global_colors_info=&#8221;{}&#8221;][\/et_pb_image][\/et_pb_column][et_pb_column type=&#8221;3_5&#8243; _builder_version=&#8221;4.16&#8243; custom_padding=&#8221;|||&#8221; global_colors_info=&#8221;{}&#8221; custom_padding__hover=&#8221;|||&#8221;][et_pb_text content_tablet=&#8221;<\/p>\n<p><span style=%22color: #000000;%22><strong>Vanessa BOUSARDO<br \/><\/strong><\/span>Vice-B\u00e2tonni\u00e8re du Barreau de Paris<\/p>\n<p>&#8221; content_phone=&#8221;<\/p>\n<p><span style=%22color: #000000;%22><strong><\/strong><\/span><span style=%22color: #000000;%22><strong>Vanessa BOUSARDO<br \/><\/strong><span style=%22color: #7a7a7a;%22>Vice-B\u00e2tonni\u00e8re du Barreau de Paris<\/span><\/span><\/p>\n<p>&#8221; content_last_edited=&#8221;on|phone&#8221; module_id=&#8221;centrer-verticalement&#8221; _builder_version=&#8221;4.25.0&#8243; text_font=&#8221;||||||||&#8221; text_text_color=&#8221;#7a7a7a&#8221; text_line_height=&#8221;1.8em&#8221; link_font=&#8221;||||||||&#8221; link_text_color=&#8221;#7a7a7a&#8221; header_font=&#8221;||||||||&#8221; header_3_font=&#8221;Montserrat|700|||||||&#8221; header_3_text_color=&#8221;#4dbdc6&#8243; header_3_line_height=&#8221;1.3em&#8221; custom_margin=&#8221;||||false|false&#8221; custom_padding=&#8221;10px||||false|false&#8221; custom_padding_tablet=&#8221;10px||||false|false&#8221; custom_padding_phone=&#8221;10px||||false|false&#8221; custom_padding_last_edited=&#8221;on|desktop&#8221; global_colors_info=&#8221;{}&#8221; link_text_color__hover_enabled=&#8221;on&#8221; link_text_color__hover=&#8221;#7a7a7a&#8221;]<\/p>\n<p><span style=\"color: #000000;\"><strong>Vanessa BOUSARDO<br \/><\/strong><\/span>Vice-B\u00e2tonni\u00e8re du Barreau de Paris<\/p>\n<p>[\/et_pb_text][\/et_pb_column][\/et_pb_row][et_pb_row column_structure=&#8221;1_4,3_4&#8243; _builder_version=&#8221;4.24.0&#8243; background_color=&#8221;#ffffff&#8221; custom_padding=&#8221;29px|20px|0|20px|false|false&#8221; animation_style=&#8221;fade&#8221; animation_delay=&#8221;100ms&#8221; border_color_top=&#8221;#e1e3e5&#8243; border_color_bottom=&#8221;#e1e3e5&#8243; locked=&#8221;off&#8221; global_colors_info=&#8221;{}&#8221;][et_pb_column type=&#8221;1_4&#8243; _builder_version=&#8221;4.16&#8243; custom_padding=&#8221;|||&#8221; global_colors_info=&#8221;{}&#8221; custom_padding__hover=&#8221;|||&#8221;][et_pb_blurb title=&#8221;9h45 &#8211; 10h00&#8243; use_icon=&#8221;on&#8221; font_icon=&#8221;&#x7d;||divi||400&#8243; icon_color=&#8221;#299F53&#8243; icon_placement=&#8221;left&#8221; image_icon_width=&#8221;17px&#8221; _builder_version=&#8221;4.24.2&#8243; header_font=&#8221;Montserrat||||||||&#8221; header_text_color=&#8221;#7c7c7c&#8221; header_font_size=&#8221;16px&#8221; icon_font_size=&#8221;17px&#8221; global_colors_info=&#8221;{}&#8221;][\/et_pb_blurb][\/et_pb_column][et_pb_column type=&#8221;3_4&#8243; _builder_version=&#8221;4.16&#8243; custom_padding=&#8221;|||&#8221; global_colors_info=&#8221;{}&#8221; custom_padding__hover=&#8221;|||&#8221;][et_pb_text _builder_version=&#8221;4.25.0&#8243; text_font=&#8221;||||||||&#8221; text_text_color=&#8221;#7a7a7a&#8221; text_line_height=&#8221;1.8em&#8221; link_font=&#8221;||||||||&#8221; link_text_color=&#8221;#7a7a7a&#8221; header_font=&#8221;||||||||&#8221; header_3_font=&#8221;Montserrat|700|||||||&#8221; header_3_text_color=&#8221;#F39200&#8243; header_3_line_height=&#8221;1.3em&#8221; custom_margin=&#8221;-9px||20px||false|false&#8221; global_colors_info=&#8221;{}&#8221; link_text_color__hover_enabled=&#8221;on&#8221; link_text_color__hover=&#8221;#7a7a7a&#8221;]<\/p>\n<h3><span style=\"color: #299f53;\">Propos introductifs<\/span><\/h3>\n<p>[\/et_pb_text][\/et_pb_column][\/et_pb_row][et_pb_row column_structure=&#8221;1_5,1_5,3_5&#8243; _builder_version=&#8221;4.24.0&#8243; background_color=&#8221;#ffffff&#8221; custom_padding=&#8221;15px|20px|12px|20px|false|false&#8221; animation_style=&#8221;fade&#8221; animation_delay=&#8221;100ms&#8221; pac_drh_column_numbers_tablet=&#8221;pac_drh_tab_col_two&#8221; border_color_top=&#8221;#e1e3e5&#8243; border_width_bottom=&#8221;1px&#8221; border_color_bottom=&#8221;#e1e3e5&#8243; locked=&#8221;off&#8221; global_colors_info=&#8221;{}&#8221;][et_pb_column type=&#8221;1_5&#8243; _builder_version=&#8221;4.16&#8243; custom_padding=&#8221;|||&#8221; global_colors_info=&#8221;{}&#8221; custom_padding__hover=&#8221;|||&#8221;][\/et_pb_column][et_pb_column type=&#8221;1_5&#8243; _builder_version=&#8221;4.16&#8243; custom_padding=&#8221;|||&#8221; global_colors_info=&#8221;{}&#8221; custom_padding__hover=&#8221;|||&#8221;][et_pb_image src=&#8221;https:\/\/football-legal.com\/conference\/wp-content\/uploads\/2024\/02\/Gerald-SIMON-nb-square.jpg&#8221; title_text=&#8221;Gerald-SIMON-nb-square&#8221; _builder_version=&#8221;4.24.0&#8243; max_width=&#8221;55%&#8221; module_alignment=&#8221;center&#8221; custom_margin=&#8221;|||&#8221; custom_margin_tablet=&#8221;90px|||&#8221; custom_margin_last_edited=&#8221;off|desktop&#8221; animation_style=&#8221;zoom&#8221; border_radii=&#8221;on|100%|100%|100%|100%&#8221; always_center_on_mobile=&#8221;off&#8221; locked=&#8221;off&#8221; global_colors_info=&#8221;{}&#8221;][\/et_pb_image][\/et_pb_column][et_pb_column type=&#8221;3_5&#8243; _builder_version=&#8221;4.16&#8243; custom_padding=&#8221;|||&#8221; global_colors_info=&#8221;{}&#8221; custom_padding__hover=&#8221;|||&#8221;][et_pb_text content_tablet=&#8221;<\/p>\n<p><span style=%22color: #000000;%22><strong><\/strong><\/span><span style=%22color: #000000;%22><strong>G\u00e9rald SIMON<br \/><\/strong><\/span>Professeur de droit public \u00e0 l&#8217;Universit\u00e9 de Bourgogne, Arbitre au Tribunal arbitral du sport (TAS)<\/p>\n<p><strong> <\/strong><\/p>\n<p>&#8221; content_phone=&#8221;<\/p>\n<p><span style=%22color: #000000;%22><strong><\/strong><\/span><span style=%22color: #000000;%22><strong>G\u00e9rald SIMON<br \/><\/strong><\/span>Professeur de droit public \u00e0 l&#8217;Universit\u00e9 de Bourgogne, Arbitre au Tribunal arbitral du sport (TAS)<\/p>\n<p><strong> <\/strong><\/p>\n<p>&#8221; content_last_edited=&#8221;on|desktop&#8221; module_id=&#8221;centrer-verticalement&#8221; _builder_version=&#8221;4.24.0&#8243; text_font=&#8221;||||||||&#8221; text_text_color=&#8221;#7a7a7a&#8221; text_line_height=&#8221;1.8em&#8221; link_font=&#8221;||||||||&#8221; link_text_color=&#8221;#7a7a7a&#8221; header_font=&#8221;||||||||&#8221; header_3_font=&#8221;Montserrat|700|||||||&#8221; header_3_text_color=&#8221;#4dbdc6&#8243; header_3_line_height=&#8221;1.3em&#8221; custom_margin=&#8221;||||false|false&#8221; custom_padding=&#8221;10px||||false|false&#8221; custom_padding_tablet=&#8221;10px||||false|false&#8221; custom_padding_phone=&#8221;10px||||false|false&#8221; custom_padding_last_edited=&#8221;on|desktop&#8221; global_colors_info=&#8221;{}&#8221; link_text_color__hover_enabled=&#8221;on&#8221; link_text_color__hover=&#8221;#7a7a7a&#8221;]<\/p>\n<p><span style=\"color: #000000;\"><strong>G\u00e9rald SIMON<br \/><\/strong><\/span>Professeur de droit public \u00e0 l&#8217;Universit\u00e9 de Bourgogne,<br \/>Arbitre au Tribunal arbitral du sport (TAS)<\/p>\n<p><strong>\u00a0<\/strong><\/p>\n<p>[\/et_pb_text][\/et_pb_column][\/et_pb_row][et_pb_row column_structure=&#8221;1_5,1_5,3_5&#8243; _builder_version=&#8221;4.16&#8243; background_color=&#8221;#ffffff&#8221; custom_padding=&#8221;29px|20px|12px|20px|false|false&#8221; animation_style=&#8221;fade&#8221; animation_delay=&#8221;100ms&#8221; border_color_top=&#8221;#e1e3e5&#8243; border_width_bottom=&#8221;1px&#8221; border_color_bottom=&#8221;#e1e3e5&#8243; locked=&#8221;off&#8221; global_colors_info=&#8221;{}&#8221;][et_pb_column type=&#8221;1_5&#8243; _builder_version=&#8221;4.16&#8243; custom_padding=&#8221;|||&#8221; global_colors_info=&#8221;{}&#8221; custom_padding__hover=&#8221;|||&#8221;][et_pb_blurb title=&#8221;10h00 &#8211; 11h30&#8243; use_icon=&#8221;on&#8221; font_icon=&#8221;&#x7d;||divi||400&#8243; icon_color=&#8221;#299F53&#8243; icon_placement=&#8221;left&#8221; image_icon_width=&#8221;17px&#8221; _builder_version=&#8221;4.24.2&#8243; header_font=&#8221;Montserrat||||||||&#8221; header_text_color=&#8221;#7c7c7c&#8221; header_font_size=&#8221;16px&#8221; icon_font_size=&#8221;17px&#8221; global_colors_info=&#8221;{}&#8221;][\/et_pb_blurb][\/et_pb_column][et_pb_column type=&#8221;1_5&#8243; _builder_version=&#8221;4.16&#8243; custom_padding=&#8221;|||&#8221; global_colors_info=&#8221;{}&#8221; custom_padding__hover=&#8221;|||&#8221;][et_pb_image src=&#8221;https:\/\/football-legal.com\/conference\/wp-content\/uploads\/2024\/03\/Joelle-Monlouis-nb-square.jpg&#8221; title_text=&#8221;Joelle-Monlouis-nb-square&#8221; disabled_on=&#8221;off|off|off&#8221; _builder_version=&#8221;4.24.2&#8243; max_width=&#8221;55%&#8221; module_alignment=&#8221;center&#8221; custom_margin=&#8221;|||&#8221; custom_margin_tablet=&#8221;90px|||&#8221; custom_margin_last_edited=&#8221;off|desktop&#8221; animation_style=&#8221;zoom&#8221; border_radii=&#8221;on|100%|100%|100%|100%&#8221; always_center_on_mobile=&#8221;off&#8221; locked=&#8221;off&#8221; global_colors_info=&#8221;{}&#8221;][\/et_pb_image][\/et_pb_column][et_pb_column type=&#8221;3_5&#8243; _builder_version=&#8221;4.16&#8243; custom_padding=&#8221;|||&#8221; global_colors_info=&#8221;{}&#8221; custom_padding__hover=&#8221;|||&#8221;][et_pb_text disabled_on=&#8221;off|off|off&#8221; _builder_version=&#8221;4.25.0&#8243; text_font=&#8221;||||||||&#8221; text_text_color=&#8221;#7a7a7a&#8221; text_line_height=&#8221;1.8em&#8221; link_font=&#8221;||||||||&#8221; link_text_color=&#8221;#7a7a7a&#8221; header_font=&#8221;||||||||&#8221; header_3_font=&#8221;Montserrat|700|||||||&#8221; header_3_text_color=&#8221;#4dbdc6&#8243; header_3_line_height=&#8221;1.3em&#8221; custom_margin=&#8221;||20px|&#8221; global_colors_info=&#8221;{}&#8221; link_text_color__hover_enabled=&#8221;on&#8221; link_text_color__hover=&#8221;#7a7a7a&#8221;]<\/p>\n<h3><span style=\"text-decoration: underline;\"><span style=\"color: #f39200;\"><span style=\"color: #299f53; text-decoration: underline;\">Panel 1 &#8211; Int\u00e9grit\u00e9 physique et mentale : comment prot\u00e9ger la sant\u00e9 des joueurs de foot ?<\/span><\/span><\/span><span style=\"text-decoration: underline; color: #f39200;\"><br \/><\/span><\/h3>\n<p><span style=\"color: #299f53;\"><strong>Mod\u00e9rateur :<\/strong><strong><\/strong><\/span> <strong>Jo\u00eblle MONLOUIS<\/strong>, Avocate au Barreau de Paris<\/p>\n<p>[\/et_pb_text][et_pb_text disabled_on=&#8221;off|off|off&#8221; _builder_version=&#8221;4.24.3&#8243; text_font=&#8221;||||||||&#8221; text_text_color=&#8221;#7a7a7a&#8221; text_line_height=&#8221;1.8em&#8221; link_font=&#8221;||||||||&#8221; link_text_color=&#8221;#7a7a7a&#8221; header_font=&#8221;||||||||&#8221; header_3_font=&#8221;Montserrat|700|||||||&#8221; header_3_text_color=&#8221;#4dbdc6&#8243; header_3_line_height=&#8221;1.3em&#8221; custom_margin=&#8221;||20px|&#8221; custom_padding=&#8221;||||false|false&#8221; locked=&#8221;off&#8221; global_colors_info=&#8221;{}&#8221; link_text_color__hover_enabled=&#8221;on&#8221; link_text_color__hover=&#8221;#7a7a7a&#8221;]<\/p>\n<p><span style=\"color: #f39200;\"><strong><span style=\"color: #299f53;\">Intervenants :<\/span><br \/><\/strong><\/span><strong>Jan KLEINER,<\/strong>\u00a0Director of Football Regulatory at FIFA<br \/><strong>Olivier L\u00c9TANG,<\/strong> Pr\u00e9sident Directeur g\u00e9n\u00e9ral, LOSC Lille<br \/><strong>Maheta MOLANGO,<\/strong> Pr\u00e9sident de Player Football Association (PFA)<br \/><strong>J\u00e9r\u00f4me PERLEMUTER,<\/strong> S\u00e9cr\u00e9taire g\u00e9n\u00e9ral de World Leagues Association<br \/><strong>David TERRIER,<\/strong> Vice-pr\u00e9sident de l\u2019UNFP<br \/><span style=\"text-decoration: underline;\"><strong><\/strong><\/span><span style=\"text-decoration: underline;\"><strong><\/strong><\/span><\/p>\n<p>[\/et_pb_text][\/et_pb_column][\/et_pb_row][et_pb_row column_structure=&#8221;1_4,3_4&#8243; _builder_version=&#8221;4.16&#8243; background_color=&#8221;#ffffff&#8221; custom_padding=&#8221;29px|20px|0|20px|false|false&#8221; animation_style=&#8221;fade&#8221; animation_delay=&#8221;100ms&#8221; border_color_top=&#8221;#e1e3e5&#8243; border_width_bottom=&#8221;1px&#8221; border_color_bottom=&#8221;#e1e3e5&#8243; locked=&#8221;off&#8221; global_colors_info=&#8221;{}&#8221;][et_pb_column type=&#8221;1_4&#8243; _builder_version=&#8221;4.16&#8243; custom_padding=&#8221;|||&#8221; global_colors_info=&#8221;{}&#8221; custom_padding__hover=&#8221;|||&#8221;][et_pb_blurb title=&#8221;11h30 &#8211; 11h45&#8243; use_icon=&#8221;on&#8221; font_icon=&#8221;&#xe105;||divi||400&#8243; icon_color=&#8221;#299F53&#8243; icon_placement=&#8221;left&#8221; image_icon_width=&#8221;17px&#8221; _builder_version=&#8221;4.23.1&#8243; header_font=&#8221;Montserrat||||||||&#8221; header_text_color=&#8221;#7c7c7c&#8221; header_font_size=&#8221;16px&#8221; icon_font_size=&#8221;17px&#8221; global_colors_info=&#8221;{}&#8221;][\/et_pb_blurb][\/et_pb_column][et_pb_column type=&#8221;3_4&#8243; _builder_version=&#8221;4.16&#8243; custom_padding=&#8221;|||&#8221; global_colors_info=&#8221;{}&#8221; custom_padding__hover=&#8221;|||&#8221;][et_pb_text _builder_version=&#8221;4.23.1&#8243; text_font=&#8221;||||||||&#8221; text_text_color=&#8221;#7a7a7a&#8221; text_line_height=&#8221;1.8em&#8221; link_font=&#8221;||||||||&#8221; link_text_color=&#8221;#7a7a7a&#8221; header_font=&#8221;||||||||&#8221; header_3_font=&#8221;Montserrat|700|||||||&#8221; header_3_text_color=&#8221;#4dbdc6&#8243; header_3_line_height=&#8221;1.3em&#8221; custom_margin=&#8221;0px||20px|&#8221; global_colors_info=&#8221;{}&#8221; link_text_color__hover_enabled=&#8221;on&#8221; link_text_color__hover=&#8221;#7a7a7a&#8221;]<\/p>\n<h3><span style=\"color: #299f53;\">Pause<\/span><\/h3>\n<p>[\/et_pb_text][\/et_pb_column][\/et_pb_row][et_pb_row column_structure=&#8221;1_5,1_5,3_5&#8243; _builder_version=&#8221;4.16&#8243; background_color=&#8221;#ffffff&#8221; custom_padding=&#8221;29px|20px|12px|20px|false|false&#8221; animation_style=&#8221;fade&#8221; animation_delay=&#8221;100ms&#8221; border_color_top=&#8221;#e1e3e5&#8243; border_width_bottom=&#8221;1px&#8221; border_color_bottom=&#8221;#e1e3e5&#8243; locked=&#8221;off&#8221; global_colors_info=&#8221;{}&#8221;][et_pb_column type=&#8221;1_5&#8243; _builder_version=&#8221;4.16&#8243; custom_padding=&#8221;|||&#8221; global_colors_info=&#8221;{}&#8221; custom_padding__hover=&#8221;|||&#8221;][et_pb_blurb title=&#8221;11h45 &#8211; 13h00&#8243; use_icon=&#8221;on&#8221; font_icon=&#8221;&#x7d;||divi||400&#8243; icon_color=&#8221;#299F53&#8243; icon_placement=&#8221;left&#8221; image_icon_width=&#8221;17px&#8221; _builder_version=&#8221;4.24.2&#8243; header_font=&#8221;Montserrat||||||||&#8221; header_text_color=&#8221;#7c7c7c&#8221; header_font_size=&#8221;16px&#8221; icon_font_size=&#8221;17px&#8221; global_colors_info=&#8221;{}&#8221;][\/et_pb_blurb][\/et_pb_column][et_pb_column type=&#8221;1_5&#8243; _builder_version=&#8221;4.16&#8243; custom_padding=&#8221;|||&#8221; global_colors_info=&#8221;{}&#8221; custom_padding__hover=&#8221;|||&#8221;][et_pb_image src=&#8221;https:\/\/football-legal.com\/conference\/wp-content\/uploads\/2023\/12\/christophe-bertrand-nb-150&#215;150-1.jpg&#8221; title_text=&#8221;christophe-bertrand-nb-150&#215;150-1&#8243; _builder_version=&#8221;4.24.2&#8243; max_width=&#8221;55%&#8221; module_alignment=&#8221;center&#8221; custom_margin=&#8221;|||&#8221; custom_margin_tablet=&#8221;90px|||&#8221; custom_margin_last_edited=&#8221;off|desktop&#8221; animation_style=&#8221;zoom&#8221; border_radii=&#8221;on|100%|100%|100%|100%&#8221; always_center_on_mobile=&#8221;off&#8221; locked=&#8221;off&#8221; global_colors_info=&#8221;{}&#8221;][\/et_pb_image][\/et_pb_column][et_pb_column type=&#8221;3_5&#8243; _builder_version=&#8221;4.16&#8243; custom_padding=&#8221;|||&#8221; global_colors_info=&#8221;{}&#8221; custom_padding__hover=&#8221;|||&#8221;][et_pb_text _builder_version=&#8221;4.25.0&#8243; text_font=&#8221;||||||||&#8221; text_text_color=&#8221;#7a7a7a&#8221; text_line_height=&#8221;1.8em&#8221; link_font=&#8221;||||||||&#8221; link_text_color=&#8221;#7a7a7a&#8221; header_font=&#8221;||||||||&#8221; header_3_font=&#8221;Montserrat|700|||||||&#8221; header_3_text_color=&#8221;#4dbdc6&#8243; header_3_line_height=&#8221;1.3em&#8221; custom_margin=&#8221;||20px|&#8221; global_colors_info=&#8221;{}&#8221; link_text_color__hover_enabled=&#8221;on&#8221; link_text_color__hover=&#8221;#7a7a7a&#8221;]<\/p>\n<h3><span style=\"text-decoration: underline;\"><span style=\"color: #f39200;\"><span style=\"color: #299f53; text-decoration: underline;\">Panel 2 &#8211; La vie priv\u00e9e<\/span><\/span><\/span><span style=\"text-decoration: underline; color: #f39200;\"><br \/><\/span><\/h3>\n<p><span style=\"color: #299f53;\"><strong>Mod\u00e9rateur :<\/strong><strong><\/strong><\/span> <strong>Christophe BERTRAND<\/strong>, Avocat au Barreau de Paris, <strong>Bertrand &amp; Associ\u00e9<\/strong><\/p>\n<p>[\/et_pb_text][et_pb_text _builder_version=&#8221;4.25.0&#8243; text_font=&#8221;||||||||&#8221; text_text_color=&#8221;#7a7a7a&#8221; text_line_height=&#8221;1.8em&#8221; link_font=&#8221;||||||||&#8221; link_text_color=&#8221;#7a7a7a&#8221; header_font=&#8221;||||||||&#8221; header_3_font=&#8221;Montserrat|700|||||||&#8221; header_3_text_color=&#8221;#4dbdc6&#8243; header_3_line_height=&#8221;1.3em&#8221; custom_margin=&#8221;||20px|&#8221; custom_padding=&#8221;||||false|false&#8221; locked=&#8221;off&#8221; global_colors_info=&#8221;{}&#8221; link_text_color__hover_enabled=&#8221;on&#8221; link_text_color__hover=&#8221;#7a7a7a&#8221;]<\/p>\n<p><span style=\"color: #f39200;\"><strong><span style=\"color: #299f53;\">Intervenants :<\/span><br \/><\/strong><\/span><strong>Pascal CHANTEUR,<\/strong> Pr\u00e9sident de l\u2019UNCP, Vice-pr\u00e9sident de la LNC et du CPA<strong><br \/>Thierry CHIRON,<\/strong> Avocat au Barreau de Dijon, <strong>L\u00e9gi Conseils<\/strong><br \/><strong>Antoine MARCELAUD,<\/strong> Directeur des Affaires Juridiques et Institutionnelles de l\u2019AFLD<br \/><strong>Philippe SENMARTIN,<\/strong> Avocat au Barreau de Montpellier, <strong>CSA &amp; Associ\u00e9s<\/strong><br \/><span style=\"text-decoration: underline;\"><strong><\/strong><\/span><span style=\"text-decoration: underline;\"><strong><\/strong><\/span><\/p>\n<p>[\/et_pb_text][\/et_pb_column][\/et_pb_row][et_pb_row column_structure=&#8221;1_4,3_4&#8243; _builder_version=&#8221;4.17.3&#8243; background_color=&#8221;#ffffff&#8221; custom_padding=&#8221;29px|20px|0|20px|false|false&#8221; animation_style=&#8221;fade&#8221; animation_delay=&#8221;100ms&#8221; border_color_top=&#8221;#e1e3e5&#8243; border_color_bottom=&#8221;#e1e3e5&#8243; locked=&#8221;off&#8221; global_colors_info=&#8221;{}&#8221;][et_pb_column type=&#8221;1_4&#8243; _builder_version=&#8221;4.16&#8243; custom_padding=&#8221;|||&#8221; global_colors_info=&#8221;{}&#8221; custom_padding__hover=&#8221;|||&#8221;][\/et_pb_column][et_pb_column type=&#8221;3_4&#8243; _builder_version=&#8221;4.16&#8243; custom_padding=&#8221;|||&#8221; global_colors_info=&#8221;{}&#8221; custom_padding__hover=&#8221;|||&#8221;][et_pb_text _builder_version=&#8221;4.16&#8243; text_font=&#8221;||||||||&#8221; text_text_color=&#8221;#7a7a7a&#8221; text_line_height=&#8221;1.8em&#8221; link_font=&#8221;||||||||&#8221; link_text_color=&#8221;#7a7a7a&#8221; header_font=&#8221;||||||||&#8221; header_3_font=&#8221;Montserrat|700|||||||&#8221; header_3_text_color=&#8221;#4dbdc6&#8243; header_3_line_height=&#8221;1.3em&#8221; custom_margin=&#8221;0px||20px|&#8221; global_colors_info=&#8221;{}&#8221; link_text_color__hover_enabled=&#8221;on&#8221; link_text_color__hover=&#8221;#7a7a7a&#8221;]<\/p>\n<h3><span style=\"color: #f39200;\"><span style=\"color: #666666;\">Ou atelier pratique 1 :<\/span><br \/><\/span><\/h3>\n<p>[\/et_pb_text][\/et_pb_column][\/et_pb_row][et_pb_row column_structure=&#8221;1_5,1_5,3_5&#8243; _builder_version=&#8221;4.16&#8243; background_color=&#8221;#ffffff&#8221; custom_padding=&#8221;29px|20px|12px|20px|false|false&#8221; animation_style=&#8221;fade&#8221; animation_delay=&#8221;100ms&#8221; border_color_top=&#8221;#e1e3e5&#8243; border_width_bottom=&#8221;1px&#8221; border_color_bottom=&#8221;#e1e3e5&#8243; locked=&#8221;off&#8221; global_colors_info=&#8221;{}&#8221;][et_pb_column type=&#8221;1_5&#8243; _builder_version=&#8221;4.16&#8243; custom_padding=&#8221;|||&#8221; global_colors_info=&#8221;{}&#8221; custom_padding__hover=&#8221;|||&#8221;][et_pb_blurb title=&#8221;11h45 &#8211; 13h00&#8243; use_icon=&#8221;on&#8221; font_icon=&#8221;&#x7d;||divi||400&#8243; icon_color=&#8221;#299F53&#8243; icon_placement=&#8221;left&#8221; image_icon_width=&#8221;17px&#8221; _builder_version=&#8221;4.24.2&#8243; header_font=&#8221;Montserrat||||||||&#8221; header_text_color=&#8221;#7c7c7c&#8221; header_font_size=&#8221;16px&#8221; icon_font_size=&#8221;17px&#8221; global_colors_info=&#8221;{}&#8221;][\/et_pb_blurb][\/et_pb_column][et_pb_column type=&#8221;1_5&#8243; _builder_version=&#8221;4.16&#8243; custom_padding=&#8221;|||&#8221; global_colors_info=&#8221;{}&#8221; custom_padding__hover=&#8221;|||&#8221;][et_pb_image src=&#8221;https:\/\/football-legal.com\/conference\/wp-content\/uploads\/2024\/03\/Joelle-Monlouis-nb-square.jpg&#8221; title_text=&#8221;Joelle-Monlouis-nb-square&#8221; _builder_version=&#8221;4.24.3&#8243; max_width=&#8221;55%&#8221; module_alignment=&#8221;center&#8221; custom_margin=&#8221;|||&#8221; custom_margin_tablet=&#8221;90px|||&#8221; custom_margin_last_edited=&#8221;off|desktop&#8221; animation_style=&#8221;zoom&#8221; border_radii=&#8221;on|100%|100%|100%|100%&#8221; always_center_on_mobile=&#8221;off&#8221; locked=&#8221;off&#8221; global_colors_info=&#8221;{}&#8221;][\/et_pb_image][\/et_pb_column][et_pb_column type=&#8221;3_5&#8243; _builder_version=&#8221;4.16&#8243; custom_padding=&#8221;|||&#8221; global_colors_info=&#8221;{}&#8221; custom_padding__hover=&#8221;|||&#8221;][et_pb_text _builder_version=&#8221;4.25.0&#8243; text_font=&#8221;||||||||&#8221; text_text_color=&#8221;#7a7a7a&#8221; text_line_height=&#8221;1.8em&#8221; link_font=&#8221;||||||||&#8221; link_text_color=&#8221;#7a7a7a&#8221; header_font=&#8221;||||||||&#8221; header_3_font=&#8221;Montserrat|700|||||||&#8221; header_3_text_color=&#8221;#4dbdc6&#8243; header_3_line_height=&#8221;1.3em&#8221; custom_margin=&#8221;||20px|&#8221; global_colors_info=&#8221;{}&#8221; link_text_color__hover_enabled=&#8221;on&#8221; link_text_color__hover=&#8221;#7a7a7a&#8221;]<\/p>\n<h3><span style=\"text-decoration: underline; color: #f39200;\"><span style=\"text-decoration: underline; color: #299f53;\"><span style=\"text-decoration: underline;\"><strong>Pr\u00e9server l&#8217;int\u00e9grit\u00e9 mentale des sportifs<\/strong><\/span><\/span><\/span><\/h3>\n<p><span style=\"color: #299f53;\"><strong>Mod\u00e9rateur :<\/strong><strong><\/strong><\/span> <strong>Jo\u00eblle MONLOUIS,<\/strong> Avocate au Barreau de Paris<\/p>\n<p>[\/et_pb_text][et_pb_text _builder_version=&#8221;4.25.0&#8243; text_font=&#8221;||||||||&#8221; text_text_color=&#8221;#7a7a7a&#8221; text_line_height=&#8221;1.8em&#8221; link_font=&#8221;||||||||&#8221; link_text_color=&#8221;#7a7a7a&#8221; header_font=&#8221;||||||||&#8221; header_3_font=&#8221;Montserrat|700|||||||&#8221; header_3_text_color=&#8221;#4dbdc6&#8243; header_3_line_height=&#8221;1.3em&#8221; custom_margin=&#8221;||20px|&#8221; custom_padding=&#8221;||||false|false&#8221; locked=&#8221;off&#8221; global_colors_info=&#8221;{}&#8221; link_text_color__hover_enabled=&#8221;on&#8221; link_text_color__hover=&#8221;#7a7a7a&#8221;]<\/p>\n<p><span style=\"color: #f39200;\"><strong><span style=\"color: #299f53;\">Intervenants :<\/span><br \/><\/strong><\/span><strong>Francisca DAUZET,<\/strong> Coach mental d\u2019ath\u00e8tes, Responsable de la dimension mentale et psychologique DTN de la FFT<br \/><strong>Laurent EDRIAT,<\/strong> Pr\u00e9parateur mental<br \/><strong>David JACOTOT,<\/strong> Professeur de droit priv\u00e9, Universit\u00e9 de Bourgogne<br \/><strong>Ysaora THIBUS,<\/strong> Escrimeuse, sportive de haut niveau<br \/><span style=\"text-decoration: underline;\"><strong><\/strong><\/span><span style=\"text-decoration: underline;\"><strong><\/strong><\/span><\/p>\n<p>[\/et_pb_text][\/et_pb_column][\/et_pb_row][et_pb_row column_structure=&#8221;1_4,3_4&#8243; _builder_version=&#8221;4.16&#8243; background_color=&#8221;#ffffff&#8221; custom_padding=&#8221;29px|20px|0|20px|false|false&#8221; animation_style=&#8221;fade&#8221; animation_delay=&#8221;100ms&#8221; border_color_top=&#8221;#e1e3e5&#8243; border_width_bottom=&#8221;1px&#8221; border_color_bottom=&#8221;#e1e3e5&#8243; locked=&#8221;off&#8221; global_colors_info=&#8221;{}&#8221;][et_pb_column type=&#8221;1_4&#8243; _builder_version=&#8221;4.16&#8243; custom_padding=&#8221;|||&#8221; global_colors_info=&#8221;{}&#8221; custom_padding__hover=&#8221;|||&#8221;][et_pb_blurb title=&#8221;13h00&#8243; use_icon=&#8221;on&#8221; font_icon=&#8221;&#xe105;||divi||400&#8243; icon_color=&#8221;#299F53&#8243; icon_placement=&#8221;left&#8221; image_icon_width=&#8221;17px&#8221; _builder_version=&#8221;4.23.1&#8243; header_font=&#8221;Montserrat||||||||&#8221; header_text_color=&#8221;#7c7c7c&#8221; header_font_size=&#8221;16px&#8221; icon_font_size=&#8221;17px&#8221; global_colors_info=&#8221;{}&#8221;][\/et_pb_blurb][\/et_pb_column][et_pb_column type=&#8221;3_4&#8243; _builder_version=&#8221;4.16&#8243; custom_padding=&#8221;|||&#8221; global_colors_info=&#8221;{}&#8221; custom_padding__hover=&#8221;|||&#8221;][et_pb_text _builder_version=&#8221;4.16&#8243; text_font=&#8221;||||||||&#8221; text_text_color=&#8221;#7a7a7a&#8221; text_line_height=&#8221;1.8em&#8221; link_font=&#8221;||||||||&#8221; link_text_color=&#8221;#7a7a7a&#8221; header_font=&#8221;||||||||&#8221; header_3_font=&#8221;Montserrat|700|||||||&#8221; header_3_text_color=&#8221;#4dbdc6&#8243; header_3_line_height=&#8221;1.3em&#8221; custom_margin=&#8221;0px||20px|&#8221; global_colors_info=&#8221;{}&#8221; link_text_color__hover_enabled=&#8221;on&#8221; link_text_color__hover=&#8221;#7a7a7a&#8221;]<\/p>\n<h3><span style=\"color: #299f53;\">D\u00e9jeuner<\/span><\/h3>\n<p>[\/et_pb_text][\/et_pb_column][\/et_pb_row][et_pb_row column_structure=&#8221;1_5,1_5,3_5&#8243; _builder_version=&#8221;4.16&#8243; background_color=&#8221;#ffffff&#8221; custom_padding=&#8221;29px|20px|12px|20px|false|false&#8221; animation_style=&#8221;fade&#8221; animation_delay=&#8221;100ms&#8221; border_color_top=&#8221;#e1e3e5&#8243; border_width_bottom=&#8221;1px&#8221; border_color_bottom=&#8221;#e1e3e5&#8243; locked=&#8221;off&#8221; global_colors_info=&#8221;{}&#8221;][et_pb_column type=&#8221;1_5&#8243; _builder_version=&#8221;4.16&#8243; custom_padding=&#8221;|||&#8221; global_colors_info=&#8221;{}&#8221; custom_padding__hover=&#8221;|||&#8221;][et_pb_blurb title=&#8221;14h15 &#8211; 15h30&#8243; use_icon=&#8221;on&#8221; font_icon=&#8221;&#x7d;||divi||400&#8243; icon_color=&#8221;#299F53&#8243; icon_placement=&#8221;left&#8221; image_icon_width=&#8221;17px&#8221; _builder_version=&#8221;4.24.2&#8243; header_font=&#8221;Montserrat||||||||&#8221; header_text_color=&#8221;#7c7c7c&#8221; header_font_size=&#8221;16px&#8221; icon_font_size=&#8221;17px&#8221; global_colors_info=&#8221;{}&#8221;][\/et_pb_blurb][\/et_pb_column][et_pb_column type=&#8221;1_5&#8243; _builder_version=&#8221;4.16&#8243; custom_padding=&#8221;|||&#8221; global_colors_info=&#8221;{}&#8221; custom_padding__hover=&#8221;|||&#8221;][et_pb_image src=&#8221;https:\/\/football-legal.com\/conference\/wp-content\/uploads\/2024\/02\/laurent-moreuil-nb-square.jpg&#8221; title_text=&#8221;laurent-moreuil-nb-square&#8221; _builder_version=&#8221;4.24.2&#8243; max_width=&#8221;55%&#8221; module_alignment=&#8221;center&#8221; custom_margin=&#8221;|||&#8221; custom_margin_tablet=&#8221;90px|||&#8221; custom_margin_last_edited=&#8221;off|desktop&#8221; animation_style=&#8221;zoom&#8221; border_radii=&#8221;on|100%|100%|100%|100%&#8221; always_center_on_mobile=&#8221;off&#8221; locked=&#8221;off&#8221; global_colors_info=&#8221;{}&#8221;][\/et_pb_image][\/et_pb_column][et_pb_column type=&#8221;3_5&#8243; _builder_version=&#8221;4.16&#8243; custom_padding=&#8221;|||&#8221; global_colors_info=&#8221;{}&#8221; custom_padding__hover=&#8221;|||&#8221;][et_pb_text _builder_version=&#8221;4.25.0&#8243; text_font=&#8221;||||||||&#8221; text_text_color=&#8221;#7a7a7a&#8221; text_line_height=&#8221;1.8em&#8221; link_font=&#8221;||||||||&#8221; link_text_color=&#8221;#7a7a7a&#8221; header_font=&#8221;||||||||&#8221; header_3_font=&#8221;Montserrat|700|||||||&#8221; header_3_text_color=&#8221;#4dbdc6&#8243; header_3_line_height=&#8221;1.3em&#8221; custom_margin=&#8221;||20px|&#8221; global_colors_info=&#8221;{}&#8221; link_text_color__hover_enabled=&#8221;on&#8221; link_text_color__hover=&#8221;#7a7a7a&#8221;]<\/p>\n<h3><span style=\"text-decoration: underline;\"><span style=\"color: #f39200;\"><a href=\"https:\/\/football-legal.com\/conference\/acces-justice\/\"><span style=\"color: #299f53; text-decoration: underline;\">Panel 3 &#8211; L&#8217;acc\u00e8s \u00e0 la justice<\/span><\/a><\/span><\/span><span style=\"text-decoration: underline; color: #f39200;\"><br \/><\/span><\/h3>\n<p><span style=\"color: #299f53;\"><strong>Mod\u00e9rateur :<\/strong><strong><\/strong><\/span>\u00a0<strong>Laurent MOREUIL,<\/strong> Avocat au Barreau de Paris, <strong>Patchwork Avocat<\/strong><\/p>\n<p>[\/et_pb_text][et_pb_text _builder_version=&#8221;4.25.0&#8243; text_font=&#8221;||||||||&#8221; text_text_color=&#8221;#7a7a7a&#8221; text_line_height=&#8221;1.8em&#8221; link_font=&#8221;||||||||&#8221; link_text_color=&#8221;#7a7a7a&#8221; header_font=&#8221;||||||||&#8221; header_3_font=&#8221;Montserrat|700|||||||&#8221; header_3_text_color=&#8221;#4dbdc6&#8243; header_3_line_height=&#8221;1.3em&#8221; custom_margin=&#8221;||20px|&#8221; custom_padding=&#8221;||||false|false&#8221; locked=&#8221;off&#8221; global_colors_info=&#8221;{}&#8221; link_text_color__hover_enabled=&#8221;on&#8221; link_text_color__hover=&#8221;#7a7a7a&#8221;]<\/p>\n<p><span style=\"color: #f39200;\"><strong><span style=\"color: #299f53;\">Intervenants :<\/span><br \/><\/strong><\/span><strong>Gr\u00e9gory ERNES,<\/strong> Avocat au Barreau de Bruxelles, <strong>ATFIELD<\/strong><br \/><strong>Bernard FOUCHER,<\/strong> Conseiller d\u2019\u00c9tat Honoraire, Arbitre au Tribunal Arbitral du Sport (TAS),<br \/>Membre du Comit\u00e9 de l\u2019arbitrage sportif fran\u00e7ais de la Chambre arbitrale su sport (CAS), Conciliateur au CNOSF<br \/><strong>Claude-Alb\u00e9ric MAETZ,<\/strong> Pr\u00e9sident de la Commission juridique de la Ligue de Football Professionnel (LFP), Codirecteur de l\u2019Institut de Droit des Affaires (IDA), Aix-Marseille Universit\u00e9<br \/><strong>Jean-Michel MARMAYOU,<\/strong> Professeur de droit priv\u00e9, Aix-Marseille Universit\u00e9, Directeur du Centre de droit du sport de Marseille<br \/><span style=\"text-decoration: underline;\"><strong><\/strong><\/span><span style=\"text-decoration: underline;\"><strong><\/strong><\/span><\/p>\n<p>[\/et_pb_text][\/et_pb_column][\/et_pb_row][et_pb_row column_structure=&#8221;1_4,3_4&#8243; _builder_version=&#8221;4.17.3&#8243; background_color=&#8221;#ffffff&#8221; custom_padding=&#8221;29px|20px|0|20px|false|false&#8221; animation_style=&#8221;fade&#8221; animation_delay=&#8221;100ms&#8221; border_color_top=&#8221;#e1e3e5&#8243; border_color_bottom=&#8221;#e1e3e5&#8243; locked=&#8221;off&#8221; global_colors_info=&#8221;{}&#8221;][et_pb_column type=&#8221;1_4&#8243; _builder_version=&#8221;4.16&#8243; custom_padding=&#8221;|||&#8221; global_colors_info=&#8221;{}&#8221; custom_padding__hover=&#8221;|||&#8221;][\/et_pb_column][et_pb_column type=&#8221;3_4&#8243; _builder_version=&#8221;4.16&#8243; custom_padding=&#8221;|||&#8221; global_colors_info=&#8221;{}&#8221; custom_padding__hover=&#8221;|||&#8221;][et_pb_text _builder_version=&#8221;4.24.2&#8243; text_font=&#8221;||||||||&#8221; text_text_color=&#8221;#7a7a7a&#8221; text_line_height=&#8221;1.8em&#8221; link_font=&#8221;||||||||&#8221; link_text_color=&#8221;#7a7a7a&#8221; header_font=&#8221;||||||||&#8221; header_3_font=&#8221;Montserrat|700|||||||&#8221; header_3_text_color=&#8221;#4dbdc6&#8243; header_3_line_height=&#8221;1.3em&#8221; custom_margin=&#8221;0px||20px|&#8221; custom_padding=&#8221;2px|||||&#8221; global_colors_info=&#8221;{}&#8221; link_text_color__hover_enabled=&#8221;on&#8221; link_text_color__hover=&#8221;#7a7a7a&#8221;]<\/p>\n<h3><span style=\"color: #f39200;\"><span style=\"color: #666666;\">Ou atelier pratique 2 :<\/span><br \/><\/span><\/h3>\n<p>[\/et_pb_text][\/et_pb_column][\/et_pb_row][et_pb_row column_structure=&#8221;1_5,1_5,3_5&#8243; _builder_version=&#8221;4.16&#8243; background_color=&#8221;#ffffff&#8221; custom_padding=&#8221;29px|20px|12px|20px|false|false&#8221; animation_style=&#8221;fade&#8221; animation_delay=&#8221;100ms&#8221; border_color_top=&#8221;#e1e3e5&#8243; border_width_bottom=&#8221;1px&#8221; border_color_bottom=&#8221;#e1e3e5&#8243; locked=&#8221;off&#8221; global_colors_info=&#8221;{}&#8221;][et_pb_column type=&#8221;1_5&#8243; _builder_version=&#8221;4.16&#8243; custom_padding=&#8221;|||&#8221; global_colors_info=&#8221;{}&#8221; custom_padding__hover=&#8221;|||&#8221;][et_pb_blurb title=&#8221;14h15 &#8211; 15h30&#8243; use_icon=&#8221;on&#8221; font_icon=&#8221;&#x7d;||divi||400&#8243; icon_color=&#8221;#299F53&#8243; icon_placement=&#8221;left&#8221; image_icon_width=&#8221;17px&#8221; _builder_version=&#8221;4.24.2&#8243; header_font=&#8221;Montserrat||||||||&#8221; header_text_color=&#8221;#7c7c7c&#8221; header_font_size=&#8221;16px&#8221; icon_font_size=&#8221;17px&#8221; global_colors_info=&#8221;{}&#8221;][\/et_pb_blurb][\/et_pb_column][et_pb_column type=&#8221;1_5&#8243; _builder_version=&#8221;4.16&#8243; custom_padding=&#8221;|||&#8221; global_colors_info=&#8221;{}&#8221; custom_padding__hover=&#8221;|||&#8221;][et_pb_image src=&#8221;https:\/\/football-legal.com\/conference\/wp-content\/uploads\/2024\/03\/Fabien-Safanjon-nb-square.jpg&#8221; title_text=&#8221;Fabien-Safanjon-nb-square&#8221; _builder_version=&#8221;4.24.2&#8243; max_width=&#8221;55%&#8221; module_alignment=&#8221;center&#8221; custom_margin=&#8221;|||&#8221; custom_margin_tablet=&#8221;90px|||&#8221; custom_margin_last_edited=&#8221;off|desktop&#8221; animation_style=&#8221;zoom&#8221; border_radii=&#8221;on|100%|100%|100%|100%&#8221; always_center_on_mobile=&#8221;off&#8221; locked=&#8221;off&#8221; global_colors_info=&#8221;{}&#8221;][\/et_pb_image][\/et_pb_column][et_pb_column type=&#8221;3_5&#8243; _builder_version=&#8221;4.16&#8243; custom_padding=&#8221;|||&#8221; global_colors_info=&#8221;{}&#8221; custom_padding__hover=&#8221;|||&#8221;][et_pb_text _builder_version=&#8221;4.25.0&#8243; text_font=&#8221;||||||||&#8221; text_text_color=&#8221;#7a7a7a&#8221; text_line_height=&#8221;1.8em&#8221; link_font=&#8221;||||||||&#8221; link_text_color=&#8221;#7a7a7a&#8221; header_font=&#8221;||||||||&#8221; header_3_font=&#8221;Montserrat|700|||||||&#8221; header_3_text_color=&#8221;#4dbdc6&#8243; header_3_line_height=&#8221;1.3em&#8221; custom_margin=&#8221;||20px|&#8221; global_colors_info=&#8221;{}&#8221; link_text_color__hover_enabled=&#8221;on&#8221; link_text_color__hover=&#8221;#7a7a7a&#8221;]<\/p>\n<h3><span style=\"text-decoration: underline; color: #f39200;\"><span style=\"text-decoration: underline; color: #299f53;\"><span style=\"text-decoration: underline;\"><strong>Les datas, nouvelles ressources financi\u00e8res du foot pro ?<\/strong><\/span><\/span><\/span><\/h3>\n<p><span style=\"color: #299f53;\"><strong>Mod\u00e9rateur :<\/strong><strong><\/strong><\/span>\u00a0<strong>Fabien SAFANJON,<\/strong> Vice-pr\u00e9sident de l\u2019UNFP<\/p>\n<p>[\/et_pb_text][et_pb_text _builder_version=&#8221;4.25.0&#8243; text_font=&#8221;||||||||&#8221; text_text_color=&#8221;#7a7a7a&#8221; text_line_height=&#8221;1.8em&#8221; link_font=&#8221;||||||||&#8221; link_text_color=&#8221;#7a7a7a&#8221; header_font=&#8221;||||||||&#8221; header_3_font=&#8221;Montserrat|700|||||||&#8221; header_3_text_color=&#8221;#4dbdc6&#8243; header_3_line_height=&#8221;1.3em&#8221; custom_margin=&#8221;||20px|&#8221; custom_padding=&#8221;||||false|false&#8221; locked=&#8221;off&#8221; global_colors_info=&#8221;{}&#8221; link_text_color__hover_enabled=&#8221;on&#8221; link_text_color__hover=&#8221;#7a7a7a&#8221;]<\/p>\n<p><span style=\"color: #f39200;\"><strong><span style=\"color: #299f53;\">Intervenants :<\/span><br \/><\/strong><\/span><strong>Gaylor RABU,<\/strong> Ma\u00eetre de conf\u00e9rence, Aix-Marseille Universit\u00e9<strong><br \/>Emmanuel RONCO,<\/strong> Avocat au Barreau de Paris, Eversheds Sutherland<strong><br \/>Arnaud SANTIN,<\/strong> CEO SPORTSDYNAMICS<br \/><strong>Jean-Baptiste ALLIOT,<\/strong> Co-Founder &amp; Chief Strategy Officer, <strong>LaSource<\/strong><br \/><span style=\"text-decoration: underline;\"><strong><\/strong><\/span><span style=\"text-decoration: underline;\"><strong><\/strong><\/span><\/p>\n<p>[\/et_pb_text][\/et_pb_column][\/et_pb_row][et_pb_row column_structure=&#8221;1_4,3_4&#8243; _builder_version=&#8221;4.16&#8243; background_color=&#8221;#ffffff&#8221; custom_padding=&#8221;29px|20px|0|20px|false|false&#8221; animation_style=&#8221;fade&#8221; animation_delay=&#8221;100ms&#8221; border_color_top=&#8221;#e1e3e5&#8243; border_width_bottom=&#8221;1px&#8221; border_color_bottom=&#8221;#e1e3e5&#8243; locked=&#8221;off&#8221; global_colors_info=&#8221;{}&#8221;][et_pb_column type=&#8221;1_4&#8243; _builder_version=&#8221;4.16&#8243; custom_padding=&#8221;|||&#8221; global_colors_info=&#8221;{}&#8221; custom_padding__hover=&#8221;|||&#8221;][et_pb_blurb title=&#8221;15h30 &#8211; 16h00&#8243; use_icon=&#8221;on&#8221; font_icon=&#8221;&#xe105;||divi||400&#8243; icon_color=&#8221;#299F53&#8243; icon_placement=&#8221;left&#8221; image_icon_width=&#8221;17px&#8221; _builder_version=&#8221;4.23.1&#8243; header_font=&#8221;Montserrat||||||||&#8221; header_text_color=&#8221;#7c7c7c&#8221; header_font_size=&#8221;16px&#8221; icon_font_size=&#8221;17px&#8221; global_colors_info=&#8221;{}&#8221;][\/et_pb_blurb][\/et_pb_column][et_pb_column type=&#8221;3_4&#8243; _builder_version=&#8221;4.16&#8243; custom_padding=&#8221;|||&#8221; global_colors_info=&#8221;{}&#8221; custom_padding__hover=&#8221;|||&#8221;][et_pb_text _builder_version=&#8221;4.23.1&#8243; text_font=&#8221;||||||||&#8221; text_text_color=&#8221;#7a7a7a&#8221; text_line_height=&#8221;1.8em&#8221; link_font=&#8221;||||||||&#8221; link_text_color=&#8221;#7a7a7a&#8221; header_font=&#8221;||||||||&#8221; header_3_font=&#8221;Montserrat|700|||||||&#8221; header_3_text_color=&#8221;#4dbdc6&#8243; header_3_line_height=&#8221;1.3em&#8221; custom_margin=&#8221;0px||20px|&#8221; global_colors_info=&#8221;{}&#8221; link_text_color__hover_enabled=&#8221;on&#8221; link_text_color__hover=&#8221;#7a7a7a&#8221;]<\/p>\n<h3><span style=\"color: #299f53;\">Pause<\/span><\/h3>\n<p>[\/et_pb_text][\/et_pb_column][\/et_pb_row][et_pb_row column_structure=&#8221;1_5,1_5,3_5&#8243; _builder_version=&#8221;4.16&#8243; background_color=&#8221;#ffffff&#8221; custom_padding=&#8221;29px|20px|12px|20px|false|false&#8221; animation_style=&#8221;fade&#8221; animation_delay=&#8221;100ms&#8221; border_color_top=&#8221;#e1e3e5&#8243; border_width_bottom=&#8221;1px&#8221; border_color_bottom=&#8221;#e1e3e5&#8243; locked=&#8221;off&#8221; global_colors_info=&#8221;{}&#8221;][et_pb_column type=&#8221;1_5&#8243; _builder_version=&#8221;4.16&#8243; custom_padding=&#8221;|||&#8221; global_colors_info=&#8221;{}&#8221; custom_padding__hover=&#8221;|||&#8221;][et_pb_blurb title=&#8221;16h00 &#8211; 17h30&#8243; use_icon=&#8221;on&#8221; font_icon=&#8221;&#x7d;||divi||400&#8243; icon_color=&#8221;#299F53&#8243; icon_placement=&#8221;left&#8221; image_icon_width=&#8221;17px&#8221; _builder_version=&#8221;4.23.1&#8243; header_font=&#8221;Montserrat||||||||&#8221; header_text_color=&#8221;#7c7c7c&#8221; header_font_size=&#8221;16px&#8221; icon_font_size=&#8221;17px&#8221; global_colors_info=&#8221;{}&#8221;][\/et_pb_blurb][\/et_pb_column][et_pb_column type=&#8221;1_5&#8243; _builder_version=&#8221;4.16&#8243; custom_padding=&#8221;|||&#8221; global_colors_info=&#8221;{}&#8221; custom_padding__hover=&#8221;|||&#8221;][et_pb_image src=&#8221;https:\/\/football-legal.com\/conference\/wp-content\/uploads\/2019\/04\/basile_ader_profil.jpg&#8221; title_text=&#8221;basile_ader_profil&#8221; _builder_version=&#8221;4.24.2&#8243; max_width=&#8221;55%&#8221; module_alignment=&#8221;center&#8221; custom_margin=&#8221;|||&#8221; custom_margin_tablet=&#8221;90px|||&#8221; custom_margin_last_edited=&#8221;off|desktop&#8221; animation_style=&#8221;zoom&#8221; border_radii=&#8221;on|100%|100%|100%|100%&#8221; always_center_on_mobile=&#8221;off&#8221; locked=&#8221;off&#8221; global_colors_info=&#8221;{}&#8221;][\/et_pb_image][\/et_pb_column][et_pb_column type=&#8221;3_5&#8243; _builder_version=&#8221;4.16&#8243; custom_padding=&#8221;|||&#8221; global_colors_info=&#8221;{}&#8221; custom_padding__hover=&#8221;|||&#8221;][et_pb_text _builder_version=&#8221;4.25.0&#8243; text_font=&#8221;||||||||&#8221; text_text_color=&#8221;#7a7a7a&#8221; text_line_height=&#8221;1.8em&#8221; link_font=&#8221;||||||||&#8221; link_text_color=&#8221;#7a7a7a&#8221; header_font=&#8221;||||||||&#8221; header_3_font=&#8221;Montserrat|700|||||||&#8221; header_3_text_color=&#8221;#4dbdc6&#8243; header_3_line_height=&#8221;1.3em&#8221; custom_margin=&#8221;||20px|&#8221; global_colors_info=&#8221;{}&#8221; link_text_color__hover_enabled=&#8221;on&#8221; link_text_color__hover=&#8221;#7a7a7a&#8221;]<\/p>\n<h3><span style=\"text-decoration: underline;\"><span style=\"color: #f39200;\"><span style=\"color: #299f53; text-decoration: underline;\">Panel 4 &#8211; L<\/span><span style=\"color: #299f53; text-decoration: underline;\">a libert\u00e9 d&#8217;expression<\/span><\/span><\/span><span style=\"text-decoration: underline; color: #f39200;\"><br \/><\/span><\/h3>\n<p><span style=\"color: #299f53;\"><strong>Mod\u00e9rateur :<\/strong><strong><\/strong><\/span>\u00a0<strong>Basile ADER,<\/strong> Avocat au Barreau de Paris, <strong>August Debouzy<\/strong><\/p>\n<p>[\/et_pb_text][et_pb_text _builder_version=&#8221;4.25.0&#8243; text_font=&#8221;||||||||&#8221; text_text_color=&#8221;#7a7a7a&#8221; text_line_height=&#8221;1.8em&#8221; link_font=&#8221;||||||||&#8221; link_text_color=&#8221;#7a7a7a&#8221; header_font=&#8221;||||||||&#8221; header_3_font=&#8221;Montserrat|700|||||||&#8221; header_3_text_color=&#8221;#4dbdc6&#8243; header_3_line_height=&#8221;1.3em&#8221; custom_margin=&#8221;||20px|&#8221; custom_padding=&#8221;||||false|false&#8221; locked=&#8221;off&#8221; global_colors_info=&#8221;{}&#8221; link_text_color__hover_enabled=&#8221;on&#8221; link_text_color__hover=&#8221;#7a7a7a&#8221;]<\/p>\n<p><span style=\"color: #f39200;\"><strong><span style=\"color: #299f53;\">Intervenants :<\/span><br \/><\/strong><\/span><strong>David JACOTOT, <\/strong>Professeur de droit priv\u00e9, Universit\u00e9 de Bourgogne<strong><br \/>Constance POPINEAU,<\/strong> Directrice juridique du\u00a0CNOSF<strong><br \/>Badou SAMBAGUE,<\/strong> Avocat au Barreau de Paris, <strong>BS Law<\/strong><br \/><strong>Lilian THURAM,<\/strong> Ancien international de football<br \/><strong>Jean-Fran\u00e7ois VILOTTE,<\/strong> Directeur g\u00e9n\u00e9ral de la FFF<span style=\"text-decoration: underline;\"><strong><\/strong><\/span><span style=\"text-decoration: underline;\"><strong><\/strong><\/span><\/p>\n<p>[\/et_pb_text][\/et_pb_column][\/et_pb_row][et_pb_row column_structure=&#8221;1_4,3_4&#8243; _builder_version=&#8221;4.17.3&#8243; background_color=&#8221;#ffffff&#8221; custom_padding=&#8221;29px|20px|0|20px|false|false&#8221; animation_style=&#8221;fade&#8221; animation_delay=&#8221;100ms&#8221; border_color_top=&#8221;#e1e3e5&#8243; border_color_bottom=&#8221;#e1e3e5&#8243; locked=&#8221;off&#8221; global_colors_info=&#8221;{}&#8221;][et_pb_column type=&#8221;1_4&#8243; _builder_version=&#8221;4.16&#8243; custom_padding=&#8221;|||&#8221; global_colors_info=&#8221;{}&#8221; custom_padding__hover=&#8221;|||&#8221;][\/et_pb_column][et_pb_column type=&#8221;3_4&#8243; _builder_version=&#8221;4.16&#8243; custom_padding=&#8221;|||&#8221; global_colors_info=&#8221;{}&#8221; custom_padding__hover=&#8221;|||&#8221;][et_pb_text _builder_version=&#8221;4.24.2&#8243; text_font=&#8221;||||||||&#8221; text_text_color=&#8221;#7a7a7a&#8221; text_line_height=&#8221;1.8em&#8221; link_font=&#8221;||||||||&#8221; link_text_color=&#8221;#7a7a7a&#8221; header_font=&#8221;||||||||&#8221; header_3_font=&#8221;Montserrat|700|||||||&#8221; header_3_text_color=&#8221;#4dbdc6&#8243; header_3_line_height=&#8221;1.3em&#8221; custom_margin=&#8221;0px||20px|&#8221; custom_padding=&#8221;2px|||||&#8221; global_colors_info=&#8221;{}&#8221; link_text_color__hover_enabled=&#8221;on&#8221; link_text_color__hover=&#8221;#7a7a7a&#8221;]<\/p>\n<h3><span style=\"color: #f39200;\"><span style=\"color: #666666;\">Ou atelier pratique 3 :<\/span><br \/><\/span><\/h3>\n<p>[\/et_pb_text][\/et_pb_column][\/et_pb_row][et_pb_row column_structure=&#8221;1_5,1_5,3_5&#8243; _builder_version=&#8221;4.16&#8243; background_color=&#8221;#ffffff&#8221; custom_padding=&#8221;29px|20px|12px|20px|false|false&#8221; animation_style=&#8221;fade&#8221; animation_delay=&#8221;100ms&#8221; border_color_top=&#8221;#e1e3e5&#8243; border_width_bottom=&#8221;1px&#8221; border_color_bottom=&#8221;#e1e3e5&#8243; locked=&#8221;off&#8221; global_colors_info=&#8221;{}&#8221;][et_pb_column type=&#8221;1_5&#8243; _builder_version=&#8221;4.16&#8243; custom_padding=&#8221;|||&#8221; global_colors_info=&#8221;{}&#8221; custom_padding__hover=&#8221;|||&#8221;][et_pb_blurb title=&#8221;16h00 &#8211; 17h30&#8243; use_icon=&#8221;on&#8221; font_icon=&#8221;&#x7d;||divi||400&#8243; icon_color=&#8221;#299F53&#8243; icon_placement=&#8221;left&#8221; image_icon_width=&#8221;17px&#8221; _builder_version=&#8221;4.23.1&#8243; header_font=&#8221;Montserrat||||||||&#8221; header_text_color=&#8221;#7c7c7c&#8221; header_font_size=&#8221;16px&#8221; icon_font_size=&#8221;17px&#8221; global_colors_info=&#8221;{}&#8221;][\/et_pb_blurb][\/et_pb_column][et_pb_column type=&#8221;1_5&#8243; _builder_version=&#8221;4.16&#8243; custom_padding=&#8221;|||&#8221; global_colors_info=&#8221;{}&#8221; custom_padding__hover=&#8221;|||&#8221;][et_pb_image src=&#8221;https:\/\/football-legal.com\/conference\/wp-content\/uploads\/2024\/03\/gregory-ernes-square-nb.jpg&#8221; title_text=&#8221;gregory-ernes-square-nb&#8221; disabled_on=&#8221;off|off|off&#8221; _builder_version=&#8221;4.24.2&#8243; max_width=&#8221;55%&#8221; module_alignment=&#8221;center&#8221; custom_margin=&#8221;|||&#8221; custom_margin_tablet=&#8221;90px|||&#8221; custom_margin_last_edited=&#8221;off|desktop&#8221; animation_style=&#8221;zoom&#8221; border_radii=&#8221;on|100%|100%|100%|100%&#8221; always_center_on_mobile=&#8221;off&#8221; locked=&#8221;off&#8221; global_colors_info=&#8221;{}&#8221;][\/et_pb_image][\/et_pb_column][et_pb_column type=&#8221;3_5&#8243; _builder_version=&#8221;4.16&#8243; custom_padding=&#8221;|||&#8221; global_colors_info=&#8221;{}&#8221; custom_padding__hover=&#8221;|||&#8221;][et_pb_text _builder_version=&#8221;4.25.0&#8243; text_font=&#8221;||||||||&#8221; text_text_color=&#8221;#7a7a7a&#8221; text_line_height=&#8221;1.8em&#8221; link_font=&#8221;||||||||&#8221; link_text_color=&#8221;#7a7a7a&#8221; header_font=&#8221;||||||||&#8221; header_3_font=&#8221;Montserrat|700|||||||&#8221; header_3_text_color=&#8221;#4dbdc6&#8243; header_3_line_height=&#8221;1.3em&#8221; custom_margin=&#8221;||20px|&#8221; global_colors_info=&#8221;{}&#8221; link_text_color__hover_enabled=&#8221;on&#8221; link_text_color__hover=&#8221;#7a7a7a&#8221;]<\/p>\n<h3><span style=\"text-decoration: underline;\"><span style=\"color: #f39200;\"><a href=\"https:\/\/football-legal.com\/conference\/vie-prive\/\"><span style=\"color: #4dbdc6; text-decoration: underline;\"><\/span><\/a><\/span><span style=\"color: #f39200;\"><span style=\"color: #299f53;\"><strong><span style=\"color: #299f53; text-decoration: underline;\">Stabilit\u00e9 contractuelle, transferts et libert\u00e9 de circulation des joueurs de foot<\/span><\/strong><\/span><\/span><\/span><\/h3>\n<p><span style=\"color: #299f53;\"><strong><\/strong><\/span><span style=\"color: #299f53;\"><strong>Mod\u00e9rateur :<\/strong><strong><\/strong><\/span> <span style=\"color: #7a7a7a;\"><strong>Gr\u00e9gory ERNES,<\/strong> Avocat au Barreau de Bruxelles, <strong>ATFIELD<\/strong><\/span><\/p>\n<p>[\/et_pb_text][et_pb_text _builder_version=&#8221;4.25.0&#8243; text_font=&#8221;||||||||&#8221; text_text_color=&#8221;#7a7a7a&#8221; text_line_height=&#8221;1.8em&#8221; link_font=&#8221;||||||||&#8221; link_text_color=&#8221;#7a7a7a&#8221; header_font=&#8221;||||||||&#8221; header_3_font=&#8221;Montserrat|700|||||||&#8221; header_3_text_color=&#8221;#4dbdc6&#8243; header_3_line_height=&#8221;1.3em&#8221; custom_margin=&#8221;||20px|&#8221; custom_padding=&#8221;||||false|false&#8221; locked=&#8221;off&#8221; global_colors_info=&#8221;{}&#8221; link_text_color__hover_enabled=&#8221;on&#8221; link_text_color__hover=&#8221;#7a7a7a&#8221;]<\/p>\n<p><span style=\"color: #f39200;\"><strong><span style=\"color: #299f53;\">Intervenants :<\/span><br \/><\/strong><\/span><strong>Sheena BELMANS,<\/strong> Avocate au Barreau de Bruxelles, <strong>ATFIELD<\/strong><br \/><strong>Jacques BLONDIN,<\/strong> Avocat au Barreau de Madrid, ancien Chef du FIFA TMS et du D\u00e9partement d\u2019application r\u00e9glementaire de la FIFA<br \/><strong>Philippe PIAT,<\/strong> Pr\u00e9sident de l\u2019UNFP<br \/><strong>Fabrice RIZZO,<\/strong> Professeur de droit, Aix-Marseille Universit\u00e9<br \/><span style=\"text-decoration: underline;\"><strong><\/strong><\/span><span style=\"text-decoration: underline;\"><strong><\/strong><\/span><\/p>\n<p>[\/et_pb_text][\/et_pb_column][\/et_pb_row][et_pb_row column_structure=&#8221;1_4,3_4&#8243; _builder_version=&#8221;4.16&#8243; background_color=&#8221;#ffffff&#8221; custom_padding=&#8221;29px|20px|0|20px|false|false&#8221; animation_style=&#8221;fade&#8221; animation_delay=&#8221;100ms&#8221; border_color_top=&#8221;#e1e3e5&#8243; border_width_bottom=&#8221;1px&#8221; border_color_bottom=&#8221;#e1e3e5&#8243; locked=&#8221;off&#8221; global_colors_info=&#8221;{}&#8221;][et_pb_column type=&#8221;1_4&#8243; _builder_version=&#8221;4.16&#8243; custom_padding=&#8221;|||&#8221; global_colors_info=&#8221;{}&#8221; custom_padding__hover=&#8221;|||&#8221;][et_pb_blurb title=&#8221;17h30&#8243; use_icon=&#8221;on&#8221; font_icon=&#8221;&#x7d;||divi||400&#8243; icon_color=&#8221;#299F53&#8243; icon_placement=&#8221;left&#8221; image_icon_width=&#8221;17px&#8221; _builder_version=&#8221;4.23.1&#8243; header_font=&#8221;Montserrat||||||||&#8221; header_text_color=&#8221;#7c7c7c&#8221; header_font_size=&#8221;16px&#8221; icon_font_size=&#8221;17px&#8221; global_colors_info=&#8221;{}&#8221;][\/et_pb_blurb][\/et_pb_column][et_pb_column type=&#8221;3_4&#8243; _builder_version=&#8221;4.16&#8243; custom_padding=&#8221;|||&#8221; global_colors_info=&#8221;{}&#8221; custom_padding__hover=&#8221;|||&#8221;][et_pb_text _builder_version=&#8221;4.25.0&#8243; text_font=&#8221;||||||||&#8221; text_text_color=&#8221;#7a7a7a&#8221; text_line_height=&#8221;1.8em&#8221; link_font=&#8221;||||||||&#8221; link_text_color=&#8221;#7a7a7a&#8221; header_font=&#8221;||||||||&#8221; header_3_font=&#8221;Montserrat|700|||||||&#8221; header_3_text_color=&#8221;#F39200&#8243; header_3_line_height=&#8221;1.3em&#8221; custom_margin=&#8221;-9px||20px||false|false&#8221; global_colors_info=&#8221;{}&#8221; link_text_color__hover_enabled=&#8221;on&#8221; link_text_color__hover=&#8221;#7a7a7a&#8221;]<\/p>\n<h3><span style=\"color: #299f53;\">Cl\u00f4ture de la premi\u00e8re journ\u00e9e<\/span><\/h3>\n<p>[\/et_pb_text][\/et_pb_column][\/et_pb_row][et_pb_row _builder_version=&#8221;4.16&#8243; background_color=&#8221;#ffffff&#8221; custom_padding=&#8221;75px|20px|10px|20px|false|false&#8221; border_color_top=&#8221;#e1e3e5&#8243; border_width_bottom=&#8221;1px&#8221; border_color_bottom=&#8221;#e1e3e5&#8243; global_colors_info=&#8221;{}&#8221;][et_pb_column type=&#8221;4_4&#8243; _builder_version=&#8221;4.16&#8243; custom_padding=&#8221;|||&#8221; global_colors_info=&#8221;{}&#8221; custom_padding__hover=&#8221;|||&#8221;][et_pb_text _builder_version=&#8221;4.25.0&#8243; text_font=&#8221;Montserrat|700|||||||&#8221; text_text_color=&#8221;#282828&#8243; header_font=&#8221;Montserrat|700|||||||&#8221; header_text_color=&#8221;#000000&#8243; header_font_size=&#8221;40px&#8221; header_2_font=&#8221;||||||||&#8221; header_3_font=&#8221;||||||||&#8221; custom_margin=&#8221;25px|||&#8221; animation_style=&#8221;fade&#8221; animation_direction=&#8221;top&#8221; animation_delay=&#8221;100ms&#8221; inline_fonts=&#8221;Montserrat&#8221; global_colors_info=&#8221;{}&#8221;]<\/p>\n<p><span style=\"font-size: x-large;\"><strong><span style=\"font-family: Montserrat;\">Tuesday 18 June<\/span><\/strong><\/span><\/p>\n<p>[\/et_pb_text][\/et_pb_column][\/et_pb_row][et_pb_row column_structure=&#8221;1_4,3_4&#8243; _builder_version=&#8221;4.16&#8243; background_color=&#8221;#ffffff&#8221; custom_padding=&#8221;29px|20px|0|20px|false|false&#8221; animation_style=&#8221;fade&#8221; animation_delay=&#8221;100ms&#8221; border_color_top=&#8221;#e1e3e5&#8243; border_width_bottom=&#8221;1px&#8221; border_color_bottom=&#8221;#e1e3e5&#8243; locked=&#8221;off&#8221; global_colors_info=&#8221;{}&#8221;][et_pb_column type=&#8221;1_4&#8243; _builder_version=&#8221;4.16&#8243; custom_padding=&#8221;|||&#8221; global_colors_info=&#8221;{}&#8221; custom_padding__hover=&#8221;|||&#8221;][et_pb_blurb title=&#8221;9h00 &#8211; 9h30&#8243; use_icon=&#8221;on&#8221; font_icon=&#8221;&#x7d;||divi||400&#8243; icon_color=&#8221;#299F53&#8243; icon_placement=&#8221;left&#8221; image_icon_width=&#8221;17px&#8221; _builder_version=&#8221;4.23.1&#8243; header_font=&#8221;Montserrat||||||||&#8221; header_text_color=&#8221;#7c7c7c&#8221; header_font_size=&#8221;16px&#8221; icon_font_size=&#8221;17px&#8221; global_colors_info=&#8221;{}&#8221;][\/et_pb_blurb][\/et_pb_column][et_pb_column type=&#8221;3_4&#8243; _builder_version=&#8221;4.16&#8243; custom_padding=&#8221;|||&#8221; global_colors_info=&#8221;{}&#8221; custom_padding__hover=&#8221;|||&#8221;][et_pb_text _builder_version=&#8221;4.25.0&#8243; text_font=&#8221;||||||||&#8221; text_text_color=&#8221;#7a7a7a&#8221; text_line_height=&#8221;1.8em&#8221; link_font=&#8221;||||||||&#8221; link_text_color=&#8221;#7a7a7a&#8221; header_font=&#8221;||||||||&#8221; header_3_font=&#8221;Montserrat|700|||||||&#8221; header_3_text_color=&#8221;#F39200&#8243; header_3_line_height=&#8221;1.3em&#8221; custom_margin=&#8221;-9px||20px||false|false&#8221; global_colors_info=&#8221;{}&#8221; link_text_color__hover_enabled=&#8221;on&#8221; link_text_color__hover=&#8221;#7a7a7a&#8221;]<\/p>\n<h3><span style=\"color: #299f53;\">Accueil caf\u00e9 des participants<\/span><\/h3>\n<p>[\/et_pb_text][\/et_pb_column][\/et_pb_row][et_pb_row column_structure=&#8221;1_5,1_5,3_5&#8243; _builder_version=&#8221;4.16&#8243; background_color=&#8221;#ffffff&#8221; custom_padding=&#8221;29px|20px|12px|20px|false|false&#8221; animation_style=&#8221;fade&#8221; animation_delay=&#8221;100ms&#8221; border_color_top=&#8221;#e1e3e5&#8243; border_width_bottom=&#8221;1px&#8221; border_color_bottom=&#8221;#e1e3e5&#8243; locked=&#8221;off&#8221; global_colors_info=&#8221;{}&#8221;][et_pb_column type=&#8221;1_5&#8243; _builder_version=&#8221;4.16&#8243; custom_padding=&#8221;|||&#8221; global_colors_info=&#8221;{}&#8221; custom_padding__hover=&#8221;|||&#8221;][et_pb_blurb title=&#8221;9h30 &#8211; 10h45&#8243; use_icon=&#8221;on&#8221; font_icon=&#8221;&#x7d;||divi||400&#8243; icon_color=&#8221;#299F53&#8243; icon_placement=&#8221;left&#8221; image_icon_width=&#8221;17px&#8221; _builder_version=&#8221;4.23.1&#8243; header_font=&#8221;Montserrat||||||||&#8221; header_text_color=&#8221;#7c7c7c&#8221; header_font_size=&#8221;16px&#8221; icon_font_size=&#8221;17px&#8221; global_colors_info=&#8221;{}&#8221;][\/et_pb_blurb][\/et_pb_column][et_pb_column type=&#8221;1_5&#8243; _builder_version=&#8221;4.16&#8243; custom_padding=&#8221;|||&#8221; global_colors_info=&#8221;{}&#8221; custom_padding__hover=&#8221;|||&#8221;][et_pb_image src=&#8221;https:\/\/football-legal.com\/conference\/wp-content\/uploads\/2024\/04\/Thibault-LACHACINSKI-nb-square.jpg&#8221; title_text=&#8221;Thibault-LACHACINSKI-nb-square&#8221; disabled_on=&#8221;off|off|off&#8221; _builder_version=&#8221;4.24.3&#8243; max_width=&#8221;55%&#8221; module_alignment=&#8221;center&#8221; custom_margin=&#8221;|||&#8221; custom_margin_tablet=&#8221;90px|||&#8221; custom_margin_last_edited=&#8221;off|desktop&#8221; animation_style=&#8221;zoom&#8221; border_radii=&#8221;on|100%|100%|100%|100%&#8221; always_center_on_mobile=&#8221;off&#8221; locked=&#8221;off&#8221; global_colors_info=&#8221;{}&#8221;][\/et_pb_image][\/et_pb_column][et_pb_column type=&#8221;3_5&#8243; _builder_version=&#8221;4.16&#8243; custom_padding=&#8221;|||&#8221; global_colors_info=&#8221;{}&#8221; custom_padding__hover=&#8221;|||&#8221;][et_pb_text disabled_on=&#8221;off|off|off&#8221; _builder_version=&#8221;4.25.0&#8243; text_font=&#8221;||||||||&#8221; text_text_color=&#8221;#7a7a7a&#8221; text_line_height=&#8221;1.8em&#8221; link_font=&#8221;||||||||&#8221; link_text_color=&#8221;#7a7a7a&#8221; header_font=&#8221;||||||||&#8221; header_3_font=&#8221;Montserrat|700|||||||&#8221; header_3_text_color=&#8221;#4dbdc6&#8243; header_3_line_height=&#8221;1.3em&#8221; custom_margin=&#8221;||20px|&#8221; locked=&#8221;off&#8221; global_colors_info=&#8221;{}&#8221; link_text_color__hover_enabled=&#8221;on&#8221; link_text_color__hover=&#8221;#7a7a7a&#8221;]<\/p>\n<h3><span style=\"text-decoration: underline;\"><span style=\"color: #299f53; text-decoration: underline;\">Panel 5 &#8211; Le sportif, son image et ses droits<\/span><\/span><span style=\"text-decoration: underline; color: #f39200;\"><\/span><\/h3>\n<p><span style=\"color: #299f53;\"><strong>Mod\u00e9rateur :<\/strong><strong><\/strong><\/span>\u00a0<strong>Thibault LACHACINSKI,<\/strong> Avocat au Barreau de Paris, <strong>NFALAW<\/strong><\/p>\n<p>[\/et_pb_text][et_pb_text disabled_on=&#8221;off|off|off&#8221; _builder_version=&#8221;4.25.0&#8243; text_font=&#8221;||||||||&#8221; text_text_color=&#8221;#7a7a7a&#8221; text_line_height=&#8221;1.8em&#8221; link_font=&#8221;||||||||&#8221; link_text_color=&#8221;#7a7a7a&#8221; header_font=&#8221;||||||||&#8221; header_3_font=&#8221;Montserrat|700|||||||&#8221; header_3_text_color=&#8221;#4dbdc6&#8243; header_3_line_height=&#8221;1.3em&#8221; custom_margin=&#8221;||20px|&#8221; custom_padding=&#8221;||||false|false&#8221; locked=&#8221;off&#8221; global_colors_info=&#8221;{}&#8221; link_text_color__hover_enabled=&#8221;on&#8221; link_text_color__hover=&#8221;#7a7a7a&#8221;]<\/p>\n<p><span style=\"color: #f39200;\"><strong><span style=\"color: #299f53;\">Intervenants :<\/span><br \/><\/strong><\/span><strong>Caroline ANGELINI,<\/strong> Conseill\u00e8re M\u00e9dias et Image, <strong>Caroline A Consulting<\/strong><br \/><strong>Patricia MOYERSOEN,<\/strong> Avocate au Barreau de Paris, <strong>Moyersoen Avocats<\/strong><br \/><strong>Constance POPINEAU,<\/strong> Directrice juridique du CNOSF<br \/><strong>Delphine VERHEYDEN,<\/strong> Avocate au Barreau de Paris, <strong>Verheyden Avocats<\/strong><span style=\"text-decoration: underline;\"><strong><\/strong><\/span><span style=\"text-decoration: underline;\"><strong><\/strong><\/span><\/p>\n<p>[\/et_pb_text][\/et_pb_column][\/et_pb_row][et_pb_row column_structure=&#8221;1_4,3_4&#8243; _builder_version=&#8221;4.17.3&#8243; background_color=&#8221;#ffffff&#8221; custom_padding=&#8221;29px|20px|0|20px|false|false&#8221; animation_style=&#8221;fade&#8221; animation_delay=&#8221;100ms&#8221; border_color_top=&#8221;#e1e3e5&#8243; border_color_bottom=&#8221;#e1e3e5&#8243; locked=&#8221;off&#8221; global_colors_info=&#8221;{}&#8221;][et_pb_column type=&#8221;1_4&#8243; _builder_version=&#8221;4.16&#8243; custom_padding=&#8221;|||&#8221; global_colors_info=&#8221;{}&#8221; custom_padding__hover=&#8221;|||&#8221;][\/et_pb_column][et_pb_column type=&#8221;3_4&#8243; _builder_version=&#8221;4.16&#8243; custom_padding=&#8221;|||&#8221; global_colors_info=&#8221;{}&#8221; custom_padding__hover=&#8221;|||&#8221;][et_pb_text _builder_version=&#8221;4.24.2&#8243; text_font=&#8221;||||||||&#8221; text_text_color=&#8221;#7a7a7a&#8221; text_line_height=&#8221;1.8em&#8221; link_font=&#8221;||||||||&#8221; link_text_color=&#8221;#7a7a7a&#8221; header_font=&#8221;||||||||&#8221; header_3_font=&#8221;Montserrat|700|||||||&#8221; header_3_text_color=&#8221;#4dbdc6&#8243; header_3_line_height=&#8221;1.3em&#8221; custom_margin=&#8221;0px||20px|&#8221; custom_padding=&#8221;2px|||||&#8221; global_colors_info=&#8221;{}&#8221; link_text_color__hover_enabled=&#8221;on&#8221; link_text_color__hover=&#8221;#7a7a7a&#8221;]<\/p>\n<h3><span style=\"color: #f39200;\"><span style=\"color: #666666;\">Ou atelier pratique 4 :<\/span><br \/><\/span><\/h3>\n<p>[\/et_pb_text][\/et_pb_column][\/et_pb_row][et_pb_row column_structure=&#8221;1_5,1_5,3_5&#8243; _builder_version=&#8221;4.16&#8243; background_color=&#8221;#ffffff&#8221; custom_padding=&#8221;29px|20px|12px|20px|false|false&#8221; animation_style=&#8221;fade&#8221; animation_delay=&#8221;100ms&#8221; border_color_top=&#8221;#e1e3e5&#8243; border_width_bottom=&#8221;1px&#8221; border_color_bottom=&#8221;#e1e3e5&#8243; locked=&#8221;off&#8221; global_colors_info=&#8221;{}&#8221;][et_pb_column type=&#8221;1_5&#8243; _builder_version=&#8221;4.16&#8243; custom_padding=&#8221;|||&#8221; global_colors_info=&#8221;{}&#8221; custom_padding__hover=&#8221;|||&#8221;][et_pb_blurb title=&#8221;9h30 &#8211; 10h45&#8243; use_icon=&#8221;on&#8221; font_icon=&#8221;&#x7d;||divi||400&#8243; icon_color=&#8221;#299F53&#8243; icon_placement=&#8221;left&#8221; image_icon_width=&#8221;17px&#8221; _builder_version=&#8221;4.23.1&#8243; header_font=&#8221;Montserrat||||||||&#8221; header_text_color=&#8221;#7c7c7c&#8221; header_font_size=&#8221;16px&#8221; icon_font_size=&#8221;17px&#8221; global_colors_info=&#8221;{}&#8221;][\/et_pb_blurb][\/et_pb_column][et_pb_column type=&#8221;1_5&#8243; _builder_version=&#8221;4.16&#8243; custom_padding=&#8221;|||&#8221; global_colors_info=&#8221;{}&#8221; custom_padding__hover=&#8221;|||&#8221;][et_pb_image src=&#8221;https:\/\/football-legal.com\/conference\/wp-content\/uploads\/2024\/04\/Thibaut-DAGORNE-nb-square.jpg&#8221; title_text=&#8221;Thibaut-DAGORNE-nb-square&#8221; disabled_on=&#8221;off|off|off&#8221; _builder_version=&#8221;4.24.3&#8243; max_width=&#8221;55%&#8221; module_alignment=&#8221;center&#8221; custom_margin=&#8221;|||&#8221; custom_margin_tablet=&#8221;90px|||&#8221; custom_margin_last_edited=&#8221;off|desktop&#8221; animation_style=&#8221;zoom&#8221; border_radii=&#8221;on|100%|100%|100%|100%&#8221; always_center_on_mobile=&#8221;off&#8221; locked=&#8221;off&#8221; global_colors_info=&#8221;{}&#8221;][\/et_pb_image][\/et_pb_column][et_pb_column type=&#8221;3_5&#8243; _builder_version=&#8221;4.16&#8243; custom_padding=&#8221;|||&#8221; global_colors_info=&#8221;{}&#8221; custom_padding__hover=&#8221;|||&#8221;][et_pb_text disabled_on=&#8221;off|off|off&#8221; _builder_version=&#8221;4.25.0&#8243; text_font=&#8221;||||||||&#8221; text_text_color=&#8221;#7a7a7a&#8221; text_line_height=&#8221;1.8em&#8221; link_font=&#8221;||||||||&#8221; link_text_color=&#8221;#7a7a7a&#8221; header_font=&#8221;||||||||&#8221; header_3_font=&#8221;Montserrat|700|||||||&#8221; header_3_text_color=&#8221;#4dbdc6&#8243; header_3_line_height=&#8221;1.3em&#8221; custom_margin=&#8221;||20px|&#8221; global_colors_info=&#8221;{}&#8221; link_text_color__hover_enabled=&#8221;on&#8221; link_text_color__hover=&#8221;#7a7a7a&#8221;]<\/p>\n<h3><span style=\"text-decoration: underline;\"><span style=\"color: #f39200;\"><span style=\"color: #299f53;\"><strong><span style=\"color: #299f53; text-decoration: underline;\">Protection des pratiquants et des acteurs : Pr\u00e9venir les situations \u00e0 risques pour garantir et sauvegarder l&#8217;honorabilit\u00e9 des entra\u00eeneurs<\/span><\/strong><\/span><\/span><\/span><span style=\"color: #f39200;\"><span style=\"color: #299f53;\"><span style=\"color: #299f53;\"><\/span><\/span><\/span><\/h3>\n<p><span style=\"color: #299f53;\"><strong>Mod\u00e9rateur :<\/strong><strong><\/strong><\/span> <span style=\"color: #7a7a7a;\"><strong>Thibaut DAGORNE,<\/strong> D\u00e9l\u00e9gu\u00e9 g\u00e9n\u00e9ral de Master7, membre de la FEP<\/span><\/p>\n<p>[\/et_pb_text][et_pb_text disabled_on=&#8221;off|off|off&#8221; _builder_version=&#8221;4.25.0&#8243; text_font=&#8221;||||||||&#8221; text_text_color=&#8221;#7a7a7a&#8221; text_line_height=&#8221;1.8em&#8221; link_font=&#8221;||||||||&#8221; link_text_color=&#8221;#7a7a7a&#8221; header_font=&#8221;||||||||&#8221; header_3_font=&#8221;Montserrat|700|||||||&#8221; header_3_text_color=&#8221;#4dbdc6&#8243; header_3_line_height=&#8221;1.3em&#8221; custom_margin=&#8221;||20px|&#8221; custom_padding=&#8221;||||false|false&#8221; locked=&#8221;off&#8221; global_colors_info=&#8221;{}&#8221; link_text_color__hover_enabled=&#8221;on&#8221; link_text_color__hover=&#8221;#7a7a7a&#8221;]<\/p>\n<p><span style=\"color: #f39200;\"><strong><span style=\"color: #299f53;\">Intervenants :<br \/><\/span><\/strong><\/span><strong>Fabienne\u00a0BOURDAIS,<\/strong> Directrice des Sports, Minist\u00e8re des Sports des Jeux Olympiques et Paralympiques<br \/><strong>Samuel CHEVRET,<\/strong> Avocat au Barreau de Paris, Derby Avocats<br \/><strong>Benjamin PEYRELEVADE,<\/strong> Avocat au Barreau de Paris, DENOVO<br \/><strong>St\u00e9phanie PIOGER,<\/strong> Vice-pr\u00e9sidente de la F\u00e9d\u00e9ration fran\u00e7aise de Basket-ball (FFBB), Avocate<span style=\"text-decoration: underline;\"><strong><\/strong><\/span><span style=\"text-decoration: underline;\"><strong><\/strong><\/span><\/p>\n<p>[\/et_pb_text][\/et_pb_column][\/et_pb_row][et_pb_row column_structure=&#8221;1_4,3_4&#8243; _builder_version=&#8221;4.16&#8243; background_color=&#8221;#ffffff&#8221; custom_padding=&#8221;29px|20px|0|20px|false|false&#8221; animation_style=&#8221;fade&#8221; animation_delay=&#8221;100ms&#8221; border_color_top=&#8221;#e1e3e5&#8243; border_width_bottom=&#8221;1px&#8221; border_color_bottom=&#8221;#e1e3e5&#8243; locked=&#8221;off&#8221; global_colors_info=&#8221;{}&#8221;][et_pb_column type=&#8221;1_4&#8243; _builder_version=&#8221;4.16&#8243; custom_padding=&#8221;|||&#8221; global_colors_info=&#8221;{}&#8221; custom_padding__hover=&#8221;|||&#8221;][et_pb_blurb title=&#8221;10h45 &#8211; 11h00&#8243; use_icon=&#8221;on&#8221; font_icon=&#8221;&#xe105;||divi||400&#8243; icon_color=&#8221;#299F53&#8243; icon_placement=&#8221;left&#8221; image_icon_width=&#8221;17px&#8221; _builder_version=&#8221;4.23.1&#8243; header_font=&#8221;Montserrat||||||||&#8221; header_text_color=&#8221;#7c7c7c&#8221; header_font_size=&#8221;16px&#8221; icon_font_size=&#8221;17px&#8221; global_colors_info=&#8221;{}&#8221;][\/et_pb_blurb][\/et_pb_column][et_pb_column type=&#8221;3_4&#8243; _builder_version=&#8221;4.16&#8243; custom_padding=&#8221;|||&#8221; global_colors_info=&#8221;{}&#8221; custom_padding__hover=&#8221;|||&#8221;][et_pb_text _builder_version=&#8221;4.23.1&#8243; text_font=&#8221;||||||||&#8221; text_text_color=&#8221;#7a7a7a&#8221; text_line_height=&#8221;1.8em&#8221; link_font=&#8221;||||||||&#8221; link_text_color=&#8221;#7a7a7a&#8221; header_font=&#8221;||||||||&#8221; header_3_font=&#8221;Montserrat|700|||||||&#8221; header_3_text_color=&#8221;#4dbdc6&#8243; header_3_line_height=&#8221;1.3em&#8221; custom_margin=&#8221;0px||20px|&#8221; global_colors_info=&#8221;{}&#8221; link_text_color__hover_enabled=&#8221;on&#8221; link_text_color__hover=&#8221;#7a7a7a&#8221;]<\/p>\n<h3><span style=\"color: #299f53;\">Pause<\/span><\/h3>\n<p>[\/et_pb_text][\/et_pb_column][\/et_pb_row][et_pb_row column_structure=&#8221;1_5,1_5,3_5&#8243; disabled_on=&#8221;off|off|off&#8221; _builder_version=&#8221;4.24.2&#8243; background_color=&#8221;#ffffff&#8221; custom_padding=&#8221;29px|20px|12px|20px|false|false&#8221; animation_style=&#8221;fade&#8221; animation_delay=&#8221;100ms&#8221; border_color_top=&#8221;#e1e3e5&#8243; border_width_bottom=&#8221;1px&#8221; border_color_bottom=&#8221;#e1e3e5&#8243; locked=&#8221;off&#8221; global_colors_info=&#8221;{}&#8221;][et_pb_column type=&#8221;1_5&#8243; _builder_version=&#8221;4.16&#8243; custom_padding=&#8221;|||&#8221; global_colors_info=&#8221;{}&#8221; custom_padding__hover=&#8221;|||&#8221;][et_pb_blurb title=&#8221;11h15 &#8211; 12h15&#8243; use_icon=&#8221;on&#8221; font_icon=&#8221;&#x7d;||divi||400&#8243; icon_color=&#8221;#299F53&#8243; icon_placement=&#8221;left&#8221; image_icon_width=&#8221;17px&#8221; _builder_version=&#8221;4.24.2&#8243; header_font=&#8221;Montserrat||||||||&#8221; header_text_color=&#8221;#7c7c7c&#8221; header_font_size=&#8221;16px&#8221; icon_font_size=&#8221;17px&#8221; global_colors_info=&#8221;{}&#8221;][\/et_pb_blurb][\/et_pb_column][et_pb_column type=&#8221;1_5&#8243; _builder_version=&#8221;4.16&#8243; custom_padding=&#8221;|||&#8221; global_colors_info=&#8221;{}&#8221; custom_padding__hover=&#8221;|||&#8221;][et_pb_image src=&#8221;https:\/\/football-legal.com\/conference\/wp-content\/uploads\/2024\/04\/Frederic-BIBAL-nb-square.jpg&#8221; title_text=&#8221;Frederic-BIBAL-nb-square&#8221; _builder_version=&#8221;4.24.2&#8243; max_width=&#8221;55%&#8221; module_alignment=&#8221;center&#8221; custom_margin=&#8221;|||&#8221; custom_margin_tablet=&#8221;90px|||&#8221; custom_margin_last_edited=&#8221;off|desktop&#8221; animation_style=&#8221;zoom&#8221; border_radii=&#8221;on|100%|100%|100%|100%&#8221; always_center_on_mobile=&#8221;off&#8221; locked=&#8221;off&#8221; global_colors_info=&#8221;{}&#8221;][\/et_pb_image][\/et_pb_column][et_pb_column type=&#8221;3_5&#8243; _builder_version=&#8221;4.16&#8243; custom_padding=&#8221;|||&#8221; global_colors_info=&#8221;{}&#8221; custom_padding__hover=&#8221;|||&#8221;][et_pb_text _builder_version=&#8221;4.25.0&#8243; text_font=&#8221;||||||||&#8221; text_text_color=&#8221;#7a7a7a&#8221; text_line_height=&#8221;1.8em&#8221; link_font=&#8221;||||||||&#8221; link_text_color=&#8221;#7a7a7a&#8221; header_font=&#8221;||||||||&#8221; header_3_font=&#8221;Montserrat|700|||||||&#8221; header_3_text_color=&#8221;#4dbdc6&#8243; header_3_line_height=&#8221;1.3em&#8221; custom_margin=&#8221;||20px|&#8221; global_colors_info=&#8221;{}&#8221; link_text_color__hover_enabled=&#8221;on&#8221; link_text_color__hover=&#8221;#7a7a7a&#8221;]<\/p>\n<h3><span style=\"text-decoration: underline;\"><span style=\"color: #f39200;\"><span style=\"color: #299f53; text-decoration: underline;\">Panel 6 &#8211; L<\/span><span style=\"color: #299f53; text-decoration: underline;\">a d\u00e9claration des droits des athl\u00e8tes<\/span><\/span><\/span><span style=\"text-decoration: underline; color: #f39200;\"><br \/><\/span><\/h3>\n<p><span style=\"color: #299f53;\"><strong>Mod\u00e9rateur :<\/strong><strong><\/strong><\/span>\u00a0<strong>Fr\u00e9d\u00e9ric BIBAL,<\/strong> Avocat au Barreau de Paris<\/p>\n<p>[\/et_pb_text][et_pb_text _builder_version=&#8221;4.25.0&#8243; text_font=&#8221;||||||||&#8221; text_text_color=&#8221;#7a7a7a&#8221; text_line_height=&#8221;1.8em&#8221; link_font=&#8221;||||||||&#8221; link_text_color=&#8221;#7a7a7a&#8221; header_font=&#8221;||||||||&#8221; header_3_font=&#8221;Montserrat|700|||||||&#8221; header_3_text_color=&#8221;#4dbdc6&#8243; header_3_line_height=&#8221;1.3em&#8221; custom_margin=&#8221;||20px|&#8221; custom_padding=&#8221;||||false|false&#8221; locked=&#8221;off&#8221; global_colors_info=&#8221;{}&#8221; link_text_color__hover_enabled=&#8221;on&#8221; link_text_color__hover=&#8221;#7a7a7a&#8221;]<\/p>\n<p><span style=\"color: #f39200;\"><strong><span style=\"color: #299f53;\">Intervenants :<\/span><br \/><\/strong><\/span><strong>Thierry ABALLEA,<\/strong> <span style=\"color: #7a7a7a;\">Avocat au Barreau de Paris, \u00c9lu Conseil National des Barreaux, Ancien sportif de haut niveau<\/span><strong><span style=\"color: #000000;\"><\/span><\/strong><br \/><strong>Xavier DUPR\u00c9 DE BOULOIS,<\/strong> Professeur de droit public \u00e0 l&#8217;Universit\u00e9 Paris 1 <span>Panth\u00e9on-Sorbonne<\/span><br \/><strong>Alexandra FUSAI,<\/strong> Responsable suivi socioprofessionnel, Joueuses et joueurs Parcours Haut Niveau, F\u00e9d\u00e9ration fran\u00e7aise de tennis (FFT)<br \/><strong>Sophie KWASNY,<\/strong> Cheffe de la Division Sport et Secr\u00e9taire ex\u00e9cutive de l&#8217;APES, Conseil de l&#8217;Europe<br \/><strong>Philippe PIAT,<\/strong> Pr\u00e9sident de l&#8217;UNFP<br \/><span style=\"text-decoration: underline;\"><strong><\/strong><\/span><span style=\"text-decoration: underline;\"><strong><\/strong><\/span><\/p>\n<p>[\/et_pb_text][\/et_pb_column][\/et_pb_row][et_pb_row column_structure=&#8221;1_4,3_4&#8243; _builder_version=&#8221;4.24.0&#8243; background_color=&#8221;#ffffff&#8221; custom_padding=&#8221;29px|20px|0|20px|false|false&#8221; animation_style=&#8221;fade&#8221; animation_delay=&#8221;100ms&#8221; border_color_top=&#8221;#e1e3e5&#8243; border_color_bottom=&#8221;#e1e3e5&#8243; locked=&#8221;off&#8221; global_colors_info=&#8221;{}&#8221;][et_pb_column type=&#8221;1_4&#8243; _builder_version=&#8221;4.16&#8243; custom_padding=&#8221;|||&#8221; global_colors_info=&#8221;{}&#8221; custom_padding__hover=&#8221;|||&#8221;][et_pb_blurb title=&#8221;12h15 &#8211; 13h00&#8243; use_icon=&#8221;on&#8221; font_icon=&#8221;&#x7d;||divi||400&#8243; icon_color=&#8221;#299F53&#8243; icon_placement=&#8221;left&#8221; image_icon_width=&#8221;17px&#8221; _builder_version=&#8221;4.23.1&#8243; header_font=&#8221;Montserrat||||||||&#8221; header_text_color=&#8221;#7c7c7c&#8221; header_font_size=&#8221;16px&#8221; icon_font_size=&#8221;17px&#8221; global_colors_info=&#8221;{}&#8221;][\/et_pb_blurb][\/et_pb_column][et_pb_column type=&#8221;3_4&#8243; _builder_version=&#8221;4.16&#8243; custom_padding=&#8221;|||&#8221; global_colors_info=&#8221;{}&#8221; custom_padding__hover=&#8221;|||&#8221;][et_pb_text _builder_version=&#8221;4.25.0&#8243; text_font=&#8221;||||||||&#8221; text_text_color=&#8221;#7a7a7a&#8221; text_line_height=&#8221;1.8em&#8221; link_font=&#8221;||||||||&#8221; link_text_color=&#8221;#7a7a7a&#8221; header_font=&#8221;||||||||&#8221; header_3_font=&#8221;Montserrat|700|||||||&#8221; header_3_text_color=&#8221;#F39200&#8243; header_3_line_height=&#8221;1.3em&#8221; custom_margin=&#8221;-9px||20px||false|false&#8221; global_colors_info=&#8221;{}&#8221; link_text_color__hover_enabled=&#8221;on&#8221; link_text_color__hover=&#8221;#7a7a7a&#8221;]<\/p>\n<h3><span style=\"color: #299f53;\">Rapport de synth\u00e8se<\/span><\/h3>\n<p>[\/et_pb_text][\/et_pb_column][\/et_pb_row][et_pb_row column_structure=&#8221;1_5,1_5,3_5&#8243; _builder_version=&#8221;4.24.0&#8243; background_color=&#8221;#ffffff&#8221; custom_padding=&#8221;15px|20px|12px|20px|false|false&#8221; animation_style=&#8221;fade&#8221; animation_delay=&#8221;100ms&#8221; pac_drh_column_numbers_tablet=&#8221;pac_drh_tab_col_two&#8221; border_color_top=&#8221;#e1e3e5&#8243; border_width_bottom=&#8221;1px&#8221; border_color_bottom=&#8221;#e1e3e5&#8243; locked=&#8221;off&#8221; global_colors_info=&#8221;{}&#8221;][et_pb_column type=&#8221;1_5&#8243; _builder_version=&#8221;4.16&#8243; custom_padding=&#8221;|||&#8221; global_colors_info=&#8221;{}&#8221; custom_padding__hover=&#8221;|||&#8221;][\/et_pb_column][et_pb_column type=&#8221;1_5&#8243; _builder_version=&#8221;4.16&#8243; custom_padding=&#8221;|||&#8221; global_colors_info=&#8221;{}&#8221; custom_padding__hover=&#8221;|||&#8221;][et_pb_image src=&#8221;https:\/\/football-legal.com\/conference\/wp-content\/uploads\/2024\/02\/Frederic-KRENC-nb-square.jpg&#8221; title_text=&#8221;Fre\u0301de\u0301ric-KRENC-nb-square&#8221; _builder_version=&#8221;4.24.0&#8243; max_width=&#8221;55%&#8221; module_alignment=&#8221;center&#8221; custom_margin=&#8221;|||&#8221; custom_margin_tablet=&#8221;90px|||&#8221; custom_margin_last_edited=&#8221;off|desktop&#8221; animation_style=&#8221;zoom&#8221; border_radii=&#8221;on|100%|100%|100%|100%&#8221; always_center_on_mobile=&#8221;off&#8221; locked=&#8221;off&#8221; global_colors_info=&#8221;{}&#8221;][\/et_pb_image][\/et_pb_column][et_pb_column type=&#8221;3_5&#8243; _builder_version=&#8221;4.16&#8243; custom_padding=&#8221;|||&#8221; global_colors_info=&#8221;{}&#8221; custom_padding__hover=&#8221;|||&#8221;][et_pb_text content_tablet=&#8221;<\/p>\n<p><span style=%22color: #000000;%22><strong><\/strong><\/span><span style=%22color: #000000;%22><strong>G\u00e9rald SIMON<br \/><\/strong><\/span>Professeur de droit public \u00e0 l&#8217;Universit\u00e9 de Bourgogne, Arbitre au Tribunal arbitral du sport (TAS)<\/p>\n<p><strong> <\/strong><\/p>\n<p>&#8221; content_last_edited=&#8221;off|desktop&#8221; module_id=&#8221;centrer-verticalement&#8221; _builder_version=&#8221;4.24.0&#8243; text_font=&#8221;||||||||&#8221; text_text_color=&#8221;#7a7a7a&#8221; text_line_height=&#8221;1.8em&#8221; link_font=&#8221;||||||||&#8221; link_text_color=&#8221;#7a7a7a&#8221; header_font=&#8221;||||||||&#8221; header_3_font=&#8221;Montserrat|700|||||||&#8221; header_3_text_color=&#8221;#4dbdc6&#8243; header_3_line_height=&#8221;1.3em&#8221; custom_margin=&#8221;||||false|false&#8221; custom_padding=&#8221;10px||||false|false&#8221; custom_padding_tablet=&#8221;10px||||false|false&#8221; custom_padding_phone=&#8221;10px||||false|false&#8221; custom_padding_last_edited=&#8221;on|desktop&#8221; global_colors_info=&#8221;{}&#8221; link_text_color__hover_enabled=&#8221;on&#8221; link_text_color__hover=&#8221;#7a7a7a&#8221;]<\/p>\n<p><strong><span style=\"color: #000000;\">Fr\u00e9d\u00e9ric KRENC<\/span><br \/><\/strong>Juge \u00e0 la Cour europ\u00e9enne des droits de l\u2019Homme (CEDH)<\/p>\n<p><strong>\u00a0<\/strong><\/p>\n<p>[\/et_pb_text][\/et_pb_column][\/et_pb_row][et_pb_row column_structure=&#8221;1_4,3_4&#8243; _builder_version=&#8221;4.16&#8243; background_color=&#8221;#ffffff&#8221; custom_padding=&#8221;29px|20px|0|20px|false|false&#8221; animation_style=&#8221;fade&#8221; animation_delay=&#8221;100ms&#8221; border_color_top=&#8221;#e1e3e5&#8243; border_width_bottom=&#8221;1px&#8221; border_color_bottom=&#8221;#e1e3e5&#8243; locked=&#8221;off&#8221; global_colors_info=&#8221;{}&#8221;][et_pb_column type=&#8221;1_4&#8243; _builder_version=&#8221;4.16&#8243; custom_padding=&#8221;|||&#8221; global_colors_info=&#8221;{}&#8221; custom_padding__hover=&#8221;|||&#8221;][et_pb_blurb title=&#8221;13h00&#8243; use_icon=&#8221;on&#8221; font_icon=&#8221;&#x7d;||divi||400&#8243; icon_color=&#8221;#299F53&#8243; icon_placement=&#8221;left&#8221; image_icon_width=&#8221;17px&#8221; _builder_version=&#8221;4.23.1&#8243; header_font=&#8221;Montserrat||||||||&#8221; header_text_color=&#8221;#7c7c7c&#8221; header_font_size=&#8221;16px&#8221; icon_font_size=&#8221;17px&#8221; global_colors_info=&#8221;{}&#8221;][\/et_pb_blurb][\/et_pb_column][et_pb_column type=&#8221;3_4&#8243; _builder_version=&#8221;4.16&#8243; custom_padding=&#8221;|||&#8221; global_colors_info=&#8221;{}&#8221; custom_padding__hover=&#8221;|||&#8221;][et_pb_text _builder_version=&#8221;4.25.0&#8243; text_font=&#8221;||||||||&#8221; text_text_color=&#8221;#7a7a7a&#8221; text_line_height=&#8221;1.8em&#8221; link_font=&#8221;||||||||&#8221; link_text_color=&#8221;#7a7a7a&#8221; header_font=&#8221;||||||||&#8221; header_3_font=&#8221;Montserrat|700|||||||&#8221; header_3_text_color=&#8221;#F39200&#8243; header_3_line_height=&#8221;1.3em&#8221; custom_margin=&#8221;-9px||20px||false|false&#8221; global_colors_info=&#8221;{}&#8221; link_text_color__hover_enabled=&#8221;on&#8221; link_text_color__hover=&#8221;#7a7a7a&#8221;]<\/p>\n<h3><span style=\"color: #299f53;\">Cl\u00f4ture des Assises du droit du sport<\/span><\/h3>\n<p>[\/et_pb_text][\/et_pb_column][\/et_pb_row][\/et_pb_section][et_pb_section fb_built=&#8221;1&#8243; disabled_on=&#8221;on|on|on&#8221; module_id=&#8221;speakers&#8221; _builder_version=&#8221;4.25.2&#8243; _module_preset=&#8221;default&#8221; use_background_color_gradient=&#8221;on&#8221; background_color_gradient_stops=&#8221;#e4e46f 0%|#1ba854 43%|rgba(30, 175, 105, 1) 74%|#194e24 100%&#8221; disabled=&#8221;on&#8221; locked=&#8221;off&#8221; global_colors_info=&#8221;{}&#8221;][et_pb_row _builder_version=&#8221;4.25.1&#8243; custom_margin=&#8221;||40px||false|false&#8221; custom_padding=&#8221;0px|0px|0|0px|false|false&#8221; locked=&#8221;off&#8221; global_colors_info=&#8221;{}&#8221;][et_pb_column type=&#8221;4_4&#8243; _builder_version=&#8221;4.16&#8243; background_blend=&#8221;multiply&#8221; custom_padding=&#8221;|||&#8221; global_colors_info=&#8221;{}&#8221; custom_padding__hover=&#8221;|||&#8221;][et_pb_text content_tablet=&#8221;<\/p>\n<h2><span style=%22color: #194c23;%22>Intervenants confirm\u00e9s<\/span><\/h2>\n<h2><span style=%22color: #194c23;%22> <\/span><\/h2>\n<p>&#8221; content_phone=&#8221;<\/p>\n<h2><span style=%22color: #194c23;%22>Intervenants<br \/>confirm\u00e9s<\/span><\/h2>\n<h2><span style=%22color: #194c23;%22> <\/span><\/h2>\n<p>&#8221; content_last_edited=&#8221;on|phone&#8221; _builder_version=&#8221;4.25.1&#8243; text_font=&#8221;Montserrat|700|||||||&#8221; text_text_color=&#8221;#282828&#8243; text_font_size=&#8221;40px&#8221; text_line_height=&#8221;1.8em&#8221; header_font=&#8221;Montserrat|700|||||||&#8221; header_text_color=&#8221;#000000&#8243; header_font_size=&#8221;40px&#8221; header_2_font=&#8221;Montserrat|700|||||||&#8221; header_2_text_color=&#8221;#ffffff&#8221; header_2_font_size=&#8221;40px&#8221; custom_margin=&#8221;0px||||false|false&#8221; animation_style=&#8221;fade&#8221; animation_direction=&#8221;top&#8221; animation_delay=&#8221;100ms&#8221; header_font_size_tablet=&#8221;40px&#8221; header_font_size_phone=&#8221;27px&#8221; header_font_size_last_edited=&#8221;on|phone&#8221; header_2_font_size_tablet=&#8221;40px&#8221; header_2_font_size_phone=&#8221;35px&#8221; header_2_font_size_last_edited=&#8221;on|desktop&#8221; locked=&#8221;off&#8221; inline_fonts=&#8221;Georgia&#8221; global_colors_info=&#8221;{}&#8221;]<\/p>\n<h2><span style=\"color: #194c23;\">Intervenants confirm\u00e9s<br \/><\/span><\/h2>\n<p>[\/et_pb_text][\/et_pb_column][\/et_pb_row][et_pb_row column_structure=&#8221;1_4,1_4,1_4,1_4&#8243; use_custom_gutter=&#8221;on&#8221; gutter_width=&#8221;2&#8243; custom_padding_last_edited=&#8221;off|desktop&#8221; disabled_on=&#8221;off|off|off&#8221; _builder_version=&#8221;4.25.1&#8243; background_color=&#8221;RGBA(255,255,255,0)&#8221; custom_padding=&#8221;0px|0px|40px|0|false|false&#8221; custom_padding_tablet=&#8221;|||40px&#8221; pac_drh_column_numbers_tablet=&#8221;pac_drh_tab_col_four&#8221; locked=&#8221;off&#8221; global_colors_info=&#8221;{}&#8221;][et_pb_column type=&#8221;1_4&#8243; _builder_version=&#8221;4.16&#8243; custom_padding=&#8221;|||&#8221; global_colors_info=&#8221;{}&#8221; custom_padding__hover=&#8221;|||&#8221;][et_pb_image src=&#8221;https:\/\/football-legal.com\/conference\/wp-content\/uploads\/2024\/05\/Loic-Alves-nb.jpg&#8221; title_text=&#8221;Loic-Alves-nb&#8221; align_tablet=&#8221;center&#8221; align_phone=&#8221;&#8221; align_last_edited=&#8221;on|desktop&#8221; module_class=&#8221;zoom-image&#8221; _builder_version=&#8221;4.25.1&#8243; custom_margin=&#8221;0px|0px|20px|0px&#8221; custom_padding=&#8221;0px|0px|0px|0px&#8221; filter_sepia=&#8221;30%&#8221; animation_style=&#8221;fade&#8221; animation_delay=&#8221;100ms&#8221; border_width_bottom=&#8221;6px&#8221; border_style_bottom=&#8221;inset&#8221; locked=&#8221;off&#8221; global_colors_info=&#8221;{}&#8221; border_radii__hover_enabled=&#8221;on&#8221; border_width_bottom__hover_enabled=&#8221;on|hover&#8221; border_color_bottom__hover_enabled=&#8221;on|hover&#8221; border_color_bottom__hover=&#8221;#CEB200&#8243; border_radii__hover=&#8221;||||&#8221; border_width_bottom__hover=&#8221;6px&#8221;][\/et_pb_image][et_pb_text _builder_version=&#8221;4.25.1&#8243; text_font=&#8221;||||||||&#8221; text_text_color=&#8221;#7a7a7a&#8221; text_font_size=&#8221;13px&#8221; header_font=&#8221;||||||||&#8221; header_4_font=&#8221;Montserrat|700|||||||&#8221; custom_margin=&#8221;0px|0px|0px|0px&#8221; custom_padding=&#8221;0px|0px|5px|0px|false|false&#8221; custom_padding_tablet=&#8221;|||0px|false|false&#8221; custom_padding_phone=&#8221;|||0px|false|false&#8221; custom_padding_last_edited=&#8221;on|tablet&#8221; animation_style=&#8221;fade&#8221; animation_delay=&#8221;100ms&#8221; locked=&#8221;off&#8221; global_colors_info=&#8221;{}&#8221; header_4_text_color__hover_enabled=&#8221;on&#8221; header_4_text_color__hover=&#8221;#4dbdc6&#8243;]<\/p>\n<p><span style=\"color: #e4e46f;\"><strong>Intervenant<\/strong><\/span><\/p>\n<p>[\/et_pb_text][et_pb_text content_tablet=&#8221;<\/p>\n<h4><strong>Lo\u00efc<br \/>ALVES<\/strong><span style=%22text-decoration: underline;%22><\/span><\/h4>\n<p><span style=%22color: #ffffff;%22>Lo\u00efc ALVES est conseiller juridique \u00e0 la <a href=%22https:\/\/fifpro.org\/%22 data-et-target-link=%22_blank%22 rel=%22noopener%22><span style=%22text-decoration: underline;%22><strong><span style=%22color: #ffffff; text-decoration: underline;%22>FIFPRO<\/span><\/strong><\/span><\/a>, le syndicat mondial des footballeurs professionnels. Il a auparavant travaill\u00e9 avec la F\u00e9d\u00e9ration europ\u00e9enne de handball et a eu une exp\u00e9rience avec un club de football professionnel en France. Cela lui permet de comprendre les diff\u00e9rents points de vue dans le secteur du sport.<\/span><\/p>\n<p>&#8221; content_phone=&#8221;<\/p>\n<h4><strong>Lo\u00efc ALVES<\/strong><span style=%22text-decoration: underline;%22><\/span><\/h4>\n<p><span style=%22color: #ffffff;%22>Lo\u00efc ALVES est conseiller juridique \u00e0 la <a href=%22https:\/\/fifpro.org\/%22 data-et-target-link=%22_blank%22 rel=%22noopener%22><span style=%22text-decoration: underline;%22><strong><span style=%22color: #ffffff; text-decoration: underline;%22>FIFPRO<\/span><\/strong><\/span><\/a>, le syndicat mondial des footballeurs professionnels. Il a auparavant travaill\u00e9 avec la F\u00e9d\u00e9ration europ\u00e9enne de handball et a eu une exp\u00e9rience avec un club de football professionnel en France. Cela lui permet de comprendre les diff\u00e9rents points de vue dans le secteur du sport.<\/span><\/p>\n<p>&#8221; content_last_edited=&#8221;on|phone&#8221; _builder_version=&#8221;4.25.1&#8243; text_font=&#8221;||||||||&#8221; text_font_size=&#8221;13px&#8221; header_font=&#8221;||||||||&#8221; header_4_font=&#8221;Montserrat|700|||||||&#8221; custom_margin=&#8221;0px|0px|0px|0px&#8221; custom_padding=&#8221;0px|20px|5px|0px|false|false&#8221; custom_padding_tablet=&#8221;|||0px|false|false&#8221; custom_padding_phone=&#8221;|||0px|false|false&#8221; custom_padding_last_edited=&#8221;on|phone&#8221; animation_style=&#8221;fade&#8221; animation_delay=&#8221;100ms&#8221; locked=&#8221;off&#8221; global_colors_info=&#8221;{}&#8221; header_4_text_color__hover_enabled=&#8221;off|desktop&#8221; header_4_text_color__hover=&#8221;#4dbdc6&#8243;]<\/p>\n<h4><strong>Lo\u00efc ALVES<\/strong><span style=\"text-decoration: underline;\"><\/span><\/h4>\n<p><span style=\"color: #ffffff;\">Lo\u00efc ALVES est conseiller juridique \u00e0 la <a href=\"https:\/\/fifpro.org\/\" target=\"_blank\" rel=\"noopener\"><span style=\"text-decoration: underline;\"><strong><span style=\"color: #ffffff; text-decoration: underline;\">FIFPRO<\/span><\/strong><\/span><\/a>, le syndicat mondial des footballeurs professionnels. Il a auparavant travaill\u00e9 avec la F\u00e9d\u00e9ration europ\u00e9enne de handball et a eu une exp\u00e9rience avec un club de football professionnel en France. Cela lui permet de comprendre les diff\u00e9rents points de vue dans le secteur du sport.<\/span><\/p>\n<p>[\/et_pb_text][\/et_pb_column][et_pb_column type=&#8221;1_4&#8243; _builder_version=&#8221;4.16&#8243; custom_padding=&#8221;|||&#8221; global_colors_info=&#8221;{}&#8221; custom_padding__hover=&#8221;|||&#8221;][et_pb_image src=&#8221;https:\/\/football-legal.com\/conference\/wp-content\/uploads\/2024\/05\/jacques-blondin-nb.jpg&#8221; title_text=&#8221;jacques-blondin-nb&#8221; align_tablet=&#8221;center&#8221; align_phone=&#8221;&#8221; align_last_edited=&#8221;on|desktop&#8221; module_class=&#8221;zoom-image&#8221; _builder_version=&#8221;4.25.1&#8243; custom_margin=&#8221;0px|0px|20px|0px&#8221; custom_padding=&#8221;0px|0px|0px|0px&#8221; filter_sepia=&#8221;30%&#8221; animation_style=&#8221;fade&#8221; animation_delay=&#8221;100ms&#8221; border_width_bottom=&#8221;6px&#8221; border_style_bottom=&#8221;inset&#8221; locked=&#8221;off&#8221; global_colors_info=&#8221;{}&#8221; border_radii__hover_enabled=&#8221;on&#8221; border_width_bottom__hover_enabled=&#8221;on|hover&#8221; border_color_bottom__hover_enabled=&#8221;on|hover&#8221; border_color_bottom__hover=&#8221;#CEB200&#8243; border_radii__hover=&#8221;||||&#8221; border_width_bottom__hover=&#8221;6px&#8221;][\/et_pb_image][et_pb_text _builder_version=&#8221;4.25.1&#8243; text_font=&#8221;||||||||&#8221; text_text_color=&#8221;#7a7a7a&#8221; text_font_size=&#8221;13px&#8221; header_font=&#8221;||||||||&#8221; header_4_font=&#8221;Montserrat|700|||||||&#8221; custom_margin=&#8221;0px|0px|0px|0px&#8221; custom_padding=&#8221;0px|0px|5px|0px|false|false&#8221; custom_padding_tablet=&#8221;|||0px|false|false&#8221; custom_padding_phone=&#8221;|||0px|false|false&#8221; custom_padding_last_edited=&#8221;on|tablet&#8221; animation_style=&#8221;fade&#8221; animation_delay=&#8221;100ms&#8221; locked=&#8221;off&#8221; global_colors_info=&#8221;{}&#8221; header_4_text_color__hover_enabled=&#8221;on&#8221; header_4_text_color__hover=&#8221;#4dbdc6&#8243;]<\/p>\n<p><span style=\"color: #e4e46f;\"><strong>Intervenant<\/strong><\/span><\/p>\n<p>[\/et_pb_text][et_pb_text content_tablet=&#8221;<\/p>\n<h4><strong>Jacques<br \/>BLONDIN<\/strong><span style=%22text-decoration: underline;%22><br \/><\/span><\/h4>\n<p><span style=%22color: #ffffff;%22>Jacques BLONDIN est un avocat italien. Il a r\u00e9cemment fond\u00e9 SP.IN Law, un cabinet d&#8217;avocats qui offre des services hautement sp\u00e9cialis\u00e9s \u00e0 l&#8217;industrie du sport.<br \/>Auparavant, Jacques a travaill\u00e9 pendant 9 ans \u00e0 la FIFA, o\u00f9 il a dirig\u00e9 le d\u00e9partement du FIFA TMS ainsi que le d\u00e9partement d&#8217;application de la r\u00e9glementation. Il a \u00e9galement travaill\u00e9 pour les Commissions de Discipline et d&#8217;Appel de la FIFA et a repr\u00e9sent\u00e9 la FIFA devant le Tribunal Arbitral du Sport (TAS) de Lausanne.<\/span><span style=%22color: #7a7a7a;%22><a href=%22https:\/\/cnosf.franceolympique.com\/cnosf\/%22 data-et-target-link=%22_blank%22 rel=%22noopener%22 style=%22color: #7a7a7a;%22><span style=%22text-decoration: underline;%22><strong><\/strong><\/span><\/a><\/span><\/p>\n<p>&#8221; content_phone=&#8221;<\/p>\n<h4><strong>Jacques BLONDIN<\/strong><span style=%22text-decoration: underline;%22><br \/><\/span><\/h4>\n<p><span style=%22color: #ffffff;%22>Jacques BLONDIN est un avocat italien. Il a r\u00e9cemment fond\u00e9 SP.IN Law, un cabinet d&#8217;avocats qui offre des services hautement sp\u00e9cialis\u00e9s \u00e0 l&#8217;industrie du sport.<br \/>Auparavant, Jacques a travaill\u00e9 pendant 9 ans \u00e0 la FIFA, o\u00f9 il a dirig\u00e9 le d\u00e9partement du FIFA TMS ainsi que le d\u00e9partement d&#8217;application de la r\u00e9glementation. Il a \u00e9galement travaill\u00e9 pour les Commissions de Discipline et d&#8217;Appel de la FIFA et a repr\u00e9sent\u00e9 la FIFA devant le Tribunal Arbitral du Sport (TAS) de Lausanne.<\/span><span style=%22color: #7a7a7a;%22><a href=%22https:\/\/cnosf.franceolympique.com\/cnosf\/%22 data-et-target-link=%22_blank%22 rel=%22noopener%22 style=%22color: #7a7a7a;%22><span style=%22text-decoration: underline;%22><strong><\/strong><\/span><\/a><\/span><\/p>\n<p>&#8221; content_last_edited=&#8221;on|phone&#8221; _builder_version=&#8221;4.25.1&#8243; text_font=&#8221;||||||||&#8221; text_font_size=&#8221;13px&#8221; header_font=&#8221;||||||||&#8221; header_4_font=&#8221;Montserrat|700|||||||&#8221; custom_margin=&#8221;0px|0px|0px|0px&#8221; custom_padding=&#8221;0px|0px|5px|0px&#8221; custom_padding_tablet=&#8221;|5px||0px|false|false&#8221; custom_padding_phone=&#8221;|||0px|false|false&#8221; custom_padding_last_edited=&#8221;on|tablet&#8221; animation_style=&#8221;fade&#8221; animation_delay=&#8221;100ms&#8221; locked=&#8221;off&#8221; global_colors_info=&#8221;{}&#8221; header_4_text_color__hover_enabled=&#8221;off|hover&#8221; header_4_text_color__hover=&#8221;#4dbdc6&#8243;]<\/p>\n<h4><strong>Jacques BLONDIN<\/strong><span style=\"text-decoration: underline;\"><br \/><\/span><\/h4>\n<p><span style=\"color: #ffffff;\">Jacques BLONDIN est un avocat italien. Il a r\u00e9cemment fond\u00e9 SP.IN Law, un cabinet d&#8217;avocats qui offre des services hautement sp\u00e9cialis\u00e9s \u00e0 l&#8217;industrie du sport.<br \/>Auparavant, Jacques a travaill\u00e9 pendant 9 ans \u00e0 la FIFA, o\u00f9 il a dirig\u00e9 le d\u00e9partement du FIFA TMS ainsi que le d\u00e9partement d&#8217;application de la r\u00e9glementation. Il a \u00e9galement travaill\u00e9 pour les Commissions de Discipline et d&#8217;Appel de la FIFA et a repr\u00e9sent\u00e9 la FIFA devant le Tribunal Arbitral du Sport (TAS) de Lausanne.<\/span><span style=\"color: #7a7a7a;\"><a href=\"https:\/\/cnosf.franceolympique.com\/cnosf\/\" target=\"_blank\" rel=\"noopener\" style=\"color: #7a7a7a;\"><span style=\"text-decoration: underline;\"><strong><\/strong><\/span><\/a><\/span><\/p>\n<p>[\/et_pb_text][\/et_pb_column][et_pb_column type=&#8221;1_4&#8243; _builder_version=&#8221;4.16&#8243; custom_padding=&#8221;|||&#8221; global_colors_info=&#8221;{}&#8221; custom_padding__hover=&#8221;|||&#8221;][et_pb_image src=&#8221;https:\/\/football-legal.com\/conference\/wp-content\/uploads\/2024\/06\/Brigitte-DIFFOUO-nb.jpg&#8221; title_text=&#8221;Brigitte-DIFFOUO-nb&#8221; align_tablet=&#8221;center&#8221; align_phone=&#8221;&#8221; align_last_edited=&#8221;on|desktop&#8221; module_class=&#8221;zoom-image&#8221; _builder_version=&#8221;4.25.1&#8243; custom_margin=&#8221;0px|0px|20px|0px&#8221; custom_padding=&#8221;0px|0px|0px|0px&#8221; filter_sepia=&#8221;30%&#8221; animation_style=&#8221;fade&#8221; animation_delay=&#8221;100ms&#8221; border_width_bottom=&#8221;6px&#8221; border_style_bottom=&#8221;inset&#8221; locked=&#8221;off&#8221; global_colors_info=&#8221;{}&#8221; border_radii__hover_enabled=&#8221;on&#8221; border_width_bottom__hover_enabled=&#8221;on|hover&#8221; border_color_bottom__hover_enabled=&#8221;on|hover&#8221; border_color_bottom__hover=&#8221;#CEB200&#8243; border_radii__hover=&#8221;||||&#8221; border_width_bottom__hover=&#8221;6px&#8221;][\/et_pb_image][et_pb_text _builder_version=&#8221;4.25.1&#8243; text_font=&#8221;||||||||&#8221; text_text_color=&#8221;#7a7a7a&#8221; text_font_size=&#8221;13px&#8221; header_font=&#8221;||||||||&#8221; header_4_font=&#8221;Montserrat|700|||||||&#8221; custom_margin=&#8221;0px|0px|0px|0px&#8221; custom_padding=&#8221;0px|0px|5px|0px|false|false&#8221; custom_padding_tablet=&#8221;|||0px|false|false&#8221; custom_padding_phone=&#8221;|||0px|false|false&#8221; custom_padding_last_edited=&#8221;on|tablet&#8221; animation_style=&#8221;fade&#8221; animation_delay=&#8221;100ms&#8221; locked=&#8221;off&#8221; global_colors_info=&#8221;{}&#8221; header_4_text_color__hover_enabled=&#8221;on&#8221; header_4_text_color__hover=&#8221;#4dbdc6&#8243;]<\/p>\n<p><span style=\"color: #e4e46f;\"><strong>Intervenant<\/strong><\/span><\/p>\n<p>[\/et_pb_text][et_pb_text content_tablet=&#8221;<\/p>\n<h4><span style=%22color: #ffffff;%22><span style=%22color: #333333;%22><strong>Brigitte<br \/>DIFFOUO<\/strong><\/span><span style=%22text-decoration: underline;%22><\/span><\/span><\/h4>\n<p><span style=%22color: #ffffff;%22>Avocate au barreau du Cameroun<br \/>Membre de l&#8217;<span style=%22text-decoration: underline;%22><strong><a href=%22http:\/\/www.acads-droitsport.org\/%22 data-et-target-link=%22_blank%22 rel=%22noopener%22 style=%22color: #ffffff; text-decoration: underline;%22>ACADS<\/a><\/strong><\/span><\/span><\/p>\n<p>&#8221; content_phone=&#8221;<\/p>\n<h4><span style=%22color: #ffffff;%22><span style=%22color: #333333;%22><strong>Brigitte<br \/>DIFFOUO<\/strong><\/span><span style=%22text-decoration: underline;%22><\/span><\/span><\/h4>\n<p><span style=%22color: #ffffff;%22>Avocate au barreau du Cameroun<br \/>Membre de l&#8217;<span style=%22text-decoration: underline;%22><strong><a href=%22http:\/\/www.acads-droitsport.org\/%22 data-et-target-link=%22_blank%22 rel=%22noopener%22 style=%22color: #ffffff; text-decoration: underline;%22>ACADS<\/a><\/strong><\/span><\/span><\/p>\n<p>&#8221; content_last_edited=&#8221;on|phone&#8221; _builder_version=&#8221;4.25.1&#8243; text_font=&#8221;||||||||&#8221; text_font_size=&#8221;13px&#8221; header_font=&#8221;||||||||&#8221; header_4_font=&#8221;Montserrat|700|||||||&#8221; custom_margin=&#8221;0px|0px|0px|0px&#8221; custom_padding=&#8221;0px|20px|5px|0px|false|false&#8221; custom_padding_tablet=&#8221;|||0px|false|false&#8221; custom_padding_phone=&#8221;|||0px|false|false&#8221; custom_padding_last_edited=&#8221;on|tablet&#8221; animation_style=&#8221;fade&#8221; animation_delay=&#8221;100ms&#8221; locked=&#8221;off&#8221; global_colors_info=&#8221;{}&#8221; header_4_text_color__hover_enabled=&#8221;off|desktop&#8221; header_4_text_color__hover=&#8221;#4dbdc6&#8243;]<\/p>\n<h4><span style=\"color: #ffffff;\"><span style=\"color: #333333;\"><strong>Brigitte DIFFOUO<\/strong><\/span><span style=\"text-decoration: underline;\"><\/span><\/span><\/h4>\n<p><span style=\"color: #ffffff;\">Avocate au barreau du Cameroun<br \/>Membre de l&#8217;<span style=\"text-decoration: underline;\"><strong><a href=\"http:\/\/www.acads-droitsport.org\/\" target=\"_blank\" rel=\"noopener\" style=\"color: #ffffff; text-decoration: underline;\">ACADS<\/a><\/strong><\/span><\/span><\/p>\n<p>[\/et_pb_text][\/et_pb_column][et_pb_column type=&#8221;1_4&#8243; _builder_version=&#8221;4.16&#8243; custom_padding=&#8221;|||&#8221; global_colors_info=&#8221;{}&#8221; custom_padding__hover=&#8221;|||&#8221;][et_pb_image src=&#8221;https:\/\/football-legal.com\/conference\/wp-content\/uploads\/2024\/05\/Alexandre-DURAND-nb.jpg&#8221; title_text=&#8221;Alexandre-DURAND-nb&#8221; align_tablet=&#8221;center&#8221; align_phone=&#8221;&#8221; align_last_edited=&#8221;on|desktop&#8221; module_class=&#8221;zoom-image&#8221; _builder_version=&#8221;4.25.1&#8243; custom_margin=&#8221;0px|0px|20px|0px&#8221; custom_padding=&#8221;0px|0px|0px|0px&#8221; filter_sepia=&#8221;30%&#8221; animation_style=&#8221;fade&#8221; animation_delay=&#8221;100ms&#8221; border_width_bottom=&#8221;6px&#8221; border_style_bottom=&#8221;inset&#8221; locked=&#8221;off&#8221; global_colors_info=&#8221;{}&#8221; border_radii__hover_enabled=&#8221;on&#8221; border_width_bottom__hover_enabled=&#8221;on|hover&#8221; border_color_bottom__hover_enabled=&#8221;on|hover&#8221; border_color_bottom__hover=&#8221;#CEB200&#8243; border_radii__hover=&#8221;||||&#8221; border_width_bottom__hover=&#8221;6px&#8221;][\/et_pb_image][et_pb_text _builder_version=&#8221;4.25.1&#8243; text_font=&#8221;||||||||&#8221; text_text_color=&#8221;#7a7a7a&#8221; text_font_size=&#8221;13px&#8221; header_font=&#8221;||||||||&#8221; header_4_font=&#8221;Montserrat|700|||||||&#8221; custom_margin=&#8221;0px|0px|0px|0px&#8221; custom_padding=&#8221;0px|0px|5px|0px|false|false&#8221; custom_padding_tablet=&#8221;|||0px|false|false&#8221; custom_padding_phone=&#8221;|||0px|false|false&#8221; custom_padding_last_edited=&#8221;on|tablet&#8221; animation_style=&#8221;fade&#8221; animation_delay=&#8221;100ms&#8221; locked=&#8221;off&#8221; global_colors_info=&#8221;{}&#8221; header_4_text_color__hover_enabled=&#8221;on&#8221; header_4_text_color__hover=&#8221;#4dbdc6&#8243;]<\/p>\n<p><span style=\"color: #e4e46f;\"><strong>Intervenant<\/strong><\/span><\/p>\n<p>[\/et_pb_text][et_pb_text content_tablet=&#8221;<\/p>\n<h4><span style=%22color: #ffffff;%22><span style=%22color: #333333;%22><strong>Alexandre<br \/>DURAND<\/strong><\/span><span style=%22text-decoration: underline;%22><\/span><\/span><\/h4>\n<p><span style=%22color: #ffffff;%22>Alexandre DURAND est un juriste sp\u00e9cialis\u00e9 en droit du sport. Il est le fondateur des Editions <a href=%22https:\/\/www.droitdusport.com\/%22 data-et-target-link=%22_blank%22 rel=%22noopener%22 style=%22color: #ffffff;%22><span style=%22text-decoration: underline;%22><strong>droitdusport.com<\/strong><\/span><\/a> et de <strong><a href=%22https:\/\/football-legal.com\/%22 data-et-target-link=%22_blank%22 rel=%22noopener%22 style=%22color: #ffffff;%22><span style=%22text-decoration: underline;%22>Football Legal<\/span><\/a><\/strong>. Il organise depuis plus de 15 ans des conf\u00e9rences en droit du sport en France et \u00e0 l&#8217;international.<\/span><\/p>\n<p>&#8221; content_phone=&#8221;<\/p>\n<h4><span style=%22color: #ffffff;%22><span style=%22color: #333333;%22><strong>Alexandre DURAND<\/strong><\/span><span style=%22text-decoration: underline;%22><\/span><\/span><\/h4>\n<p><span style=%22color: #ffffff;%22>Alexandre DURAND est un juriste sp\u00e9cialis\u00e9 en droit du sport. Il est le fondateur des Editions <a href=%22https:\/\/www.droitdusport.com\/%22 data-et-target-link=%22_blank%22 rel=%22noopener%22 style=%22color: #ffffff;%22><span style=%22text-decoration: underline;%22><strong>droitdusport.com<\/strong><\/span><\/a> et de <strong><a href=%22https:\/\/football-legal.com\/%22 data-et-target-link=%22_blank%22 rel=%22noopener%22 style=%22color: #ffffff;%22><span style=%22text-decoration: underline;%22>Football Legal<\/span><\/a><\/strong>. Il organise depuis plus de 15 ans des conf\u00e9rences en droit du sport en France et \u00e0 l&#8217;international.<\/span><\/p>\n<p>&#8221; content_last_edited=&#8221;on|phone&#8221; _builder_version=&#8221;4.25.1&#8243; text_font=&#8221;||||||||&#8221; text_font_size=&#8221;13px&#8221; header_font=&#8221;||||||||&#8221; header_4_font=&#8221;Montserrat|700|||||||&#8221; custom_margin=&#8221;0px|0px|0px|0px&#8221; custom_padding=&#8221;0px|20px|5px|0px|false|false&#8221; custom_padding_tablet=&#8221;|||0px|false|false&#8221; custom_padding_phone=&#8221;|||0px|false|false&#8221; custom_padding_last_edited=&#8221;on|tablet&#8221; animation_style=&#8221;fade&#8221; animation_delay=&#8221;100ms&#8221; locked=&#8221;off&#8221; global_colors_info=&#8221;{}&#8221; header_4_text_color__hover_enabled=&#8221;off|desktop&#8221; header_4_text_color__hover=&#8221;#4dbdc6&#8243;]<\/p>\n<h4><span style=\"color: #ffffff;\"><span style=\"color: #333333;\"><strong>Alexandre DURAND<\/strong><\/span><span style=\"text-decoration: underline;\"><\/span><\/span><\/h4>\n<p><span style=\"color: #ffffff;\">Alexandre DURAND est un juriste sp\u00e9cialis\u00e9 en droit du sport. Il est le fondateur des Editions <a href=\"https:\/\/www.droitdusport.com\/\" target=\"_blank\" rel=\"noopener\" style=\"color: #ffffff;\"><span style=\"text-decoration: underline;\"><strong>droitdusport.com<\/strong><\/span><\/a> et de <strong><a href=\"https:\/\/football-legal.com\/\" target=\"_blank\" rel=\"noopener\" style=\"color: #ffffff;\"><span style=\"text-decoration: underline;\">Football Legal<\/span><\/a><\/strong>. Il organise depuis plus de 15 ans des conf\u00e9rences en droit du sport en France et \u00e0 l&#8217;international.<\/span><\/p>\n<p>[\/et_pb_text][\/et_pb_column][\/et_pb_row][et_pb_row column_structure=&#8221;1_4,1_4,1_4,1_4&#8243; use_custom_gutter=&#8221;on&#8221; gutter_width=&#8221;2&#8243; custom_padding_last_edited=&#8221;off|desktop&#8221; disabled_on=&#8221;off|off|off&#8221; _builder_version=&#8221;4.25.1&#8243; background_color=&#8221;RGBA(255,255,255,0)&#8221; custom_padding=&#8221;0px|0px|40px|0|false|false&#8221; custom_padding_tablet=&#8221;|||40px&#8221; pac_drh_column_numbers_tablet=&#8221;pac_drh_tab_col_four&#8221; locked=&#8221;off&#8221; global_colors_info=&#8221;{}&#8221;][et_pb_column type=&#8221;1_4&#8243; _builder_version=&#8221;4.16&#8243; custom_padding=&#8221;|||&#8221; global_colors_info=&#8221;{}&#8221; custom_padding__hover=&#8221;|||&#8221;][et_pb_image src=&#8221;https:\/\/football-legal.com\/conference\/wp-content\/uploads\/2024\/05\/Hamidou-DRAME-nb.jpg&#8221; title_text=&#8221;Hamidou-DRAME\u0301-nb&#8221; align_tablet=&#8221;center&#8221; align_phone=&#8221;&#8221; align_last_edited=&#8221;on|desktop&#8221; module_class=&#8221;zoom-image&#8221; _builder_version=&#8221;4.25.1&#8243; custom_margin=&#8221;0px|0px|20px|0px&#8221; custom_padding=&#8221;0px|0px|0px|0px&#8221; filter_sepia=&#8221;30%&#8221; animation_style=&#8221;fade&#8221; animation_delay=&#8221;100ms&#8221; border_width_bottom=&#8221;6px&#8221; border_style_bottom=&#8221;inset&#8221; locked=&#8221;off&#8221; global_colors_info=&#8221;{}&#8221; border_radii__hover_enabled=&#8221;on&#8221; border_width_bottom__hover_enabled=&#8221;on|hover&#8221; border_color_bottom__hover_enabled=&#8221;on|hover&#8221; border_color_bottom__hover=&#8221;#CEB200&#8243; border_radii__hover=&#8221;||||&#8221; border_width_bottom__hover=&#8221;6px&#8221;][\/et_pb_image][et_pb_text _builder_version=&#8221;4.25.1&#8243; text_font=&#8221;||||||||&#8221; text_text_color=&#8221;#7a7a7a&#8221; text_font_size=&#8221;13px&#8221; header_font=&#8221;||||||||&#8221; header_4_font=&#8221;Montserrat|700|||||||&#8221; custom_margin=&#8221;0px|0px|0px|0px&#8221; custom_padding=&#8221;0px|0px|5px|0px|false|false&#8221; custom_padding_tablet=&#8221;|||0px|false|false&#8221; custom_padding_phone=&#8221;|||0px|false|false&#8221; custom_padding_last_edited=&#8221;on|tablet&#8221; animation_style=&#8221;fade&#8221; animation_delay=&#8221;100ms&#8221; locked=&#8221;off&#8221; global_colors_info=&#8221;{}&#8221; header_4_text_color__hover_enabled=&#8221;on&#8221; header_4_text_color__hover=&#8221;#4dbdc6&#8243;]<\/p>\n<p><span style=\"color: #e4e46f;\"><strong>Intervenant<\/strong><\/span><\/p>\n<p>[\/et_pb_text][et_pb_text content_tablet=&#8221;<\/p>\n<h4><span style=%22color: #ffffff;%22><span style=%22color: #333333;%22><strong>Hamidou<br \/>DRAM\u00c9<\/strong><\/span><span style=%22text-decoration: underline;%22><\/span><\/span><\/h4>\n<p><span style=%22color: #ffffff;%22>Hamidou Dram\u00e9 est avocat associ\u00e9 du cabinet <span style=%22text-decoration: underline;%22><strong><a href=%22https:\/\/guilex-avocats.com\/%22 data-et-target-link=%22_blank%22 rel=%22noopener%22 style=%22color: #ffffff; text-decoration: underline;%22>Guilex avocats<\/a><\/strong><\/span>, inscrit aux barreaux de Guin\u00e9e et de Lyon (France). Il conseille r\u00e9guli\u00e8rement des joueurs, des clubs et des f\u00e9d\u00e9rations. Il a plaid\u00e9 de nombreux dossiers et des litiges devant le TAS ainsi que devant le Tribunal de la FIFA, principalement en mati\u00e8re de litiges contractuels et de demandes de paiement d&#8217;indemnit\u00e9s de formation et de contributions de solidarit\u00e9.<\/span><\/p>\n<p>&#8221; content_phone=&#8221;<\/p>\n<h4><span style=%22color: #ffffff;%22><span style=%22color: #333333;%22><strong>Hamidou DRAM\u00c9<\/strong><\/span><span style=%22text-decoration: underline;%22><\/span><\/span><\/h4>\n<p><span style=%22color: #ffffff;%22>Hamidou Dram\u00e9 est avocat associ\u00e9 du cabinet <span style=%22text-decoration: underline;%22><strong><a href=%22https:\/\/guilex-avocats.com\/%22 data-et-target-link=%22_blank%22 rel=%22noopener%22 style=%22color: #ffffff; text-decoration: underline;%22>Guilex avocats<\/a><\/strong><\/span>, inscrit aux barreaux de Guin\u00e9e et de Lyon (France). Il conseille r\u00e9guli\u00e8rement des joueurs, des clubs et des f\u00e9d\u00e9rations. Il a plaid\u00e9 de nombreux dossiers et des litiges devant le TAS ainsi que devant le Tribunal de la FIFA, principalement en mati\u00e8re de litiges contractuels et de demandes de paiement d&#8217;indemnit\u00e9s de formation et de contributions de solidarit\u00e9.<\/span><\/p>\n<p>&#8221; content_last_edited=&#8221;on|desktop&#8221; _builder_version=&#8221;4.25.1&#8243; text_font=&#8221;||||||||&#8221; text_font_size=&#8221;13px&#8221; header_font=&#8221;||||||||&#8221; header_4_font=&#8221;Montserrat|700|||||||&#8221; custom_margin=&#8221;0px|0px|0px|0px&#8221; custom_padding=&#8221;0px|20px|5px|0px|false|false&#8221; custom_padding_tablet=&#8221;|||0px|false|false&#8221; custom_padding_phone=&#8221;|||0px|false|false&#8221; custom_padding_last_edited=&#8221;on|tablet&#8221; animation_style=&#8221;fade&#8221; animation_delay=&#8221;100ms&#8221; locked=&#8221;off&#8221; global_colors_info=&#8221;{}&#8221; header_4_text_color__hover_enabled=&#8221;off|desktop&#8221; header_4_text_color__hover=&#8221;#4dbdc6&#8243;]<\/p>\n<h4><span style=\"color: #ffffff;\"><span style=\"color: #333333;\"><strong>Hamidou DRAM\u00c9<\/strong><\/span><span style=\"text-decoration: underline;\"><\/span><\/span><\/h4>\n<p><span style=\"color: #ffffff;\">Hamidou Dram\u00e9 est avocat associ\u00e9 du cabinet <span style=\"text-decoration: underline;\"><strong><a href=\"https:\/\/guilex-avocats.com\/\" target=\"_blank\" rel=\"noopener\" style=\"color: #ffffff; text-decoration: underline;\">Guilex avocats<\/a><\/strong><\/span>, inscrit aux barreaux de Guin\u00e9e et de Lyon (France). Il conseille r\u00e9guli\u00e8rement des joueurs, des clubs et des f\u00e9d\u00e9rations. Il a plaid\u00e9 de nombreux dossiers et des litiges devant le TAS ainsi que devant le Tribunal de la FIFA, principalement en mati\u00e8re de litiges contractuels et de demandes de paiement d&#8217;indemnit\u00e9s de formation et de contributions de solidarit\u00e9.<\/span><\/p>\n<p>[\/et_pb_text][\/et_pb_column][et_pb_column type=&#8221;1_4&#8243; _builder_version=&#8221;4.16&#8243; custom_padding=&#8221;|||&#8221; global_colors_info=&#8221;{}&#8221; custom_padding__hover=&#8221;|||&#8221;][et_pb_image src=&#8221;https:\/\/football-legal.com\/conference\/wp-content\/uploads\/2024\/05\/Nasr-EL-DIN-AZZAM-nb.jpg&#8221; title_text=&#8221;Nasr-EL-DIN-AZZAM-nb&#8221; align_tablet=&#8221;center&#8221; align_phone=&#8221;&#8221; align_last_edited=&#8221;on|desktop&#8221; module_class=&#8221;zoom-image&#8221; _builder_version=&#8221;4.25.1&#8243; custom_margin=&#8221;0px|0px|20px|0px&#8221; custom_padding=&#8221;0px|0px|0px|0px&#8221; filter_sepia=&#8221;30%&#8221; animation_style=&#8221;fade&#8221; animation_delay=&#8221;100ms&#8221; border_width_bottom=&#8221;6px&#8221; border_style_bottom=&#8221;inset&#8221; locked=&#8221;off&#8221; global_colors_info=&#8221;{}&#8221; border_radii__hover_enabled=&#8221;on&#8221; border_width_bottom__hover_enabled=&#8221;on|hover&#8221; border_color_bottom__hover_enabled=&#8221;on|hover&#8221; border_color_bottom__hover=&#8221;#CEB200&#8243; border_radii__hover=&#8221;||||&#8221; border_width_bottom__hover=&#8221;6px&#8221;][\/et_pb_image][et_pb_text _builder_version=&#8221;4.25.1&#8243; text_font=&#8221;||||||||&#8221; text_text_color=&#8221;#7a7a7a&#8221; text_font_size=&#8221;13px&#8221; header_font=&#8221;||||||||&#8221; header_4_font=&#8221;Montserrat|700|||||||&#8221; custom_margin=&#8221;0px|0px|0px|0px&#8221; custom_padding=&#8221;0px|0px|5px|0px|false|false&#8221; custom_padding_tablet=&#8221;|||0px|false|false&#8221; custom_padding_phone=&#8221;|||0px|false|false&#8221; custom_padding_last_edited=&#8221;on|tablet&#8221; animation_style=&#8221;fade&#8221; animation_delay=&#8221;100ms&#8221; locked=&#8221;off&#8221; global_colors_info=&#8221;{}&#8221; header_4_text_color__hover_enabled=&#8221;on&#8221; header_4_text_color__hover=&#8221;#4dbdc6&#8243;]<\/p>\n<p><span style=\"color: #e4e46f;\"><strong>Intervenant<\/strong><\/span><\/p>\n<p>[\/et_pb_text][et_pb_text content_tablet=&#8221;<\/p>\n<h4><span style=%22color: #ffffff;%22><span style=%22color: #333333;%22><strong>Nasr<br \/>EL DIN AZZAM<\/strong><\/span><span style=%22text-decoration: underline;%22><\/span><\/span><\/h4>\n<p><span style=%22color: #ffffff;%22>Nasr El Din Azzam est co-fondateur et avocat du cabinet <span style=%22text-decoration: underline;%22><strong><a href=%22https:\/\/sportmakers.com\/%22 data-et-target-link=%22_blank%22 rel=%22noopener%22 style=%22color: #ffffff; text-decoration: underline;%22>Sport Makers<\/a><\/strong><\/span> bas\u00e9 au Caire et \u00e0 Doha.<br \/>Il est conseiller juridique du Zamalek SC et de l&#8217;Ismaily SC en \u00c9gypte, aux c\u00f4t\u00e9s de nombreux autres clubs du Moyen-Orient et d&#8217;Afrique. Compte tenu de ses exp\u00e9riences ant\u00e9rieures en tant qu&#8217;ancien footballeur, il conseille \u00e9galement les joueurs de football en mati\u00e8re contractuelle.<br \/>Nasr est membre de l&#8217;<a href=%22https:\/\/www.aiaf-law.com\/%22 data-et-target-link=%22_blank%22 rel=%22noopener%22 style=%22color: #ffffff;%22><span style=%22text-decoration: underline;%22><strong>Association internationale des avocats du football (AIAF)<\/strong><\/span><\/a>.<\/span><\/p>\n<p>&#8221; content_phone=&#8221;<\/p>\n<h4><span style=%22color: #ffffff;%22><span style=%22color: #333333;%22><strong>Nasr EL DIN AZZAM<\/strong><\/span><span style=%22text-decoration: underline;%22><\/span><\/span><\/h4>\n<p><span style=%22color: #ffffff;%22>Nasr El Din Azzam est co-fondateur et avocat du cabinet <span style=%22text-decoration: underline;%22><strong><a href=%22https:\/\/sportmakers.com\/%22 data-et-target-link=%22_blank%22 rel=%22noopener%22 style=%22color: #ffffff; text-decoration: underline;%22>Sport Makers<\/a><\/strong><\/span> bas\u00e9 au Caire et \u00e0 Doha.<br \/>Il est conseiller juridique du Zamalek SC et de l&#8217;Ismaily SC en \u00c9gypte, aux c\u00f4t\u00e9s de nombreux autres clubs du Moyen-Orient et d&#8217;Afrique. Compte tenu de ses exp\u00e9riences ant\u00e9rieures en tant qu&#8217;ancien footballeur, il conseille \u00e9galement les joueurs de football en mati\u00e8re contractuelle.<br \/>Nasr est membre de l&#8217;<a href=%22https:\/\/www.aiaf-law.com\/%22 data-et-target-link=%22_blank%22 rel=%22noopener%22 style=%22color: #ffffff;%22><span style=%22text-decoration: underline;%22><strong>Association internationale des avocats du football (AIAF)<\/strong><\/span><\/a>.<\/span><\/p>\n<p>&#8221; content_last_edited=&#8221;on|phone&#8221; _builder_version=&#8221;4.25.1&#8243; text_font=&#8221;||||||||&#8221; text_font_size=&#8221;13px&#8221; header_font=&#8221;||||||||&#8221; header_4_font=&#8221;Montserrat|700|||||||&#8221; custom_margin=&#8221;0px|0px|0px|0px&#8221; custom_padding=&#8221;0px|20px|5px|0px|false|false&#8221; custom_padding_tablet=&#8221;|||0px|false|false&#8221; custom_padding_phone=&#8221;|||0px|false|false&#8221; custom_padding_last_edited=&#8221;on|tablet&#8221; animation_style=&#8221;fade&#8221; animation_delay=&#8221;100ms&#8221; locked=&#8221;off&#8221; global_colors_info=&#8221;{}&#8221; header_4_text_color__hover_enabled=&#8221;off|desktop&#8221; header_4_text_color__hover=&#8221;#4dbdc6&#8243;]<\/p>\n<h4><span style=\"color: #ffffff;\"><span style=\"color: #333333;\"><strong>Nasr EL DIN AZZAM<\/strong><\/span><span style=\"text-decoration: underline;\"><\/span><\/span><\/h4>\n<p><span style=\"color: #ffffff;\">Nasr El Din Azzam est co-fondateur et avocat du cabinet <span style=\"text-decoration: underline;\"><strong><a href=\"https:\/\/sportmakers.com\/\" target=\"_blank\" rel=\"noopener\" style=\"color: #ffffff; text-decoration: underline;\">Sport Makers<\/a><\/strong><\/span> bas\u00e9 au Caire et \u00e0 Doha.<br \/>Il est conseiller juridique du Zamalek SC et de l&#8217;Ismaily SC en \u00c9gypte, aux c\u00f4t\u00e9s de nombreux autres clubs du Moyen-Orient et d&#8217;Afrique. Compte tenu de ses exp\u00e9riences ant\u00e9rieures en tant qu&#8217;ancien footballeur, il conseille \u00e9galement les joueurs de football en mati\u00e8re contractuelle.<br \/>Nasr est membre de l&#8217;<a href=\"https:\/\/www.aiaf-law.com\/\" target=\"_blank\" rel=\"noopener\" style=\"color: #ffffff;\"><span style=\"text-decoration: underline;\"><strong>Association internationale des avocats du football (AIAF)<\/strong><\/span><\/a>.<\/span><\/p>\n<p>[\/et_pb_text][\/et_pb_column][et_pb_column type=&#8221;1_4&#8243; _builder_version=&#8221;4.16&#8243; custom_padding=&#8221;|||&#8221; global_colors_info=&#8221;{}&#8221; custom_padding__hover=&#8221;|||&#8221;][et_pb_image src=&#8221;https:\/\/football-legal.com\/conference\/wp-content\/uploads\/2024\/06\/Abdouraman-HAMADOU-BABA-nb.jpg&#8221; title_text=&#8221;Abdouraman-HAMADOU-BABA-nb&#8221; align_tablet=&#8221;center&#8221; align_phone=&#8221;&#8221; align_last_edited=&#8221;on|desktop&#8221; module_class=&#8221;zoom-image&#8221; _builder_version=&#8221;4.25.1&#8243; custom_margin=&#8221;0px|0px|20px|0px&#8221; custom_padding=&#8221;0px|0px|0px|0px&#8221; filter_sepia=&#8221;30%&#8221; animation_style=&#8221;fade&#8221; animation_delay=&#8221;100ms&#8221; border_width_bottom=&#8221;6px&#8221; border_style_bottom=&#8221;inset&#8221; locked=&#8221;off&#8221; global_colors_info=&#8221;{}&#8221; border_radii__hover_enabled=&#8221;on&#8221; border_width_bottom__hover_enabled=&#8221;on|hover&#8221; border_color_bottom__hover_enabled=&#8221;on|hover&#8221; border_color_bottom__hover=&#8221;#CEB200&#8243; border_radii__hover=&#8221;||||&#8221; border_width_bottom__hover=&#8221;6px&#8221;][\/et_pb_image][et_pb_text _builder_version=&#8221;4.25.1&#8243; text_font=&#8221;||||||||&#8221; text_text_color=&#8221;#7a7a7a&#8221; text_font_size=&#8221;13px&#8221; header_font=&#8221;||||||||&#8221; header_4_font=&#8221;Montserrat|700|||||||&#8221; custom_margin=&#8221;0px|0px|0px|0px&#8221; custom_padding=&#8221;0px|0px|5px|0px|false|false&#8221; custom_padding_tablet=&#8221;|||0px|false|false&#8221; custom_padding_phone=&#8221;|||0px|false|false&#8221; custom_padding_last_edited=&#8221;on|tablet&#8221; animation_style=&#8221;fade&#8221; animation_delay=&#8221;100ms&#8221; locked=&#8221;off&#8221; global_colors_info=&#8221;{}&#8221; header_4_text_color__hover_enabled=&#8221;on&#8221; header_4_text_color__hover=&#8221;#4dbdc6&#8243;]<\/p>\n<p><span style=\"color: #e4e46f;\"><strong>Intervenant<\/strong><\/span><\/p>\n<p>[\/et_pb_text][et_pb_text content_tablet=&#8221;<\/p>\n<h4><strong>Abdouraman<br \/>HAMADOU<br \/>BABBA<\/strong><span style=%22text-decoration: underline; color: #ffffff;%22><\/span><\/h4>\n<p><span style=%22color: #ffffff;%22>Abdouraman Hamadou Babba est un dirigeant du football au Cameroun. Il a \u00e9t\u00e9 membre de la F\u00e9cafoot et pr\u00e9sident de l&#8217;Etoile Filante de Garoua. Il est connu pour les diff\u00e9rents recours aupr\u00e8s du Tribunal arbitral du sport qui ont conduit \u00e0 plusieurs annulations de processus \u00e9lectoraux et dissolutions des \u00e9quipes dirigeantes de la F\u00e9cafoot.<\/span><\/p>\n<p>&#8221; content_phone=&#8221;<\/p>\n<h4><strong>Abdouraman HAMADOU BABBA<\/strong><span style=%22text-decoration: underline; color: #ffffff;%22><\/span><\/h4>\n<p><span style=%22color: #ffffff;%22>Abdouraman Hamadou Babba est un dirigeant du football au Cameroun. Il a \u00e9t\u00e9 membre de la F\u00e9cafoot et pr\u00e9sident de l&#8217;Etoile Filante de Garoua. Il est connu pour les diff\u00e9rents recours aupr\u00e8s du Tribunal arbitral du sport qui ont conduit \u00e0 plusieurs annulations de processus \u00e9lectoraux et dissolutions des \u00e9quipes dirigeantes de la F\u00e9cafoot.<\/span><\/p>\n<p>&#8221; content_last_edited=&#8221;on|phone&#8221; _builder_version=&#8221;4.25.1&#8243; text_font=&#8221;||||||||&#8221; text_font_size=&#8221;13px&#8221; header_font=&#8221;||||||||&#8221; header_4_font=&#8221;Montserrat|700|||||||&#8221; custom_margin=&#8221;0px|0px|0px|0px&#8221; custom_padding=&#8221;0px|20px|5px|0px|false|false&#8221; custom_padding_tablet=&#8221;|||0px|false|false&#8221; custom_padding_phone=&#8221;|||0px|false|false&#8221; custom_padding_last_edited=&#8221;on|tablet&#8221; animation_style=&#8221;fade&#8221; animation_delay=&#8221;100ms&#8221; locked=&#8221;off&#8221; global_colors_info=&#8221;{}&#8221; header_4_text_color__hover_enabled=&#8221;off|desktop&#8221; header_4_text_color__hover=&#8221;#4dbdc6&#8243;]<\/p>\n<h4><strong>Abdouraman<br \/>HAMADOU BABBA<\/strong><span style=\"text-decoration: underline; color: #ffffff;\"><\/span><\/h4>\n<p><span style=\"color: #ffffff;\">Abdouraman Hamadou Babba est un dirigeant du football au Cameroun. Il a \u00e9t\u00e9 membre de la F\u00e9cafoot et pr\u00e9sident de l&#8217;Etoile Filante de Garoua. Il est connu pour les diff\u00e9rents recours aupr\u00e8s du Tribunal arbitral du sport qui ont conduit \u00e0 plusieurs annulations de processus \u00e9lectoraux et dissolutions des \u00e9quipes dirigeantes de la F\u00e9cafoot.<\/span><\/p>\n<p>[\/et_pb_text][\/et_pb_column][et_pb_column type=&#8221;1_4&#8243; _builder_version=&#8221;4.16&#8243; custom_padding=&#8221;|||&#8221; global_colors_info=&#8221;{}&#8221; custom_padding__hover=&#8221;|||&#8221;][et_pb_image src=&#8221;https:\/\/football-legal.com\/conference\/wp-content\/uploads\/2024\/05\/Paul-MEBIZOO-nb.jpg&#8221; title_text=&#8221;Paul-MEBIZO&#8217;O-nb&#8221; align_tablet=&#8221;center&#8221; align_phone=&#8221;&#8221; align_last_edited=&#8221;on|desktop&#8221; module_class=&#8221;zoom-image&#8221; _builder_version=&#8221;4.25.1&#8243; custom_margin=&#8221;0px|0px|20px|0px&#8221; custom_padding=&#8221;0px|0px|0px|0px&#8221; filter_sepia=&#8221;30%&#8221; animation_style=&#8221;fade&#8221; animation_delay=&#8221;100ms&#8221; border_width_bottom=&#8221;6px&#8221; border_style_bottom=&#8221;inset&#8221; locked=&#8221;off&#8221; global_colors_info=&#8221;{}&#8221; border_radii__hover_enabled=&#8221;on&#8221; border_width_bottom__hover_enabled=&#8221;on|hover&#8221; border_color_bottom__hover_enabled=&#8221;on|hover&#8221; border_color_bottom__hover=&#8221;#CEB200&#8243; border_radii__hover=&#8221;||||&#8221; border_width_bottom__hover=&#8221;6px&#8221;][\/et_pb_image][et_pb_text _builder_version=&#8221;4.25.1&#8243; text_font=&#8221;||||||||&#8221; text_text_color=&#8221;#7a7a7a&#8221; text_font_size=&#8221;13px&#8221; header_font=&#8221;||||||||&#8221; header_4_font=&#8221;Montserrat|700|||||||&#8221; custom_margin=&#8221;0px|0px|0px|0px&#8221; custom_padding=&#8221;0px|0px|5px|0px|false|false&#8221; custom_padding_tablet=&#8221;|||0px|false|false&#8221; custom_padding_phone=&#8221;|||0px|false|false&#8221; custom_padding_last_edited=&#8221;on|tablet&#8221; animation_style=&#8221;fade&#8221; animation_delay=&#8221;100ms&#8221; locked=&#8221;off&#8221; global_colors_info=&#8221;{}&#8221; header_4_text_color__hover_enabled=&#8221;on&#8221; header_4_text_color__hover=&#8221;#4dbdc6&#8243;]<\/p>\n<p><span style=\"color: #e4e46f;\"><strong>Intervenant<\/strong><\/span><\/p>\n<p>[\/et_pb_text][et_pb_text content_tablet=&#8221;<\/p>\n<h4><strong>Paul<br \/>MEBIZO&#8217;O<\/strong><span style=%22text-decoration: underline; color: #ffffff;%22><\/span><\/h4>\n<p><span style=%22color: #ffffff;%22>Paul MEBIZO&#8217;O est consultant sportif. Il a travaill\u00e9 de nombreuses ann\u00e9es \u00e0 la FECAFOOT en tant que responsable des licences et des transferts, puis en tant que Chef du D\u00e9partement des comp\u00e9titions.<\/span><\/p>\n<p>&#8221; content_phone=&#8221;<\/p>\n<h4><strong>Paul MEBIZO&#8217;O<\/strong><span style=%22text-decoration: underline; color: #ffffff;%22><\/span><\/h4>\n<p><span style=%22color: #ffffff;%22>Paul MEBIZO&#8217;O est consultant sportif. Il a travaill\u00e9 de nombreuses ann\u00e9es \u00e0 la FECAFOOT en tant que responsable des licences et des transferts, puis en tant que Chef du D\u00e9partement des comp\u00e9titions.<\/span><\/p>\n<p>&#8221; content_last_edited=&#8221;on|desktop&#8221; _builder_version=&#8221;4.25.1&#8243; text_font=&#8221;||||||||&#8221; text_font_size=&#8221;13px&#8221; header_font=&#8221;||||||||&#8221; header_4_font=&#8221;Montserrat|700|||||||&#8221; custom_margin=&#8221;0px|0px|0px|0px&#8221; custom_padding=&#8221;0px|20px|5px|0px|false|false&#8221; custom_padding_tablet=&#8221;|||0px|false|false&#8221; custom_padding_phone=&#8221;|||0px|false|false&#8221; custom_padding_last_edited=&#8221;on|tablet&#8221; animation_style=&#8221;fade&#8221; animation_delay=&#8221;100ms&#8221; locked=&#8221;off&#8221; global_colors_info=&#8221;{}&#8221; header_4_text_color__hover_enabled=&#8221;off|desktop&#8221; header_4_text_color__hover=&#8221;#4dbdc6&#8243;]<\/p>\n<h4><strong>Paul MEBIZO&#8217;O<\/strong><span style=\"text-decoration: underline; color: #ffffff;\"><\/span><\/h4>\n<p><span style=\"color: #ffffff;\">Paul MEBIZO&#8217;O est consultant sportif. Il a travaill\u00e9 de nombreuses ann\u00e9es \u00e0 la FECAFOOT en tant que responsable des licences et des transferts, puis en tant que Chef du D\u00e9partement des comp\u00e9titions.<\/span><\/p>\n<p>[\/et_pb_text][\/et_pb_column][\/et_pb_row][et_pb_row column_structure=&#8221;1_4,1_4,1_4,1_4&#8243; use_custom_gutter=&#8221;on&#8221; gutter_width=&#8221;2&#8243; custom_padding_last_edited=&#8221;off|desktop&#8221; disabled_on=&#8221;off|off|off&#8221; _builder_version=&#8221;4.25.1&#8243; background_color=&#8221;RGBA(255,255,255,0)&#8221; custom_padding=&#8221;0px|0px|40px|0|false|false&#8221; custom_padding_tablet=&#8221;|||40px&#8221; pac_drh_column_numbers_tablet=&#8221;pac_drh_tab_col_four&#8221; locked=&#8221;off&#8221; global_colors_info=&#8221;{}&#8221;][et_pb_column type=&#8221;1_4&#8243; _builder_version=&#8221;4.16&#8243; custom_padding=&#8221;|||&#8221; global_colors_info=&#8221;{}&#8221; custom_padding__hover=&#8221;|||&#8221;][et_pb_image src=&#8221;https:\/\/football-legal.com\/conference\/wp-content\/uploads\/2024\/05\/Enow-NGACHU-nb.jpg&#8221; title_text=&#8221;Enow-NGACHU-nb&#8221; align_tablet=&#8221;center&#8221; align_phone=&#8221;&#8221; align_last_edited=&#8221;on|desktop&#8221; module_class=&#8221;zoom-image&#8221; _builder_version=&#8221;4.25.1&#8243; custom_margin=&#8221;0px|0px|20px|0px&#8221; custom_padding=&#8221;0px|0px|0px|0px&#8221; filter_sepia=&#8221;30%&#8221; animation_style=&#8221;fade&#8221; animation_delay=&#8221;100ms&#8221; border_width_bottom=&#8221;6px&#8221; border_style_bottom=&#8221;inset&#8221; locked=&#8221;off&#8221; global_colors_info=&#8221;{}&#8221; border_radii__hover_enabled=&#8221;on&#8221; border_width_bottom__hover_enabled=&#8221;on|hover&#8221; border_color_bottom__hover_enabled=&#8221;on|hover&#8221; border_color_bottom__hover=&#8221;#CEB200&#8243; border_radii__hover=&#8221;||||&#8221; border_width_bottom__hover=&#8221;6px&#8221;][\/et_pb_image][et_pb_text _builder_version=&#8221;4.25.1&#8243; text_font=&#8221;||||||||&#8221; text_text_color=&#8221;#7a7a7a&#8221; text_font_size=&#8221;13px&#8221; header_font=&#8221;||||||||&#8221; header_4_font=&#8221;Montserrat|700|||||||&#8221; custom_margin=&#8221;0px|0px|0px|0px&#8221; custom_padding=&#8221;0px|0px|5px|0px|false|false&#8221; custom_padding_tablet=&#8221;|||0px|false|false&#8221; custom_padding_phone=&#8221;|||0px|false|false&#8221; custom_padding_last_edited=&#8221;on|tablet&#8221; animation_style=&#8221;fade&#8221; animation_delay=&#8221;100ms&#8221; locked=&#8221;off&#8221; global_colors_info=&#8221;{}&#8221; header_4_text_color__hover_enabled=&#8221;on&#8221; header_4_text_color__hover=&#8221;#4dbdc6&#8243;]<\/p>\n<p><span style=\"color: #e4e46f;\"><strong>Intervenant<\/strong><\/span><\/p>\n<p>[\/et_pb_text][et_pb_text content_tablet=&#8221;<\/p>\n<h4><span style=%22color: #efefef;%22><span style=%22color: #333333;%22><strong>Carl Enow<br \/>NGACHU<\/strong><\/span><span style=%22text-decoration: underline;%22><\/span><\/span><\/h4>\n<p><span style=%22color: #ffffff;%22>Carl Enow NGACHU est nomm\u00e9 s\u00e9lectionneur de l&#8217;\u00e9quipe f\u00e9minine du Cameroun en 2003.<br \/>Il remporte en tant que s\u00e9lectionneur la m\u00e9daille d&#8217;argent lors du championnat d&#8217;Afrique 2004. Il est m\u00e9daill\u00e9 de bronze en 2012. Depuis mai 2017, il est directeur g\u00e9n\u00e9ral de l&#8217;<\/span><span style=%22text-decoration: underline; color: #ffffff;%22><strong><a href=%22https:\/\/www.facebook.com\/anafootweb\/%22 data-et-target-link=%22_blank%22 rel=%22noopener%22 style=%22color: #ffffff; text-decoration: underline;%22>Anafoot<\/a><\/strong><\/span><span style=%22color: #ffffff;%22>.<\/span><\/p>\n<p>&#8221; content_phone=&#8221;<\/p>\n<h4><span style=%22color: #efefef;%22><span style=%22color: #333333;%22><strong>Carl Enow NGACHU<\/strong><\/span><span style=%22text-decoration: underline;%22><\/span><\/span><\/h4>\n<p><span style=%22color: #ffffff;%22>Carl Enow NGACHU est nomm\u00e9 s\u00e9lectionneur de l&#8217;\u00e9quipe f\u00e9minine du Cameroun en 2003.<br \/>Il remporte en tant que s\u00e9lectionneur la m\u00e9daille d&#8217;argent lors du championnat d&#8217;Afrique 2004. Il est m\u00e9daill\u00e9 de bronze en 2012. Depuis mai 2017, il est directeur g\u00e9n\u00e9ral de l&#8217;<\/span><span style=%22text-decoration: underline; color: #ffffff;%22><strong><a href=%22https:\/\/www.facebook.com\/anafootweb\/%22 data-et-target-link=%22_blank%22 rel=%22noopener%22 style=%22color: #ffffff; text-decoration: underline;%22>Anafoot<\/a><\/strong><\/span><span style=%22color: #ffffff;%22>.<\/span><\/p>\n<p>&#8221; content_last_edited=&#8221;on|phone&#8221; _builder_version=&#8221;4.25.1&#8243; text_font=&#8221;||||||||&#8221; text_font_size=&#8221;13px&#8221; header_font=&#8221;||||||||&#8221; header_4_font=&#8221;Montserrat|700|||||||&#8221; custom_margin=&#8221;0px|0px|0px|0px&#8221; custom_padding=&#8221;0px|20px|5px|0px|false|false&#8221; custom_padding_tablet=&#8221;|||0px|false|false&#8221; custom_padding_phone=&#8221;|||0px|false|false&#8221; custom_padding_last_edited=&#8221;on|phone&#8221; animation_style=&#8221;fade&#8221; animation_delay=&#8221;100ms&#8221; locked=&#8221;off&#8221; global_colors_info=&#8221;{}&#8221; header_4_text_color__hover_enabled=&#8221;off|desktop&#8221; header_4_text_color__hover=&#8221;#4dbdc6&#8243;]<\/p>\n<h4><span style=\"color: #efefef;\"><span style=\"color: #333333;\"><strong>Carl Enow NGACHU<\/strong><\/span><span style=\"text-decoration: underline;\"><\/span><\/span><\/h4>\n<p><span style=\"color: #ffffff;\">Carl Enow NGACHU est nomm\u00e9 s\u00e9lectionneur de l&#8217;\u00e9quipe f\u00e9minine du Cameroun en 2003.<br \/>Il remporte en tant que s\u00e9lectionneur la m\u00e9daille d&#8217;argent lors du championnat d&#8217;Afrique 2004. Il est m\u00e9daill\u00e9 de bronze en 2012. Depuis mai 2017, il est directeur g\u00e9n\u00e9ral de l&#8217;<\/span><span style=\"text-decoration: underline; color: #ffffff;\"><strong><a href=\"https:\/\/www.facebook.com\/anafootweb\/\" target=\"_blank\" rel=\"noopener\" style=\"color: #ffffff; text-decoration: underline;\">Anafoot<\/a><\/strong><\/span><span style=\"color: #ffffff;\">.<\/span><\/p>\n<p>[\/et_pb_text][\/et_pb_column][et_pb_column type=&#8221;1_4&#8243; _builder_version=&#8221;4.16&#8243; custom_padding=&#8221;|||&#8221; global_colors_info=&#8221;{}&#8221; custom_padding__hover=&#8221;|||&#8221;][et_pb_image src=&#8221;https:\/\/football-legal.com\/conference\/wp-content\/uploads\/2024\/05\/Geremi-NJITAP-nb.jpg&#8221; title_text=&#8221;Geremi-NJITAP-nb&#8221; align_tablet=&#8221;center&#8221; align_phone=&#8221;&#8221; align_last_edited=&#8221;on|desktop&#8221; module_class=&#8221;zoom-image&#8221; _builder_version=&#8221;4.25.1&#8243; custom_margin=&#8221;0px|0px|20px|0px&#8221; custom_padding=&#8221;0px|0px|0px|0px&#8221; filter_sepia=&#8221;30%&#8221; animation_style=&#8221;fade&#8221; animation_delay=&#8221;100ms&#8221; border_width_bottom=&#8221;6px&#8221; border_style_bottom=&#8221;inset&#8221; locked=&#8221;off&#8221; global_colors_info=&#8221;{}&#8221; border_radii__hover_enabled=&#8221;on&#8221; border_width_bottom__hover_enabled=&#8221;on|hover&#8221; border_color_bottom__hover_enabled=&#8221;on|hover&#8221; border_color_bottom__hover=&#8221;#CEB200&#8243; border_radii__hover=&#8221;||||&#8221; border_width_bottom__hover=&#8221;6px&#8221;][\/et_pb_image][et_pb_text _builder_version=&#8221;4.25.1&#8243; text_font=&#8221;||||||||&#8221; text_text_color=&#8221;#7a7a7a&#8221; text_font_size=&#8221;13px&#8221; header_font=&#8221;||||||||&#8221; header_4_font=&#8221;Montserrat|700|||||||&#8221; custom_margin=&#8221;0px|0px|0px|0px&#8221; custom_padding=&#8221;0px|0px|5px|0px|false|false&#8221; custom_padding_tablet=&#8221;|||0px|false|false&#8221; custom_padding_phone=&#8221;|||0px|false|false&#8221; custom_padding_last_edited=&#8221;on|tablet&#8221; animation_style=&#8221;fade&#8221; animation_delay=&#8221;100ms&#8221; locked=&#8221;off&#8221; global_colors_info=&#8221;{}&#8221; header_4_text_color__hover_enabled=&#8221;on&#8221; header_4_text_color__hover=&#8221;#4dbdc6&#8243;]<\/p>\n<p><span style=\"color: #e4e46f;\"><strong>Intervenant<\/strong><\/span><\/p>\n<p>[\/et_pb_text][et_pb_text content_tablet=&#8221;<\/p>\n<h4><span style=%22color: #ffffff;%22><span style=%22color: #333333;%22>Geremi<br \/>NJITAP<\/span><span style=%22text-decoration: underline;%22><br \/><\/span><\/span><\/h4>\n<p><span style=%22color: #ffffff;%22>Geremi NJITAP est un ancien footballeur international Camerounais. Il est pr\u00e9sident du syndicat national des footballeurs du Cameroun (<span style=%22text-decoration: underline;%22><strong><a href=%22https:\/\/synafoc.divisionafrica.org\/%22 data-et-target-link=%22_blank%22 rel=%22noopener%22 style=%22color: #ffffff; text-decoration: underline;%22>SYNAFOC<\/a><\/strong><\/span>) et vice pr\u00e9sident de la <span style=%22text-decoration: underline;%22><strong><a href=%22https:\/\/www.fifpro.org\/%22 data-et-target-link=%22_blank%22 rel=%22noopener%22 style=%22color: #ffffff; text-decoration: underline;%22>FIFPRO<\/a><\/strong><\/span>.<\/span><\/p>\n<p>&#8221; content_phone=&#8221;<\/p>\n<h4><span style=%22color: #ffffff;%22><span style=%22color: #333333;%22>Geremi NJITAP<\/span><span style=%22text-decoration: underline;%22><br \/><\/span><\/span><\/h4>\n<p><span style=%22color: #ffffff;%22>Geremi NJITAP est un ancien footballeur international Camerounais. Il est pr\u00e9sident du syndicat national des footballeurs du Cameroun (<span style=%22text-decoration: underline;%22><strong><a href=%22https:\/\/synafoc.divisionafrica.org\/%22 data-et-target-link=%22_blank%22 rel=%22noopener%22 style=%22color: #ffffff; text-decoration: underline;%22>SYNAFOC<\/a><\/strong><\/span>) et vice pr\u00e9sident de la <span style=%22text-decoration: underline;%22><strong><a href=%22https:\/\/www.fifpro.org\/%22 data-et-target-link=%22_blank%22 rel=%22noopener%22 style=%22color: #ffffff; text-decoration: underline;%22>FIFPRO<\/a><\/strong><\/span>.<\/span><\/p>\n<p>&#8221; content_last_edited=&#8221;on|desktop&#8221; _builder_version=&#8221;4.25.1&#8243; text_font=&#8221;||||||||&#8221; text_font_size=&#8221;13px&#8221; header_font=&#8221;||||||||&#8221; header_4_font=&#8221;Montserrat|700|||||||&#8221; custom_margin=&#8221;0px|0px|0px|0px&#8221; custom_padding=&#8221;0px|0px|5px|0px&#8221; custom_padding_tablet=&#8221;|||0px|false|false&#8221; custom_padding_phone=&#8221;|||0px|false|false&#8221; custom_padding_last_edited=&#8221;on|tablet&#8221; animation_style=&#8221;fade&#8221; animation_delay=&#8221;100ms&#8221; locked=&#8221;off&#8221; global_colors_info=&#8221;{}&#8221; header_4_text_color__hover_enabled=&#8221;off|hover&#8221; header_4_text_color__hover=&#8221;#4dbdc6&#8243;]<\/p>\n<h4><span style=\"color: #ffffff;\"><span style=\"color: #333333;\">Geremi NJITAP<\/span><span style=\"text-decoration: underline;\"><br \/><\/span><\/span><\/h4>\n<p><span style=\"color: #ffffff;\">Geremi NJITAP est un ancien footballeur international Camerounais. Il est pr\u00e9sident du syndicat national des footballeurs du Cameroun (<span style=\"text-decoration: underline;\"><strong><a href=\"https:\/\/synafoc.divisionafrica.org\/\" target=\"_blank\" rel=\"noopener\" style=\"color: #ffffff; text-decoration: underline;\">SYNAFOC<\/a><\/strong><\/span>) et vice pr\u00e9sident de la <span style=\"text-decoration: underline;\"><strong><a href=\"https:\/\/www.fifpro.org\/\" target=\"_blank\" rel=\"noopener\" style=\"color: #ffffff; text-decoration: underline;\">FIFPRO<\/a><\/strong><\/span>.<\/span><\/p>\n<p>[\/et_pb_text][\/et_pb_column][et_pb_column type=&#8221;1_4&#8243; _builder_version=&#8221;4.16&#8243; custom_padding=&#8221;|||&#8221; global_colors_info=&#8221;{}&#8221; custom_padding__hover=&#8221;|||&#8221;][et_pb_image src=&#8221;https:\/\/football-legal.com\/conference\/wp-content\/uploads\/2024\/05\/JJ-Nouyadjam-nb.jpg&#8221; title_text=&#8221;JJ-Nouyadjam-nb&#8221; align_tablet=&#8221;center&#8221; align_phone=&#8221;&#8221; align_last_edited=&#8221;on|desktop&#8221; module_class=&#8221;zoom-image&#8221; _builder_version=&#8221;4.25.1&#8243; custom_margin=&#8221;0px|0px|20px|0px&#8221; custom_padding=&#8221;0px|0px|0px|0px&#8221; filter_sepia=&#8221;30%&#8221; animation_style=&#8221;fade&#8221; animation_delay=&#8221;100ms&#8221; border_width_bottom=&#8221;6px&#8221; border_style_bottom=&#8221;inset&#8221; locked=&#8221;off&#8221; global_colors_info=&#8221;{}&#8221; border_radii__hover_enabled=&#8221;on&#8221; border_width_bottom__hover_enabled=&#8221;on|hover&#8221; border_color_bottom__hover_enabled=&#8221;on|hover&#8221; border_color_bottom__hover=&#8221;#CEB200&#8243; border_radii__hover=&#8221;||||&#8221; border_width_bottom__hover=&#8221;6px&#8221;][\/et_pb_image][et_pb_text _builder_version=&#8221;4.25.1&#8243; text_font=&#8221;||||||||&#8221; text_text_color=&#8221;#7a7a7a&#8221; text_font_size=&#8221;13px&#8221; header_font=&#8221;||||||||&#8221; header_4_font=&#8221;Montserrat|700|||||||&#8221; custom_margin=&#8221;0px|0px|0px|0px&#8221; custom_padding=&#8221;0px|0px|5px|0px|false|false&#8221; custom_padding_tablet=&#8221;|||0px|false|false&#8221; custom_padding_phone=&#8221;|||0px|false|false&#8221; custom_padding_last_edited=&#8221;on|tablet&#8221; animation_style=&#8221;fade&#8221; animation_delay=&#8221;100ms&#8221; locked=&#8221;off&#8221; global_colors_info=&#8221;{}&#8221; header_4_text_color__hover_enabled=&#8221;on&#8221; header_4_text_color__hover=&#8221;#4dbdc6&#8243;]<\/p>\n<p><span style=\"color: #e4e46f;\"><strong>Intervenant<\/strong><\/span><\/p>\n<p>[\/et_pb_text][et_pb_text content_tablet=&#8221;<\/p>\n<h4><strong>Jean-Jacques<br \/>NOUYADJAM<\/strong><span style=%22text-decoration: underline; color: #ffffff;%22><\/span><\/h4>\n<p><span style=%22color: #ffffff;%22>Jean-Jacques NOUYADJAM est un avocat sp\u00e9cialis\u00e9 en droit du sport, inscrit au Barreau du Cameroun. Il a fond\u00e9 le Cabinet d\u2019Avocats bilingue et panafricain <span style=%22text-decoration: underline;%22><strong><a href=%22https:\/\/nouyadjamassociates.com\/%22 data-et-target-link=%22_blank%22 rel=%22noopener%22 style=%22color: #ffffff; text-decoration: underline;%22>NOUYADJAM &#038; <\/a>Associates<\/strong><\/span> Il est membre de l\u2019<a href=%22https:\/\/www.aiaf-law.com\/%22 data-et-target-link=%22_blank%22 rel=%22noopener%22 style=%22color: #ffffff;%22><span style=%22text-decoration: underline;%22><strong>Association internationale des avocats du football (AIAF)<\/strong><\/span><\/a>. Il est \u00e9galement le fondateur de l\u2019<span style=%22text-decoration: underline;%22><strong><a href=%22http:\/\/www.acads-droitsport.org\/%22 data-et-target-link=%22_blank%22 rel=%22noopener%22 style=%22color: #ffffff; text-decoration: underline;%22>Association Camerounaise des Avocats en Droit du Sport (ACADS)<\/a><\/strong><\/span>.<\/span><\/p>\n<p>&#8221; content_phone=&#8221;<\/p>\n<h4><strong>Jean-Jacques NOUYADJAM<\/strong><span style=%22text-decoration: underline; color: #ffffff;%22><\/span><\/h4>\n<p><span style=%22color: #ffffff;%22>Jean-Jacques NOUYADJAM est un avocat sp\u00e9cialis\u00e9 en droit du sport, inscrit au Barreau du Cameroun. Il a fond\u00e9 le Cabinet d\u2019Avocats bilingue et panafricain <span style=%22text-decoration: underline;%22><strong><a href=%22https:\/\/nouyadjamassociates.com\/%22 data-et-target-link=%22_blank%22 rel=%22noopener%22 style=%22color: #ffffff; text-decoration: underline;%22>NOUYADJAM &#038; <\/a>Associates<\/strong><\/span> Il est membre de l\u2019<a href=%22https:\/\/www.aiaf-law.com\/%22 data-et-target-link=%22_blank%22 rel=%22noopener%22 style=%22color: #ffffff;%22><span style=%22text-decoration: underline;%22><strong>Association internationale des avocats du football (AIAF)<\/strong><\/span><\/a>. Il est \u00e9galement le fondateur de l\u2019<span style=%22text-decoration: underline;%22><strong><a href=%22http:\/\/www.acads-droitsport.org\/%22 data-et-target-link=%22_blank%22 rel=%22noopener%22 style=%22color: #ffffff; text-decoration: underline;%22>Association Camerounaise des Avocats en Droit du Sport (ACADS)<\/a><\/strong><\/span>.<\/span><\/p>\n<p>&#8221; content_last_edited=&#8221;on|phone&#8221; _builder_version=&#8221;4.25.1&#8243; text_font=&#8221;||||||||&#8221; text_font_size=&#8221;13px&#8221; header_font=&#8221;||||||||&#8221; header_4_font=&#8221;Montserrat|700|||||||&#8221; custom_margin=&#8221;0px|0px|0px|0px&#8221; custom_padding=&#8221;0px|20px|5px|0px|false|false&#8221; custom_padding_tablet=&#8221;|||0px|false|false&#8221; custom_padding_phone=&#8221;|||0px|false|false&#8221; custom_padding_last_edited=&#8221;on|tablet&#8221; animation_style=&#8221;fade&#8221; animation_delay=&#8221;100ms&#8221; locked=&#8221;off&#8221; global_colors_info=&#8221;{}&#8221; header_4_text_color__hover_enabled=&#8221;off|desktop&#8221; header_4_text_color__hover=&#8221;#4dbdc6&#8243;]<\/p>\n<h4><strong>Jean-Jacques<br \/>NOUYADJAM<\/strong><span style=\"text-decoration: underline; color: #ffffff;\"><\/span><\/h4>\n<p><span style=\"color: #ffffff;\">Jean-Jacques NOUYADJAM est un avocat sp\u00e9cialis\u00e9 en droit du sport, inscrit au Barreau du Cameroun. Il a fond\u00e9 le Cabinet d\u2019Avocats bilingue et panafricain <span style=\"text-decoration: underline;\"><strong><a href=\"https:\/\/nouyadjamassociates.com\/\" target=\"_blank\" rel=\"noopener\" style=\"color: #ffffff; text-decoration: underline;\">NOUYADJAM &amp; <\/a>Associates<\/strong><\/span> Il est membre de l\u2019<a href=\"https:\/\/www.aiaf-law.com\/\" target=\"_blank\" rel=\"noopener\" style=\"color: #ffffff;\"><span style=\"text-decoration: underline;\"><strong>Association internationale des avocats du football (AIAF)<\/strong><\/span><\/a>. Il est \u00e9galement le fondateur de l\u2019<span style=\"text-decoration: underline;\"><strong><a href=\"http:\/\/www.acads-droitsport.org\/\" target=\"_blank\" rel=\"noopener\" style=\"color: #ffffff; text-decoration: underline;\">Association Camerounaise des Avocats en Droit du Sport (ACADS)<\/a><\/strong><\/span>.<\/span><\/p>\n<p>[\/et_pb_text][\/et_pb_column][et_pb_column type=&#8221;1_4&#8243; _builder_version=&#8221;4.16&#8243; custom_padding=&#8221;|||&#8221; global_colors_info=&#8221;{}&#8221; custom_padding__hover=&#8221;|||&#8221;][et_pb_image src=&#8221;https:\/\/football-legal.com\/conference\/wp-content\/uploads\/2024\/05\/Etienne-RIZK-nb.jpg&#8221; title_text=&#8221;Etienne-RIZK-nb&#8221; align_tablet=&#8221;center&#8221; align_phone=&#8221;&#8221; align_last_edited=&#8221;on|desktop&#8221; module_class=&#8221;zoom-image&#8221; _builder_version=&#8221;4.25.1&#8243; custom_margin=&#8221;0px|0px|20px|0px&#8221; custom_padding=&#8221;0px|0px|0px|0px&#8221; filter_sepia=&#8221;30%&#8221; animation_style=&#8221;fade&#8221; animation_delay=&#8221;100ms&#8221; border_width_bottom=&#8221;6px&#8221; border_style_bottom=&#8221;inset&#8221; locked=&#8221;off&#8221; global_colors_info=&#8221;{}&#8221; border_radii__hover_enabled=&#8221;on&#8221; border_width_bottom__hover_enabled=&#8221;on|hover&#8221; border_color_bottom__hover_enabled=&#8221;on|hover&#8221; border_color_bottom__hover=&#8221;#CEB200&#8243; border_radii__hover=&#8221;||||&#8221; border_width_bottom__hover=&#8221;6px&#8221;][\/et_pb_image][et_pb_text _builder_version=&#8221;4.25.1&#8243; text_font=&#8221;||||||||&#8221; text_text_color=&#8221;#7a7a7a&#8221; text_font_size=&#8221;13px&#8221; header_font=&#8221;||||||||&#8221; header_4_font=&#8221;Montserrat|700|||||||&#8221; custom_margin=&#8221;0px|0px|0px|0px&#8221; custom_padding=&#8221;0px|0px|5px|0px|false|false&#8221; custom_padding_tablet=&#8221;|||0px|false|false&#8221; custom_padding_phone=&#8221;|||0px|false|false&#8221; custom_padding_last_edited=&#8221;on|tablet&#8221; animation_style=&#8221;fade&#8221; animation_delay=&#8221;100ms&#8221; locked=&#8221;off&#8221; global_colors_info=&#8221;{}&#8221; header_4_text_color__hover_enabled=&#8221;on&#8221; header_4_text_color__hover=&#8221;#4dbdc6&#8243;]<\/p>\n<p><span style=\"color: #e4e46f;\"><strong>Intervenant<\/strong><\/span><\/p>\n<p>[\/et_pb_text][et_pb_text content_tablet=&#8221;<\/p>\n<h4><span style=%22color: #efefef;%22><span style=%22color: #333333;%22><strong>\u00c9tienne<br \/>RIZK<\/strong><\/span><span style=%22text-decoration: underline;%22><\/span><\/span><\/h4>\n<p><span style=%22color: #ffffff;%22>\u00c9tienne RIZK est avocat sp\u00e9cialis\u00e9 en droit du sport. Il a exerc\u00e9 pendant pr\u00e8s de 10 ans au sein du cabinet NFA LAW au sein duquel il est notamment intervenu dans le cadre d&#8217;op\u00e9rations de transferts de joueurs de football embl\u00e9matiques. <br \/>Apr\u00e8s avoir occup\u00e9 le poste de Directeur du Football au sein de l&#8217;agence de marketing sportif Total Sports Asia en Malaisie de 2018 \u00e0 2021, Etienne a co-fond\u00e9 le cabinet de niche <span style=%22text-decoration: underline;%22><strong><a href=%22https:\/\/www.nrlegal.fr\/%22 data-et-target-link=%22_blank%22 rel=%22noopener%22 style=%22color: #ffffff; text-decoration: underline;%22>NATAF RIZK LEGAL<\/a><\/strong><\/span> en janvier 2022.<\/span><\/p>\n<p>&#8221; content_phone=&#8221;<\/p>\n<h4><span style=%22color: #efefef;%22><span style=%22color: #333333;%22><strong>\u00c9tienne RIZK<\/strong><\/span><span style=%22text-decoration: underline;%22><\/span><\/span><\/h4>\n<p><span style=%22color: #ffffff;%22>\u00c9tienne RIZK est avocat sp\u00e9cialis\u00e9 en droit du sport. Il a exerc\u00e9 pendant pr\u00e8s de 10 ans au sein du cabinet NFA LAW au sein duquel il est notamment intervenu dans le cadre d&#8217;op\u00e9rations de transferts de joueurs de football embl\u00e9matiques. <br \/>Apr\u00e8s avoir occup\u00e9 le poste de Directeur du Football au sein de l&#8217;agence de marketing sportif Total Sports Asia en Malaisie de 2018 \u00e0 2021, Etienne a co-fond\u00e9 le cabinet de niche <span style=%22text-decoration: underline;%22><strong><a href=%22https:\/\/www.nrlegal.fr\/%22 data-et-target-link=%22_blank%22 rel=%22noopener%22 style=%22color: #ffffff; text-decoration: underline;%22>NATAF RIZK LEGAL<\/a><\/strong><\/span> en janvier 2022.<\/span><\/p>\n<p>&#8221; content_last_edited=&#8221;on|phone&#8221; _builder_version=&#8221;4.25.1&#8243; text_font=&#8221;||||||||&#8221; text_font_size=&#8221;13px&#8221; header_font=&#8221;||||||||&#8221; header_4_font=&#8221;Montserrat|700|||||||&#8221; custom_margin=&#8221;0px|0px|0px|0px&#8221; custom_padding=&#8221;0px|20px|5px|0px|false|false&#8221; custom_padding_tablet=&#8221;|||0px|false|false&#8221; custom_padding_phone=&#8221;|||0px|false|false&#8221; custom_padding_last_edited=&#8221;on|phone&#8221; animation_style=&#8221;fade&#8221; animation_delay=&#8221;100ms&#8221; locked=&#8221;off&#8221; global_colors_info=&#8221;{}&#8221; header_4_text_color__hover_enabled=&#8221;off|desktop&#8221; header_4_text_color__hover=&#8221;#4dbdc6&#8243;]<\/p>\n<h4><span style=\"color: #efefef;\"><span style=\"color: #333333;\"><strong>\u00c9tienne RIZK<\/strong><\/span><span style=\"text-decoration: underline;\"><\/span><\/span><\/h4>\n<p><span style=\"color: #ffffff;\">\u00c9tienne RIZK est avocat sp\u00e9cialis\u00e9 en droit du sport. Il a exerc\u00e9 pendant pr\u00e8s de 10 ans au sein du cabinet NFA LAW au sein duquel il est notamment intervenu dans le cadre d&#8217;op\u00e9rations de transferts de joueurs de football embl\u00e9matiques. <br \/>Apr\u00e8s avoir occup\u00e9 le poste de Directeur du Football au sein de l&#8217;agence de marketing sportif Total Sports Asia en Malaisie de 2018 \u00e0 2021, Etienne a co-fond\u00e9 le cabinet de niche <span style=\"text-decoration: underline;\"><strong><a href=\"https:\/\/www.nrlegal.fr\/\" target=\"_blank\" rel=\"noopener\" style=\"color: #ffffff; text-decoration: underline;\">NATAF RIZK LEGAL<\/a><\/strong><\/span> en janvier 2022.<\/span><\/p>\n<p>[\/et_pb_text][\/et_pb_column][\/et_pb_row][et_pb_row column_structure=&#8221;1_4,1_4,1_4,1_4&#8243; use_custom_gutter=&#8221;on&#8221; gutter_width=&#8221;2&#8243; custom_padding_last_edited=&#8221;off|desktop&#8221; disabled_on=&#8221;off|off|off&#8221; _builder_version=&#8221;4.25.1&#8243; background_color=&#8221;RGBA(255,255,255,0)&#8221; custom_padding=&#8221;0px|0px|40px|0|false|false&#8221; custom_padding_tablet=&#8221;|||40px&#8221; pac_drh_column_numbers_tablet=&#8221;pac_drh_tab_col_four&#8221; locked=&#8221;off&#8221; global_colors_info=&#8221;{}&#8221;][et_pb_column type=&#8221;1_4&#8243; _builder_version=&#8221;4.16&#8243; custom_padding=&#8221;|||&#8221; global_colors_info=&#8221;{}&#8221; custom_padding__hover=&#8221;|||&#8221;][et_pb_image src=&#8221;https:\/\/football-legal.com\/conference\/wp-content\/uploads\/2024\/05\/Abdoulaye-SOW-nb.jpg&#8221; title_text=&#8221;Abdoulaye-SOW-nb&#8221; align_tablet=&#8221;center&#8221; align_phone=&#8221;&#8221; align_last_edited=&#8221;on|desktop&#8221; module_class=&#8221;zoom-image&#8221; _builder_version=&#8221;4.25.1&#8243; custom_margin=&#8221;0px|0px|20px|0px&#8221; custom_padding=&#8221;0px|0px|0px|0px&#8221; filter_sepia=&#8221;30%&#8221; animation_style=&#8221;fade&#8221; animation_delay=&#8221;100ms&#8221; border_width_bottom=&#8221;6px&#8221; border_style_bottom=&#8221;inset&#8221; locked=&#8221;off&#8221; global_colors_info=&#8221;{}&#8221; border_radii__hover_enabled=&#8221;on&#8221; border_width_bottom__hover_enabled=&#8221;on|hover&#8221; border_color_bottom__hover_enabled=&#8221;on|hover&#8221; border_color_bottom__hover=&#8221;#CEB200&#8243; border_radii__hover=&#8221;||||&#8221; border_width_bottom__hover=&#8221;6px&#8221;][\/et_pb_image][et_pb_text _builder_version=&#8221;4.25.1&#8243; text_font=&#8221;||||||||&#8221; text_text_color=&#8221;#7a7a7a&#8221; text_font_size=&#8221;13px&#8221; header_font=&#8221;||||||||&#8221; header_4_font=&#8221;Montserrat|700|||||||&#8221; custom_margin=&#8221;0px|0px|0px|0px&#8221; custom_padding=&#8221;0px|0px|5px|0px|false|false&#8221; custom_padding_tablet=&#8221;|||0px|false|false&#8221; custom_padding_phone=&#8221;|||0px|false|false&#8221; custom_padding_last_edited=&#8221;on|tablet&#8221; animation_style=&#8221;fade&#8221; animation_delay=&#8221;100ms&#8221; locked=&#8221;off&#8221; global_colors_info=&#8221;{}&#8221; header_4_text_color__hover_enabled=&#8221;on&#8221; header_4_text_color__hover=&#8221;#4dbdc6&#8243;]<\/p>\n<p><span style=\"color: #e4e46f;\"><strong>Intervenant<\/strong><\/span><\/p>\n<p>[\/et_pb_text][et_pb_text content_tablet=&#8221;<\/p>\n<h4><span style=%22color: #ffffff;%22><span style=%22color: #333333;%22>Abdoulaye<br \/>SOW<\/span><span style=%22text-decoration: underline;%22><br \/><\/span><\/span><\/h4>\n<p><span style=%22color: #ffffff;%22>Abdoulaye SOW, est un juriste sp\u00e9cialis\u00e9 en droit du sport. Titulaire du Master 2 Professions juridiques du sport (Universit\u00e9 de Bourgogne), il est depuis avril 2021 consultant en r\u00e9glementation sportive aupr\u00e8s du cabinet <span style=%22text-decoration: underline;%22><strong><a href=%22https:\/\/guilex-avocats.com\/%22 data-et-target-link=%22_blank%22 rel=%22noopener%22 style=%22color: #ffffff; text-decoration: underline;%22>Guilex-Avocats<\/a><\/strong><\/span>, notamment concernant les op\u00e9rations de transfert dans le football.<a href=%22https:\/\/cnosf.franceolympique.com\/cnosf\/%22 data-et-target-link=%22_blank%22 rel=%22noopener%22 style=%22color: #ffffff;%22><span style=%22text-decoration: underline;%22><strong><\/strong><\/span><\/a><\/span><\/p>\n<p>&#8221; content_phone=&#8221;<\/p>\n<h4><span style=%22color: #ffffff;%22><span style=%22color: #333333;%22>Abdoulaye SOW<\/span><span style=%22text-decoration: underline;%22><br \/><\/span><\/span><\/h4>\n<p><span style=%22color: #ffffff;%22>Abdoulaye SOW, est un juriste sp\u00e9cialis\u00e9 en droit du sport. Titulaire du Master 2 Professions juridiques du sport (Universit\u00e9 de Bourgogne), il est depuis avril 2021 consultant en r\u00e9glementation sportive aupr\u00e8s du cabinet <span style=%22text-decoration: underline;%22><strong><a href=%22https:\/\/guilex-avocats.com\/%22 data-et-target-link=%22_blank%22 rel=%22noopener%22 style=%22color: #ffffff; text-decoration: underline;%22>Guilex-Avocats<\/a><\/strong><\/span>, notamment concernant les op\u00e9rations de transfert dans le football.<a href=%22https:\/\/cnosf.franceolympique.com\/cnosf\/%22 data-et-target-link=%22_blank%22 rel=%22noopener%22 style=%22color: #ffffff;%22><span style=%22text-decoration: underline;%22><strong><\/strong><\/span><\/a><\/span><\/p>\n<p>&#8221; content_last_edited=&#8221;on|desktop&#8221; _builder_version=&#8221;4.25.1&#8243; text_font=&#8221;||||||||&#8221; text_font_size=&#8221;13px&#8221; header_font=&#8221;||||||||&#8221; header_4_font=&#8221;Montserrat|700|||||||&#8221; custom_margin=&#8221;0px|0px|0px|0px&#8221; custom_padding=&#8221;0px|0px|5px|0px&#8221; custom_padding_tablet=&#8221;|||0px|false|false&#8221; custom_padding_phone=&#8221;|||0px|false|false&#8221; custom_padding_last_edited=&#8221;on|tablet&#8221; animation_style=&#8221;fade&#8221; animation_delay=&#8221;100ms&#8221; locked=&#8221;off&#8221; global_colors_info=&#8221;{}&#8221; header_4_text_color__hover_enabled=&#8221;off|hover&#8221; header_4_text_color__hover=&#8221;#4dbdc6&#8243;]<\/p>\n<h4><span style=\"color: #ffffff;\"><span style=\"color: #333333;\">Abdoulaye SOW<\/span><span style=\"text-decoration: underline;\"><br \/><\/span><\/span><\/h4>\n<p><span style=\"color: #ffffff;\">Abdoulaye SOW, est un juriste sp\u00e9cialis\u00e9 en droit du sport. Titulaire du Master 2 Professions juridiques du sport (Universit\u00e9 de Bourgogne), il est depuis avril 2021 consultant en r\u00e9glementation sportive aupr\u00e8s du cabinet <span style=\"text-decoration: underline;\"><strong><a href=\"https:\/\/guilex-avocats.com\/\" target=\"_blank\" rel=\"noopener\" style=\"color: #ffffff; text-decoration: underline;\">Guilex-Avocats<\/a><\/strong><\/span>, notamment concernant les op\u00e9rations de transfert dans le football.<a href=\"https:\/\/cnosf.franceolympique.com\/cnosf\/\" target=\"_blank\" rel=\"noopener\" style=\"color: #ffffff;\"><span style=\"text-decoration: underline;\"><strong><\/strong><\/span><\/a><\/span><\/p>\n<p>[\/et_pb_text][\/et_pb_column][et_pb_column type=&#8221;1_4&#8243; _builder_version=&#8221;4.16&#8243; custom_padding=&#8221;|||&#8221; global_colors_info=&#8221;{}&#8221; custom_padding__hover=&#8221;|||&#8221;][et_pb_image src=&#8221;https:\/\/football-legal.com\/conference\/wp-content\/uploads\/2024\/05\/william-sternheimer-nb.jpg&#8221; title_text=&#8221;william-sternheimer-nb&#8221; align_tablet=&#8221;center&#8221; align_phone=&#8221;&#8221; align_last_edited=&#8221;on|desktop&#8221; module_class=&#8221;zoom-image&#8221; _builder_version=&#8221;4.25.1&#8243; custom_margin=&#8221;0px|0px|20px|0px&#8221; custom_padding=&#8221;0px|0px|0px|0px&#8221; filter_sepia=&#8221;30%&#8221; animation_style=&#8221;fade&#8221; animation_delay=&#8221;100ms&#8221; border_width_bottom=&#8221;6px&#8221; border_style_bottom=&#8221;inset&#8221; locked=&#8221;off&#8221; global_colors_info=&#8221;{}&#8221; border_radii__hover_enabled=&#8221;on&#8221; border_width_bottom__hover_enabled=&#8221;on|hover&#8221; border_color_bottom__hover_enabled=&#8221;on|hover&#8221; border_color_bottom__hover=&#8221;#CEB200&#8243; border_radii__hover=&#8221;||||&#8221; border_width_bottom__hover=&#8221;6px&#8221;][\/et_pb_image][et_pb_text _builder_version=&#8221;4.25.1&#8243; text_font=&#8221;||||||||&#8221; text_text_color=&#8221;#7a7a7a&#8221; text_font_size=&#8221;13px&#8221; header_font=&#8221;||||||||&#8221; header_4_font=&#8221;Montserrat|700|||||||&#8221; custom_margin=&#8221;0px|0px|0px|0px&#8221; custom_padding=&#8221;0px|0px|5px|0px|false|false&#8221; custom_padding_tablet=&#8221;|||0px|false|false&#8221; custom_padding_phone=&#8221;|||0px|false|false&#8221; custom_padding_last_edited=&#8221;on|tablet&#8221; animation_style=&#8221;fade&#8221; animation_delay=&#8221;100ms&#8221; locked=&#8221;off&#8221; global_colors_info=&#8221;{}&#8221; header_4_text_color__hover_enabled=&#8221;on&#8221; header_4_text_color__hover=&#8221;#4dbdc6&#8243;]<\/p>\n<p><span style=\"color: #e4e46f;\"><strong>Intervenant<\/strong><\/span><\/p>\n<p>[\/et_pb_text][et_pb_text content_tablet=&#8221;<\/p>\n<h4><span style=%22color: #ffffff;%22><span style=%22color: #333333;%22>William<br \/>STERNHEIMER<\/span><span style=%22text-decoration: underline;%22><br \/><\/span><\/span><\/h4>\n<p><span style=%22color: #ffffff;%22>William a rejoint <span style=%22text-decoration: underline; color: #ffffff;%22><strong><a href=%22https:\/\/morgansl.com\/%22 data-et-target-link=%22_blank%22 rel=%22noopener%22 style=%22text-decoration: underline; color: #ffffff;%22>Morgan Sports Law<\/a><\/strong><\/span> en janvier 2019 apr\u00e8s avoir pass\u00e9 dix ans au Tribunal Arbitral du Sport (TAS), o\u00f9 il a \u00e9t\u00e9 Secr\u00e9taire G\u00e9n\u00e9ral adjoint. Sa pratique est centr\u00e9e sur l&#8217;arbitrage international et les modes alternatifs de r\u00e9solution des diff\u00e9rends dans le contexte des litiges sportifs, et plus particuli\u00e8rement des litiges li\u00e9s au football.<\/span><\/p>\n<p>&#8221; content_phone=&#8221;<\/p>\n<h4><span style=%22color: #ffffff;%22><span style=%22color: #333333;%22>William STERNHEIMER<\/span><span style=%22text-decoration: underline;%22><br \/><\/span><\/span><\/h4>\n<p><span style=%22color: #ffffff;%22>William a rejoint <span style=%22text-decoration: underline; color: #ffffff;%22><strong><a href=%22https:\/\/morgansl.com\/%22 data-et-target-link=%22_blank%22 rel=%22noopener%22 style=%22text-decoration: underline; color: #ffffff;%22>Morgan Sports Law<\/a><\/strong><\/span> en janvier 2019 apr\u00e8s avoir pass\u00e9 dix ans au Tribunal Arbitral du Sport (TAS), o\u00f9 il a \u00e9t\u00e9 Secr\u00e9taire G\u00e9n\u00e9ral adjoint. Sa pratique est centr\u00e9e sur l&#8217;arbitrage international et les modes alternatifs de r\u00e9solution des diff\u00e9rends dans le contexte des litiges sportifs, et plus particuli\u00e8rement des litiges li\u00e9s au football.<\/span><\/p>\n<p>&#8221; content_last_edited=&#8221;on|phone&#8221; _builder_version=&#8221;4.25.1&#8243; text_font=&#8221;||||||||&#8221; text_font_size=&#8221;13px&#8221; header_font=&#8221;||||||||&#8221; header_4_font=&#8221;Montserrat|700|||||||&#8221; custom_margin=&#8221;0px|0px|0px|0px&#8221; custom_padding=&#8221;0px|0px|5px|0px&#8221; custom_padding_tablet=&#8221;|||0px|false|false&#8221; custom_padding_phone=&#8221;|||0px|false|false&#8221; custom_padding_last_edited=&#8221;on|tablet&#8221; animation_style=&#8221;fade&#8221; animation_delay=&#8221;100ms&#8221; locked=&#8221;off&#8221; global_colors_info=&#8221;{}&#8221; header_4_text_color__hover_enabled=&#8221;off|hover&#8221; header_4_text_color__hover=&#8221;#4dbdc6&#8243;]<\/p>\n<h4><span style=\"color: #ffffff;\"><span style=\"color: #333333;\">William STERNHEIMER<\/span><span style=\"text-decoration: underline;\"><br \/><\/span><\/span><\/h4>\n<p><span style=\"color: #ffffff;\">William a rejoint <span style=\"text-decoration: underline; color: #ffffff;\"><strong><a href=\"https:\/\/morgansl.com\/\" target=\"_blank\" rel=\"noopener\" style=\"text-decoration: underline; color: #ffffff;\">Morgan Sports Law<\/a><\/strong><\/span> en janvier 2019 apr\u00e8s avoir pass\u00e9 dix ans au Tribunal Arbitral du Sport (TAS), o\u00f9 il a \u00e9t\u00e9 Secr\u00e9taire G\u00e9n\u00e9ral adjoint. Sa pratique est centr\u00e9e sur l&#8217;arbitrage international et les modes alternatifs de r\u00e9solution des diff\u00e9rends dans le contexte des litiges sportifs, et plus particuli\u00e8rement des litiges li\u00e9s au football.<\/span><\/p>\n<p>[\/et_pb_text][\/et_pb_column][et_pb_column type=&#8221;1_4&#8243; _builder_version=&#8221;4.16&#8243; custom_padding=&#8221;|||&#8221; global_colors_info=&#8221;{}&#8221; custom_padding__hover=&#8221;|||&#8221;][et_pb_image src=&#8221;https:\/\/football-legal.com\/conference\/wp-content\/uploads\/2024\/05\/Samba-Thiam-nb.jpg&#8221; title_text=&#8221;Samba-Thiam-nb&#8221; align_tablet=&#8221;center&#8221; align_phone=&#8221;&#8221; align_last_edited=&#8221;on|desktop&#8221; module_class=&#8221;zoom-image&#8221; _builder_version=&#8221;4.25.1&#8243; custom_margin=&#8221;0px|0px|20px|0px&#8221; custom_margin_tablet=&#8221;|||0px|false|false&#8221; custom_margin_phone=&#8221;|||0px|false|false&#8221; custom_margin_last_edited=&#8221;on|phone&#8221; custom_padding=&#8221;0px|0px|0px|0px&#8221; filter_sepia=&#8221;30%&#8221; animation_style=&#8221;fade&#8221; animation_delay=&#8221;100ms&#8221; border_width_bottom=&#8221;6px&#8221; border_style_bottom=&#8221;inset&#8221; locked=&#8221;off&#8221; global_colors_info=&#8221;{}&#8221; border_radii__hover_enabled=&#8221;on&#8221; border_width_bottom__hover_enabled=&#8221;on|hover&#8221; border_color_bottom__hover_enabled=&#8221;on|hover&#8221; border_color_bottom__hover=&#8221;#CEB200&#8243; border_radii__hover=&#8221;||||&#8221; border_width_bottom__hover=&#8221;6px&#8221;][\/et_pb_image][et_pb_text _builder_version=&#8221;4.25.1&#8243; text_font=&#8221;||||||||&#8221; text_text_color=&#8221;#7a7a7a&#8221; text_font_size=&#8221;13px&#8221; header_font=&#8221;||||||||&#8221; header_4_font=&#8221;Montserrat|700|||||||&#8221; custom_margin=&#8221;0px|0px|0px|0px&#8221; custom_padding=&#8221;0px|0px|5px|0px|false|false&#8221; custom_padding_tablet=&#8221;|||0px|false|false&#8221; custom_padding_phone=&#8221;|||0px|false|false&#8221; custom_padding_last_edited=&#8221;on|tablet&#8221; animation_style=&#8221;fade&#8221; animation_delay=&#8221;100ms&#8221; locked=&#8221;off&#8221; global_colors_info=&#8221;{}&#8221; header_4_text_color__hover_enabled=&#8221;on&#8221; header_4_text_color__hover=&#8221;#4dbdc6&#8243;]<\/p>\n<p><span style=\"color: #e4e46f;\"><strong>Intervenant<\/strong><\/span><\/p>\n<p>[\/et_pb_text][et_pb_text content_tablet=&#8221;<\/p>\n<h4><span style=%22color: #ffffff;%22><span style=%22color: #333333;%22>Samba<br \/>THIAM<\/span><span style=%22text-decoration: underline;%22><br \/><\/span><\/span><\/h4>\n<p><span style=%22color: #ffffff;%22>Docteur en Droit du sport \u00e0 l\u2019Universit\u00e9 d\u2019Aix-Marseille en France, \u00e9l\u00e8ve-avocat et dipl\u00f4m\u00e9 en droit des affaires, Samba Thiam est chercheur en droit du sport et publie des \u00e9tudes et articles dans des revues fran\u00e7aises et internationales. Il intervient sur des sujets de droit du sport, et m\u00e8ne des projets au S\u00e9n\u00e9gal, son pays d\u2019origine.<a href=%22https:\/\/cnosf.franceolympique.com\/cnosf\/%22 data-et-target-link=%22_blank%22 rel=%22noopener%22 style=%22color: #ffffff;%22><span style=%22text-decoration: underline;%22><strong><\/strong><\/span><\/a><\/span><\/p>\n<p>&#8221; content_phone=&#8221;<\/p>\n<h4><span style=%22color: #ffffff;%22><span style=%22color: #333333;%22>Samba THIAM<\/span><span style=%22text-decoration: underline;%22><br \/><\/span><\/span><\/h4>\n<p><span style=%22color: #ffffff;%22>Docteur en Droit du sport \u00e0 l\u2019Universit\u00e9 d\u2019Aix-Marseille en France, \u00e9l\u00e8ve-avocat et dipl\u00f4m\u00e9 en droit des affaires, Samba Thiam est chercheur en droit du sport et publie des \u00e9tudes et articles dans des revues fran\u00e7aises et internationales. Il intervient sur des sujets de droit du sport, et m\u00e8ne des projets au S\u00e9n\u00e9gal, son pays d\u2019origine.<a href=%22https:\/\/cnosf.franceolympique.com\/cnosf\/%22 data-et-target-link=%22_blank%22 rel=%22noopener%22 style=%22color: #ffffff;%22><span style=%22text-decoration: underline;%22><strong><\/strong><\/span><\/a><\/span><\/p>\n<p>&#8221; content_last_edited=&#8221;on|tablet&#8221; _builder_version=&#8221;4.25.1&#8243; text_font=&#8221;||||||||&#8221; text_font_size=&#8221;13px&#8221; header_font=&#8221;||||||||&#8221; header_4_font=&#8221;Montserrat|700|||||||&#8221; custom_margin=&#8221;0px|0px|0px|0px&#8221; custom_margin_tablet=&#8221;|||0px|false|false&#8221; custom_margin_phone=&#8221;|||0px|false|false&#8221; custom_margin_last_edited=&#8221;on|desktop&#8221; custom_padding=&#8221;0px|0px|5px|0px&#8221; custom_padding_tablet=&#8221;|||0px|false|false&#8221; custom_padding_phone=&#8221;|||0px|false|false&#8221; custom_padding_last_edited=&#8221;on|tablet&#8221; animation_style=&#8221;fade&#8221; animation_delay=&#8221;100ms&#8221; locked=&#8221;off&#8221; global_colors_info=&#8221;{}&#8221; header_4_text_color__hover_enabled=&#8221;off|hover&#8221; header_4_text_color__hover=&#8221;#4dbdc6&#8243;]<\/p>\n<h4><span style=\"color: #ffffff;\"><span style=\"color: #333333;\">Samba THIAM<\/span><span style=\"text-decoration: underline;\"><br \/><\/span><\/span><\/h4>\n<p><span style=\"color: #ffffff;\">Docteur en Droit du sport \u00e0 l\u2019Universit\u00e9 d\u2019Aix-Marseille en France, \u00e9l\u00e8ve-avocat et dipl\u00f4m\u00e9 en droit des affaires, Samba Thiam est chercheur en droit du sport et publie des \u00e9tudes et articles dans des revues fran\u00e7aises et internationales. Il intervient sur des sujets de droit du sport, et m\u00e8ne des projets au S\u00e9n\u00e9gal, son pays d\u2019origine.<a href=\"https:\/\/cnosf.franceolympique.com\/cnosf\/\" target=\"_blank\" rel=\"noopener\" style=\"color: #ffffff;\"><span style=\"text-decoration: underline;\"><strong><\/strong><\/span><\/a><\/span><\/p>\n<p>[\/et_pb_text][\/et_pb_column][et_pb_column type=&#8221;1_4&#8243; _builder_version=&#8221;4.16&#8243; custom_padding=&#8221;|||&#8221; global_colors_info=&#8221;{}&#8221; custom_padding__hover=&#8221;|||&#8221;][et_pb_image src=&#8221;https:\/\/football-legal.com\/conference\/wp-content\/uploads\/2024\/05\/fond-vide.png&#8221; title_text=&#8221;fond-vide&#8221; disabled_on=&#8221;on|off|off&#8221; _builder_version=&#8221;4.25.1&#8243; _module_preset=&#8221;default&#8221; locked=&#8221;off&#8221; global_colors_info=&#8221;{}&#8221;][\/et_pb_image][\/et_pb_column][\/et_pb_row][\/et_pb_section][et_pb_section fb_built=&#8221;1&#8243; disabled_on=&#8221;on|on|on&#8221; module_id=&#8221;registration&#8221; _builder_version=&#8221;4.25.2&#8243; background_enable_color=&#8221;off&#8221; background_image=&#8221;https:\/\/football-legal.com\/conference\/wp-content\/uploads\/2024\/05\/flc-africa-visuel-2.jpg&#8221; parallax=&#8221;on&#8221; background_blend=&#8221;multiply&#8221; custom_padding=&#8221;200px|0|250px|0px|false|false&#8221; animation_style=&#8221;fade&#8221; animation_delay=&#8221;100ms&#8221; disabled=&#8221;on&#8221; global_colors_info=&#8221;{}&#8221;][et_pb_row _builder_version=&#8221;4.16&#8243; custom_padding=&#8221;0|0px|0|0px|false|false&#8221; use_custom_width=&#8221;on&#8221; width_unit=&#8221;off&#8221; global_colors_info=&#8221;{}&#8221;][et_pb_column type=&#8221;4_4&#8243; _builder_version=&#8221;4.16&#8243; custom_padding=&#8221;|||&#8221; global_colors_info=&#8221;{}&#8221; custom_padding__hover=&#8221;|||&#8221;][et_pb_text content_tablet=&#8221;<\/p>\n<h1 style=%22text-align: center;%22><span style=%22text-decoration: underline;%22><strong>Registration<\/strong><\/span><\/h1>\n<p style=%22text-align: center;%22><strong>Access to both days of the event:<br \/><\/strong><br \/><span style=%22text-decoration: underline;%22><strong>Price:<\/strong><\/span><\/p>\n<h4 style=%22text-align: center;%22>\u20ac150<\/h4>\n<h4 style=%22text-align: center;%22><strong><\/strong><\/h4>\n<p>&#8221; content_phone=&#8221;<\/p>\n<h1 style=%22text-align: center;%22><span style=%22text-decoration: underline;%22><strong>Registration<\/strong><\/span><\/h1>\n<p style=%22text-align: center;%22><strong>Access to both days<br \/>of the event:<br \/><\/strong><br \/><span style=%22text-decoration: underline;%22><strong>Price:<\/strong><\/span><\/p>\n<h4 style=%22text-align: center;%22>\u20ac150<strong><\/strong><\/h4>\n<p>&#8221; content_last_edited=&#8221;on|phone&#8221; _builder_version=&#8221;4.25.1&#8243; text_font=&#8221;||||||||&#8221; text_text_color=&#8221;#ffffff&#8221; text_font_size=&#8221;19px&#8221; text_line_height=&#8221;1.9em&#8221; header_font=&#8221;Montserrat|700||on|||||&#8221; header_text_align=&#8221;center&#8221; header_text_color=&#8221;#ffffff&#8221; header_font_size=&#8221;40px&#8221; header_4_font=&#8221;Montserrat|800|||||||&#8221; header_4_text_color=&#8221;#ffffff&#8221; header_4_font_size=&#8221;75px&#8221; text_orientation=&#8221;center&#8221; custom_margin=&#8221;||20px&#8221; animation_style=&#8221;fade&#8221; animation_delay=&#8221;100ms&#8221; header_font_size_tablet=&#8221;&#8221; header_font_size_phone=&#8221;30px&#8221; header_font_size_last_edited=&#8221;on|phone&#8221; global_colors_info=&#8221;{}&#8221;]<\/p>\n<h1 style=\"text-align: center;\"><span style=\"text-decoration: underline;\"><strong>Inscription<\/strong><\/span><\/h1>\n<p style=\"text-align: center;\"><strong>Acc\u00e8s aux deux jours de l&#8217;\u00e9v\u00e9nement :<\/strong><br \/><span style=\"text-decoration: underline;\"><strong><br \/>Prix :<\/strong><\/span><\/p>\n<h4 style=\"text-align: center;\">\u20ac150<strong><\/strong><\/h4>\n<p>[\/et_pb_text][et_pb_button button_url=&#8221;https:\/\/my.weezevent.com\/football-legal-conference-africa-2024&#8243; url_new_window=&#8221;on&#8221; button_text=&#8221;S&#8217;INSCRIRE&#8221; button_alignment=&#8221;center&#8221; _builder_version=&#8221;4.25.1&#8243; custom_button=&#8221;on&#8221; button_text_size=&#8221;25px&#8221; button_text_color=&#8221;#ffffff&#8221; button_bg_color=&#8221;#3E2814&#8243; button_border_width=&#8221;7px&#8221; button_border_color=&#8221;#3E2814&#8243; button_border_radius=&#8221;0px&#8221; button_font=&#8221;Montserrat|700|||||||&#8221; button_use_icon=&#8221;off&#8221; custom_margin=&#8221;0px||0px&#8221; custom_padding=&#8221;0px|20px|0px|20px&#8221; animation_style=&#8221;fade&#8221; animation_delay=&#8221;100ms&#8221; locked=&#8221;off&#8221; global_colors_info=&#8221;{}&#8221; button_text_size__hover_enabled=&#8221;off&#8221; button_one_text_size__hover_enabled=&#8221;off&#8221; button_two_text_size__hover_enabled=&#8221;off&#8221; button_text_color__hover_enabled=&#8221;off&#8221; button_one_text_color__hover_enabled=&#8221;off&#8221; button_two_text_color__hover_enabled=&#8221;off&#8221; button_border_width__hover_enabled=&#8221;off&#8221; button_one_border_width__hover_enabled=&#8221;off&#8221; button_two_border_width__hover_enabled=&#8221;off&#8221; button_border_color__hover_enabled=&#8221;off&#8221; button_one_border_color__hover_enabled=&#8221;off&#8221; button_two_border_color__hover_enabled=&#8221;off&#8221; button_border_radius__hover_enabled=&#8221;off&#8221; button_one_border_radius__hover_enabled=&#8221;off&#8221; button_two_border_radius__hover_enabled=&#8221;off&#8221; button_letter_spacing__hover_enabled=&#8221;off&#8221; button_one_letter_spacing__hover_enabled=&#8221;off&#8221; button_two_letter_spacing__hover_enabled=&#8221;off&#8221; button_bg_color__hover_enabled=&#8221;off&#8221; button_one_bg_color__hover_enabled=&#8221;off&#8221; button_two_bg_color__hover_enabled=&#8221;off&#8221;][\/et_pb_button][et_pb_text _builder_version=&#8221;4.25.1&#8243; text_font=&#8221;||||||||&#8221; text_text_color=&#8221;#ffffff&#8221; text_font_size=&#8221;13px&#8221; text_line_height=&#8221;1.9em&#8221; header_font=&#8221;Montserrat|700||on|||||&#8221; header_text_align=&#8221;center&#8221; header_text_color=&#8221;#ffffff&#8221; header_font_size=&#8221;45px&#8221; header_4_font=&#8221;Montserrat|800|||||||&#8221; header_4_text_color=&#8221;#ffffff&#8221; header_4_font_size=&#8221;75px&#8221; text_orientation=&#8221;center&#8221; custom_margin=&#8221;40px||&#8221; animation_style=&#8221;fade&#8221; animation_delay=&#8221;100ms&#8221; global_colors_info=&#8221;{}&#8221;]<\/p>\n<p><strong>L&#8217;inscription \u00e0 la FLC Africa 2024 ne pourra pas faire l&#8217;objet d&#8217;un remboursement.<br \/>Le jour de l&#8217;\u00e9v\u00e9nement, vous devrez vous munir du pr\u00e9sent billet d&#8217;entr\u00e9e \u00e0 la FLC Africa 2024 et d&#8217;une pi\u00e8ce d&#8217;identit\u00e9.<br \/><\/strong><\/p>\n<p>[\/et_pb_text][\/et_pb_column][\/et_pb_row][\/et_pb_section][et_pb_section fb_built=&#8221;1&#8243; disabled_on=&#8221;on|on|on&#8221; module_id=&#8221;partners&#8221; _builder_version=&#8221;4.25.2&#8243; background_color=&#8221;#ededed&#8221; custom_margin=&#8221;||||false|false&#8221; custom_padding=&#8221;80px|0px|80px|0px|false|false&#8221; disabled=&#8221;on&#8221; locked=&#8221;off&#8221; global_colors_info=&#8221;{}&#8221;][et_pb_row _builder_version=&#8221;4.16&#8243; custom_margin=&#8221;|||&#8221; custom_padding=&#8221;0px|0px|27px|0px|false|false&#8221; global_colors_info=&#8221;{}&#8221;][et_pb_column type=&#8221;4_4&#8243; _builder_version=&#8221;4.16&#8243; custom_padding=&#8221;|||&#8221; global_colors_info=&#8221;{}&#8221; custom_padding__hover=&#8221;|||&#8221;][et_pb_text _builder_version=&#8221;4.25.1&#8243; text_font=&#8221;||||||||&#8221; header_font=&#8221;Montserrat|700|||||||&#8221; header_text_align=&#8221;center&#8221; header_font_size=&#8221;40px&#8221; header_2_font=&#8221;Montserrat|700|||||||&#8221; header_2_text_align=&#8221;center&#8221; header_2_text_color=&#8221;#21212a&#8221; header_2_font_size=&#8221;40px&#8221; header_2_line_height=&#8221;1.3em&#8221; max_width=&#8221;700px&#8221; module_alignment=&#8221;center&#8221; custom_margin=&#8221;|||&#8221; animation_style=&#8221;fade&#8221; animation_delay=&#8221;100ms&#8221; header_font_size_tablet=&#8221;&#8221; header_font_size_phone=&#8221;30px&#8221; header_font_size_last_edited=&#8221;on|desktop&#8221; global_colors_info=&#8221;{}&#8221;]<\/p>\n<h1>Partenaires<span style=\"color: #299f53;\"><br \/><\/span><\/h1>\n<p>[\/et_pb_text][\/et_pb_column][\/et_pb_row][et_pb_row column_structure=&#8221;1_2,1_2&#8243; admin_label=&#8221;Sponsors&#8221; _builder_version=&#8221;4.25.1&#8243; background_color=&#8221;#ffffff&#8221; background_enable_image=&#8221;off&#8221; custom_margin=&#8221;|||&#8221; animation_style=&#8221;fade&#8221; animation_delay=&#8221;100ms&#8221; locked=&#8221;off&#8221; global_colors_info=&#8221;{}&#8221;][et_pb_column type=&#8221;1_2&#8243; _builder_version=&#8221;4.25.1&#8243; background_image=&#8221;https:\/\/football-legal.com\/conference\/wp-content\/uploads\/2024\/05\/logo-morgan-sports-law.jpg&#8221; background_size=&#8221;contain&#8221; custom_padding=&#8221;|||&#8221; global_colors_info=&#8221;{}&#8221; custom_padding__hover=&#8221;|||&#8221;][et_pb_image src=&#8221;https:\/\/football-legal.com\/conference\/wp-content\/uploads\/2024\/05\/logo-morgan-sports-law.jpg&#8221; title_text=&#8221;logo-morgan-sports-law&#8221; url=&#8221;https:\/\/morgansl.com\/&#8221; url_new_window=&#8221;on&#8221; align=&#8221;center&#8221; align_tablet=&#8221;center&#8221; align_phone=&#8221;&#8221; align_last_edited=&#8221;on|desktop&#8221; _builder_version=&#8221;4.25.1&#8243; width=&#8221;45%&#8221; width_tablet=&#8221;22%&#8221; width_phone=&#8221;80%&#8221; width_last_edited=&#8221;on|phone&#8221; max_width_tablet=&#8221;50%&#8221; max_width_phone=&#8221;35%&#8221; max_width_last_edited=&#8221;off|desktop&#8221; filter_saturate=&#8221;0%&#8221; animation_style=&#8221;fade&#8221; animation_delay=&#8221;50ms&#8221; hover_transition_duration=&#8221;100ms&#8221; global_colors_info=&#8221;{}&#8221; filter_opacity__hover_enabled=&#8221;on&#8221; filter_opacity__hover=&#8221;0%&#8221;][\/et_pb_image][\/et_pb_column][et_pb_column type=&#8221;1_2&#8243; _builder_version=&#8221;4.25.1&#8243; background_image=&#8221;https:\/\/football-legal.com\/conference\/wp-content\/uploads\/2024\/05\/logo-guilex-avocats.jpg&#8221; background_size=&#8221;contain&#8221; custom_padding=&#8221;|||&#8221; global_colors_info=&#8221;{}&#8221; custom_padding__hover=&#8221;|||&#8221;][et_pb_image src=&#8221;https:\/\/football-legal.com\/conference\/wp-content\/uploads\/2024\/05\/logo-guilex-avocats.jpg&#8221; title_text=&#8221;logo-guilex-avocats&#8221; url=&#8221;https:\/\/guilex-avocats.com\/&#8221; url_new_window=&#8221;on&#8221; align=&#8221;center&#8221; align_tablet=&#8221;center&#8221; align_phone=&#8221;&#8221; align_last_edited=&#8221;on|desktop&#8221; _builder_version=&#8221;4.25.1&#8243; width=&#8221;45%&#8221; width_tablet=&#8221;22%&#8221; width_phone=&#8221;80%&#8221; width_last_edited=&#8221;on|phone&#8221; max_width_tablet=&#8221;50%&#8221; max_width_phone=&#8221;35%&#8221; max_width_last_edited=&#8221;off|desktop&#8221; filter_saturate=&#8221;0%&#8221; animation_style=&#8221;fade&#8221; animation_delay=&#8221;50ms&#8221; hover_transition_duration=&#8221;100ms&#8221; locked=&#8221;off&#8221; global_colors_info=&#8221;{}&#8221; filter_opacity__hover_enabled=&#8221;on&#8221; filter_opacity__hover=&#8221;0%&#8221;][\/et_pb_image][\/et_pb_column][\/et_pb_row][et_pb_row disabled_on=&#8221;on|on|on&#8221; _builder_version=&#8221;4.25.1&#8243; custom_margin=&#8221;|||&#8221; custom_padding=&#8221;40px|0px|27px|0px|false|false&#8221; disabled=&#8221;on&#8221; global_colors_info=&#8221;{}&#8221;][et_pb_column type=&#8221;4_4&#8243; _builder_version=&#8221;4.16&#8243; custom_padding=&#8221;|||&#8221; global_colors_info=&#8221;{}&#8221; custom_padding__hover=&#8221;|||&#8221;][et_pb_text _builder_version=&#8221;4.25.0&#8243; text_font=&#8221;||||||||&#8221; header_font=&#8221;Montserrat|700|||||||&#8221; header_text_align=&#8221;center&#8221; header_font_size=&#8221;40px&#8221; header_2_font=&#8221;Montserrat|700|||||||&#8221; header_2_text_align=&#8221;center&#8221; header_2_text_color=&#8221;#21212a&#8221; header_2_font_size=&#8221;40px&#8221; header_2_line_height=&#8221;1.3em&#8221; max_width=&#8221;700px&#8221; module_alignment=&#8221;center&#8221; custom_margin=&#8221;|||&#8221; animation_style=&#8221;fade&#8221; animation_delay=&#8221;100ms&#8221; header_font_size_tablet=&#8221;&#8221; header_font_size_phone=&#8221;30px&#8221; header_font_size_last_edited=&#8221;on|desktop&#8221; global_colors_info=&#8221;{}&#8221;]<\/p>\n<h1>Media Partners<\/h1>\n<p>[\/et_pb_text][\/et_pb_column][\/et_pb_row][et_pb_row disabled_on=&#8221;on|on|on&#8221; admin_label=&#8221;Sponsors&#8221; _builder_version=&#8221;4.25.1&#8243; background_color=&#8221;#ffffff&#8221; background_enable_image=&#8221;off&#8221; custom_margin=&#8221;|||&#8221; animation_style=&#8221;fade&#8221; animation_delay=&#8221;100ms&#8221; disabled=&#8221;on&#8221; locked=&#8221;off&#8221; global_colors_info=&#8221;{}&#8221;][et_pb_column type=&#8221;4_4&#8243; _builder_version=&#8221;4.25.1&#8243; background_image=&#8221;https:\/\/football-legal.com\/conference\/wp-content\/uploads\/2024\/05\/logo-morgan-sports-law.jpg&#8221; background_size=&#8221;contain&#8221; custom_padding=&#8221;|||&#8221; global_colors_info=&#8221;{}&#8221; custom_padding__hover=&#8221;|||&#8221;][et_pb_image src=&#8221;https:\/\/football-legal.com\/conference\/wp-content\/uploads\/2024\/05\/logo-morgan-sports-law.jpg&#8221; title_text=&#8221;logo-morgan-sports-law&#8221; url=&#8221;https:\/\/morgansl.com\/&#8221; url_new_window=&#8221;on&#8221; align=&#8221;center&#8221; align_tablet=&#8221;center&#8221; align_phone=&#8221;&#8221; align_last_edited=&#8221;on|desktop&#8221; _builder_version=&#8221;4.25.1&#8243; width=&#8221;22%&#8221; width_tablet=&#8221;22%&#8221; width_phone=&#8221;80%&#8221; width_last_edited=&#8221;on|phone&#8221; max_width_tablet=&#8221;50%&#8221; max_width_phone=&#8221;35%&#8221; max_width_last_edited=&#8221;off|desktop&#8221; filter_saturate=&#8221;0%&#8221; animation_style=&#8221;fade&#8221; animation_delay=&#8221;50ms&#8221; hover_transition_duration=&#8221;100ms&#8221; global_colors_info=&#8221;{}&#8221; filter_opacity__hover_enabled=&#8221;on&#8221; filter_opacity__hover=&#8221;0%&#8221;][\/et_pb_image][\/et_pb_column][\/et_pb_row][et_pb_row column_structure=&#8221;1_3,1_3,1_3&#8243; disabled_on=&#8221;on|on|on&#8221; admin_label=&#8221;Sponsors&#8221; _builder_version=&#8221;4.25.1&#8243; background_color=&#8221;#ffffff&#8221; custom_margin=&#8221;|||&#8221; animation_style=&#8221;fade&#8221; animation_delay=&#8221;100ms&#8221; pac_drh_column_numbers_tablet=&#8221;pac_drh_tab_col_three&#8221; pac_drh_column_numbers_phone=&#8221;pac_drh_phone_col_one&#8221; disabled=&#8221;on&#8221; global_colors_info=&#8221;{}&#8221;][et_pb_column type=&#8221;1_3&#8243; _builder_version=&#8221;4.24.2&#8243; background_image=&#8221;https:\/\/football-legal.com\/conference\/wp-content\/uploads\/2024\/04\/logo-cabinet-atfield.jpg&#8221; background_size=&#8221;contain&#8221; custom_padding=&#8221;|||&#8221; global_colors_info=&#8221;{}&#8221; custom_padding__hover=&#8221;|||&#8221;][et_pb_image src=&#8221;https:\/\/football-legal.com\/conference\/wp-content\/uploads\/2024\/04\/logo-cabinet-atfield.jpg&#8221; title_text=&#8221;logo-cabinet-atfield&#8221; url=&#8221;https:\/\/www.atfield.be\/&#8221; url_new_window=&#8221;on&#8221; align=&#8221;center&#8221; align_tablet=&#8221;center&#8221; align_phone=&#8221;&#8221; align_last_edited=&#8221;on|desktop&#8221; _builder_version=&#8221;4.24.2&#8243; width=&#8221;75%&#8221; max_width_tablet=&#8221;50%&#8221; max_width_phone=&#8221;35%&#8221; max_width_last_edited=&#8221;off|desktop&#8221; filter_saturate=&#8221;0%&#8221; animation_style=&#8221;fade&#8221; animation_delay=&#8221;150ms&#8221; hover_transition_duration=&#8221;100ms&#8221; global_colors_info=&#8221;{}&#8221; filter_opacity__hover_enabled=&#8221;on&#8221; filter_opacity__hover=&#8221;0%&#8221; filter_brightness__hover_enabled=&#8221;off|hover&#8221; filter_brightness__hover=&#8221;100%&#8221;][\/et_pb_image][\/et_pb_column][et_pb_column type=&#8221;1_3&#8243; _builder_version=&#8221;4.23.2&#8243; background_image=&#8221;https:\/\/football-legal.com\/conference\/wp-content\/uploads\/2023\/12\/logo-unfp.jpg&#8221; background_size=&#8221;contain&#8221; custom_padding=&#8221;|||&#8221; global_colors_info=&#8221;{}&#8221; custom_padding__hover=&#8221;|||&#8221;][et_pb_image src=&#8221;https:\/\/football-legal.com\/conference\/wp-content\/uploads\/2023\/12\/logo-unfp.jpg&#8221; title_text=&#8221;logo-unfp&#8221; url=&#8221;https:\/\/www.unfp.org\/&#8221; url_new_window=&#8221;on&#8221; align=&#8221;center&#8221; align_tablet=&#8221;center&#8221; align_phone=&#8221;&#8221; align_last_edited=&#8221;on|desktop&#8221; _builder_version=&#8221;4.23.2&#8243; width=&#8221;75%&#8221; max_width_tablet=&#8221;50%&#8221; max_width_phone=&#8221;35%&#8221; max_width_last_edited=&#8221;off|desktop&#8221; filter_saturate=&#8221;0%&#8221; animation_style=&#8221;fade&#8221; animation_delay=&#8221;100ms&#8221; hover_transition_duration=&#8221;100ms&#8221; global_colors_info=&#8221;{}&#8221; filter_opacity__hover_enabled=&#8221;on&#8221; filter_opacity__hover=&#8221;0%&#8221; filter_saturate__hover_enabled=&#8221;off|desktop&#8221;][\/et_pb_image][\/et_pb_column][et_pb_column type=&#8221;1_3&#8243; _builder_version=&#8221;4.23.2&#8243; background_image=&#8221;https:\/\/football-legal.com\/conference\/wp-content\/uploads\/2023\/12\/logo-cabinet-bslaw.jpg&#8221; background_size=&#8221;contain&#8221; custom_padding=&#8221;|||&#8221; global_colors_info=&#8221;{}&#8221; custom_padding__hover=&#8221;|||&#8221;][et_pb_image src=&#8221;https:\/\/football-legal.com\/conference\/wp-content\/uploads\/2023\/12\/logo-cabinet-bslaw.jpg&#8221; title_text=&#8221;logo-cabinet-bslaw&#8221; url=&#8221;https:\/\/www.bslawparis.com\/&#8221; url_new_window=&#8221;on&#8221; align=&#8221;center&#8221; _builder_version=&#8221;4.23.2&#8243; width=&#8221;75%&#8221; filter_saturate=&#8221;0%&#8221; global_colors_info=&#8221;{}&#8221; filter_opacity__hover_enabled=&#8221;on&#8221; filter_opacity__hover=&#8221;0%&#8221;][\/et_pb_image][\/et_pb_column][\/et_pb_row][\/et_pb_section][et_pb_section fb_built=&#8221;1&#8243; custom_padding_last_edited=&#8221;on|desktop&#8221; admin_label=&#8221;hero section&#8221; module_id=&#8221;newsletter&#8221; _builder_version=&#8221;4.25.0&#8243; custom_margin=&#8221;|||&#8221; custom_padding=&#8221;80px||100px||false|false&#8221; custom_padding_tablet=&#8221;40px||100px||false|false&#8221; custom_padding_phone=&#8221;40px||||false|false&#8221; locked=&#8221;off&#8221; global_colors_info=&#8221;{}&#8221;][et_pb_row _builder_version=&#8221;4.16&#8243; custom_padding=&#8221;0px|0px|0|0px|false|false&#8221; global_colors_info=&#8221;{}&#8221;][et_pb_column type=&#8221;4_4&#8243; _builder_version=&#8221;4.16&#8243; custom_padding=&#8221;|||&#8221; global_colors_info=&#8221;{}&#8221; custom_padding__hover=&#8221;|||&#8221;][et_pb_text _builder_version=&#8221;4.25.1&#8243; header_font=&#8221;Montserrat|700|||||||&#8221; header_text_color=&#8221;#000000&#8243; header_font_size=&#8221;40px&#8221; header_2_font=&#8221;Montserrat|700|||||||&#8221; header_2_text_color=&#8221;#000000&#8243; header_2_font_size=&#8221;25px&#8221; custom_padding=&#8221;||&#8221; locked=&#8221;off&#8221; global_colors_info=&#8221;{}&#8221;]<\/p>\n<h1>Restez\u00a0inform\u00e9<\/h1>\n<p>Abonnez-vous gratuitement \u00e0 la <strong>newsletter de FLC Africa 2024<\/strong> pour recevoir toutes les derni\u00e8res infos sur\u00a0l\u2019\u00e9v\u00e9nement.<\/p>\n<p>*Champs requis.<\/p>\n<p>[\/et_pb_text][\/et_pb_column][\/et_pb_row][et_pb_row use_custom_gutter=&#8221;on&#8221; admin_label=&#8221;title and illustration&#8221; _builder_version=&#8221;4.16&#8243; background_size=&#8221;initial&#8221; background_position=&#8221;top_left&#8221; background_repeat=&#8221;repeat&#8221; custom_padding=&#8221;||0||false|false&#8221; global_colors_info=&#8221;{}&#8221;][et_pb_column type=&#8221;4_4&#8243; _builder_version=&#8221;4.16&#8243; custom_padding=&#8221;|||&#8221; global_colors_info=&#8221;{}&#8221; custom_padding__hover=&#8221;|||&#8221;][et_pb_contact_form use_spam_service=&#8221;on&#8221; recaptcha_list=&#8221;GRAPHIK SHAKER V3|GRAPHIK SHAKER V3-0&#8243; email=&#8221;contact@droitdusport.com&#8221; use_redirect=&#8221;on&#8221; redirect_url=&#8221;https:\/\/football-legal.com\/conference\/fr\/confirmation-inscription-newsletter\/&#8221; success_message=&#8221;Your request has been accepted. Thank you.&#8221; submit_button_text=&#8221;Recevoir la newsletter&#8221; module_id=&#8221;et_pb_contact_form_0&#8243; _builder_version=&#8221;4.25.1&#8243; _unique_id=&#8221;75a6f983-3856-44b7-b97c-680d8fa7eaa5&#8243; form_field_background_color=&#8221;#ededed&#8221; title_level=&#8221;h2&#8243; title_font=&#8221;Montserrat|700|||||||&#8221; title_text_color=&#8221;#000000&#8243; title_font_size=&#8221;25px&#8221; title_line_height=&#8221;1.7em&#8221; form_field_font=&#8221;||||||||&#8221; custom_button=&#8221;on&#8221; button_text_size=&#8221;16px&#8221; button_text_color=&#8221;#ffffff&#8221; button_bg_color=&#8221;#299F53&#8243; button_border_width=&#8221;0px&#8221; button_border_color=&#8221;#edf000&#8243; button_border_radius=&#8221;0px&#8221; button_letter_spacing=&#8221;0px&#8221; button_font=&#8221;Montserrat|700|||||||&#8221; button_icon=&#8221;&#x45;||divi||400&#8243; custom_padding=&#8221;0px|0px|0px|0px&#8221; link_option_url_new_window=&#8221;on&#8221; button_letter_spacing_tablet=&#8221;&#8221; button_letter_spacing_phone=&#8221;&#8221; button_letter_spacing_last_edited=&#8221;on|desktop&#8221; form_background_color=&#8221;#ededed&#8221; locked=&#8221;off&#8221; global_colors_info=&#8221;{}&#8221;][et_pb_contact_field field_id=&#8221;E-mail&#8221; field_title=&#8221;Adresse e-mail*&#8221; fullwidth_field=&#8221;on&#8221; _builder_version=&#8221;4.25.1&#8243; form_field_font=&#8221;||||||||&#8221; global_colors_info=&#8221;{}&#8221;][\/et_pb_contact_field][et_pb_contact_field field_id=&#8221;First_and_Last_name&#8221; field_title=&#8221;Nom et pr\u00e9nom*&#8221; fullwidth_field=&#8221;on&#8221; _builder_version=&#8221;4.25.1&#8243; global_colors_info=&#8221;{}&#8221;][\/et_pb_contact_field][et_pb_contact_field field_id=&#8221;Company&#8221; field_title=&#8221;Soci\u00e9t\u00e9&#8221; required_mark=&#8221;off&#8221; fullwidth_field=&#8221;on&#8221; _builder_version=&#8221;4.25.1&#8243; global_colors_info=&#8221;{}&#8221;][\/et_pb_contact_field][et_pb_contact_field field_id=&#8221;Position&#8221; field_title=&#8221;Fonction&#8221; required_mark=&#8221;off&#8221; fullwidth_field=&#8221;on&#8221; _builder_version=&#8221;4.25.1&#8243; global_colors_info=&#8221;{}&#8221;][\/et_pb_contact_field][et_pb_contact_field field_id=&#8221;Phone&#8221; field_title=&#8221;T\u00e9l.&#8221; required_mark=&#8221;off&#8221; fullwidth_field=&#8221;on&#8221; _builder_version=&#8221;4.25.1&#8243; global_colors_info=&#8221;{}&#8221;][\/et_pb_contact_field][et_pb_contact_field field_id=&#8221;RGPD&#8221; field_title=&#8221;Confidentialit\u00e9*&#8221; field_type=&#8221;checkbox&#8221; checkbox_options=&#8221;%91{%22value%22:%22J\u2019accepte de recevoir cette newsletter et je comprends que je peux me d\u00e9sabonner facilement \u00e0 tout moment. J\u2019ai lu et j\u2019accepte votre Politique de Confidentialit\u00e9.%22,%22checked%22:0,%22dragID%22:-1,%22link_url%22:%22%22}%93&#8243; fullwidth_field=&#8221;on&#8221; _builder_version=&#8221;4.25.1&#8243; global_colors_info=&#8221;{}&#8221;][\/et_pb_contact_field][\/et_pb_contact_form][\/et_pb_column][\/et_pb_row][\/et_pb_section][et_pb_section fb_built=&#8221;1&#8243; fullwidth=&#8221;on&#8221; admin_label=&#8221;Map Section&#8221; module_id=&#8221;location&#8221; _builder_version=&#8221;4.25.0&#8243; border_color_all=&#8221;#ffba60&#8243; border_width_left=&#8221;0vw&#8221; border_color_left=&#8221;#173E49&#8243; locked=&#8221;off&#8221; global_colors_info=&#8221;{}&#8221;][et_pb_fullwidth_map google_api_key=&#8221;AIzaSyCz6avCBjvBFbMjuQPJ5voErA_NNw8o-Yk&#8221; address=&#8221;1 Avenue Narvick, Yaound\u00e9 2659, Cameroun&#8221; zoom_level=&#8221;13&#8243; address_lat=&#8221;3.8703937162538&#8243; address_lng=&#8221;11.51436305223&#8243; mouse_wheel=&#8221;off&#8221; use_grayscale_filter=&#8221;on&#8221; grayscale_filter_amount=&#8221;30&#8243; _builder_version=&#8221;4.25.0&#8243; min_height=&#8221;650px&#8221; height=&#8221;650px&#8221; child_filter_saturate=&#8221;20%&#8221; global_colors_info=&#8221;{}&#8221;][et_pb_map_pin title=&#8221;1st Football Legal Conference&#8221; pin_address=&#8221;1 Avenue Narvick, Yaound\u00e9 2659, Cameroun&#8221; zoom_level=&#8221;15&#8243; pin_address_lat=&#8221;3.8713357&#8243; pin_address_lng=&#8221;11.5157065&#8243; _builder_version=&#8221;4.25.0&#8243; global_colors_info=&#8221;{}&#8221;]<\/p>\n<p><span>Djeuga Palace Hotel of Yaound\u00e9<br \/><\/span>1 Avenue Narvick, Yaound\u00e9 2659, Cameroun<\/p>\n<p>[\/et_pb_map_pin][\/et_pb_fullwidth_map][\/et_pb_section]<\/p>\n","protected":false},"excerpt":{"rendered":"<p>Le rendez-vous des acteurs africains en droit du footballEn participant \u00e0 la FLC AFRICA 2024, vous renforcez votre expertise en droit du football et contribuez au d\u00e9veloppement de la valeur du football africain ! Ma\u00eetriser le droit applicable et les r\u00e9glementations du football D\u00e9velopper les bonnes pratiques pour s\u00e9curiser l&#8217;activit\u00e9 des joueurs et des clubs [&hellip;]<\/p>\n","protected":false},"author":2,"featured_media":107,"parent":0,"menu_order":0,"comment_status":"closed","ping_status":"closed","template":"","meta":{"_et_pb_use_builder":"on","_et_pb_old_content":"","_et_gb_content_width":"","footnotes":""},"class_list":["post-29","page","type-page","status-publish","has-post-thumbnail","hentry"],"yoast_head":"<!-- This site is optimized with the Yoast SEO plugin v27.4 - https:\/\/yoast.com\/product\/yoast-seo-wordpress\/ -->\n<title>1st Football Legal Conference<\/title>\n<meta name=\"description\" content=\"Participez au grand colloque sur le droit du sport qui se tiendra \u00e0 l&#039;h\u00f4tel Djeuga Palace de Yaound\u00e9, au Cameroun, les 17 et 18 juin 2024.\" \/>\n<meta name=\"robots\" content=\"index, follow, max-snippet:-1, max-image-preview:large, max-video-preview:-1\" \/>\n<link rel=\"canonical\" href=\"https:\/\/football-legal.com\/conference\/fr\/\" \/>\n<meta property=\"og:locale\" content=\"en_US\" \/>\n<meta property=\"og:type\" content=\"article\" \/>\n<meta property=\"og:title\" content=\"1st Football Legal Conference\" \/>\n<meta property=\"og:description\" content=\"Participez au grand colloque sur le droit du sport qui se tiendra \u00e0 l&#039;h\u00f4tel Djeuga Palace de Yaound\u00e9, au Cameroun, les 17 et 18 juin 2024.\" \/>\n<meta property=\"og:url\" content=\"https:\/\/football-legal.com\/conference\/fr\/\" \/>\n<meta property=\"og:site_name\" content=\"Football Legal Conference\" \/>\n<meta property=\"article:modified_time\" content=\"2024-06-25T15:34:14+00:00\" \/>\n<meta property=\"og:image\" content=\"https:\/\/football-legal.com\/conference\/wp-content\/uploads\/2024\/05\/header-FL-Conference-Cameroun-tablette-FR.jpg\" \/>\n\t<meta property=\"og:image:width\" content=\"1180\" \/>\n\t<meta property=\"og:image:height\" content=\"1267\" \/>\n\t<meta property=\"og:image:type\" content=\"image\/jpeg\" \/>\n<meta name=\"twitter:card\" content=\"summary_large_image\" \/>\n<meta name=\"twitter:label1\" content=\"Est. reading time\" \/>\n\t<meta name=\"twitter:data1\" content=\"18 minutes\" \/>\n<script type=\"application\/ld+json\" class=\"yoast-schema-graph\">{\"@context\":\"https:\\\/\\\/schema.org\",\"@graph\":[{\"@type\":\"WebPage\",\"@id\":\"https:\\\/\\\/football-legal.com\\\/conference\\\/fr\\\/\",\"url\":\"https:\\\/\\\/football-legal.com\\\/conference\\\/fr\\\/\",\"name\":\"1st Football Legal Conference\",\"isPartOf\":{\"@id\":\"https:\\\/\\\/football-legal.com\\\/conference\\\/#website\"},\"primaryImageOfPage\":{\"@id\":\"https:\\\/\\\/football-legal.com\\\/conference\\\/fr\\\/#primaryimage\"},\"image\":{\"@id\":\"https:\\\/\\\/football-legal.com\\\/conference\\\/fr\\\/#primaryimage\"},\"thumbnailUrl\":\"https:\\\/\\\/football-legal.com\\\/conference\\\/wp-content\\\/uploads\\\/2024\\\/05\\\/header-FL-Conference-Cameroun-tablette-FR.jpg\",\"datePublished\":\"2024-05-14T18:29:39+00:00\",\"dateModified\":\"2024-06-25T15:34:14+00:00\",\"description\":\"Participez au grand colloque sur le droit du sport qui se tiendra \u00e0 l'h\u00f4tel Djeuga Palace de Yaound\u00e9, au Cameroun, les 17 et 18 juin 2024.\",\"breadcrumb\":{\"@id\":\"https:\\\/\\\/football-legal.com\\\/conference\\\/fr\\\/#breadcrumb\"},\"inLanguage\":\"en-US\",\"potentialAction\":[{\"@type\":\"ReadAction\",\"target\":[\"https:\\\/\\\/football-legal.com\\\/conference\\\/fr\\\/\"]}]},{\"@type\":\"ImageObject\",\"inLanguage\":\"en-US\",\"@id\":\"https:\\\/\\\/football-legal.com\\\/conference\\\/fr\\\/#primaryimage\",\"url\":\"https:\\\/\\\/football-legal.com\\\/conference\\\/wp-content\\\/uploads\\\/2024\\\/05\\\/header-FL-Conference-Cameroun-tablette-FR.jpg\",\"contentUrl\":\"https:\\\/\\\/football-legal.com\\\/conference\\\/wp-content\\\/uploads\\\/2024\\\/05\\\/header-FL-Conference-Cameroun-tablette-FR.jpg\",\"width\":1180,\"height\":1267},{\"@type\":\"BreadcrumbList\",\"@id\":\"https:\\\/\\\/football-legal.com\\\/conference\\\/fr\\\/#breadcrumb\",\"itemListElement\":[{\"@type\":\"ListItem\",\"position\":1,\"name\":\"Home\",\"item\":\"https:\\\/\\\/football-legal.com\\\/conference\\\/\"},{\"@type\":\"ListItem\",\"position\":2,\"name\":\"Accueil\"}]},{\"@type\":\"WebSite\",\"@id\":\"https:\\\/\\\/football-legal.com\\\/conference\\\/#website\",\"url\":\"https:\\\/\\\/football-legal.com\\\/conference\\\/\",\"name\":\"Football Legal Conference\",\"description\":\"1st Football Legal Conference Africa\",\"potentialAction\":[{\"@type\":\"SearchAction\",\"target\":{\"@type\":\"EntryPoint\",\"urlTemplate\":\"https:\\\/\\\/football-legal.com\\\/conference\\\/?s={search_term_string}\"},\"query-input\":{\"@type\":\"PropertyValueSpecification\",\"valueRequired\":true,\"valueName\":\"search_term_string\"}}],\"inLanguage\":\"en-US\"}]}<\/script>\n<!-- \/ Yoast SEO plugin. -->","yoast_head_json":{"title":"1st Football Legal Conference","description":"Participez au grand colloque sur le droit du sport qui se tiendra \u00e0 l'h\u00f4tel Djeuga Palace de Yaound\u00e9, au Cameroun, les 17 et 18 juin 2024.","robots":{"index":"index","follow":"follow","max-snippet":"max-snippet:-1","max-image-preview":"max-image-preview:large","max-video-preview":"max-video-preview:-1"},"canonical":"https:\/\/football-legal.com\/conference\/fr\/","og_locale":"en_US","og_type":"article","og_title":"1st Football Legal Conference","og_description":"Participez au grand colloque sur le droit du sport qui se tiendra \u00e0 l'h\u00f4tel Djeuga Palace de Yaound\u00e9, au Cameroun, les 17 et 18 juin 2024.","og_url":"https:\/\/football-legal.com\/conference\/fr\/","og_site_name":"Football Legal Conference","article_modified_time":"2024-06-25T15:34:14+00:00","og_image":[{"width":1180,"height":1267,"url":"https:\/\/football-legal.com\/conference\/wp-content\/uploads\/2024\/05\/header-FL-Conference-Cameroun-tablette-FR.jpg","type":"image\/jpeg"}],"twitter_card":"summary_large_image","twitter_misc":{"Est. reading time":"18 minutes"},"schema":{"@context":"https:\/\/schema.org","@graph":[{"@type":"WebPage","@id":"https:\/\/football-legal.com\/conference\/fr\/","url":"https:\/\/football-legal.com\/conference\/fr\/","name":"1st Football Legal Conference","isPartOf":{"@id":"https:\/\/football-legal.com\/conference\/#website"},"primaryImageOfPage":{"@id":"https:\/\/football-legal.com\/conference\/fr\/#primaryimage"},"image":{"@id":"https:\/\/football-legal.com\/conference\/fr\/#primaryimage"},"thumbnailUrl":"https:\/\/football-legal.com\/conference\/wp-content\/uploads\/2024\/05\/header-FL-Conference-Cameroun-tablette-FR.jpg","datePublished":"2024-05-14T18:29:39+00:00","dateModified":"2024-06-25T15:34:14+00:00","description":"Participez au grand colloque sur le droit du sport qui se tiendra \u00e0 l'h\u00f4tel Djeuga Palace de Yaound\u00e9, au Cameroun, les 17 et 18 juin 2024.","breadcrumb":{"@id":"https:\/\/football-legal.com\/conference\/fr\/#breadcrumb"},"inLanguage":"en-US","potentialAction":[{"@type":"ReadAction","target":["https:\/\/football-legal.com\/conference\/fr\/"]}]},{"@type":"ImageObject","inLanguage":"en-US","@id":"https:\/\/football-legal.com\/conference\/fr\/#primaryimage","url":"https:\/\/football-legal.com\/conference\/wp-content\/uploads\/2024\/05\/header-FL-Conference-Cameroun-tablette-FR.jpg","contentUrl":"https:\/\/football-legal.com\/conference\/wp-content\/uploads\/2024\/05\/header-FL-Conference-Cameroun-tablette-FR.jpg","width":1180,"height":1267},{"@type":"BreadcrumbList","@id":"https:\/\/football-legal.com\/conference\/fr\/#breadcrumb","itemListElement":[{"@type":"ListItem","position":1,"name":"Home","item":"https:\/\/football-legal.com\/conference\/"},{"@type":"ListItem","position":2,"name":"Accueil"}]},{"@type":"WebSite","@id":"https:\/\/football-legal.com\/conference\/#website","url":"https:\/\/football-legal.com\/conference\/","name":"Football Legal Conference","description":"1st Football Legal Conference Africa","potentialAction":[{"@type":"SearchAction","target":{"@type":"EntryPoint","urlTemplate":"https:\/\/football-legal.com\/conference\/?s={search_term_string}"},"query-input":{"@type":"PropertyValueSpecification","valueRequired":true,"valueName":"search_term_string"}}],"inLanguage":"en-US"}]}},"_links":{"self":[{"href":"https:\/\/football-legal.com\/conference\/wp-json\/wp\/v2\/pages\/29","targetHints":{"allow":["GET"]}}],"collection":[{"href":"https:\/\/football-legal.com\/conference\/wp-json\/wp\/v2\/pages"}],"about":[{"href":"https:\/\/football-legal.com\/conference\/wp-json\/wp\/v2\/types\/page"}],"author":[{"embeddable":true,"href":"https:\/\/football-legal.com\/conference\/wp-json\/wp\/v2\/users\/2"}],"replies":[{"embeddable":true,"href":"https:\/\/football-legal.com\/conference\/wp-json\/wp\/v2\/comments?post=29"}],"version-history":[{"count":60,"href":"https:\/\/football-legal.com\/conference\/wp-json\/wp\/v2\/pages\/29\/revisions"}],"predecessor-version":[{"id":737,"href":"https:\/\/football-legal.com\/conference\/wp-json\/wp\/v2\/pages\/29\/revisions\/737"}],"wp:featuredmedia":[{"embeddable":true,"href":"https:\/\/football-legal.com\/conference\/wp-json\/wp\/v2\/media\/107"}],"wp:attachment":[{"href":"https:\/\/football-legal.com\/conference\/wp-json\/wp\/v2\/media?parent=29"}],"curies":[{"name":"wp","href":"https:\/\/api.w.org\/{rel}","templated":true}]}}