{"id":2,"date":"2024-05-14T18:06:20","date_gmt":"2024-05-14T18:06:20","guid":{"rendered":"http:\/\/fl-conf.local\/?page_id=2"},"modified":"2024-06-25T15:40:28","modified_gmt":"2024-06-25T15:40:28","slug":"home","status":"publish","type":"page","link":"https:\/\/football-legal.com\/conference\/","title":{"rendered":"Home"},"content":{"rendered":"<p>[et_pb_section fb_built=&#8221;1&#8243; admin_label=&#8221;Hero&#8221; _builder_version=&#8221;4.16&#8243; background_color=&#8221;#000000&#8243; background_color_gradient_direction=&#8221;271deg&#8221; custom_margin=&#8221;||&#8221; custom_padding=&#8221;0|0px|0px|0px|false|false&#8221; locked=&#8221;off&#8221; global_colors_info=&#8221;{}&#8221;][et_pb_row column_structure=&#8221;1_3,1_3,1_3&#8243; use_custom_gutter=&#8221;on&#8221; gutter_width=&#8221;1&#8243; make_equal=&#8221;on&#8221; _builder_version=&#8221;4.25.0&#8243; _module_preset=&#8221;default&#8221; custom_margin=&#8221;0px||0px||false|false&#8221; custom_padding=&#8221;15px||15px||false|false&#8221; custom_css_free_form=&#8221;.selector {||  display: flex;||  align-items: center;||}&#8221; pac_drh_column_numbers_tablet=&#8221;pac_drh_tab_col_three&#8221; pac_drh_column_numbers_phone=&#8221;pac_drh_phone_col_three&#8221; global_colors_info=&#8221;{}&#8221;][et_pb_column type=&#8221;1_3&#8243; _builder_version=&#8221;4.23.1&#8243; _module_preset=&#8221;default&#8221; custom_padding=&#8221;|0px||0px|false|false&#8221; global_colors_info=&#8221;{}&#8221;][et_pb_image src=&#8221;https:\/\/football-legal.com\/conference\/wp-content\/uploads\/2024\/05\/logo-football-legal.svg&#8221; title_text=&#8221;logo-football-legal&#8221; url=&#8221;https:\/\/football-legal.com\/&#8221; url_new_window=&#8221;on&#8221; align=&#8221;right&#8221; align_tablet=&#8221;right&#8221; align_phone=&#8221;right&#8221; align_last_edited=&#8221;on|desktop&#8221; _builder_version=&#8221;4.25.1&#8243; _module_preset=&#8221;default&#8221; max_width=&#8221;50%&#8221; max_width_tablet=&#8221;75%&#8221; max_width_phone=&#8221;75%&#8221; max_width_last_edited=&#8221;on|desktop&#8221; module_alignment=&#8221;right&#8221; module_alignment_tablet=&#8221;left&#8221; module_alignment_phone=&#8221;left&#8221; module_alignment_last_edited=&#8221;on|desktop&#8221; global_colors_info=&#8221;{}&#8221;][\/et_pb_image][\/et_pb_column][et_pb_column type=&#8221;1_3&#8243; _builder_version=&#8221;4.23.1&#8243; _module_preset=&#8221;default&#8221; global_colors_info=&#8221;{}&#8221;][et_pb_image src=&#8221;https:\/\/football-legal.com\/conference\/wp-content\/uploads\/2024\/05\/logo-acads-english.svg&#8221; title_text=&#8221;logo-acads-english&#8221; url=&#8221;http:\/\/www.acads-droitsport.org\/&#8221; url_new_window=&#8221;on&#8221; _builder_version=&#8221;4.25.1&#8243; _module_preset=&#8221;default&#8221; max_width=&#8221;57%&#8221; max_width_tablet=&#8221;75%&#8221; max_width_phone=&#8221;85%&#8221; max_width_last_edited=&#8221;on|phone&#8221; module_alignment=&#8221;center&#8221; global_colors_info=&#8221;{}&#8221;][\/et_pb_image][\/et_pb_column][et_pb_column type=&#8221;1_3&#8243; _builder_version=&#8221;4.23.1&#8243; _module_preset=&#8221;default&#8221; global_colors_info=&#8221;{}&#8221;][et_pb_image src=&#8221;https:\/\/football-legal.com\/conference\/wp-content\/uploads\/2024\/05\/present.svg&#8221; title_text=&#8221;present&#8221; _builder_version=&#8221;4.25.1&#8243; _module_preset=&#8221;default&#8221; max_width=&#8221;25%&#8221; max_width_tablet=&#8221;55%&#8221; max_width_phone=&#8221;65%&#8221; max_width_last_edited=&#8221;on|desktop&#8221; module_alignment=&#8221;left&#8221; module_alignment_tablet=&#8221;right&#8221; module_alignment_phone=&#8221;right&#8221; module_alignment_last_edited=&#8221;on|desktop&#8221; global_colors_info=&#8221;{}&#8221;][\/et_pb_image][\/et_pb_column][\/et_pb_row][\/et_pb_section][et_pb_section fb_built=&#8221;1&#8243; disabled_on=&#8221;off|off|off&#8221; admin_label=&#8221;Hero&#8221; _builder_version=&#8221;4.25.1&#8243; background_color=&#8221;#FFFFFF&#8221; background_color_gradient_direction=&#8221;271deg&#8221; background_image=&#8221;https:\/\/football-legal.com\/conference\/wp-content\/uploads\/2024\/05\/conf-dds-cameroun_visuel-desktop-1.jpg&#8221; parallax=&#8221;on&#8221; min_height_tablet=&#8221;&#8221; min_height_phone=&#8221;940px&#8221; min_height_last_edited=&#8221;on|phone&#8221; height=&#8221;1000px&#8221; custom_margin=&#8221;||||false|false&#8221; custom_padding=&#8221;0px||||false|false&#8221; background_last_edited=&#8221;on|tablet&#8221; background_image_tablet=&#8221;https:\/\/football-legal.com\/conference\/wp-content\/uploads\/2024\/05\/header-FL-Conference-Cameroon-tablet.jpg&#8221; background_image_phone=&#8221;https:\/\/football-legal.com\/conference\/wp-content\/uploads\/2024\/05\/header-FL-Conference-Cameroon-mobile-scaled-1.jpg&#8221; background_enable_image_tablet=&#8221;on&#8221; background_enable_image_phone=&#8221;on&#8221; parallax_tablet=&#8221;off&#8221; parallax_phone=&#8221;off&#8221; background_size_tablet=&#8221;cover&#8221; background_size_phone=&#8221;cover&#8221; background_position_tablet=&#8221;center&#8221; background_position_phone=&#8221;center&#8221; background_blend_tablet=&#8221;normal&#8221; custom_css_free_form=&#8221;.selector {||  border-top: 80px solid !important;||  border-image: linear-gradient(90deg, rgba(228,228,111,1) 0%, rgba(27,168,84,1) 30%, rgba(0,151,73,1) 50%, rgba(25,78,36,1) 100%);||  border-image-slice: 1;||}||@media (max-width: 768px) {||  .selector {||    border-top: 40px solid !important;||  border-image: linear-gradient(90deg, rgba(228,228,111,1) 0%, rgba(27,168,84,1) 30%, rgba(0,151,73,1) 50%, rgba(25,78,36,1) 100%);||  border-image-slice: 1;||}||}&#8221; border_color_top=&#8221;#4DBDC6&#8243; locked=&#8221;off&#8221; global_colors_info=&#8221;{}&#8221;][et_pb_row column_structure=&#8221;1_3,1_3,1_3&#8243; disabled_on=&#8221;on|on|off&#8221; module_class=&#8221;custom_row&#8221; _builder_version=&#8221;4.25.0&#8243; max_width=&#8221;1100px&#8221; module_alignment=&#8221;center&#8221; custom_margin=&#8221;|||&#8221; custom_padding=&#8221;115px||0px||false|false&#8221; global_colors_info=&#8221;{}&#8221;][et_pb_column type=&#8221;1_3&#8243; module_class=&#8221;first-on-mobile&#8221; _builder_version=&#8221;4.25.0&#8243; custom_padding=&#8221;|100px|||false|false&#8221; global_colors_info=&#8221;{}&#8221; custom_padding__hover=&#8221;|||&#8221;][et_pb_image src=&#8221;https:\/\/football-legal.com\/conference\/wp-content\/uploads\/2024\/05\/Day-Football-Legal-Conf-01.svg&#8221; title_text=&#8221;Day-Football-Legal-Conf-01&#8243; align=&#8221;center&#8221; align_tablet=&#8221;center&#8221; align_phone=&#8221;&#8221; align_last_edited=&#8221;on|desktop&#8221; disabled_on=&#8221;off|off|off&#8221; _builder_version=&#8221;4.25.1&#8243; max_width=&#8221;100%&#8221; module_alignment=&#8221;right&#8221; custom_margin=&#8221;||||false|false&#8221; custom_margin_last_edited=&#8221;off|phone&#8221; custom_padding=&#8221;|50px|||false|false&#8221; mix_blend_mode=&#8221;multiply&#8221; locked=&#8221;off&#8221; global_colors_info=&#8221;{}&#8221;][\/et_pb_image][\/et_pb_column][et_pb_column type=&#8221;1_3&#8243; module_class=&#8221;third-on-mobile&#8221; _builder_version=&#8221;4.16&#8243; custom_padding=&#8221;|||&#8221; global_colors_info=&#8221;{}&#8221; custom_padding__hover=&#8221;|||&#8221;][\/et_pb_column][et_pb_column type=&#8221;1_3&#8243; module_class=&#8221;third-on-mobile&#8221; _builder_version=&#8221;4.23.1&#8243; custom_padding=&#8221;|||&#8221; global_colors_info=&#8221;{}&#8221; custom_padding__hover=&#8221;|||&#8221;][et_pb_image src=&#8221;https:\/\/football-legal.com\/conference\/wp-content\/uploads\/2024\/05\/Place-Football-Legal-Conf-01.svg&#8221; title_text=&#8221;Place-Football-Legal-Conf-01&#8243; show_bottom_space=&#8221;off&#8221; align=&#8221;center&#8221; align_tablet=&#8221;center&#8221; align_phone=&#8221;&#8221; align_last_edited=&#8221;on|desktop&#8221; _builder_version=&#8221;4.25.1&#8243; width=&#8221;130%&#8221; max_width=&#8221;150%&#8221; module_alignment=&#8221;left&#8221; custom_margin=&#8221;||||false|false&#8221; custom_padding=&#8221;|||149px|false|false&#8221; locked=&#8221;off&#8221; global_colors_info=&#8221;{}&#8221;][\/et_pb_image][\/et_pb_column][\/et_pb_row][et_pb_row custom_padding_last_edited=&#8221;on|phone&#8221; _builder_version=&#8221;4.25.0&#8243; _module_preset=&#8221;default&#8221; custom_margin=&#8221;||||false|false&#8221; custom_padding=&#8221;355px||||false|false&#8221; custom_padding_tablet=&#8221;0px||||false|false&#8221; custom_padding_phone=&#8221;0px||||false|false&#8221; global_colors_info=&#8221;{}&#8221;][et_pb_column type=&#8221;4_4&#8243; _builder_version=&#8221;4.25.0&#8243; _module_preset=&#8221;default&#8221; global_colors_info=&#8221;{}&#8221;][et_pb_image src=&#8221;https:\/\/football-legal.com\/conference\/wp-content\/uploads\/2024\/05\/Logo-Football-Legal-Conf_01.svg&#8221; title_text=&#8221;Logo-Football-Legal-Conf_01&#8243; disabled_on=&#8221;on|on|off&#8221; _builder_version=&#8221;4.25.1&#8243; _module_preset=&#8221;default&#8221; width=&#8221;32%&#8221; module_alignment=&#8221;center&#8221; custom_padding=&#8221;||||false|false&#8221; global_colors_info=&#8221;{}&#8221;][\/et_pb_image][\/et_pb_column][\/et_pb_row][\/et_pb_section][et_pb_section fb_built=&#8221;1&#8243; disabled_on=&#8221;on|on|off&#8221; _builder_version=&#8221;4.25.1&#8243; _module_preset=&#8221;default&#8221; use_background_color_gradient=&#8221;on&#8221; background_color_gradient_direction=&#8221;90deg&#8221; background_color_gradient_stops=&#8221;#e4e46f 0%|#1ba854 30%|rgba(30, 175, 105, 1) 50%|#194e24 100%&#8221; max_width=&#8221;100%&#8221; custom_padding=&#8221;||0px|||&#8221; locked=&#8221;off&#8221; global_colors_info=&#8221;{}&#8221;][et_pb_row _builder_version=&#8221;4.25.1&#8243; _module_preset=&#8221;default&#8221; background_image=&#8221;https:\/\/football-legal.com\/conference\/wp-content\/uploads\/2024\/05\/fond_titre-desktop.svg&#8221; parallax=&#8221;on&#8221; max_width=&#8221;100%&#8221; custom_margin=&#8221;||||false|false&#8221; global_colors_info=&#8221;{}&#8221;][et_pb_column type=&#8221;4_4&#8243; _builder_version=&#8221;4.25.0&#8243; _module_preset=&#8221;default&#8221; custom_padding=&#8221;|40px||40px|false|false&#8221; global_colors_info=&#8221;{}&#8221;][et_pb_image src=&#8221;https:\/\/football-legal.com\/conference\/wp-content\/uploads\/2024\/05\/Title-FootballLegal-Conf-01.svg&#8221; title_text=&#8221;Title-FootballLegal-Conf-01&#8243; _builder_version=&#8221;4.25.1&#8243; _module_preset=&#8221;default&#8221; width=&#8221;61%&#8221; module_alignment=&#8221;center&#8221; custom_margin=&#8221;-60px||||false|false&#8221; global_colors_info=&#8221;{}&#8221;][\/et_pb_image][\/et_pb_column][\/et_pb_row][\/et_pb_section][et_pb_section fb_built=&#8221;1&#8243; custom_padding_last_edited=&#8221;off|desktop&#8221; admin_label=&#8221;hero section&#8221; module_id=&#8221;flc&#8221; _builder_version=&#8221;4.25.1&#8243; background_color=&#8221;#194C23&#8243; use_background_color_gradient=&#8221;on&#8221; background_color_gradient_stops=&#8221;#000000 0%|#000000 16%|#0b3013 100%&#8221; custom_margin=&#8221;|||&#8221; custom_padding=&#8221;80px||80px||false|false&#8221; custom_padding_tablet=&#8221;130px||130px|&#8221; global_colors_info=&#8221;{}&#8221;][et_pb_row use_custom_gutter=&#8221;on&#8221; admin_label=&#8221;title and illustration&#8221; _builder_version=&#8221;4.25.0&#8243; background_color=&#8221;RGBA(255,255,255,0)&#8221; background_size=&#8221;initial&#8221; background_position=&#8221;top_left&#8221; background_repeat=&#8221;repeat&#8221; custom_margin=&#8221;||||false|false&#8221; custom_padding=&#8221;0px||0px||false|false&#8221; global_colors_info=&#8221;{}&#8221;][et_pb_column type=&#8221;4_4&#8243; _builder_version=&#8221;4.16&#8243; custom_padding=&#8221;|||&#8221; global_colors_info=&#8221;{}&#8221; custom_padding__hover=&#8221;|||&#8221;][et_pb_text _builder_version=&#8221;4.25.1&#8243; header_font=&#8221;Montserrat|700|||||||&#8221; header_text_color=&#8221;#CEB200&#8243; header_font_size=&#8221;40px&#8221; header_2_font=&#8221;Montserrat|700|||||||&#8221; header_2_text_color=&#8221;#CEB200&#8243; header_2_font_size=&#8221;40px&#8221; background_color=&#8221;RGBA(255,255,255,0)&#8221; custom_margin=&#8221;||||false|false&#8221; custom_padding=&#8221;3px|||||&#8221; header_font_size_tablet=&#8221;33px&#8221; header_font_size_phone=&#8221;27px&#8221; header_font_size_last_edited=&#8221;on|desktop&#8221; header_2_font_size_tablet=&#8221;33px&#8221; header_2_font_size_phone=&#8221;35px&#8221; header_2_font_size_last_edited=&#8221;on|phone&#8221; global_colors_info=&#8221;{}&#8221;]<\/p>\n<h2><span style=\"color: #e4e46f;\">The event for African stakeholders in football law<\/span><\/h2>\n<p>[\/et_pb_text][et_pb_text _builder_version=&#8221;4.25.1&#8243; text_font=&#8221;||||||||&#8221; text_text_color=&#8221;#e4e46f&#8221; text_font_size=&#8221;20px&#8221; text_line_height=&#8221;1.8em&#8221; background_color=&#8221;RGBA(255,255,255,0)&#8221; custom_margin=&#8221;0px||20px||false|false&#8221; custom_padding=&#8221;||||false|false&#8221; custom_padding_tablet=&#8221;||||false|false&#8221; custom_padding_phone=&#8221;||||false|false&#8221; custom_padding_last_edited=&#8221;off|desktop&#8221; animation_direction=&#8221;top&#8221; text_font_size_tablet=&#8221;20px&#8221; text_font_size_phone=&#8221;20px&#8221; text_font_size_last_edited=&#8221;on|phone&#8221; global_colors_info=&#8221;{}&#8221;]<\/p>\n<div><span><\/span>By participating in FLC AFRICA 2024, you strengthen your expertise in football law and contribute to developing the value of African football!<br \/><span><strong><\/strong><\/span><\/div>\n<p>[\/et_pb_text][et_pb_text _builder_version=&#8221;4.25.1&#8243; text_font=&#8221;||||||||&#8221; text_text_color=&#8221;#e4e46f&#8221; text_font_size=&#8221;20px&#8221; text_line_height=&#8221;1.8em&#8221; background_color=&#8221;RGBA(255,255,255,0)&#8221; custom_margin=&#8221;0px||0px||false|false&#8221; custom_padding=&#8221;||||false|false&#8221; custom_padding_tablet=&#8221;||||false|false&#8221; custom_padding_phone=&#8221;||||false|false&#8221; custom_padding_last_edited=&#8221;off|desktop&#8221; animation_direction=&#8221;top&#8221; text_font_size_tablet=&#8221;20px&#8221; text_font_size_phone=&#8221;20px&#8221; text_font_size_last_edited=&#8221;on|phone&#8221; global_colors_info=&#8221;{}&#8221;]<\/p>\n<ul>\n<li><span><strong>Master applicable law and Football Regulations<\/strong><\/span><\/li>\n<li><span><strong>Develop best practices to secure the activity of players and clubs<\/strong><\/span><\/li>\n<li><span><strong>Identify procedures and remedies to assert the rights of players and your other clients in football<\/strong><\/span><\/li>\n<\/ul>\n<p>[\/et_pb_text][et_pb_text _builder_version=&#8221;4.25.1&#8243; text_font=&#8221;||||||||&#8221; text_text_color=&#8221;#e4e46f&#8221; text_font_size=&#8221;20px&#8221; text_line_height=&#8221;1.8em&#8221; background_color=&#8221;RGBA(255,255,255,0)&#8221; custom_margin=&#8221;0px||20px||false|false&#8221; custom_padding=&#8221;||||false|false&#8221; custom_padding_tablet=&#8221;||||false|false&#8221; custom_padding_phone=&#8221;||||false|false&#8221; custom_padding_last_edited=&#8221;off|desktop&#8221; animation_direction=&#8221;top&#8221; text_font_size_tablet=&#8221;20px&#8221; text_font_size_phone=&#8221;20px&#8221; text_font_size_last_edited=&#8221;on|phone&#8221; global_colors_info=&#8221;{}&#8221;]<\/p>\n<div><span><\/span>The conference will be held both in French and English, without simultaneous translation.<br \/><span><strong><\/strong><\/span><\/div>\n<p>[\/et_pb_text][\/et_pb_column][\/et_pb_row][\/et_pb_section][et_pb_section fb_built=&#8221;1&#8243; fullwidth=&#8221;on&#8221; disabled_on=&#8221;off|off|off&#8221; admin_label=&#8221;Hero&#8221; module_id=&#8221;retrospective&#8221; _builder_version=&#8221;4.25.2&#8243; background_color=&#8221;rgba(31,31,31,0.75)&#8221; parallax=&#8221;on&#8221; custom_padding=&#8221;|||&#8221; transparent_background=&#8221;on&#8221; locked=&#8221;off&#8221; global_colors_info=&#8221;{}&#8221;][et_pb_fullwidth_header title=&#8221;Retrospective&#8221; text_orientation=&#8221;center&#8221; button_one_text=&#8221;See the photo gallery&#8221; button_one_url=&#8221;https:\/\/football-legal.com\/conference\/retro-flc-africa-2024\/&#8221; background_overlay_color=&#8221;rgba(31,31,31,0.85)&#8221; subhead_font_color=&#8221;#bebebe&#8221; _builder_version=&#8221;4.25.2&#8243; title_font=&#8221;Montserrat|700|||||||&#8221; title_text_align=&#8221;center&#8221; title_text_color=&#8221;#ffffff&#8221; title_font_size=&#8221;72px&#8221; title_letter_spacing=&#8221;1px&#8221; title_line_height=&#8221;1.3em&#8221; content_font=&#8221;Montserrat||||&#8221; content_text_color=&#8221;#FFFFFF&#8221; content_font_size=&#8221;19px&#8221; content_line_height=&#8221;1.8em&#8221; subhead_font=&#8221;Montserrat||||&#8221; subhead_text_color=&#8221;#bebebe&#8221; subhead_line_height=&#8221;1.8em&#8221; background_color=&#8221;rgba(255, 255, 255, 0)&#8221; background_image=&#8221;https:\/\/football-legal.com\/conference\/wp-content\/uploads\/2024\/05\/conf-dds-cameroun_visuel-desktop.jpg&#8221; parallax=&#8221;on&#8221; parallax_method=&#8221;on&#8221; custom_button_one=&#8221;on&#8221; button_one_text_size=&#8221;20px&#8221; button_one_border_width=&#8221;0px&#8221; button_one_border_radius=&#8221;0px&#8221; button_one_font=&#8221;Montserrat|600|||||||&#8221; custom_padding=&#8221;10%||15%||false|false&#8221; animation_style=&#8221;zoom&#8221; animation_duration=&#8221;1500ms&#8221; animation_intensity_zoom=&#8221;4%&#8221; hover_enabled=&#8221;0&#8243; title_font_size_tablet=&#8221;52px&#8221; title_font_size_phone=&#8221;33px&#8221; title_font_size_last_edited=&#8221;on|phone&#8221; title_line_height_last_edited=&#8221;off|desktop&#8221; global_colors_info=&#8221;{}&#8221; button_one_text_size__hover_enabled=&#8221;off&#8221; button_two_text_size__hover_enabled=&#8221;off&#8221; button_one_text_color__hover_enabled=&#8221;off&#8221; button_two_text_color__hover_enabled=&#8221;off&#8221; button_one_border_width__hover_enabled=&#8221;off&#8221; button_two_border_width__hover_enabled=&#8221;off&#8221; button_one_border_color__hover_enabled=&#8221;off&#8221; button_two_border_color__hover_enabled=&#8221;off&#8221; button_one_border_radius__hover_enabled=&#8221;off&#8221; button_two_border_radius__hover_enabled=&#8221;off&#8221; button_one_letter_spacing__hover_enabled=&#8221;off&#8221; button_two_letter_spacing__hover_enabled=&#8221;off&#8221; button_one_bg_color__hover_enabled=&#8221;off&#8221; button_two_bg_color__hover_enabled=&#8221;off&#8221; sticky_enabled=&#8221;0&#8243;][\/et_pb_fullwidth_header][\/et_pb_section][et_pb_section fb_built=&#8221;1&#8243; disabled_on=&#8221;on|on|on&#8221; _builder_version=&#8221;4.25.2&#8243; background_enable_color=&#8221;off&#8221; background_image=&#8221;https:\/\/football-legal.com\/conference\/wp-content\/uploads\/2024\/05\/fond-compte-rebour-degrade.jpg&#8221; parallax=&#8221;on&#8221; background_blend=&#8221;multiply&#8221; custom_padding=&#8221;80px|0|100px|0px|false|false&#8221; animation_style=&#8221;fade&#8221; animation_delay=&#8221;100ms&#8221; disabled=&#8221;on&#8221; global_colors_info=&#8221;{}&#8221;][et_pb_row _builder_version=&#8221;4.16&#8243; custom_padding=&#8221;0|0px|0|0px|false|false&#8221; global_colors_info=&#8221;{}&#8221;][et_pb_column type=&#8221;4_4&#8243; _builder_version=&#8221;4.16&#8243; custom_padding=&#8221;|||&#8221; global_colors_info=&#8221;{}&#8221; custom_padding__hover=&#8221;|||&#8221;][et_pb_countdown_timer title=&#8221;The FLC Africa 2024 will begin in:&#8221; date_time=&#8221;2024-06-17 01:30&#8243; _builder_version=&#8221;4.25.1&#8243; header_font=&#8221;Montserrat|700||on|||||&#8221; header_text_color=&#8221;#194C23&#8243; header_font_size=&#8221;45px&#8221; numbers_font=&#8221;Montserrat|800|||||||&#8221; numbers_text_align=&#8221;center&#8221; numbers_text_color=&#8221;#ffffff&#8221; separator_font_size=&#8221;0px&#8221; label_font=&#8221;Montserrat|600||on|||||&#8221; label_text_align=&#8221;center&#8221; label_text_color=&#8221;#ffffff&#8221; label_line_height=&#8221;40px&#8221; use_background_color=&#8221;off&#8221; background_blend=&#8221;multiply&#8221; animation_style=&#8221;fade&#8221; animation_delay=&#8221;100ms&#8221; header_font_size_tablet=&#8221;45px&#8221; header_font_size_phone=&#8221;32px&#8221; header_font_size_last_edited=&#8221;on|phone&#8221; numbers_text_color_tablet=&#8221;#E4E46F&#8221; numbers_text_color_phone=&#8221;#E4E46F&#8221; numbers_text_color_last_edited=&#8221;on|phone&#8221; numbers_font_size_tablet=&#8221;45px&#8221; numbers_font_size_phone=&#8221;25px&#8221; numbers_font_size_last_edited=&#8221;on|phone&#8221; numbers_letter_spacing_tablet=&#8221;0px&#8221; numbers_letter_spacing_phone=&#8221;0px&#8221; numbers_letter_spacing_last_edited=&#8221;on|phone&#8221; numbers_line_height_tablet=&#8221;&#8221; numbers_line_height_phone=&#8221;50px&#8221; numbers_line_height_last_edited=&#8221;on|desktop&#8221; separator_font_size_tablet=&#8221;0px&#8221; separator_font_size_phone=&#8221;0px&#8221; separator_font_size_last_edited=&#8221;on|phone&#8221; label_text_color_tablet=&#8221;#E4E46F&#8221; label_text_color_phone=&#8221;#E4E46F&#8221; label_text_color_last_edited=&#8221;on|desktop&#8221; label_font_size_tablet=&#8221;&#8221; label_font_size_phone=&#8221;10px&#8221; label_font_size_last_edited=&#8221;on|desktop&#8221; global_colors_info=&#8221;{}&#8221;][\/et_pb_countdown_timer][\/et_pb_column][\/et_pb_row][\/et_pb_section][et_pb_section fb_built=&#8221;1&#8243; disabled_on=&#8221;on|on|on&#8221; module_id=&#8221;program&#8221; _builder_version=&#8221;4.25.2&#8243; background_color=&#8221;#ffffff&#8221; custom_padding=&#8221;80px|0px|80px|0px|false|false&#8221; disabled=&#8221;on&#8221; locked=&#8221;off&#8221; global_colors_info=&#8221;{}&#8221;][et_pb_row _builder_version=&#8221;4.23.1&#8243; custom_margin=&#8221;||&#8221; custom_padding=&#8221;0px|0px|0|0px|false|false&#8221; global_colors_info=&#8221;{}&#8221;][et_pb_column type=&#8221;4_4&#8243; _builder_version=&#8221;4.16&#8243; background_blend=&#8221;multiply&#8221; custom_padding=&#8221;|||&#8221; global_colors_info=&#8221;{}&#8221; custom_padding__hover=&#8221;|||&#8221;][et_pb_text _builder_version=&#8221;4.25.1&#8243; text_font=&#8221;Montserrat|700|||||||&#8221; text_text_color=&#8221;#282828&#8243; text_font_size=&#8221;40px&#8221; text_line_height=&#8221;1.8em&#8221; header_font=&#8221;Montserrat|700|||||||&#8221; header_text_color=&#8221;#000000&#8243; header_font_size=&#8221;40px&#8221; header_2_font=&#8221;Montserrat|700|||||||&#8221; header_2_text_color=&#8221;#000000&#8243; header_2_font_size=&#8221;40px&#8221; custom_margin=&#8221;0px||||false|false&#8221; animation_style=&#8221;fade&#8221; animation_direction=&#8221;top&#8221; animation_delay=&#8221;100ms&#8221; header_font_size_tablet=&#8221;40px&#8221; header_font_size_phone=&#8221;27px&#8221; header_font_size_last_edited=&#8221;on|phone&#8221; header_2_font_size_tablet=&#8221;40px&#8221; header_2_font_size_phone=&#8221;35px&#8221; header_2_font_size_last_edited=&#8221;on|desktop&#8221; locked=&#8221;off&#8221; inline_fonts=&#8221;Georgia&#8221; global_colors_info=&#8221;{}&#8221;]<\/p>\n<h2><span style=\"color: #299f53;\">Program<\/span><\/h2>\n<p>[\/et_pb_text][\/et_pb_column][\/et_pb_row][et_pb_row column_structure=&#8221;1_2,1_2&#8243; _builder_version=&#8221;4.24.2&#8243; custom_padding=&#8221;27px|0px|0px|0px|false|false&#8221; pac_drh_column_numbers_tablet=&#8221;pac_drh_tab_col_two&#8221; locked=&#8221;off&#8221; global_colors_info=&#8221;{}&#8221;][et_pb_column type=&#8221;1_2&#8243; _builder_version=&#8221;4.16&#8243; custom_padding=&#8221;|||&#8221; global_colors_info=&#8221;{}&#8221; custom_padding__hover=&#8221;|||&#8221;][et_pb_image src=&#8221;https:\/\/football-legal.com\/conference\/wp-content\/uploads\/2024\/05\/atelier-pratique-Stabilite-contractuelle.jpg&#8221; title_text=&#8221;atelier-pratique-Stabilite-contractuelle&#8221; url=&#8221;https:\/\/football-legal.com\/conference\/transfer-system\/&#8221; align_tablet=&#8221;center&#8221; align_phone=&#8221;&#8221; align_last_edited=&#8221;on|desktop&#8221; module_class=&#8221;zoom-image&#8221; _builder_version=&#8221;4.25.1&#8243; custom_margin=&#8221;0px|0px|20px|0px&#8221; custom_padding=&#8221;0px|0px|0px|0px&#8221; filter_saturate=&#8221;0%&#8221; animation_style=&#8221;fade&#8221; animation_delay=&#8221;100ms&#8221; border_width_bottom=&#8221;6px&#8221; border_style_bottom=&#8221;inset&#8221; locked=&#8221;off&#8221; global_colors_info=&#8221;{}&#8221; border_radii__hover_enabled=&#8221;on&#8221; border_width_bottom__hover_enabled=&#8221;on|hover&#8221; border_color_bottom__hover_enabled=&#8221;on|hover&#8221; border_color_bottom__hover=&#8221;#CEB200&#8243; border_radii__hover=&#8221;||||&#8221; filter_saturate__hover_enabled=&#8221;on&#8221; filter_saturate__hover=&#8221;100%&#8221; border_width_bottom__hover=&#8221;6px&#8221;][\/et_pb_image][et_pb_text content_tablet=&#8221;<\/p>\n<p><span style=%22color: #000000;%22><strong><\/strong><span style=%22color: #3e2814;%22><strong>Panel 1 <\/strong>&#8211; Monday 17 June 2024, 10:00 &#8211; 12:30<span style=%22text-decoration: underline;%22><strong><\/strong><\/span><\/span><span style=%22text-decoration: underline;%22><strong><\/strong><\/span><br \/><\/span><\/p>\n<p>&#8221; content_phone=&#8221;<\/p>\n<p><span style=%22color: #000000;%22><strong><\/strong><span style=%22color: #3e2814;%22><strong>Panel 1 <\/strong>&#8211; Monday 17 June 2024, 10:00 &#8211; 12:30<\/span><span style=%22text-decoration: underline;%22><strong><\/strong><\/span><br \/><\/span><span style=%22color: #000000;%22><\/span><\/p>\n<p>&#8221; content_last_edited=&#8221;on|desktop&#8221; _builder_version=&#8221;4.25.1&#8243; header_font=&#8221;||||||||&#8221; header_4_font=&#8221;Montserrat|700|||||||&#8221; custom_margin=&#8221;0px|0px|0px|0px&#8221; custom_padding=&#8221;0px|0px|5px|0px&#8221; custom_padding_tablet=&#8221;||||false|false&#8221; custom_padding_phone=&#8221;||||false|false&#8221; custom_padding_last_edited=&#8221;on|phone&#8221; animation_style=&#8221;fade&#8221; animation_delay=&#8221;100ms&#8221; locked=&#8221;off&#8221; global_colors_info=&#8221;{}&#8221;]<\/p>\n<p><span style=\"color: #000000;\"><span style=\"color: #3e2814;\"><strong>Panel 1 <\/strong>&#8211; Monday 17 June 2024, 10:00 &#8211; 12:30<\/span><span style=\"text-decoration: underline;\"><strong><br \/><\/strong><\/span><\/span><\/p>\n<p>[\/et_pb_text][et_pb_text content_tablet=&#8221;<\/p>\n<p><span style=%22color: #299f53;%22><a href=%22https:\/\/football-legal.com\/conference\/transfer-system\/%22 style=%22color: #299f53;%22><span style=%22text-decoration: underline;%22><strong>Transfer system and training compensation mechanism<\/strong><\/span><\/a><\/span><\/p>\n<p class=%22p1%22>How does the transfer system work with the establishment by FIFA of the Clearing House? What are the key points to master and the best practices to carry out a transfer operation? What are the general principles and objectives of the training compensation and solidarity contribution mechanisms? How to calculate the two mechanisms? What are their specificities? <a href=%22https:\/\/football-legal.com\/conference\/transfer-system\/%22><span style=%22text-decoration: underline; color: #4dbdc6;%22><em><strong><span style=%22color: #299f53; text-decoration: underline;%22>> Read more<\/span><\/strong><\/em><\/span><\/a><\/p>\n<p>&#8221; content_phone=&#8221;<\/p>\n<p><span style=%22color: #299f53;%22><a href=%22https:\/\/football-legal.com\/conference\/transfer-system\/%22 style=%22color: #299f53;%22><span style=%22text-decoration: underline;%22><strong>Transfer system and training compensation mechanism<\/strong><\/span><\/a><\/span><\/p>\n<p class=%22p1%22>How does the transfer system work with the establishment by FIFA of the Clearing House? What are the key points to master and the best practices to carry out a transfer operation? What are the general principles and objectives of the training compensation and solidarity contribution mechanisms? How to calculate the two mechanisms? What are their specificities?<br \/><a href=%22https:\/\/football-legal.com\/conference\/transfer-system\/%22><span style=%22text-decoration: underline; color: #4dbdc6;%22><em><strong><span style=%22color: #299f53; text-decoration: underline;%22>> Read more<\/span><\/strong><\/em><\/span><\/a><\/p>\n<p>&#8221; content_last_edited=&#8221;on|phone&#8221; _builder_version=&#8221;4.25.1&#8243; header_font=&#8221;||||||||&#8221; header_3_font=&#8221;|700|||||||&#8221; header_3_font_size=&#8221;14px&#8221; header_4_font=&#8221;Montserrat|700|||||||&#8221; custom_margin=&#8221;0px|0px|0px|0px&#8221; custom_padding=&#8221;0px|0px|5px|0px|false|false&#8221; custom_padding_tablet=&#8221;||||false|false&#8221; custom_padding_phone=&#8221;0px|0px|5px||false|false&#8221; custom_padding_last_edited=&#8221;on|phone&#8221; animation_style=&#8221;fade&#8221; animation_delay=&#8221;100ms&#8221; locked=&#8221;off&#8221; global_colors_info=&#8221;{}&#8221;]<\/p>\n<p><span style=\"color: #299f53;\"><a href=\"https:\/\/football-legal.com\/conference\/transfer-system\/\" style=\"color: #299f53;\"><span style=\"text-decoration: underline;\"><strong>Transfer system and training compensation mechanism<\/strong><\/span><\/a><\/span><\/p>\n<p>How does the transfer system work with the establishment by FIFA of the Clearing House? What are the key points to master and the best practices to carry out a transfer operation? What are the general principles and objectives of the training compensation and solidarity contribution mechanisms? How to calculate the two mechanisms? What are their specificities? <a href=\"https:\/\/football-legal.com\/conference\/transfer-system\/\"><span style=\"text-decoration: underline; color: #4dbdc6;\"><em><strong><span style=\"color: #299f53; text-decoration: underline;\">&gt; Read more<\/span><\/strong><\/em><\/span><\/a><\/p>\n<p>[\/et_pb_text][\/et_pb_column][et_pb_column type=&#8221;1_2&#8243; _builder_version=&#8221;4.16&#8243; custom_padding=&#8221;|||&#8221; global_colors_info=&#8221;{}&#8221; custom_padding__hover=&#8221;|||&#8221;][et_pb_image src=&#8221;https:\/\/football-legal.com\/conference\/wp-content\/uploads\/2024\/05\/p2-photo-minors.jpg&#8221; title_text=&#8221;p2-photo-minors&#8221; url=&#8221;https:\/\/football-legal.com\/conference\/minors\/&#8221; align_tablet=&#8221;center&#8221; align_phone=&#8221;&#8221; align_last_edited=&#8221;on|desktop&#8221; module_class=&#8221;zoom-image&#8221; _builder_version=&#8221;4.25.1&#8243; custom_margin=&#8221;0px|0px|20px|0px&#8221; custom_padding=&#8221;0px|0px|0px|0px&#8221; filter_saturate=&#8221;0%&#8221; animation_style=&#8221;fade&#8221; animation_delay=&#8221;100ms&#8221; border_width_bottom=&#8221;6px&#8221; border_style_bottom=&#8221;inset&#8221; locked=&#8221;off&#8221; global_colors_info=&#8221;{}&#8221; border_radii__hover_enabled=&#8221;on&#8221; border_width_bottom__hover_enabled=&#8221;on|hover&#8221; border_color_bottom__hover_enabled=&#8221;on|hover&#8221; border_color_bottom__hover=&#8221;#CEB200&#8243; border_radii__hover=&#8221;||||&#8221; filter_saturate__hover_enabled=&#8221;on&#8221; filter_saturate__hover=&#8221;100%&#8221; border_width_bottom__hover=&#8221;6px&#8221;][\/et_pb_image][et_pb_text content_tablet=&#8221;<\/p>\n<p><span style=%22color: #000000;%22><strong><\/strong><span style=%22color: #3e2814;%22><strong>Panel 2 <\/strong>&#8211; Monday 17 June 2024, 14:30 &#8211; 17:00<\/span><span style=%22text-decoration: underline;%22><strong><\/strong><\/span><br \/><\/span><\/p>\n<p>&#8221; content_phone=&#8221;<\/p>\n<p><span style=%22color: #000000;%22><strong><\/strong><span style=%22color: #3e2814;%22><strong>Panel 2 <\/strong>&#8211; Monday 17 June 2024, 14:30 &#8211; 17:00<\/span><span style=%22text-decoration: underline;%22><strong><\/strong><\/span><br \/><\/span><span style=%22color: #000000;%22><\/span><\/p>\n<p>&#8221; content_last_edited=&#8221;on|desktop&#8221; _builder_version=&#8221;4.25.1&#8243; header_font=&#8221;||||||||&#8221; header_4_font=&#8221;Montserrat|700|||||||&#8221; custom_margin=&#8221;0px|0px|0px|0px&#8221; custom_padding=&#8221;0px|0px|5px|0px&#8221; custom_padding_tablet=&#8221;||||false|false&#8221; custom_padding_phone=&#8221;||||false|false&#8221; custom_padding_last_edited=&#8221;on|phone&#8221; animation_style=&#8221;fade&#8221; animation_delay=&#8221;100ms&#8221; locked=&#8221;off&#8221; global_colors_info=&#8221;{}&#8221;]<\/p>\n<p><span style=\"color: #000000;\"><span style=\"color: #3e2814;\"><strong>Panel 2 <\/strong>&#8211; Monday 17 June 2024, 14:30 &#8211; 17:00<\/span><span style=\"text-decoration: underline;\"><strong><br \/><\/strong><\/span><\/span><\/p>\n<p>[\/et_pb_text][et_pb_text content_tablet=&#8221;<\/p>\n<h3><span style=%22color: #299f53;%22><a href=%22https:\/\/football-legal.com\/conference\/minors\/%22 style=%22color: #299f53;%22><span style=%22text-decoration: underline;%22><strong>Training young players in Africa<\/strong><\/span><\/a><\/span><\/h3>\n<p class=%22p1%22>What are the specific provisions of national and international law that apply to minor players? What contracts can he sign? What are the legal mechanisms intended to protect him but also to deal with his incapacity in principle to contract? Likewise, training centers and football academies in Africa are full of young talent, the fruit of their work in training and&#8230; <a href=%22https:\/\/football-legal.com\/conference\/minors\/%22><span style=%22text-decoration: underline; color: #4dbdc6;%22><em><strong><span style=%22color: #299f53; text-decoration: underline;%22>> Read more<\/span><\/strong><\/em><\/span><\/a><\/p>\n<p>&#8221; content_phone=&#8221;<\/p>\n<h3><span style=%22color: #299f53;%22><a href=%22https:\/\/football-legal.com\/conference\/minors\/%22 style=%22color: #299f53;%22><span style=%22text-decoration: underline;%22><strong>Training young players in Africa<\/strong><\/span><\/a><\/span><\/h3>\n<p class=%22p1%22>What are the specific provisions of national and international law that apply to minor players? What contracts can he sign? What are the legal mechanisms intended to protect him but also to deal with his incapacity in principle to contract? Likewise, training centers and football academies in Africa are full of young talent, the fruit of their work in training and&#8230; <a href=%22https:\/\/football-legal.com\/conference\/minors\/%22><span style=%22text-decoration: underline; color: #4dbdc6;%22><em><strong><span style=%22color: #299f53; text-decoration: underline;%22>> Read more<\/span><\/strong><\/em><\/span><\/a><\/p>\n<p>&#8221; content_last_edited=&#8221;on|phone&#8221; _builder_version=&#8221;4.25.1&#8243; header_font=&#8221;||||||||&#8221; header_3_font=&#8221;|700|||||||&#8221; header_3_font_size=&#8221;14px&#8221; header_4_font=&#8221;Montserrat|700|||||||&#8221; custom_margin=&#8221;0px|0px|0px|0px&#8221; custom_padding=&#8221;0px|0px|5px|0px|false|false&#8221; custom_padding_tablet=&#8221;||||false|false&#8221; custom_padding_phone=&#8221;0px|0px|5px||false|false&#8221; custom_padding_last_edited=&#8221;on|tablet&#8221; animation_style=&#8221;fade&#8221; animation_delay=&#8221;100ms&#8221; locked=&#8221;off&#8221; global_colors_info=&#8221;{}&#8221;]<\/p>\n<p><span style=\"color: #299f53;\"><a href=\"https:\/\/football-legal.com\/conference\/minors\/\" style=\"color: #299f53;\"><span style=\"text-decoration: underline;\"><strong>Training young players in Africa<\/strong><\/span><\/a><\/span><\/p>\n<p>What are the specific provisions of national and international law that apply to minor players? What contracts can he sign? What are the legal mechanisms intended to protect him but also to deal with his incapacity in principle to contract? Likewise, training centers and football academies in Africa are full of young talent, the fruit of their work in training and&#8230; <a href=\"https:\/\/football-legal.com\/conference\/minors\/\"><span style=\"text-decoration: underline; color: #4dbdc6;\"><em><strong><span style=\"color: #299f53; text-decoration: underline;\">&gt; Read more<\/span><\/strong><\/em><\/span><\/a><\/p>\n<p>[\/et_pb_text][\/et_pb_column][\/et_pb_row][et_pb_row column_structure=&#8221;1_2,1_2&#8243; _builder_version=&#8221;4.24.2&#8243; custom_padding=&#8221;27px|0px|0px|0px|false|false&#8221; pac_drh_column_numbers_tablet=&#8221;pac_drh_tab_col_two&#8221; locked=&#8221;off&#8221; global_colors_info=&#8221;{}&#8221;][et_pb_column type=&#8221;1_2&#8243; _builder_version=&#8221;4.16&#8243; custom_padding=&#8221;|||&#8221; global_colors_info=&#8221;{}&#8221; custom_padding__hover=&#8221;|||&#8221;][et_pb_image src=&#8221;https:\/\/football-legal.com\/conference\/wp-content\/uploads\/2024\/05\/p3-environnement-joueur.jpg&#8221; title_text=&#8221;p3-environnement-joueur&#8221; url=&#8221;https:\/\/football-legal.com\/conference\/players-labour-environment\/&#8221; align_tablet=&#8221;center&#8221; align_phone=&#8221;&#8221; align_last_edited=&#8221;on|desktop&#8221; module_class=&#8221;zoom-image&#8221; _builder_version=&#8221;4.25.1&#8243; custom_margin=&#8221;0px|0px|20px|0px&#8221; custom_padding=&#8221;0px|0px|0px|0px&#8221; filter_saturate=&#8221;0%&#8221; animation_style=&#8221;fade&#8221; animation_delay=&#8221;100ms&#8221; border_width_bottom=&#8221;6px&#8221; border_style_bottom=&#8221;inset&#8221; locked=&#8221;off&#8221; global_colors_info=&#8221;{}&#8221; border_radii__hover_enabled=&#8221;on&#8221; border_width_bottom__hover_enabled=&#8221;on|hover&#8221; border_color_bottom__hover_enabled=&#8221;on|hover&#8221; border_color_bottom__hover=&#8221;#CEB200&#8243; border_radii__hover=&#8221;||||&#8221; filter_saturate__hover_enabled=&#8221;on&#8221; filter_saturate__hover=&#8221;100%&#8221; border_width_bottom__hover=&#8221;6px&#8221;][\/et_pb_image][et_pb_text content_tablet=&#8221;<\/p>\n<p><span style=%22color: #000000;%22><span style=%22color: #3e2814;%22><strong>Panel 3 <\/strong>&#8211; Tuesday 18 June 2024, 10:00 &#8211; 12:30<\/span><span style=%22text-decoration: underline;%22><strong><\/strong><\/span><span style=%22text-decoration: underline;%22><strong><br \/><\/strong><\/span><\/span><\/p>\n<p>&#8221; content_phone=&#8221;<\/p>\n<p><span style=%22color: #000000;%22><strong><\/strong><span style=%22color: #3e2814;%22><strong>Panel 3 <\/strong>&#8211; Tuesday 18 June 2024, 10:00 &#8211; 12:30<\/span><span style=%22text-decoration: underline;%22><strong><\/strong><\/span><br \/><\/span><span style=%22color: #000000;%22><\/span><\/p>\n<p>&#8221; content_last_edited=&#8221;on|desktop&#8221; _builder_version=&#8221;4.25.1&#8243; header_font=&#8221;||||||||&#8221; header_4_font=&#8221;Montserrat|700|||||||&#8221; custom_margin=&#8221;0px|0px|0px|0px&#8221; custom_padding=&#8221;0px|0px|5px|0px&#8221; custom_padding_tablet=&#8221;||||false|false&#8221; custom_padding_phone=&#8221;||||false|false&#8221; custom_padding_last_edited=&#8221;on|phone&#8221; animation_style=&#8221;fade&#8221; animation_delay=&#8221;100ms&#8221; locked=&#8221;off&#8221; global_colors_info=&#8221;{}&#8221;]<\/p>\n<p><span style=\"color: #000000;\"><span style=\"color: #3e2814;\"><strong>Panel 3 <\/strong>&#8211; Tuesday 18 June 2024, 10:00 &#8211; 12:30<\/span><span style=\"text-decoration: underline;\"><strong><br \/><\/strong><\/span><\/span><\/p>\n<p>[\/et_pb_text][et_pb_text content_tablet=&#8221;<\/p>\n<h3><span style=%22color: #299f53;%22><a href=%22https:\/\/football-legal.com\/conference\/players-labour-environment\/%22 style=%22color: #299f53;%22><span style=%22text-decoration: underline;%22><strong>The player&#8217;s labour environment<\/strong><\/span><\/a><\/span><\/h3>\n<p class=%22p1%22>The footballer who plays in Africa can find himself in very different situations depending on the clubs and countries. In his relationship with his club and his national federation, many difficulties can arise: non-payment of salaries, absence of written contract, disciplinary sanctions, threats, etc. How should the player react to conflicts?<br \/><a href=%22https:\/\/football-legal.com\/conference\/players-labour-environment\/%22><span style=%22text-decoration: underline; color: #4dbdc6;%22><em><strong><span style=%22color: #299f53; text-decoration: underline;%22>> Read more<\/span><\/strong><\/em><\/span><\/a><\/p>\n<p>&#8221; content_phone=&#8221;<\/p>\n<h3><span style=%22color: #299f53;%22><a href=%22https:\/\/football-legal.com\/conference\/players-labour-environment\/%22 style=%22color: #299f53;%22><span style=%22text-decoration: underline;%22><strong>The player&#8217;s labour environment<\/strong><\/span><\/a><\/span><\/h3>\n<p class=%22p1%22>The footballer who plays in Africa can find himself in very different situations depending on the clubs and countries. In his relationship with his club and his national federation, many difficulties can arise: non-payment of salaries, absence of written contract, disciplinary sanctions, threats, etc. How should the player react to conflicts? <a href=%22https:\/\/football-legal.com\/conference\/players-labour-environment\/%22><span style=%22text-decoration: underline; color: #4dbdc6;%22><em><strong><span style=%22color: #299f53; text-decoration: underline;%22>> Read more<\/span><\/strong><\/em><\/span><\/a><\/p>\n<p>&#8221; content_last_edited=&#8221;on|phone&#8221; _builder_version=&#8221;4.25.1&#8243; header_font=&#8221;||||||||&#8221; header_3_font=&#8221;|700|||||||&#8221; header_3_text_color=&#8221;#299F53&#8243; header_3_font_size=&#8221;14px&#8221; header_4_font=&#8221;Montserrat|700|||||||&#8221; custom_margin=&#8221;0px|0px|0px|0px&#8221; custom_padding=&#8221;0px|0px|5px|0px&#8221; custom_padding_tablet=&#8221;||||false|false&#8221; custom_padding_phone=&#8221;||||false|false&#8221; custom_padding_last_edited=&#8221;on|phone&#8221; animation_style=&#8221;fade&#8221; animation_delay=&#8221;100ms&#8221; locked=&#8221;off&#8221; global_colors_info=&#8221;{}&#8221;]<\/p>\n<p><span style=\"color: #299f53;\"><a href=\"https:\/\/football-legal.com\/conference\/players-labour-environment\/\" style=\"color: #299f53;\"><span style=\"text-decoration: underline;\"><strong>The player&#8217;s labour environment<\/strong><\/span><\/a><\/span><\/p>\n<p class=\"p1\">The footballer who plays in Africa can find himself in very different situations depending on the clubs and countries. In his relationship with his club and his national federation, many difficulties can arise: non-payment of salaries, absence of written contract, disciplinary sanctions, threats, etc. How should the player react to conflicts? <a href=\"https:\/\/football-legal.com\/conference\/players-labour-environment\/\"><span style=\"text-decoration: underline; color: #4dbdc6;\"><em><strong><span style=\"color: #299f53; text-decoration: underline;\">&gt; Read more<\/span><\/strong><\/em><\/span><\/a><\/p>\n<p>[\/et_pb_text][\/et_pb_column][et_pb_column type=&#8221;1_2&#8243; _builder_version=&#8221;4.16&#8243; custom_padding=&#8221;|||&#8221; global_colors_info=&#8221;{}&#8221; custom_padding__hover=&#8221;|||&#8221;][et_pb_image src=&#8221;https:\/\/football-legal.com\/conference\/wp-content\/uploads\/2024\/06\/p4-africa-football.jpg&#8221; title_text=&#8221;p4-africa-football&#8221; url=&#8221;https:\/\/football-legal.com\/conference\/voice-of-africa\/&#8221; align_tablet=&#8221;center&#8221; align_phone=&#8221;&#8221; align_last_edited=&#8221;on|desktop&#8221; module_class=&#8221;zoom-image&#8221; _builder_version=&#8221;4.25.1&#8243; custom_margin=&#8221;0px|0px|20px|0px&#8221; custom_padding=&#8221;0px|0px|0px|0px&#8221; filter_saturate=&#8221;0%&#8221; animation_style=&#8221;fade&#8221; animation_delay=&#8221;100ms&#8221; border_width_bottom=&#8221;6px&#8221; border_style_bottom=&#8221;inset&#8221; locked=&#8221;off&#8221; global_colors_info=&#8221;{}&#8221; border_radii__hover_enabled=&#8221;on&#8221; border_width_bottom__hover_enabled=&#8221;on|hover&#8221; border_color_bottom__hover_enabled=&#8221;on|hover&#8221; border_color_bottom__hover=&#8221;#CEB200&#8243; border_radii__hover=&#8221;||||&#8221; filter_saturate__hover_enabled=&#8221;on&#8221; filter_saturate__hover=&#8221;100%&#8221; border_width_bottom__hover=&#8221;6px&#8221;][\/et_pb_image][et_pb_text content_tablet=&#8221;<\/p>\n<p><span style=%22color: #000000;%22><strong><\/strong><span style=%22color: #3e2814;%22><strong>Panel 4 <\/strong>&#8211; Tuesday 18 June 2024, 14:30 &#8211; 16:30<\/span><span style=%22text-decoration: underline;%22><strong><\/strong><\/span><br \/><\/span><\/p>\n<p>&#8221; content_phone=&#8221;<\/p>\n<p><span style=%22color: #000000;%22><strong><\/strong><span style=%22color: #3e2814;%22><strong>Panel 4 <\/strong>&#8211; Tuesday 18 June 2024, 14:30 &#8211; 16:30<\/span><span style=%22text-decoration: underline;%22><strong><\/strong><\/span><br \/><\/span><span style=%22color: #000000;%22><\/span><\/p>\n<p>&#8221; content_last_edited=&#8221;on|phone&#8221; _builder_version=&#8221;4.25.1&#8243; header_font=&#8221;||||||||&#8221; header_4_font=&#8221;Montserrat|700|||||||&#8221; custom_margin=&#8221;0px|0px|0px|0px&#8221; custom_padding=&#8221;0px|0px|5px|0px&#8221; custom_padding_tablet=&#8221;||||false|false&#8221; custom_padding_phone=&#8221;||||false|false&#8221; custom_padding_last_edited=&#8221;on|phone&#8221; animation_style=&#8221;fade&#8221; animation_delay=&#8221;100ms&#8221; locked=&#8221;off&#8221; global_colors_info=&#8221;{}&#8221;]<\/p>\n<p><span style=\"color: #000000;\"><span style=\"color: #3e2814;\"><strong>Panel 4 <\/strong>&#8211; Tuesday 18 June 2024, 14:30 &#8211; 16:30<\/span><span style=\"text-decoration: underline;\"><strong><br \/><\/strong><\/span><\/span><\/p>\n<p>[\/et_pb_text][et_pb_text content_tablet=&#8221;<\/p>\n<p><span style=%22color: #299f53;%22><a href=%22https:\/\/football-legal.com\/conference\/voice-of-africa\/%22 style=%22color: #299f53;%22><span style=%22text-decoration: underline;%22><strong>Governance and regulation of football: making the voice of Africa heard<\/strong><\/span><\/a><\/span><\/p>\n<p class=%22p1%22>The African continent is a breeding ground for world football: all over the world, African players play in the most prestigious professional clubs. But, in this globalized football, are the interests of the African continent really represented and defended? The Panel will aim to address questions of regulation and governance of football&#8230; <a href=%22https:\/\/football-legal.com\/conference\/voice-of-africa\/%22><span style=%22text-decoration: underline; color: #4dbdc6;%22><em><strong><span style=%22color: #299f53; text-decoration: underline;%22>> Read more<\/span><\/strong><\/em><\/span><\/a><\/p>\n<p>&#8221; content_phone=&#8221;<\/p>\n<p><span style=%22color: #299f53;%22><a href=%22https:\/\/football-legal.com\/conference\/voice-of-africa\/%22 style=%22color: #299f53;%22><span style=%22text-decoration: underline;%22><strong>Governance and regulation of football: making the voice of Africa heard<\/strong><\/span><\/a><\/span><\/p>\n<p class=%22p1%22>The African continent is a breeding ground for world football: all over the world, African players play in the most prestigious professional clubs. But, in this globalized football, are the interests of the African continent really represented and defended? The Panel will aim to address questions of regulation and governance of football&#8230; <a href=%22https:\/\/football-legal.com\/conference\/voice-of-africa\/%22><span style=%22text-decoration: underline; color: #4dbdc6;%22><em><strong><span style=%22color: #299f53; text-decoration: underline;%22>> Read more<\/span><\/strong><\/em><\/span><\/a><\/p>\n<p>&#8221; content_last_edited=&#8221;on|phone&#8221; _builder_version=&#8221;4.25.1&#8243; header_font=&#8221;||||||||&#8221; header_3_font=&#8221;|700|||||||&#8221; header_3_font_size=&#8221;14px&#8221; header_4_font=&#8221;Montserrat|700|||||||&#8221; custom_margin=&#8221;0px|0px|0px|0px&#8221; custom_padding=&#8221;0px|0px|5px|0px&#8221; custom_padding_tablet=&#8221;0px|0px|5px|0px&#8221; custom_padding_phone=&#8221;||||false|false&#8221; custom_padding_last_edited=&#8221;on|phone&#8221; animation_style=&#8221;fade&#8221; animation_delay=&#8221;100ms&#8221; locked=&#8221;off&#8221; global_colors_info=&#8221;{}&#8221;]<\/p>\n<p><span style=\"color: #299f53;\"><a href=\"https:\/\/football-legal.com\/conference\/voice-of-africa\/\" style=\"color: #299f53;\"><span style=\"text-decoration: underline;\"><strong>Governance and regulation of football: making the voice of Africa heard<\/strong><\/span><\/a><\/span><\/p>\n<p class=\"p1\">The African continent is a breeding ground for world football: all over the world, African players play in the most prestigious professional clubs. But, in this globalized football, are the interests of the African continent really represented and defended? The Panel will aim to address questions of regulation and governance of football&#8230; <a href=\"https:\/\/football-legal.com\/conference\/voice-of-africa\/\"><span style=\"text-decoration: underline; color: #4dbdc6;\"><em><strong><span style=\"color: #299f53; text-decoration: underline;\">&gt; Read more<\/span><\/strong><\/em><\/span><\/a><\/p>\n<p>[\/et_pb_text][\/et_pb_column][\/et_pb_row][\/et_pb_section][et_pb_section fb_built=&#8221;1&#8243; disabled_on=&#8221;on|on|on&#8221; _builder_version=&#8221;4.25.1&#8243; use_background_color_gradient=&#8221;on&#8221; background_color_gradient_stops=&#8221;#e4e46f 0%|#1ba854 43%|rgba(30, 175, 105, 1) 74%|#194e24 100%&#8221; custom_padding=&#8221;80px|3px|80px|0px|false|false&#8221; disabled=&#8221;on&#8221; locked=&#8221;off&#8221; global_colors_info=&#8221;{}&#8221;][et_pb_row _builder_version=&#8221;4.16&#8243; background_color=&#8221;#ffffff&#8221; custom_padding=&#8221;0|20px|10px|20px|false|false&#8221; animation_style=&#8221;fade&#8221; animation_delay=&#8221;100ms&#8221; border_color_top=&#8221;#e1e3e5&#8243; border_width_bottom=&#8221;1px&#8221; border_color_bottom=&#8221;#e1e3e5&#8243; locked=&#8221;off&#8221; global_colors_info=&#8221;{}&#8221;][et_pb_column type=&#8221;4_4&#8243; _builder_version=&#8221;4.16&#8243; custom_padding=&#8221;|||&#8221; global_colors_info=&#8221;{}&#8221; custom_padding__hover=&#8221;|||&#8221;][et_pb_text content_tablet=&#8221;<\/p>\n<h1>Programme<\/h1>\n<h1><\/h1>\n<\/p>\n<p><span style=%22font-size: x-large;%22><strong><span style=%22font-family: Montserrat;%22>Jeudi 25 avril 2024 &#8211; Maison du Barreau de Paris<\/span><\/strong><\/span><\/p>\n<p>&#8221; content_phone=&#8221;<\/p>\n<h1>Programme<\/h1>\n<h1><\/h1>\n<\/p>\n<p><span style=%22font-size: x-large;%22><strong><span style=%22font-family: Montserrat;%22>Jeudi 25 avril 2024 &#8211; Maison du Barreau de Paris<\/span><\/strong><\/span><\/p>\n<p>&#8221; content_last_edited=&#8221;on|phone&#8221; _builder_version=&#8221;4.25.0&#8243; text_font=&#8221;Montserrat|700|||||||&#8221; text_text_color=&#8221;#282828&#8243; text_font_size=&#8221;10px&#8221; header_font=&#8221;Montserrat|700|||||||&#8221; header_text_color=&#8221;#000000&#8243; header_font_size=&#8221;40px&#8221; header_2_font=&#8221;||||||||&#8221; header_3_font=&#8221;||||||||&#8221; custom_margin=&#8221;25px|||&#8221; animation_style=&#8221;fade&#8221; animation_direction=&#8221;top&#8221; animation_delay=&#8221;100ms&#8221; header_font_size_tablet=&#8221;&#8221; header_font_size_phone=&#8221;27px&#8221; header_font_size_last_edited=&#8221;on|desktop&#8221; inline_fonts=&#8221;Montserrat&#8221; global_colors_info=&#8221;{}&#8221;]<\/p>\n<h1>Program<\/h1>\n<h1><\/h1>\n<p>&nbsp;<\/p>\n<p><span style=\"font-size: x-large;\"><strong><span style=\"font-family: Montserrat;\">Monday 17 June &#8211; Djeuga Palace Hotel of Yaound\u00e9 &#8211; Cameroon<br \/><\/span><\/strong><\/span><\/p>\n<p>[\/et_pb_text][\/et_pb_column][\/et_pb_row][et_pb_row column_structure=&#8221;1_4,3_4&#8243; _builder_version=&#8221;4.16&#8243; background_color=&#8221;#ffffff&#8221; custom_padding=&#8221;29px|20px|0|20px|false|false&#8221; animation_style=&#8221;fade&#8221; animation_delay=&#8221;100ms&#8221; border_color_top=&#8221;#e1e3e5&#8243; border_width_bottom=&#8221;1px&#8221; border_color_bottom=&#8221;#e1e3e5&#8243; locked=&#8221;off&#8221; global_colors_info=&#8221;{}&#8221;][et_pb_column type=&#8221;1_4&#8243; _builder_version=&#8221;4.16&#8243; custom_padding=&#8221;|||&#8221; global_colors_info=&#8221;{}&#8221; custom_padding__hover=&#8221;|||&#8221;][et_pb_blurb title=&#8221;8h30 &#8211; 9h00&#8243; use_icon=&#8221;on&#8221; font_icon=&#8221;&#x7d;||divi||400&#8243; icon_color=&#8221;#299F53&#8243; icon_placement=&#8221;left&#8221; image_icon_width=&#8221;17px&#8221; _builder_version=&#8221;4.25.0&#8243; header_font=&#8221;Montserrat||||||||&#8221; header_text_color=&#8221;#7c7c7c&#8221; header_font_size=&#8221;16px&#8221; icon_font_size=&#8221;17px&#8221; global_colors_info=&#8221;{}&#8221;][\/et_pb_blurb][\/et_pb_column][et_pb_column type=&#8221;3_4&#8243; _builder_version=&#8221;4.16&#8243; custom_padding=&#8221;|||&#8221; global_colors_info=&#8221;{}&#8221; custom_padding__hover=&#8221;|||&#8221;][et_pb_text _builder_version=&#8221;4.25.0&#8243; text_font=&#8221;||||||||&#8221; text_text_color=&#8221;#7a7a7a&#8221; text_line_height=&#8221;1.8em&#8221; link_font=&#8221;||||||||&#8221; link_text_color=&#8221;#7a7a7a&#8221; header_font=&#8221;||||||||&#8221; header_3_font=&#8221;Montserrat|700|||||||&#8221; header_3_text_color=&#8221;#F39200&#8243; header_3_line_height=&#8221;1.3em&#8221; custom_margin=&#8221;-9px||20px||false|false&#8221; global_colors_info=&#8221;{}&#8221; link_text_color__hover_enabled=&#8221;on&#8221; link_text_color__hover=&#8221;#7a7a7a&#8221;]<\/p>\n<h3><span style=\"color: #299f53;\">Accueil caf\u00e9 des participants<\/span><\/h3>\n<p>[\/et_pb_text][\/et_pb_column][\/et_pb_row][et_pb_row column_structure=&#8221;1_4,3_4&#8243; _builder_version=&#8221;4.24.3&#8243; background_color=&#8221;#ffffff&#8221; custom_padding=&#8221;29px|20px|0|20px|false|false&#8221; animation_style=&#8221;fade&#8221; animation_delay=&#8221;100ms&#8221; border_color_top=&#8221;#e1e3e5&#8243; border_color_bottom=&#8221;#e1e3e5&#8243; locked=&#8221;off&#8221; global_colors_info=&#8221;{}&#8221;][et_pb_column type=&#8221;1_4&#8243; _builder_version=&#8221;4.16&#8243; custom_padding=&#8221;|||&#8221; global_colors_info=&#8221;{}&#8221; custom_padding__hover=&#8221;|||&#8221;][et_pb_blurb title=&#8221;9h00 &#8211; 9h45&#8243; use_icon=&#8221;on&#8221; font_icon=&#8221;&#x7d;||divi||400&#8243; icon_color=&#8221;#299F53&#8243; icon_placement=&#8221;left&#8221; image_icon_width=&#8221;17px&#8221; _builder_version=&#8221;4.23.1&#8243; header_font=&#8221;Montserrat||||||||&#8221; header_text_color=&#8221;#7c7c7c&#8221; header_font_size=&#8221;16px&#8221; icon_font_size=&#8221;17px&#8221; global_colors_info=&#8221;{}&#8221;][\/et_pb_blurb][\/et_pb_column][et_pb_column type=&#8221;3_4&#8243; _builder_version=&#8221;4.16&#8243; custom_padding=&#8221;|||&#8221; global_colors_info=&#8221;{}&#8221; custom_padding__hover=&#8221;|||&#8221;][et_pb_text _builder_version=&#8221;4.25.0&#8243; text_font=&#8221;||||||||&#8221; text_text_color=&#8221;#7a7a7a&#8221; text_line_height=&#8221;1.8em&#8221; link_font=&#8221;||||||||&#8221; link_text_color=&#8221;#7a7a7a&#8221; header_font=&#8221;||||||||&#8221; header_3_font=&#8221;Montserrat|700|||||||&#8221; header_3_text_color=&#8221;#F39200&#8243; header_3_line_height=&#8221;1.3em&#8221; custom_margin=&#8221;-9px||20px||false|false&#8221; global_colors_info=&#8221;{}&#8221; link_text_color__hover_enabled=&#8221;on&#8221; link_text_color__hover=&#8221;#7a7a7a&#8221;]<\/p>\n<h3><span style=\"color: #299f53;\">Allocutions d&#8217;ouverture<\/span><\/h3>\n<p>[\/et_pb_text][\/et_pb_column][\/et_pb_row][et_pb_row column_structure=&#8221;1_5,1_5,3_5&#8243; _builder_version=&#8221;4.24.0&#8243; background_color=&#8221;#ffffff&#8221; custom_padding=&#8221;15px|20px|12px|20px|false|false&#8221; animation_style=&#8221;fade&#8221; animation_delay=&#8221;100ms&#8221; pac_drh_column_numbers_tablet=&#8221;pac_drh_tab_col_two&#8221; border_color_top=&#8221;#e1e3e5&#8243; border_width_bottom=&#8221;1px&#8221; border_color_bottom=&#8221;#e1e3e5&#8243; locked=&#8221;off&#8221; global_colors_info=&#8221;{}&#8221;][et_pb_column type=&#8221;1_5&#8243; _builder_version=&#8221;4.16&#8243; custom_padding=&#8221;|||&#8221; global_colors_info=&#8221;{}&#8221; custom_padding__hover=&#8221;|||&#8221;][\/et_pb_column][et_pb_column type=&#8221;1_5&#8243; _builder_version=&#8221;4.16&#8243; custom_padding=&#8221;|||&#8221; global_colors_info=&#8221;{}&#8221; custom_padding__hover=&#8221;|||&#8221;][et_pb_image src=&#8221;https:\/\/football-legal.com\/conference\/wp-content\/uploads\/2024\/04\/Vanessa-BOUSARDO-nb-square.jpg&#8221; title_text=&#8221;Vanessa-BOUSARDO-nb-square&#8221; _builder_version=&#8221;4.24.3&#8243; max_width=&#8221;55%&#8221; module_alignment=&#8221;center&#8221; custom_margin=&#8221;|||&#8221; custom_margin_tablet=&#8221;90px|||&#8221; custom_margin_last_edited=&#8221;off|desktop&#8221; animation_style=&#8221;zoom&#8221; border_radii=&#8221;on|100%|100%|100%|100%&#8221; always_center_on_mobile=&#8221;off&#8221; locked=&#8221;off&#8221; global_colors_info=&#8221;{}&#8221;][\/et_pb_image][\/et_pb_column][et_pb_column type=&#8221;3_5&#8243; _builder_version=&#8221;4.16&#8243; custom_padding=&#8221;|||&#8221; global_colors_info=&#8221;{}&#8221; custom_padding__hover=&#8221;|||&#8221;][et_pb_text content_tablet=&#8221;<\/p>\n<p><span style=%22color: #000000;%22><strong>Vanessa BOUSARDO<br \/><\/strong><\/span>Vice-B\u00e2tonni\u00e8re du Barreau de Paris<\/p>\n<p>&#8221; content_phone=&#8221;<\/p>\n<p><span style=%22color: #000000;%22><strong><\/strong><\/span><span style=%22color: #000000;%22><strong>Vanessa BOUSARDO<br \/><\/strong><span style=%22color: #7a7a7a;%22>Vice-B\u00e2tonni\u00e8re du Barreau de Paris<\/span><\/span><\/p>\n<p>&#8221; content_last_edited=&#8221;on|phone&#8221; module_id=&#8221;centrer-verticalement&#8221; _builder_version=&#8221;4.25.0&#8243; text_font=&#8221;||||||||&#8221; text_text_color=&#8221;#7a7a7a&#8221; text_line_height=&#8221;1.8em&#8221; link_font=&#8221;||||||||&#8221; link_text_color=&#8221;#7a7a7a&#8221; header_font=&#8221;||||||||&#8221; header_3_font=&#8221;Montserrat|700|||||||&#8221; header_3_text_color=&#8221;#4dbdc6&#8243; header_3_line_height=&#8221;1.3em&#8221; custom_margin=&#8221;||||false|false&#8221; custom_padding=&#8221;10px||||false|false&#8221; custom_padding_tablet=&#8221;10px||||false|false&#8221; custom_padding_phone=&#8221;10px||||false|false&#8221; custom_padding_last_edited=&#8221;on|desktop&#8221; global_colors_info=&#8221;{}&#8221; link_text_color__hover_enabled=&#8221;on&#8221; link_text_color__hover=&#8221;#7a7a7a&#8221;]<\/p>\n<p><span style=\"color: #000000;\"><strong>Vanessa BOUSARDO<br \/><\/strong><\/span>Vice-B\u00e2tonni\u00e8re du Barreau de Paris<\/p>\n<p>[\/et_pb_text][\/et_pb_column][\/et_pb_row][et_pb_row column_structure=&#8221;1_4,3_4&#8243; _builder_version=&#8221;4.24.0&#8243; background_color=&#8221;#ffffff&#8221; custom_padding=&#8221;29px|20px|0|20px|false|false&#8221; animation_style=&#8221;fade&#8221; animation_delay=&#8221;100ms&#8221; border_color_top=&#8221;#e1e3e5&#8243; border_color_bottom=&#8221;#e1e3e5&#8243; locked=&#8221;off&#8221; global_colors_info=&#8221;{}&#8221;][et_pb_column type=&#8221;1_4&#8243; _builder_version=&#8221;4.16&#8243; custom_padding=&#8221;|||&#8221; global_colors_info=&#8221;{}&#8221; custom_padding__hover=&#8221;|||&#8221;][et_pb_blurb title=&#8221;9h45 &#8211; 10h00&#8243; use_icon=&#8221;on&#8221; font_icon=&#8221;&#x7d;||divi||400&#8243; icon_color=&#8221;#299F53&#8243; icon_placement=&#8221;left&#8221; image_icon_width=&#8221;17px&#8221; _builder_version=&#8221;4.24.2&#8243; header_font=&#8221;Montserrat||||||||&#8221; header_text_color=&#8221;#7c7c7c&#8221; header_font_size=&#8221;16px&#8221; icon_font_size=&#8221;17px&#8221; global_colors_info=&#8221;{}&#8221;][\/et_pb_blurb][\/et_pb_column][et_pb_column type=&#8221;3_4&#8243; _builder_version=&#8221;4.16&#8243; custom_padding=&#8221;|||&#8221; global_colors_info=&#8221;{}&#8221; custom_padding__hover=&#8221;|||&#8221;][et_pb_text _builder_version=&#8221;4.25.0&#8243; text_font=&#8221;||||||||&#8221; text_text_color=&#8221;#7a7a7a&#8221; text_line_height=&#8221;1.8em&#8221; link_font=&#8221;||||||||&#8221; link_text_color=&#8221;#7a7a7a&#8221; header_font=&#8221;||||||||&#8221; header_3_font=&#8221;Montserrat|700|||||||&#8221; header_3_text_color=&#8221;#F39200&#8243; header_3_line_height=&#8221;1.3em&#8221; custom_margin=&#8221;-9px||20px||false|false&#8221; global_colors_info=&#8221;{}&#8221; link_text_color__hover_enabled=&#8221;on&#8221; link_text_color__hover=&#8221;#7a7a7a&#8221;]<\/p>\n<h3><span style=\"color: #299f53;\">Propos introductifs<\/span><\/h3>\n<p>[\/et_pb_text][\/et_pb_column][\/et_pb_row][et_pb_row column_structure=&#8221;1_5,1_5,3_5&#8243; _builder_version=&#8221;4.24.0&#8243; background_color=&#8221;#ffffff&#8221; custom_padding=&#8221;15px|20px|12px|20px|false|false&#8221; animation_style=&#8221;fade&#8221; animation_delay=&#8221;100ms&#8221; pac_drh_column_numbers_tablet=&#8221;pac_drh_tab_col_two&#8221; border_color_top=&#8221;#e1e3e5&#8243; border_width_bottom=&#8221;1px&#8221; border_color_bottom=&#8221;#e1e3e5&#8243; locked=&#8221;off&#8221; global_colors_info=&#8221;{}&#8221;][et_pb_column type=&#8221;1_5&#8243; _builder_version=&#8221;4.16&#8243; custom_padding=&#8221;|||&#8221; global_colors_info=&#8221;{}&#8221; custom_padding__hover=&#8221;|||&#8221;][\/et_pb_column][et_pb_column type=&#8221;1_5&#8243; _builder_version=&#8221;4.16&#8243; custom_padding=&#8221;|||&#8221; global_colors_info=&#8221;{}&#8221; custom_padding__hover=&#8221;|||&#8221;][et_pb_image src=&#8221;https:\/\/football-legal.com\/conference\/wp-content\/uploads\/2024\/02\/Gerald-SIMON-nb-square.jpg&#8221; title_text=&#8221;Gerald-SIMON-nb-square&#8221; _builder_version=&#8221;4.24.0&#8243; max_width=&#8221;55%&#8221; module_alignment=&#8221;center&#8221; custom_margin=&#8221;|||&#8221; custom_margin_tablet=&#8221;90px|||&#8221; custom_margin_last_edited=&#8221;off|desktop&#8221; animation_style=&#8221;zoom&#8221; border_radii=&#8221;on|100%|100%|100%|100%&#8221; always_center_on_mobile=&#8221;off&#8221; locked=&#8221;off&#8221; global_colors_info=&#8221;{}&#8221;][\/et_pb_image][\/et_pb_column][et_pb_column type=&#8221;3_5&#8243; _builder_version=&#8221;4.16&#8243; custom_padding=&#8221;|||&#8221; global_colors_info=&#8221;{}&#8221; custom_padding__hover=&#8221;|||&#8221;][et_pb_text content_tablet=&#8221;<\/p>\n<p><span style=%22color: #000000;%22><strong><\/strong><\/span><span style=%22color: #000000;%22><strong>G\u00e9rald SIMON<br \/><\/strong><\/span>Professeur de droit public \u00e0 l&#8217;Universit\u00e9 de Bourgogne, Arbitre au Tribunal arbitral du sport (TAS)<\/p>\n<p><strong> <\/strong><\/p>\n<p>&#8221; content_phone=&#8221;<\/p>\n<p><span style=%22color: #000000;%22><strong><\/strong><\/span><span style=%22color: #000000;%22><strong>G\u00e9rald SIMON<br \/><\/strong><\/span>Professeur de droit public \u00e0 l&#8217;Universit\u00e9 de Bourgogne, Arbitre au Tribunal arbitral du sport (TAS)<\/p>\n<p><strong> <\/strong><\/p>\n<p>&#8221; content_last_edited=&#8221;on|desktop&#8221; module_id=&#8221;centrer-verticalement&#8221; _builder_version=&#8221;4.24.0&#8243; text_font=&#8221;||||||||&#8221; text_text_color=&#8221;#7a7a7a&#8221; text_line_height=&#8221;1.8em&#8221; link_font=&#8221;||||||||&#8221; link_text_color=&#8221;#7a7a7a&#8221; header_font=&#8221;||||||||&#8221; header_3_font=&#8221;Montserrat|700|||||||&#8221; header_3_text_color=&#8221;#4dbdc6&#8243; header_3_line_height=&#8221;1.3em&#8221; custom_margin=&#8221;||||false|false&#8221; custom_padding=&#8221;10px||||false|false&#8221; custom_padding_tablet=&#8221;10px||||false|false&#8221; custom_padding_phone=&#8221;10px||||false|false&#8221; custom_padding_last_edited=&#8221;on|desktop&#8221; global_colors_info=&#8221;{}&#8221; link_text_color__hover_enabled=&#8221;on&#8221; link_text_color__hover=&#8221;#7a7a7a&#8221;]<\/p>\n<p><span style=\"color: #000000;\"><strong>G\u00e9rald SIMON<br \/><\/strong><\/span>Professeur de droit public \u00e0 l&#8217;Universit\u00e9 de Bourgogne,<br \/>Arbitre au Tribunal arbitral du sport (TAS)<\/p>\n<p><strong>\u00a0<\/strong><\/p>\n<p>[\/et_pb_text][\/et_pb_column][\/et_pb_row][et_pb_row column_structure=&#8221;1_5,1_5,3_5&#8243; _builder_version=&#8221;4.16&#8243; background_color=&#8221;#ffffff&#8221; custom_padding=&#8221;29px|20px|12px|20px|false|false&#8221; animation_style=&#8221;fade&#8221; animation_delay=&#8221;100ms&#8221; border_color_top=&#8221;#e1e3e5&#8243; border_width_bottom=&#8221;1px&#8221; border_color_bottom=&#8221;#e1e3e5&#8243; locked=&#8221;off&#8221; global_colors_info=&#8221;{}&#8221;][et_pb_column type=&#8221;1_5&#8243; _builder_version=&#8221;4.16&#8243; custom_padding=&#8221;|||&#8221; global_colors_info=&#8221;{}&#8221; custom_padding__hover=&#8221;|||&#8221;][et_pb_blurb title=&#8221;10h00 &#8211; 11h30&#8243; use_icon=&#8221;on&#8221; font_icon=&#8221;&#x7d;||divi||400&#8243; icon_color=&#8221;#299F53&#8243; icon_placement=&#8221;left&#8221; image_icon_width=&#8221;17px&#8221; _builder_version=&#8221;4.24.2&#8243; header_font=&#8221;Montserrat||||||||&#8221; header_text_color=&#8221;#7c7c7c&#8221; header_font_size=&#8221;16px&#8221; icon_font_size=&#8221;17px&#8221; global_colors_info=&#8221;{}&#8221;][\/et_pb_blurb][\/et_pb_column][et_pb_column type=&#8221;1_5&#8243; _builder_version=&#8221;4.16&#8243; custom_padding=&#8221;|||&#8221; global_colors_info=&#8221;{}&#8221; custom_padding__hover=&#8221;|||&#8221;][et_pb_image src=&#8221;https:\/\/football-legal.com\/conference\/wp-content\/uploads\/2024\/03\/Joelle-Monlouis-nb-square.jpg&#8221; title_text=&#8221;Joelle-Monlouis-nb-square&#8221; disabled_on=&#8221;off|off|off&#8221; _builder_version=&#8221;4.24.2&#8243; max_width=&#8221;55%&#8221; module_alignment=&#8221;center&#8221; custom_margin=&#8221;|||&#8221; custom_margin_tablet=&#8221;90px|||&#8221; custom_margin_last_edited=&#8221;off|desktop&#8221; animation_style=&#8221;zoom&#8221; border_radii=&#8221;on|100%|100%|100%|100%&#8221; always_center_on_mobile=&#8221;off&#8221; locked=&#8221;off&#8221; global_colors_info=&#8221;{}&#8221;][\/et_pb_image][\/et_pb_column][et_pb_column type=&#8221;3_5&#8243; _builder_version=&#8221;4.16&#8243; custom_padding=&#8221;|||&#8221; global_colors_info=&#8221;{}&#8221; custom_padding__hover=&#8221;|||&#8221;][et_pb_text disabled_on=&#8221;off|off|off&#8221; _builder_version=&#8221;4.25.0&#8243; text_font=&#8221;||||||||&#8221; text_text_color=&#8221;#7a7a7a&#8221; text_line_height=&#8221;1.8em&#8221; link_font=&#8221;||||||||&#8221; link_text_color=&#8221;#7a7a7a&#8221; header_font=&#8221;||||||||&#8221; header_3_font=&#8221;Montserrat|700|||||||&#8221; header_3_text_color=&#8221;#4dbdc6&#8243; header_3_line_height=&#8221;1.3em&#8221; custom_margin=&#8221;||20px|&#8221; global_colors_info=&#8221;{}&#8221; link_text_color__hover_enabled=&#8221;on&#8221; link_text_color__hover=&#8221;#7a7a7a&#8221;]<\/p>\n<h3><span style=\"text-decoration: underline;\"><span style=\"color: #f39200;\"><span style=\"color: #299f53; text-decoration: underline;\">Panel 1 &#8211; Int\u00e9grit\u00e9 physique et mentale : comment prot\u00e9ger la sant\u00e9 des joueurs de foot ?<\/span><\/span><\/span><span style=\"text-decoration: underline; color: #f39200;\"><br \/><\/span><\/h3>\n<p><span style=\"color: #299f53;\"><strong>Mod\u00e9rateur :<\/strong><strong><\/strong><\/span> <strong>Jo\u00eblle MONLOUIS<\/strong>, Avocate au Barreau de Paris<\/p>\n<p>[\/et_pb_text][et_pb_text disabled_on=&#8221;off|off|off&#8221; _builder_version=&#8221;4.24.3&#8243; text_font=&#8221;||||||||&#8221; text_text_color=&#8221;#7a7a7a&#8221; text_line_height=&#8221;1.8em&#8221; link_font=&#8221;||||||||&#8221; link_text_color=&#8221;#7a7a7a&#8221; header_font=&#8221;||||||||&#8221; header_3_font=&#8221;Montserrat|700|||||||&#8221; header_3_text_color=&#8221;#4dbdc6&#8243; header_3_line_height=&#8221;1.3em&#8221; custom_margin=&#8221;||20px|&#8221; custom_padding=&#8221;||||false|false&#8221; locked=&#8221;off&#8221; global_colors_info=&#8221;{}&#8221; link_text_color__hover_enabled=&#8221;on&#8221; link_text_color__hover=&#8221;#7a7a7a&#8221;]<\/p>\n<p><span style=\"color: #f39200;\"><strong><span style=\"color: #299f53;\">Intervenants :<\/span><br \/><\/strong><\/span><strong>Jan KLEINER,<\/strong>\u00a0Director of Football Regulatory at FIFA<br \/><strong>Olivier L\u00c9TANG,<\/strong> Pr\u00e9sident Directeur g\u00e9n\u00e9ral, LOSC Lille<br \/><strong>Maheta MOLANGO,<\/strong> Pr\u00e9sident de Player Football Association (PFA)<br \/><strong>J\u00e9r\u00f4me PERLEMUTER,<\/strong> S\u00e9cr\u00e9taire g\u00e9n\u00e9ral de World Leagues Association<br \/><strong>David TERRIER,<\/strong> Vice-pr\u00e9sident de l\u2019UNFP<br \/><span style=\"text-decoration: underline;\"><strong><\/strong><\/span><span style=\"text-decoration: underline;\"><strong><\/strong><\/span><\/p>\n<p>[\/et_pb_text][\/et_pb_column][\/et_pb_row][et_pb_row column_structure=&#8221;1_4,3_4&#8243; _builder_version=&#8221;4.16&#8243; background_color=&#8221;#ffffff&#8221; custom_padding=&#8221;29px|20px|0|20px|false|false&#8221; animation_style=&#8221;fade&#8221; animation_delay=&#8221;100ms&#8221; border_color_top=&#8221;#e1e3e5&#8243; border_width_bottom=&#8221;1px&#8221; border_color_bottom=&#8221;#e1e3e5&#8243; locked=&#8221;off&#8221; global_colors_info=&#8221;{}&#8221;][et_pb_column type=&#8221;1_4&#8243; _builder_version=&#8221;4.16&#8243; custom_padding=&#8221;|||&#8221; global_colors_info=&#8221;{}&#8221; custom_padding__hover=&#8221;|||&#8221;][et_pb_blurb title=&#8221;11h30 &#8211; 11h45&#8243; use_icon=&#8221;on&#8221; font_icon=&#8221;&#xe105;||divi||400&#8243; icon_color=&#8221;#299F53&#8243; icon_placement=&#8221;left&#8221; image_icon_width=&#8221;17px&#8221; _builder_version=&#8221;4.23.1&#8243; header_font=&#8221;Montserrat||||||||&#8221; header_text_color=&#8221;#7c7c7c&#8221; header_font_size=&#8221;16px&#8221; icon_font_size=&#8221;17px&#8221; global_colors_info=&#8221;{}&#8221;][\/et_pb_blurb][\/et_pb_column][et_pb_column type=&#8221;3_4&#8243; _builder_version=&#8221;4.16&#8243; custom_padding=&#8221;|||&#8221; global_colors_info=&#8221;{}&#8221; custom_padding__hover=&#8221;|||&#8221;][et_pb_text _builder_version=&#8221;4.23.1&#8243; text_font=&#8221;||||||||&#8221; text_text_color=&#8221;#7a7a7a&#8221; text_line_height=&#8221;1.8em&#8221; link_font=&#8221;||||||||&#8221; link_text_color=&#8221;#7a7a7a&#8221; header_font=&#8221;||||||||&#8221; header_3_font=&#8221;Montserrat|700|||||||&#8221; header_3_text_color=&#8221;#4dbdc6&#8243; header_3_line_height=&#8221;1.3em&#8221; custom_margin=&#8221;0px||20px|&#8221; global_colors_info=&#8221;{}&#8221; link_text_color__hover_enabled=&#8221;on&#8221; link_text_color__hover=&#8221;#7a7a7a&#8221;]<\/p>\n<h3><span style=\"color: #299f53;\">Pause<\/span><\/h3>\n<p>[\/et_pb_text][\/et_pb_column][\/et_pb_row][et_pb_row column_structure=&#8221;1_5,1_5,3_5&#8243; _builder_version=&#8221;4.16&#8243; background_color=&#8221;#ffffff&#8221; custom_padding=&#8221;29px|20px|12px|20px|false|false&#8221; animation_style=&#8221;fade&#8221; animation_delay=&#8221;100ms&#8221; border_color_top=&#8221;#e1e3e5&#8243; border_width_bottom=&#8221;1px&#8221; border_color_bottom=&#8221;#e1e3e5&#8243; locked=&#8221;off&#8221; global_colors_info=&#8221;{}&#8221;][et_pb_column type=&#8221;1_5&#8243; _builder_version=&#8221;4.16&#8243; custom_padding=&#8221;|||&#8221; global_colors_info=&#8221;{}&#8221; custom_padding__hover=&#8221;|||&#8221;][et_pb_blurb title=&#8221;11h45 &#8211; 13h00&#8243; use_icon=&#8221;on&#8221; font_icon=&#8221;&#x7d;||divi||400&#8243; icon_color=&#8221;#299F53&#8243; icon_placement=&#8221;left&#8221; image_icon_width=&#8221;17px&#8221; _builder_version=&#8221;4.24.2&#8243; header_font=&#8221;Montserrat||||||||&#8221; header_text_color=&#8221;#7c7c7c&#8221; header_font_size=&#8221;16px&#8221; icon_font_size=&#8221;17px&#8221; global_colors_info=&#8221;{}&#8221;][\/et_pb_blurb][\/et_pb_column][et_pb_column type=&#8221;1_5&#8243; _builder_version=&#8221;4.16&#8243; custom_padding=&#8221;|||&#8221; global_colors_info=&#8221;{}&#8221; custom_padding__hover=&#8221;|||&#8221;][et_pb_image src=&#8221;https:\/\/football-legal.com\/conference\/wp-content\/uploads\/2023\/12\/christophe-bertrand-nb-150&#215;150-1.jpg&#8221; title_text=&#8221;christophe-bertrand-nb-150&#215;150-1&#8243; _builder_version=&#8221;4.24.2&#8243; max_width=&#8221;55%&#8221; module_alignment=&#8221;center&#8221; custom_margin=&#8221;|||&#8221; custom_margin_tablet=&#8221;90px|||&#8221; custom_margin_last_edited=&#8221;off|desktop&#8221; animation_style=&#8221;zoom&#8221; border_radii=&#8221;on|100%|100%|100%|100%&#8221; always_center_on_mobile=&#8221;off&#8221; locked=&#8221;off&#8221; global_colors_info=&#8221;{}&#8221;][\/et_pb_image][\/et_pb_column][et_pb_column type=&#8221;3_5&#8243; _builder_version=&#8221;4.16&#8243; custom_padding=&#8221;|||&#8221; global_colors_info=&#8221;{}&#8221; custom_padding__hover=&#8221;|||&#8221;][et_pb_text _builder_version=&#8221;4.25.0&#8243; text_font=&#8221;||||||||&#8221; text_text_color=&#8221;#7a7a7a&#8221; text_line_height=&#8221;1.8em&#8221; link_font=&#8221;||||||||&#8221; link_text_color=&#8221;#7a7a7a&#8221; header_font=&#8221;||||||||&#8221; header_3_font=&#8221;Montserrat|700|||||||&#8221; header_3_text_color=&#8221;#4dbdc6&#8243; header_3_line_height=&#8221;1.3em&#8221; custom_margin=&#8221;||20px|&#8221; global_colors_info=&#8221;{}&#8221; link_text_color__hover_enabled=&#8221;on&#8221; link_text_color__hover=&#8221;#7a7a7a&#8221;]<\/p>\n<h3><span style=\"text-decoration: underline;\"><span style=\"color: #f39200;\"><span style=\"color: #299f53; text-decoration: underline;\">Panel 2 &#8211; La vie priv\u00e9e<\/span><\/span><\/span><span style=\"text-decoration: underline; color: #f39200;\"><br \/><\/span><\/h3>\n<p><span style=\"color: #299f53;\"><strong>Mod\u00e9rateur :<\/strong><strong><\/strong><\/span> <strong>Christophe BERTRAND<\/strong>, Avocat au Barreau de Paris, <strong>Bertrand &amp; Associ\u00e9<\/strong><\/p>\n<p>[\/et_pb_text][et_pb_text _builder_version=&#8221;4.25.0&#8243; text_font=&#8221;||||||||&#8221; text_text_color=&#8221;#7a7a7a&#8221; text_line_height=&#8221;1.8em&#8221; link_font=&#8221;||||||||&#8221; link_text_color=&#8221;#7a7a7a&#8221; header_font=&#8221;||||||||&#8221; header_3_font=&#8221;Montserrat|700|||||||&#8221; header_3_text_color=&#8221;#4dbdc6&#8243; header_3_line_height=&#8221;1.3em&#8221; custom_margin=&#8221;||20px|&#8221; custom_padding=&#8221;||||false|false&#8221; locked=&#8221;off&#8221; global_colors_info=&#8221;{}&#8221; link_text_color__hover_enabled=&#8221;on&#8221; link_text_color__hover=&#8221;#7a7a7a&#8221;]<\/p>\n<p><span style=\"color: #f39200;\"><strong><span style=\"color: #299f53;\">Intervenants :<\/span><br \/><\/strong><\/span><strong>Pascal CHANTEUR,<\/strong> Pr\u00e9sident de l\u2019UNCP, Vice-pr\u00e9sident de la LNC et du CPA<strong><br \/>Thierry CHIRON,<\/strong> Avocat au Barreau de Dijon, <strong>L\u00e9gi Conseils<\/strong><br \/><strong>Antoine MARCELAUD,<\/strong> Directeur des Affaires Juridiques et Institutionnelles de l\u2019AFLD<br \/><strong>Philippe SENMARTIN,<\/strong> Avocat au Barreau de Montpellier, <strong>CSA &amp; Associ\u00e9s<\/strong><br \/><span style=\"text-decoration: underline;\"><strong><\/strong><\/span><span style=\"text-decoration: underline;\"><strong><\/strong><\/span><\/p>\n<p>[\/et_pb_text][\/et_pb_column][\/et_pb_row][et_pb_row column_structure=&#8221;1_4,3_4&#8243; _builder_version=&#8221;4.17.3&#8243; background_color=&#8221;#ffffff&#8221; custom_padding=&#8221;29px|20px|0|20px|false|false&#8221; animation_style=&#8221;fade&#8221; animation_delay=&#8221;100ms&#8221; border_color_top=&#8221;#e1e3e5&#8243; border_color_bottom=&#8221;#e1e3e5&#8243; locked=&#8221;off&#8221; global_colors_info=&#8221;{}&#8221;][et_pb_column type=&#8221;1_4&#8243; _builder_version=&#8221;4.16&#8243; custom_padding=&#8221;|||&#8221; global_colors_info=&#8221;{}&#8221; custom_padding__hover=&#8221;|||&#8221;][\/et_pb_column][et_pb_column type=&#8221;3_4&#8243; _builder_version=&#8221;4.16&#8243; custom_padding=&#8221;|||&#8221; global_colors_info=&#8221;{}&#8221; custom_padding__hover=&#8221;|||&#8221;][et_pb_text _builder_version=&#8221;4.16&#8243; text_font=&#8221;||||||||&#8221; text_text_color=&#8221;#7a7a7a&#8221; text_line_height=&#8221;1.8em&#8221; link_font=&#8221;||||||||&#8221; link_text_color=&#8221;#7a7a7a&#8221; header_font=&#8221;||||||||&#8221; header_3_font=&#8221;Montserrat|700|||||||&#8221; header_3_text_color=&#8221;#4dbdc6&#8243; header_3_line_height=&#8221;1.3em&#8221; custom_margin=&#8221;0px||20px|&#8221; global_colors_info=&#8221;{}&#8221; link_text_color__hover_enabled=&#8221;on&#8221; link_text_color__hover=&#8221;#7a7a7a&#8221;]<\/p>\n<h3><span style=\"color: #f39200;\"><span style=\"color: #666666;\">Ou atelier pratique 1 :<\/span><br \/><\/span><\/h3>\n<p>[\/et_pb_text][\/et_pb_column][\/et_pb_row][et_pb_row column_structure=&#8221;1_5,1_5,3_5&#8243; _builder_version=&#8221;4.16&#8243; background_color=&#8221;#ffffff&#8221; custom_padding=&#8221;29px|20px|12px|20px|false|false&#8221; animation_style=&#8221;fade&#8221; animation_delay=&#8221;100ms&#8221; border_color_top=&#8221;#e1e3e5&#8243; border_width_bottom=&#8221;1px&#8221; border_color_bottom=&#8221;#e1e3e5&#8243; locked=&#8221;off&#8221; global_colors_info=&#8221;{}&#8221;][et_pb_column type=&#8221;1_5&#8243; _builder_version=&#8221;4.16&#8243; custom_padding=&#8221;|||&#8221; global_colors_info=&#8221;{}&#8221; custom_padding__hover=&#8221;|||&#8221;][et_pb_blurb title=&#8221;11h45 &#8211; 13h00&#8243; use_icon=&#8221;on&#8221; font_icon=&#8221;&#x7d;||divi||400&#8243; icon_color=&#8221;#299F53&#8243; icon_placement=&#8221;left&#8221; image_icon_width=&#8221;17px&#8221; _builder_version=&#8221;4.24.2&#8243; header_font=&#8221;Montserrat||||||||&#8221; header_text_color=&#8221;#7c7c7c&#8221; header_font_size=&#8221;16px&#8221; icon_font_size=&#8221;17px&#8221; global_colors_info=&#8221;{}&#8221;][\/et_pb_blurb][\/et_pb_column][et_pb_column type=&#8221;1_5&#8243; _builder_version=&#8221;4.16&#8243; custom_padding=&#8221;|||&#8221; global_colors_info=&#8221;{}&#8221; custom_padding__hover=&#8221;|||&#8221;][et_pb_image src=&#8221;https:\/\/football-legal.com\/conference\/wp-content\/uploads\/2024\/03\/Joelle-Monlouis-nb-square.jpg&#8221; title_text=&#8221;Joelle-Monlouis-nb-square&#8221; _builder_version=&#8221;4.24.3&#8243; max_width=&#8221;55%&#8221; module_alignment=&#8221;center&#8221; custom_margin=&#8221;|||&#8221; custom_margin_tablet=&#8221;90px|||&#8221; custom_margin_last_edited=&#8221;off|desktop&#8221; animation_style=&#8221;zoom&#8221; border_radii=&#8221;on|100%|100%|100%|100%&#8221; always_center_on_mobile=&#8221;off&#8221; locked=&#8221;off&#8221; global_colors_info=&#8221;{}&#8221;][\/et_pb_image][\/et_pb_column][et_pb_column type=&#8221;3_5&#8243; _builder_version=&#8221;4.16&#8243; custom_padding=&#8221;|||&#8221; global_colors_info=&#8221;{}&#8221; custom_padding__hover=&#8221;|||&#8221;][et_pb_text _builder_version=&#8221;4.25.0&#8243; text_font=&#8221;||||||||&#8221; text_text_color=&#8221;#7a7a7a&#8221; text_line_height=&#8221;1.8em&#8221; link_font=&#8221;||||||||&#8221; link_text_color=&#8221;#7a7a7a&#8221; header_font=&#8221;||||||||&#8221; header_3_font=&#8221;Montserrat|700|||||||&#8221; header_3_text_color=&#8221;#4dbdc6&#8243; header_3_line_height=&#8221;1.3em&#8221; custom_margin=&#8221;||20px|&#8221; global_colors_info=&#8221;{}&#8221; link_text_color__hover_enabled=&#8221;on&#8221; link_text_color__hover=&#8221;#7a7a7a&#8221;]<\/p>\n<h3><span style=\"text-decoration: underline; color: #f39200;\"><span style=\"text-decoration: underline; color: #299f53;\"><span style=\"text-decoration: underline;\"><strong>Pr\u00e9server l&#8217;int\u00e9grit\u00e9 mentale des sportifs<\/strong><\/span><\/span><\/span><\/h3>\n<p><span style=\"color: #299f53;\"><strong>Mod\u00e9rateur :<\/strong><strong><\/strong><\/span> <strong>Jo\u00eblle MONLOUIS,<\/strong> Avocate au Barreau de Paris<\/p>\n<p>[\/et_pb_text][et_pb_text _builder_version=&#8221;4.25.0&#8243; text_font=&#8221;||||||||&#8221; text_text_color=&#8221;#7a7a7a&#8221; text_line_height=&#8221;1.8em&#8221; link_font=&#8221;||||||||&#8221; link_text_color=&#8221;#7a7a7a&#8221; header_font=&#8221;||||||||&#8221; header_3_font=&#8221;Montserrat|700|||||||&#8221; header_3_text_color=&#8221;#4dbdc6&#8243; header_3_line_height=&#8221;1.3em&#8221; custom_margin=&#8221;||20px|&#8221; custom_padding=&#8221;||||false|false&#8221; locked=&#8221;off&#8221; global_colors_info=&#8221;{}&#8221; link_text_color__hover_enabled=&#8221;on&#8221; link_text_color__hover=&#8221;#7a7a7a&#8221;]<\/p>\n<p><span style=\"color: #f39200;\"><strong><span style=\"color: #299f53;\">Intervenants :<\/span><br \/><\/strong><\/span><strong>Francisca DAUZET,<\/strong> Coach mental d\u2019ath\u00e8tes, Responsable de la dimension mentale et psychologique DTN de la FFT<br \/><strong>Laurent EDRIAT,<\/strong> Pr\u00e9parateur mental<br \/><strong>David JACOTOT,<\/strong> Professeur de droit priv\u00e9, Universit\u00e9 de Bourgogne<br \/><strong>Ysaora THIBUS,<\/strong> Escrimeuse, sportive de haut niveau<br \/><span style=\"text-decoration: underline;\"><strong><\/strong><\/span><span style=\"text-decoration: underline;\"><strong><\/strong><\/span><\/p>\n<p>[\/et_pb_text][\/et_pb_column][\/et_pb_row][et_pb_row column_structure=&#8221;1_4,3_4&#8243; _builder_version=&#8221;4.16&#8243; background_color=&#8221;#ffffff&#8221; custom_padding=&#8221;29px|20px|0|20px|false|false&#8221; animation_style=&#8221;fade&#8221; animation_delay=&#8221;100ms&#8221; border_color_top=&#8221;#e1e3e5&#8243; border_width_bottom=&#8221;1px&#8221; border_color_bottom=&#8221;#e1e3e5&#8243; locked=&#8221;off&#8221; global_colors_info=&#8221;{}&#8221;][et_pb_column type=&#8221;1_4&#8243; _builder_version=&#8221;4.16&#8243; custom_padding=&#8221;|||&#8221; global_colors_info=&#8221;{}&#8221; custom_padding__hover=&#8221;|||&#8221;][et_pb_blurb title=&#8221;13h00&#8243; use_icon=&#8221;on&#8221; font_icon=&#8221;&#xe105;||divi||400&#8243; icon_color=&#8221;#299F53&#8243; icon_placement=&#8221;left&#8221; image_icon_width=&#8221;17px&#8221; _builder_version=&#8221;4.23.1&#8243; header_font=&#8221;Montserrat||||||||&#8221; header_text_color=&#8221;#7c7c7c&#8221; header_font_size=&#8221;16px&#8221; icon_font_size=&#8221;17px&#8221; global_colors_info=&#8221;{}&#8221;][\/et_pb_blurb][\/et_pb_column][et_pb_column type=&#8221;3_4&#8243; _builder_version=&#8221;4.16&#8243; custom_padding=&#8221;|||&#8221; global_colors_info=&#8221;{}&#8221; custom_padding__hover=&#8221;|||&#8221;][et_pb_text _builder_version=&#8221;4.16&#8243; text_font=&#8221;||||||||&#8221; text_text_color=&#8221;#7a7a7a&#8221; text_line_height=&#8221;1.8em&#8221; link_font=&#8221;||||||||&#8221; link_text_color=&#8221;#7a7a7a&#8221; header_font=&#8221;||||||||&#8221; header_3_font=&#8221;Montserrat|700|||||||&#8221; header_3_text_color=&#8221;#4dbdc6&#8243; header_3_line_height=&#8221;1.3em&#8221; custom_margin=&#8221;0px||20px|&#8221; global_colors_info=&#8221;{}&#8221; link_text_color__hover_enabled=&#8221;on&#8221; link_text_color__hover=&#8221;#7a7a7a&#8221;]<\/p>\n<h3><span style=\"color: #299f53;\">D\u00e9jeuner<\/span><\/h3>\n<p>[\/et_pb_text][\/et_pb_column][\/et_pb_row][et_pb_row column_structure=&#8221;1_5,1_5,3_5&#8243; _builder_version=&#8221;4.16&#8243; background_color=&#8221;#ffffff&#8221; custom_padding=&#8221;29px|20px|12px|20px|false|false&#8221; animation_style=&#8221;fade&#8221; animation_delay=&#8221;100ms&#8221; border_color_top=&#8221;#e1e3e5&#8243; border_width_bottom=&#8221;1px&#8221; border_color_bottom=&#8221;#e1e3e5&#8243; locked=&#8221;off&#8221; global_colors_info=&#8221;{}&#8221;][et_pb_column type=&#8221;1_5&#8243; _builder_version=&#8221;4.16&#8243; custom_padding=&#8221;|||&#8221; global_colors_info=&#8221;{}&#8221; custom_padding__hover=&#8221;|||&#8221;][et_pb_blurb title=&#8221;14h15 &#8211; 15h30&#8243; use_icon=&#8221;on&#8221; font_icon=&#8221;&#x7d;||divi||400&#8243; icon_color=&#8221;#299F53&#8243; icon_placement=&#8221;left&#8221; image_icon_width=&#8221;17px&#8221; _builder_version=&#8221;4.24.2&#8243; header_font=&#8221;Montserrat||||||||&#8221; header_text_color=&#8221;#7c7c7c&#8221; header_font_size=&#8221;16px&#8221; icon_font_size=&#8221;17px&#8221; global_colors_info=&#8221;{}&#8221;][\/et_pb_blurb][\/et_pb_column][et_pb_column type=&#8221;1_5&#8243; _builder_version=&#8221;4.16&#8243; custom_padding=&#8221;|||&#8221; global_colors_info=&#8221;{}&#8221; custom_padding__hover=&#8221;|||&#8221;][et_pb_image src=&#8221;https:\/\/football-legal.com\/conference\/wp-content\/uploads\/2024\/02\/laurent-moreuil-nb-square.jpg&#8221; title_text=&#8221;laurent-moreuil-nb-square&#8221; _builder_version=&#8221;4.24.2&#8243; max_width=&#8221;55%&#8221; module_alignment=&#8221;center&#8221; custom_margin=&#8221;|||&#8221; custom_margin_tablet=&#8221;90px|||&#8221; custom_margin_last_edited=&#8221;off|desktop&#8221; animation_style=&#8221;zoom&#8221; border_radii=&#8221;on|100%|100%|100%|100%&#8221; always_center_on_mobile=&#8221;off&#8221; locked=&#8221;off&#8221; global_colors_info=&#8221;{}&#8221;][\/et_pb_image][\/et_pb_column][et_pb_column type=&#8221;3_5&#8243; _builder_version=&#8221;4.16&#8243; custom_padding=&#8221;|||&#8221; global_colors_info=&#8221;{}&#8221; custom_padding__hover=&#8221;|||&#8221;][et_pb_text _builder_version=&#8221;4.25.0&#8243; text_font=&#8221;||||||||&#8221; text_text_color=&#8221;#7a7a7a&#8221; text_line_height=&#8221;1.8em&#8221; link_font=&#8221;||||||||&#8221; link_text_color=&#8221;#7a7a7a&#8221; header_font=&#8221;||||||||&#8221; header_3_font=&#8221;Montserrat|700|||||||&#8221; header_3_text_color=&#8221;#4dbdc6&#8243; header_3_line_height=&#8221;1.3em&#8221; custom_margin=&#8221;||20px|&#8221; global_colors_info=&#8221;{}&#8221; link_text_color__hover_enabled=&#8221;on&#8221; link_text_color__hover=&#8221;#7a7a7a&#8221;]<\/p>\n<h3><span style=\"text-decoration: underline;\"><span style=\"color: #f39200;\"><a href=\"https:\/\/football-legal.com\/conference\/acces-justice\/\"><span style=\"color: #299f53; text-decoration: underline;\">Panel 3 &#8211; L&#8217;acc\u00e8s \u00e0 la justice<\/span><\/a><\/span><\/span><span style=\"text-decoration: underline; color: #f39200;\"><br \/><\/span><\/h3>\n<p><span style=\"color: #299f53;\"><strong>Mod\u00e9rateur :<\/strong><strong><\/strong><\/span>\u00a0<strong>Laurent MOREUIL,<\/strong> Avocat au Barreau de Paris, <strong>Patchwork Avocat<\/strong><\/p>\n<p>[\/et_pb_text][et_pb_text _builder_version=&#8221;4.25.0&#8243; text_font=&#8221;||||||||&#8221; text_text_color=&#8221;#7a7a7a&#8221; text_line_height=&#8221;1.8em&#8221; link_font=&#8221;||||||||&#8221; link_text_color=&#8221;#7a7a7a&#8221; header_font=&#8221;||||||||&#8221; header_3_font=&#8221;Montserrat|700|||||||&#8221; header_3_text_color=&#8221;#4dbdc6&#8243; header_3_line_height=&#8221;1.3em&#8221; custom_margin=&#8221;||20px|&#8221; custom_padding=&#8221;||||false|false&#8221; locked=&#8221;off&#8221; global_colors_info=&#8221;{}&#8221; link_text_color__hover_enabled=&#8221;on&#8221; link_text_color__hover=&#8221;#7a7a7a&#8221;]<\/p>\n<p><span style=\"color: #f39200;\"><strong><span style=\"color: #299f53;\">Intervenants :<\/span><br \/><\/strong><\/span><strong>Gr\u00e9gory ERNES,<\/strong> Avocat au Barreau de Bruxelles, <strong>ATFIELD<\/strong><br \/><strong>Bernard FOUCHER,<\/strong> Conseiller d\u2019\u00c9tat Honoraire, Arbitre au Tribunal Arbitral du Sport (TAS),<br \/>Membre du Comit\u00e9 de l\u2019arbitrage sportif fran\u00e7ais de la Chambre arbitrale su sport (CAS), Conciliateur au CNOSF<br \/><strong>Claude-Alb\u00e9ric MAETZ,<\/strong> Pr\u00e9sident de la Commission juridique de la Ligue de Football Professionnel (LFP), Codirecteur de l\u2019Institut de Droit des Affaires (IDA), Aix-Marseille Universit\u00e9<br \/><strong>Jean-Michel MARMAYOU,<\/strong> Professeur de droit priv\u00e9, Aix-Marseille Universit\u00e9, Directeur du Centre de droit du sport de Marseille<br \/><span style=\"text-decoration: underline;\"><strong><\/strong><\/span><span style=\"text-decoration: underline;\"><strong><\/strong><\/span><\/p>\n<p>[\/et_pb_text][\/et_pb_column][\/et_pb_row][et_pb_row column_structure=&#8221;1_4,3_4&#8243; _builder_version=&#8221;4.17.3&#8243; background_color=&#8221;#ffffff&#8221; custom_padding=&#8221;29px|20px|0|20px|false|false&#8221; animation_style=&#8221;fade&#8221; animation_delay=&#8221;100ms&#8221; border_color_top=&#8221;#e1e3e5&#8243; border_color_bottom=&#8221;#e1e3e5&#8243; locked=&#8221;off&#8221; global_colors_info=&#8221;{}&#8221;][et_pb_column type=&#8221;1_4&#8243; _builder_version=&#8221;4.16&#8243; custom_padding=&#8221;|||&#8221; global_colors_info=&#8221;{}&#8221; custom_padding__hover=&#8221;|||&#8221;][\/et_pb_column][et_pb_column type=&#8221;3_4&#8243; _builder_version=&#8221;4.16&#8243; custom_padding=&#8221;|||&#8221; global_colors_info=&#8221;{}&#8221; custom_padding__hover=&#8221;|||&#8221;][et_pb_text _builder_version=&#8221;4.24.2&#8243; text_font=&#8221;||||||||&#8221; text_text_color=&#8221;#7a7a7a&#8221; text_line_height=&#8221;1.8em&#8221; link_font=&#8221;||||||||&#8221; link_text_color=&#8221;#7a7a7a&#8221; header_font=&#8221;||||||||&#8221; header_3_font=&#8221;Montserrat|700|||||||&#8221; header_3_text_color=&#8221;#4dbdc6&#8243; header_3_line_height=&#8221;1.3em&#8221; custom_margin=&#8221;0px||20px|&#8221; custom_padding=&#8221;2px|||||&#8221; global_colors_info=&#8221;{}&#8221; link_text_color__hover_enabled=&#8221;on&#8221; link_text_color__hover=&#8221;#7a7a7a&#8221;]<\/p>\n<h3><span style=\"color: #f39200;\"><span style=\"color: #666666;\">Ou atelier pratique 2 :<\/span><br \/><\/span><\/h3>\n<p>[\/et_pb_text][\/et_pb_column][\/et_pb_row][et_pb_row column_structure=&#8221;1_5,1_5,3_5&#8243; _builder_version=&#8221;4.16&#8243; background_color=&#8221;#ffffff&#8221; custom_padding=&#8221;29px|20px|12px|20px|false|false&#8221; animation_style=&#8221;fade&#8221; animation_delay=&#8221;100ms&#8221; border_color_top=&#8221;#e1e3e5&#8243; border_width_bottom=&#8221;1px&#8221; border_color_bottom=&#8221;#e1e3e5&#8243; locked=&#8221;off&#8221; global_colors_info=&#8221;{}&#8221;][et_pb_column type=&#8221;1_5&#8243; _builder_version=&#8221;4.16&#8243; custom_padding=&#8221;|||&#8221; global_colors_info=&#8221;{}&#8221; custom_padding__hover=&#8221;|||&#8221;][et_pb_blurb title=&#8221;14h15 &#8211; 15h30&#8243; use_icon=&#8221;on&#8221; font_icon=&#8221;&#x7d;||divi||400&#8243; icon_color=&#8221;#299F53&#8243; icon_placement=&#8221;left&#8221; image_icon_width=&#8221;17px&#8221; _builder_version=&#8221;4.24.2&#8243; header_font=&#8221;Montserrat||||||||&#8221; header_text_color=&#8221;#7c7c7c&#8221; header_font_size=&#8221;16px&#8221; icon_font_size=&#8221;17px&#8221; global_colors_info=&#8221;{}&#8221;][\/et_pb_blurb][\/et_pb_column][et_pb_column type=&#8221;1_5&#8243; _builder_version=&#8221;4.16&#8243; custom_padding=&#8221;|||&#8221; global_colors_info=&#8221;{}&#8221; custom_padding__hover=&#8221;|||&#8221;][et_pb_image src=&#8221;https:\/\/football-legal.com\/conference\/wp-content\/uploads\/2024\/03\/Fabien-Safanjon-nb-square.jpg&#8221; title_text=&#8221;Fabien-Safanjon-nb-square&#8221; _builder_version=&#8221;4.24.2&#8243; max_width=&#8221;55%&#8221; module_alignment=&#8221;center&#8221; custom_margin=&#8221;|||&#8221; custom_margin_tablet=&#8221;90px|||&#8221; custom_margin_last_edited=&#8221;off|desktop&#8221; animation_style=&#8221;zoom&#8221; border_radii=&#8221;on|100%|100%|100%|100%&#8221; always_center_on_mobile=&#8221;off&#8221; locked=&#8221;off&#8221; global_colors_info=&#8221;{}&#8221;][\/et_pb_image][\/et_pb_column][et_pb_column type=&#8221;3_5&#8243; _builder_version=&#8221;4.16&#8243; custom_padding=&#8221;|||&#8221; global_colors_info=&#8221;{}&#8221; custom_padding__hover=&#8221;|||&#8221;][et_pb_text _builder_version=&#8221;4.25.0&#8243; text_font=&#8221;||||||||&#8221; text_text_color=&#8221;#7a7a7a&#8221; text_line_height=&#8221;1.8em&#8221; link_font=&#8221;||||||||&#8221; link_text_color=&#8221;#7a7a7a&#8221; header_font=&#8221;||||||||&#8221; header_3_font=&#8221;Montserrat|700|||||||&#8221; header_3_text_color=&#8221;#4dbdc6&#8243; header_3_line_height=&#8221;1.3em&#8221; custom_margin=&#8221;||20px|&#8221; global_colors_info=&#8221;{}&#8221; link_text_color__hover_enabled=&#8221;on&#8221; link_text_color__hover=&#8221;#7a7a7a&#8221;]<\/p>\n<h3><span style=\"text-decoration: underline; color: #f39200;\"><span style=\"text-decoration: underline; color: #299f53;\"><span style=\"text-decoration: underline;\"><strong>Les datas, nouvelles ressources financi\u00e8res du foot pro ?<\/strong><\/span><\/span><\/span><\/h3>\n<p><span style=\"color: #299f53;\"><strong>Mod\u00e9rateur :<\/strong><strong><\/strong><\/span>\u00a0<strong>Fabien SAFANJON,<\/strong> Vice-pr\u00e9sident de l\u2019UNFP<\/p>\n<p>[\/et_pb_text][et_pb_text _builder_version=&#8221;4.25.0&#8243; text_font=&#8221;||||||||&#8221; text_text_color=&#8221;#7a7a7a&#8221; text_line_height=&#8221;1.8em&#8221; link_font=&#8221;||||||||&#8221; link_text_color=&#8221;#7a7a7a&#8221; header_font=&#8221;||||||||&#8221; header_3_font=&#8221;Montserrat|700|||||||&#8221; header_3_text_color=&#8221;#4dbdc6&#8243; header_3_line_height=&#8221;1.3em&#8221; custom_margin=&#8221;||20px|&#8221; custom_padding=&#8221;||||false|false&#8221; locked=&#8221;off&#8221; global_colors_info=&#8221;{}&#8221; link_text_color__hover_enabled=&#8221;on&#8221; link_text_color__hover=&#8221;#7a7a7a&#8221;]<\/p>\n<p><span style=\"color: #f39200;\"><strong><span style=\"color: #299f53;\">Intervenants :<\/span><br \/><\/strong><\/span><strong>Gaylor RABU,<\/strong> Ma\u00eetre de conf\u00e9rence, Aix-Marseille Universit\u00e9<strong><br \/>Emmanuel RONCO,<\/strong> Avocat au Barreau de Paris, Eversheds Sutherland<strong><br \/>Arnaud SANTIN,<\/strong> CEO SPORTSDYNAMICS<br \/><strong>Jean-Baptiste ALLIOT,<\/strong> Co-Founder &amp; Chief Strategy Officer, <strong>LaSource<\/strong><br \/><span style=\"text-decoration: underline;\"><strong><\/strong><\/span><span style=\"text-decoration: underline;\"><strong><\/strong><\/span><\/p>\n<p>[\/et_pb_text][\/et_pb_column][\/et_pb_row][et_pb_row column_structure=&#8221;1_4,3_4&#8243; _builder_version=&#8221;4.16&#8243; background_color=&#8221;#ffffff&#8221; custom_padding=&#8221;29px|20px|0|20px|false|false&#8221; animation_style=&#8221;fade&#8221; animation_delay=&#8221;100ms&#8221; border_color_top=&#8221;#e1e3e5&#8243; border_width_bottom=&#8221;1px&#8221; border_color_bottom=&#8221;#e1e3e5&#8243; locked=&#8221;off&#8221; global_colors_info=&#8221;{}&#8221;][et_pb_column type=&#8221;1_4&#8243; _builder_version=&#8221;4.16&#8243; custom_padding=&#8221;|||&#8221; global_colors_info=&#8221;{}&#8221; custom_padding__hover=&#8221;|||&#8221;][et_pb_blurb title=&#8221;15h30 &#8211; 16h00&#8243; use_icon=&#8221;on&#8221; font_icon=&#8221;&#xe105;||divi||400&#8243; icon_color=&#8221;#299F53&#8243; icon_placement=&#8221;left&#8221; image_icon_width=&#8221;17px&#8221; _builder_version=&#8221;4.23.1&#8243; header_font=&#8221;Montserrat||||||||&#8221; header_text_color=&#8221;#7c7c7c&#8221; header_font_size=&#8221;16px&#8221; icon_font_size=&#8221;17px&#8221; global_colors_info=&#8221;{}&#8221;][\/et_pb_blurb][\/et_pb_column][et_pb_column type=&#8221;3_4&#8243; _builder_version=&#8221;4.16&#8243; custom_padding=&#8221;|||&#8221; global_colors_info=&#8221;{}&#8221; custom_padding__hover=&#8221;|||&#8221;][et_pb_text _builder_version=&#8221;4.23.1&#8243; text_font=&#8221;||||||||&#8221; text_text_color=&#8221;#7a7a7a&#8221; text_line_height=&#8221;1.8em&#8221; link_font=&#8221;||||||||&#8221; link_text_color=&#8221;#7a7a7a&#8221; header_font=&#8221;||||||||&#8221; header_3_font=&#8221;Montserrat|700|||||||&#8221; header_3_text_color=&#8221;#4dbdc6&#8243; header_3_line_height=&#8221;1.3em&#8221; custom_margin=&#8221;0px||20px|&#8221; global_colors_info=&#8221;{}&#8221; link_text_color__hover_enabled=&#8221;on&#8221; link_text_color__hover=&#8221;#7a7a7a&#8221;]<\/p>\n<h3><span style=\"color: #299f53;\">Pause<\/span><\/h3>\n<p>[\/et_pb_text][\/et_pb_column][\/et_pb_row][et_pb_row column_structure=&#8221;1_5,1_5,3_5&#8243; _builder_version=&#8221;4.16&#8243; background_color=&#8221;#ffffff&#8221; custom_padding=&#8221;29px|20px|12px|20px|false|false&#8221; animation_style=&#8221;fade&#8221; animation_delay=&#8221;100ms&#8221; border_color_top=&#8221;#e1e3e5&#8243; border_width_bottom=&#8221;1px&#8221; border_color_bottom=&#8221;#e1e3e5&#8243; locked=&#8221;off&#8221; global_colors_info=&#8221;{}&#8221;][et_pb_column type=&#8221;1_5&#8243; _builder_version=&#8221;4.16&#8243; custom_padding=&#8221;|||&#8221; global_colors_info=&#8221;{}&#8221; custom_padding__hover=&#8221;|||&#8221;][et_pb_blurb title=&#8221;16h00 &#8211; 17h30&#8243; use_icon=&#8221;on&#8221; font_icon=&#8221;&#x7d;||divi||400&#8243; icon_color=&#8221;#299F53&#8243; icon_placement=&#8221;left&#8221; image_icon_width=&#8221;17px&#8221; _builder_version=&#8221;4.23.1&#8243; header_font=&#8221;Montserrat||||||||&#8221; header_text_color=&#8221;#7c7c7c&#8221; header_font_size=&#8221;16px&#8221; icon_font_size=&#8221;17px&#8221; global_colors_info=&#8221;{}&#8221;][\/et_pb_blurb][\/et_pb_column][et_pb_column type=&#8221;1_5&#8243; _builder_version=&#8221;4.16&#8243; custom_padding=&#8221;|||&#8221; global_colors_info=&#8221;{}&#8221; custom_padding__hover=&#8221;|||&#8221;][et_pb_image src=&#8221;https:\/\/football-legal.com\/conference\/wp-content\/uploads\/2019\/04\/basile_ader_profil.jpg&#8221; title_text=&#8221;basile_ader_profil&#8221; _builder_version=&#8221;4.24.2&#8243; max_width=&#8221;55%&#8221; module_alignment=&#8221;center&#8221; custom_margin=&#8221;|||&#8221; custom_margin_tablet=&#8221;90px|||&#8221; custom_margin_last_edited=&#8221;off|desktop&#8221; animation_style=&#8221;zoom&#8221; border_radii=&#8221;on|100%|100%|100%|100%&#8221; always_center_on_mobile=&#8221;off&#8221; locked=&#8221;off&#8221; global_colors_info=&#8221;{}&#8221;][\/et_pb_image][\/et_pb_column][et_pb_column type=&#8221;3_5&#8243; _builder_version=&#8221;4.16&#8243; custom_padding=&#8221;|||&#8221; global_colors_info=&#8221;{}&#8221; custom_padding__hover=&#8221;|||&#8221;][et_pb_text _builder_version=&#8221;4.25.0&#8243; text_font=&#8221;||||||||&#8221; text_text_color=&#8221;#7a7a7a&#8221; text_line_height=&#8221;1.8em&#8221; link_font=&#8221;||||||||&#8221; link_text_color=&#8221;#7a7a7a&#8221; header_font=&#8221;||||||||&#8221; header_3_font=&#8221;Montserrat|700|||||||&#8221; header_3_text_color=&#8221;#4dbdc6&#8243; header_3_line_height=&#8221;1.3em&#8221; custom_margin=&#8221;||20px|&#8221; global_colors_info=&#8221;{}&#8221; link_text_color__hover_enabled=&#8221;on&#8221; link_text_color__hover=&#8221;#7a7a7a&#8221;]<\/p>\n<h3><span style=\"text-decoration: underline;\"><span style=\"color: #f39200;\"><span style=\"color: #299f53; text-decoration: underline;\">Panel 4 &#8211; L<\/span><span style=\"color: #299f53; text-decoration: underline;\">a libert\u00e9 d&#8217;expression<\/span><\/span><\/span><span style=\"text-decoration: underline; color: #f39200;\"><br \/><\/span><\/h3>\n<p><span style=\"color: #299f53;\"><strong>Mod\u00e9rateur :<\/strong><strong><\/strong><\/span>\u00a0<strong>Basile ADER,<\/strong> Avocat au Barreau de Paris, <strong>August Debouzy<\/strong><\/p>\n<p>[\/et_pb_text][et_pb_text _builder_version=&#8221;4.25.0&#8243; text_font=&#8221;||||||||&#8221; text_text_color=&#8221;#7a7a7a&#8221; text_line_height=&#8221;1.8em&#8221; link_font=&#8221;||||||||&#8221; link_text_color=&#8221;#7a7a7a&#8221; header_font=&#8221;||||||||&#8221; header_3_font=&#8221;Montserrat|700|||||||&#8221; header_3_text_color=&#8221;#4dbdc6&#8243; header_3_line_height=&#8221;1.3em&#8221; custom_margin=&#8221;||20px|&#8221; custom_padding=&#8221;||||false|false&#8221; locked=&#8221;off&#8221; global_colors_info=&#8221;{}&#8221; link_text_color__hover_enabled=&#8221;on&#8221; link_text_color__hover=&#8221;#7a7a7a&#8221;]<\/p>\n<p><span style=\"color: #f39200;\"><strong><span style=\"color: #299f53;\">Intervenants :<\/span><br \/><\/strong><\/span><strong>David JACOTOT, <\/strong>Professeur de droit priv\u00e9, Universit\u00e9 de Bourgogne<strong><br \/>Constance POPINEAU,<\/strong> Directrice juridique du\u00a0CNOSF<strong><br \/>Badou SAMBAGUE,<\/strong> Avocat au Barreau de Paris, <strong>BS Law<\/strong><br \/><strong>Lilian THURAM,<\/strong> Ancien international de football<br \/><strong>Jean-Fran\u00e7ois VILOTTE,<\/strong> Directeur g\u00e9n\u00e9ral de la FFF<span style=\"text-decoration: underline;\"><strong><\/strong><\/span><span style=\"text-decoration: underline;\"><strong><\/strong><\/span><\/p>\n<p>[\/et_pb_text][\/et_pb_column][\/et_pb_row][et_pb_row column_structure=&#8221;1_4,3_4&#8243; _builder_version=&#8221;4.17.3&#8243; background_color=&#8221;#ffffff&#8221; custom_padding=&#8221;29px|20px|0|20px|false|false&#8221; animation_style=&#8221;fade&#8221; animation_delay=&#8221;100ms&#8221; border_color_top=&#8221;#e1e3e5&#8243; border_color_bottom=&#8221;#e1e3e5&#8243; locked=&#8221;off&#8221; global_colors_info=&#8221;{}&#8221;][et_pb_column type=&#8221;1_4&#8243; _builder_version=&#8221;4.16&#8243; custom_padding=&#8221;|||&#8221; global_colors_info=&#8221;{}&#8221; custom_padding__hover=&#8221;|||&#8221;][\/et_pb_column][et_pb_column type=&#8221;3_4&#8243; _builder_version=&#8221;4.16&#8243; custom_padding=&#8221;|||&#8221; global_colors_info=&#8221;{}&#8221; custom_padding__hover=&#8221;|||&#8221;][et_pb_text _builder_version=&#8221;4.24.2&#8243; text_font=&#8221;||||||||&#8221; text_text_color=&#8221;#7a7a7a&#8221; text_line_height=&#8221;1.8em&#8221; link_font=&#8221;||||||||&#8221; link_text_color=&#8221;#7a7a7a&#8221; header_font=&#8221;||||||||&#8221; header_3_font=&#8221;Montserrat|700|||||||&#8221; header_3_text_color=&#8221;#4dbdc6&#8243; header_3_line_height=&#8221;1.3em&#8221; custom_margin=&#8221;0px||20px|&#8221; custom_padding=&#8221;2px|||||&#8221; global_colors_info=&#8221;{}&#8221; link_text_color__hover_enabled=&#8221;on&#8221; link_text_color__hover=&#8221;#7a7a7a&#8221;]<\/p>\n<h3><span style=\"color: #f39200;\"><span style=\"color: #666666;\">Ou atelier pratique 3 :<\/span><br \/><\/span><\/h3>\n<p>[\/et_pb_text][\/et_pb_column][\/et_pb_row][et_pb_row column_structure=&#8221;1_5,1_5,3_5&#8243; _builder_version=&#8221;4.16&#8243; background_color=&#8221;#ffffff&#8221; custom_padding=&#8221;29px|20px|12px|20px|false|false&#8221; animation_style=&#8221;fade&#8221; animation_delay=&#8221;100ms&#8221; border_color_top=&#8221;#e1e3e5&#8243; border_width_bottom=&#8221;1px&#8221; border_color_bottom=&#8221;#e1e3e5&#8243; locked=&#8221;off&#8221; global_colors_info=&#8221;{}&#8221;][et_pb_column type=&#8221;1_5&#8243; _builder_version=&#8221;4.16&#8243; custom_padding=&#8221;|||&#8221; global_colors_info=&#8221;{}&#8221; custom_padding__hover=&#8221;|||&#8221;][et_pb_blurb title=&#8221;16h00 &#8211; 17h30&#8243; use_icon=&#8221;on&#8221; font_icon=&#8221;&#x7d;||divi||400&#8243; icon_color=&#8221;#299F53&#8243; icon_placement=&#8221;left&#8221; image_icon_width=&#8221;17px&#8221; _builder_version=&#8221;4.23.1&#8243; header_font=&#8221;Montserrat||||||||&#8221; header_text_color=&#8221;#7c7c7c&#8221; header_font_size=&#8221;16px&#8221; icon_font_size=&#8221;17px&#8221; global_colors_info=&#8221;{}&#8221;][\/et_pb_blurb][\/et_pb_column][et_pb_column type=&#8221;1_5&#8243; _builder_version=&#8221;4.16&#8243; custom_padding=&#8221;|||&#8221; global_colors_info=&#8221;{}&#8221; custom_padding__hover=&#8221;|||&#8221;][et_pb_image src=&#8221;https:\/\/football-legal.com\/conference\/wp-content\/uploads\/2024\/03\/gregory-ernes-square-nb.jpg&#8221; title_text=&#8221;gregory-ernes-square-nb&#8221; disabled_on=&#8221;off|off|off&#8221; _builder_version=&#8221;4.24.2&#8243; max_width=&#8221;55%&#8221; module_alignment=&#8221;center&#8221; custom_margin=&#8221;|||&#8221; custom_margin_tablet=&#8221;90px|||&#8221; custom_margin_last_edited=&#8221;off|desktop&#8221; animation_style=&#8221;zoom&#8221; border_radii=&#8221;on|100%|100%|100%|100%&#8221; always_center_on_mobile=&#8221;off&#8221; locked=&#8221;off&#8221; global_colors_info=&#8221;{}&#8221;][\/et_pb_image][\/et_pb_column][et_pb_column type=&#8221;3_5&#8243; _builder_version=&#8221;4.16&#8243; custom_padding=&#8221;|||&#8221; global_colors_info=&#8221;{}&#8221; custom_padding__hover=&#8221;|||&#8221;][et_pb_text _builder_version=&#8221;4.25.0&#8243; text_font=&#8221;||||||||&#8221; text_text_color=&#8221;#7a7a7a&#8221; text_line_height=&#8221;1.8em&#8221; link_font=&#8221;||||||||&#8221; link_text_color=&#8221;#7a7a7a&#8221; header_font=&#8221;||||||||&#8221; header_3_font=&#8221;Montserrat|700|||||||&#8221; header_3_text_color=&#8221;#4dbdc6&#8243; header_3_line_height=&#8221;1.3em&#8221; custom_margin=&#8221;||20px|&#8221; global_colors_info=&#8221;{}&#8221; link_text_color__hover_enabled=&#8221;on&#8221; link_text_color__hover=&#8221;#7a7a7a&#8221;]<\/p>\n<h3><span style=\"text-decoration: underline;\"><span style=\"color: #f39200;\"><a href=\"https:\/\/football-legal.com\/conference\/vie-prive\/\"><span style=\"color: #4dbdc6; text-decoration: underline;\"><\/span><\/a><\/span><span style=\"color: #f39200;\"><span style=\"color: #299f53;\"><strong><span style=\"color: #299f53; text-decoration: underline;\">Stabilit\u00e9 contractuelle, transferts et libert\u00e9 de circulation des joueurs de foot<\/span><\/strong><\/span><\/span><\/span><\/h3>\n<p><span style=\"color: #299f53;\"><strong><\/strong><\/span><span style=\"color: #299f53;\"><strong>Mod\u00e9rateur :<\/strong><strong><\/strong><\/span> <span style=\"color: #7a7a7a;\"><strong>Gr\u00e9gory ERNES,<\/strong> Avocat au Barreau de Bruxelles, <strong>ATFIELD<\/strong><\/span><\/p>\n<p>[\/et_pb_text][et_pb_text _builder_version=&#8221;4.25.0&#8243; text_font=&#8221;||||||||&#8221; text_text_color=&#8221;#7a7a7a&#8221; text_line_height=&#8221;1.8em&#8221; link_font=&#8221;||||||||&#8221; link_text_color=&#8221;#7a7a7a&#8221; header_font=&#8221;||||||||&#8221; header_3_font=&#8221;Montserrat|700|||||||&#8221; header_3_text_color=&#8221;#4dbdc6&#8243; header_3_line_height=&#8221;1.3em&#8221; custom_margin=&#8221;||20px|&#8221; custom_padding=&#8221;||||false|false&#8221; locked=&#8221;off&#8221; global_colors_info=&#8221;{}&#8221; link_text_color__hover_enabled=&#8221;on&#8221; link_text_color__hover=&#8221;#7a7a7a&#8221;]<\/p>\n<p><span style=\"color: #f39200;\"><strong><span style=\"color: #299f53;\">Intervenants :<\/span><br \/><\/strong><\/span><strong>Sheena BELMANS,<\/strong> Avocate au Barreau de Bruxelles, <strong>ATFIELD<\/strong><br \/><strong>Jacques BLONDIN,<\/strong> Avocat au Barreau de Madrid, ancien Chef du FIFA TMS et du D\u00e9partement d\u2019application r\u00e9glementaire de la FIFA<br \/><strong>Philippe PIAT,<\/strong> Pr\u00e9sident de l\u2019UNFP<br \/><strong>Fabrice RIZZO,<\/strong> Professeur de droit, Aix-Marseille Universit\u00e9<br \/><span style=\"text-decoration: underline;\"><strong><\/strong><\/span><span style=\"text-decoration: underline;\"><strong><\/strong><\/span><\/p>\n<p>[\/et_pb_text][\/et_pb_column][\/et_pb_row][et_pb_row column_structure=&#8221;1_4,3_4&#8243; _builder_version=&#8221;4.16&#8243; background_color=&#8221;#ffffff&#8221; custom_padding=&#8221;29px|20px|0|20px|false|false&#8221; animation_style=&#8221;fade&#8221; animation_delay=&#8221;100ms&#8221; border_color_top=&#8221;#e1e3e5&#8243; border_width_bottom=&#8221;1px&#8221; border_color_bottom=&#8221;#e1e3e5&#8243; locked=&#8221;off&#8221; global_colors_info=&#8221;{}&#8221;][et_pb_column type=&#8221;1_4&#8243; _builder_version=&#8221;4.16&#8243; custom_padding=&#8221;|||&#8221; global_colors_info=&#8221;{}&#8221; custom_padding__hover=&#8221;|||&#8221;][et_pb_blurb title=&#8221;17h30&#8243; use_icon=&#8221;on&#8221; font_icon=&#8221;&#x7d;||divi||400&#8243; icon_color=&#8221;#299F53&#8243; icon_placement=&#8221;left&#8221; image_icon_width=&#8221;17px&#8221; _builder_version=&#8221;4.23.1&#8243; header_font=&#8221;Montserrat||||||||&#8221; header_text_color=&#8221;#7c7c7c&#8221; header_font_size=&#8221;16px&#8221; icon_font_size=&#8221;17px&#8221; global_colors_info=&#8221;{}&#8221;][\/et_pb_blurb][\/et_pb_column][et_pb_column type=&#8221;3_4&#8243; _builder_version=&#8221;4.16&#8243; custom_padding=&#8221;|||&#8221; global_colors_info=&#8221;{}&#8221; custom_padding__hover=&#8221;|||&#8221;][et_pb_text _builder_version=&#8221;4.25.0&#8243; text_font=&#8221;||||||||&#8221; text_text_color=&#8221;#7a7a7a&#8221; text_line_height=&#8221;1.8em&#8221; link_font=&#8221;||||||||&#8221; link_text_color=&#8221;#7a7a7a&#8221; header_font=&#8221;||||||||&#8221; header_3_font=&#8221;Montserrat|700|||||||&#8221; header_3_text_color=&#8221;#F39200&#8243; header_3_line_height=&#8221;1.3em&#8221; custom_margin=&#8221;-9px||20px||false|false&#8221; global_colors_info=&#8221;{}&#8221; link_text_color__hover_enabled=&#8221;on&#8221; link_text_color__hover=&#8221;#7a7a7a&#8221;]<\/p>\n<h3><span style=\"color: #299f53;\">Cl\u00f4ture de la premi\u00e8re journ\u00e9e<\/span><\/h3>\n<p>[\/et_pb_text][\/et_pb_column][\/et_pb_row][et_pb_row _builder_version=&#8221;4.16&#8243; background_color=&#8221;#ffffff&#8221; custom_padding=&#8221;75px|20px|10px|20px|false|false&#8221; border_color_top=&#8221;#e1e3e5&#8243; border_width_bottom=&#8221;1px&#8221; border_color_bottom=&#8221;#e1e3e5&#8243; global_colors_info=&#8221;{}&#8221;][et_pb_column type=&#8221;4_4&#8243; _builder_version=&#8221;4.16&#8243; custom_padding=&#8221;|||&#8221; global_colors_info=&#8221;{}&#8221; custom_padding__hover=&#8221;|||&#8221;][et_pb_text _builder_version=&#8221;4.25.0&#8243; text_font=&#8221;Montserrat|700|||||||&#8221; text_text_color=&#8221;#282828&#8243; header_font=&#8221;Montserrat|700|||||||&#8221; header_text_color=&#8221;#000000&#8243; header_font_size=&#8221;40px&#8221; header_2_font=&#8221;||||||||&#8221; header_3_font=&#8221;||||||||&#8221; custom_margin=&#8221;25px|||&#8221; animation_style=&#8221;fade&#8221; animation_direction=&#8221;top&#8221; animation_delay=&#8221;100ms&#8221; inline_fonts=&#8221;Montserrat&#8221; global_colors_info=&#8221;{}&#8221;]<\/p>\n<p><span style=\"font-size: x-large;\"><strong><span style=\"font-family: Montserrat;\">Tuesday 18 June<\/span><\/strong><\/span><\/p>\n<p>[\/et_pb_text][\/et_pb_column][\/et_pb_row][et_pb_row column_structure=&#8221;1_4,3_4&#8243; _builder_version=&#8221;4.16&#8243; background_color=&#8221;#ffffff&#8221; custom_padding=&#8221;29px|20px|0|20px|false|false&#8221; animation_style=&#8221;fade&#8221; animation_delay=&#8221;100ms&#8221; border_color_top=&#8221;#e1e3e5&#8243; border_width_bottom=&#8221;1px&#8221; border_color_bottom=&#8221;#e1e3e5&#8243; locked=&#8221;off&#8221; global_colors_info=&#8221;{}&#8221;][et_pb_column type=&#8221;1_4&#8243; _builder_version=&#8221;4.16&#8243; custom_padding=&#8221;|||&#8221; global_colors_info=&#8221;{}&#8221; custom_padding__hover=&#8221;|||&#8221;][et_pb_blurb title=&#8221;9h00 &#8211; 9h30&#8243; use_icon=&#8221;on&#8221; font_icon=&#8221;&#x7d;||divi||400&#8243; icon_color=&#8221;#299F53&#8243; icon_placement=&#8221;left&#8221; image_icon_width=&#8221;17px&#8221; _builder_version=&#8221;4.23.1&#8243; header_font=&#8221;Montserrat||||||||&#8221; header_text_color=&#8221;#7c7c7c&#8221; header_font_size=&#8221;16px&#8221; icon_font_size=&#8221;17px&#8221; global_colors_info=&#8221;{}&#8221;][\/et_pb_blurb][\/et_pb_column][et_pb_column type=&#8221;3_4&#8243; _builder_version=&#8221;4.16&#8243; custom_padding=&#8221;|||&#8221; global_colors_info=&#8221;{}&#8221; custom_padding__hover=&#8221;|||&#8221;][et_pb_text _builder_version=&#8221;4.25.0&#8243; text_font=&#8221;||||||||&#8221; text_text_color=&#8221;#7a7a7a&#8221; text_line_height=&#8221;1.8em&#8221; link_font=&#8221;||||||||&#8221; link_text_color=&#8221;#7a7a7a&#8221; header_font=&#8221;||||||||&#8221; header_3_font=&#8221;Montserrat|700|||||||&#8221; header_3_text_color=&#8221;#F39200&#8243; header_3_line_height=&#8221;1.3em&#8221; custom_margin=&#8221;-9px||20px||false|false&#8221; global_colors_info=&#8221;{}&#8221; link_text_color__hover_enabled=&#8221;on&#8221; link_text_color__hover=&#8221;#7a7a7a&#8221;]<\/p>\n<h3><span style=\"color: #299f53;\">Accueil caf\u00e9 des participants<\/span><\/h3>\n<p>[\/et_pb_text][\/et_pb_column][\/et_pb_row][et_pb_row column_structure=&#8221;1_5,1_5,3_5&#8243; _builder_version=&#8221;4.16&#8243; background_color=&#8221;#ffffff&#8221; custom_padding=&#8221;29px|20px|12px|20px|false|false&#8221; animation_style=&#8221;fade&#8221; animation_delay=&#8221;100ms&#8221; border_color_top=&#8221;#e1e3e5&#8243; border_width_bottom=&#8221;1px&#8221; border_color_bottom=&#8221;#e1e3e5&#8243; locked=&#8221;off&#8221; global_colors_info=&#8221;{}&#8221;][et_pb_column type=&#8221;1_5&#8243; _builder_version=&#8221;4.16&#8243; custom_padding=&#8221;|||&#8221; global_colors_info=&#8221;{}&#8221; custom_padding__hover=&#8221;|||&#8221;][et_pb_blurb title=&#8221;9h30 &#8211; 10h45&#8243; use_icon=&#8221;on&#8221; font_icon=&#8221;&#x7d;||divi||400&#8243; icon_color=&#8221;#299F53&#8243; icon_placement=&#8221;left&#8221; image_icon_width=&#8221;17px&#8221; _builder_version=&#8221;4.23.1&#8243; header_font=&#8221;Montserrat||||||||&#8221; header_text_color=&#8221;#7c7c7c&#8221; header_font_size=&#8221;16px&#8221; icon_font_size=&#8221;17px&#8221; global_colors_info=&#8221;{}&#8221;][\/et_pb_blurb][\/et_pb_column][et_pb_column type=&#8221;1_5&#8243; _builder_version=&#8221;4.16&#8243; custom_padding=&#8221;|||&#8221; global_colors_info=&#8221;{}&#8221; custom_padding__hover=&#8221;|||&#8221;][et_pb_image src=&#8221;https:\/\/football-legal.com\/conference\/wp-content\/uploads\/2024\/04\/Thibault-LACHACINSKI-nb-square.jpg&#8221; title_text=&#8221;Thibault-LACHACINSKI-nb-square&#8221; disabled_on=&#8221;off|off|off&#8221; _builder_version=&#8221;4.24.3&#8243; max_width=&#8221;55%&#8221; module_alignment=&#8221;center&#8221; custom_margin=&#8221;|||&#8221; custom_margin_tablet=&#8221;90px|||&#8221; custom_margin_last_edited=&#8221;off|desktop&#8221; animation_style=&#8221;zoom&#8221; border_radii=&#8221;on|100%|100%|100%|100%&#8221; always_center_on_mobile=&#8221;off&#8221; locked=&#8221;off&#8221; global_colors_info=&#8221;{}&#8221;][\/et_pb_image][\/et_pb_column][et_pb_column type=&#8221;3_5&#8243; _builder_version=&#8221;4.16&#8243; custom_padding=&#8221;|||&#8221; global_colors_info=&#8221;{}&#8221; custom_padding__hover=&#8221;|||&#8221;][et_pb_text disabled_on=&#8221;off|off|off&#8221; _builder_version=&#8221;4.25.0&#8243; text_font=&#8221;||||||||&#8221; text_text_color=&#8221;#7a7a7a&#8221; text_line_height=&#8221;1.8em&#8221; link_font=&#8221;||||||||&#8221; link_text_color=&#8221;#7a7a7a&#8221; header_font=&#8221;||||||||&#8221; header_3_font=&#8221;Montserrat|700|||||||&#8221; header_3_text_color=&#8221;#4dbdc6&#8243; header_3_line_height=&#8221;1.3em&#8221; custom_margin=&#8221;||20px|&#8221; locked=&#8221;off&#8221; global_colors_info=&#8221;{}&#8221; link_text_color__hover_enabled=&#8221;on&#8221; link_text_color__hover=&#8221;#7a7a7a&#8221;]<\/p>\n<h3><span style=\"text-decoration: underline;\"><span style=\"color: #299f53; text-decoration: underline;\">Panel 5 &#8211; Le sportif, son image et ses droits<\/span><\/span><span style=\"text-decoration: underline; color: #f39200;\"><\/span><\/h3>\n<p><span style=\"color: #299f53;\"><strong>Mod\u00e9rateur :<\/strong><strong><\/strong><\/span>\u00a0<strong>Thibault LACHACINSKI,<\/strong> Avocat au Barreau de Paris, <strong>NFALAW<\/strong><\/p>\n<p>[\/et_pb_text][et_pb_text disabled_on=&#8221;off|off|off&#8221; _builder_version=&#8221;4.25.0&#8243; text_font=&#8221;||||||||&#8221; text_text_color=&#8221;#7a7a7a&#8221; text_line_height=&#8221;1.8em&#8221; link_font=&#8221;||||||||&#8221; link_text_color=&#8221;#7a7a7a&#8221; header_font=&#8221;||||||||&#8221; header_3_font=&#8221;Montserrat|700|||||||&#8221; header_3_text_color=&#8221;#4dbdc6&#8243; header_3_line_height=&#8221;1.3em&#8221; custom_margin=&#8221;||20px|&#8221; custom_padding=&#8221;||||false|false&#8221; locked=&#8221;off&#8221; global_colors_info=&#8221;{}&#8221; link_text_color__hover_enabled=&#8221;on&#8221; link_text_color__hover=&#8221;#7a7a7a&#8221;]<\/p>\n<p><span style=\"color: #f39200;\"><strong><span style=\"color: #299f53;\">Intervenants :<\/span><br \/><\/strong><\/span><strong>Caroline ANGELINI,<\/strong> Conseill\u00e8re M\u00e9dias et Image, <strong>Caroline A Consulting<\/strong><br \/><strong>Patricia MOYERSOEN,<\/strong> Avocate au Barreau de Paris, <strong>Moyersoen Avocats<\/strong><br \/><strong>Constance POPINEAU,<\/strong> Directrice juridique du CNOSF<br \/><strong>Delphine VERHEYDEN,<\/strong> Avocate au Barreau de Paris, <strong>Verheyden Avocats<\/strong><span style=\"text-decoration: underline;\"><strong><\/strong><\/span><span style=\"text-decoration: underline;\"><strong><\/strong><\/span><\/p>\n<p>[\/et_pb_text][\/et_pb_column][\/et_pb_row][et_pb_row column_structure=&#8221;1_4,3_4&#8243; _builder_version=&#8221;4.17.3&#8243; background_color=&#8221;#ffffff&#8221; custom_padding=&#8221;29px|20px|0|20px|false|false&#8221; animation_style=&#8221;fade&#8221; animation_delay=&#8221;100ms&#8221; border_color_top=&#8221;#e1e3e5&#8243; border_color_bottom=&#8221;#e1e3e5&#8243; locked=&#8221;off&#8221; global_colors_info=&#8221;{}&#8221;][et_pb_column type=&#8221;1_4&#8243; _builder_version=&#8221;4.16&#8243; custom_padding=&#8221;|||&#8221; global_colors_info=&#8221;{}&#8221; custom_padding__hover=&#8221;|||&#8221;][\/et_pb_column][et_pb_column type=&#8221;3_4&#8243; _builder_version=&#8221;4.16&#8243; custom_padding=&#8221;|||&#8221; global_colors_info=&#8221;{}&#8221; custom_padding__hover=&#8221;|||&#8221;][et_pb_text _builder_version=&#8221;4.24.2&#8243; text_font=&#8221;||||||||&#8221; text_text_color=&#8221;#7a7a7a&#8221; text_line_height=&#8221;1.8em&#8221; link_font=&#8221;||||||||&#8221; link_text_color=&#8221;#7a7a7a&#8221; header_font=&#8221;||||||||&#8221; header_3_font=&#8221;Montserrat|700|||||||&#8221; header_3_text_color=&#8221;#4dbdc6&#8243; header_3_line_height=&#8221;1.3em&#8221; custom_margin=&#8221;0px||20px|&#8221; custom_padding=&#8221;2px|||||&#8221; global_colors_info=&#8221;{}&#8221; link_text_color__hover_enabled=&#8221;on&#8221; link_text_color__hover=&#8221;#7a7a7a&#8221;]<\/p>\n<h3><span style=\"color: #f39200;\"><span style=\"color: #666666;\">Ou atelier pratique 4 :<\/span><br \/><\/span><\/h3>\n<p>[\/et_pb_text][\/et_pb_column][\/et_pb_row][et_pb_row column_structure=&#8221;1_5,1_5,3_5&#8243; _builder_version=&#8221;4.16&#8243; background_color=&#8221;#ffffff&#8221; custom_padding=&#8221;29px|20px|12px|20px|false|false&#8221; animation_style=&#8221;fade&#8221; animation_delay=&#8221;100ms&#8221; border_color_top=&#8221;#e1e3e5&#8243; border_width_bottom=&#8221;1px&#8221; border_color_bottom=&#8221;#e1e3e5&#8243; locked=&#8221;off&#8221; global_colors_info=&#8221;{}&#8221;][et_pb_column type=&#8221;1_5&#8243; _builder_version=&#8221;4.16&#8243; custom_padding=&#8221;|||&#8221; global_colors_info=&#8221;{}&#8221; custom_padding__hover=&#8221;|||&#8221;][et_pb_blurb title=&#8221;9h30 &#8211; 10h45&#8243; use_icon=&#8221;on&#8221; font_icon=&#8221;&#x7d;||divi||400&#8243; icon_color=&#8221;#299F53&#8243; icon_placement=&#8221;left&#8221; image_icon_width=&#8221;17px&#8221; _builder_version=&#8221;4.23.1&#8243; header_font=&#8221;Montserrat||||||||&#8221; header_text_color=&#8221;#7c7c7c&#8221; header_font_size=&#8221;16px&#8221; icon_font_size=&#8221;17px&#8221; global_colors_info=&#8221;{}&#8221;][\/et_pb_blurb][\/et_pb_column][et_pb_column type=&#8221;1_5&#8243; _builder_version=&#8221;4.16&#8243; custom_padding=&#8221;|||&#8221; global_colors_info=&#8221;{}&#8221; custom_padding__hover=&#8221;|||&#8221;][et_pb_image src=&#8221;https:\/\/football-legal.com\/conference\/wp-content\/uploads\/2024\/04\/Thibaut-DAGORNE-nb-square.jpg&#8221; title_text=&#8221;Thibaut-DAGORNE-nb-square&#8221; disabled_on=&#8221;off|off|off&#8221; _builder_version=&#8221;4.24.3&#8243; max_width=&#8221;55%&#8221; module_alignment=&#8221;center&#8221; custom_margin=&#8221;|||&#8221; custom_margin_tablet=&#8221;90px|||&#8221; custom_margin_last_edited=&#8221;off|desktop&#8221; animation_style=&#8221;zoom&#8221; border_radii=&#8221;on|100%|100%|100%|100%&#8221; always_center_on_mobile=&#8221;off&#8221; locked=&#8221;off&#8221; global_colors_info=&#8221;{}&#8221;][\/et_pb_image][\/et_pb_column][et_pb_column type=&#8221;3_5&#8243; _builder_version=&#8221;4.16&#8243; custom_padding=&#8221;|||&#8221; global_colors_info=&#8221;{}&#8221; custom_padding__hover=&#8221;|||&#8221;][et_pb_text disabled_on=&#8221;off|off|off&#8221; _builder_version=&#8221;4.25.0&#8243; text_font=&#8221;||||||||&#8221; text_text_color=&#8221;#7a7a7a&#8221; text_line_height=&#8221;1.8em&#8221; link_font=&#8221;||||||||&#8221; link_text_color=&#8221;#7a7a7a&#8221; header_font=&#8221;||||||||&#8221; header_3_font=&#8221;Montserrat|700|||||||&#8221; header_3_text_color=&#8221;#4dbdc6&#8243; header_3_line_height=&#8221;1.3em&#8221; custom_margin=&#8221;||20px|&#8221; global_colors_info=&#8221;{}&#8221; link_text_color__hover_enabled=&#8221;on&#8221; link_text_color__hover=&#8221;#7a7a7a&#8221;]<\/p>\n<h3><span style=\"text-decoration: underline;\"><span style=\"color: #f39200;\"><span style=\"color: #299f53;\"><strong><span style=\"color: #299f53; text-decoration: underline;\">Protection des pratiquants et des acteurs : Pr\u00e9venir les situations \u00e0 risques pour garantir et sauvegarder l&#8217;honorabilit\u00e9 des entra\u00eeneurs<\/span><\/strong><\/span><\/span><\/span><span style=\"color: #f39200;\"><span style=\"color: #299f53;\"><span style=\"color: #299f53;\"><\/span><\/span><\/span><\/h3>\n<p><span style=\"color: #299f53;\"><strong>Mod\u00e9rateur :<\/strong><strong><\/strong><\/span> <span style=\"color: #7a7a7a;\"><strong>Thibaut DAGORNE,<\/strong> D\u00e9l\u00e9gu\u00e9 g\u00e9n\u00e9ral de Master7, membre de la FEP<\/span><\/p>\n<p>[\/et_pb_text][et_pb_text disabled_on=&#8221;off|off|off&#8221; _builder_version=&#8221;4.25.0&#8243; text_font=&#8221;||||||||&#8221; text_text_color=&#8221;#7a7a7a&#8221; text_line_height=&#8221;1.8em&#8221; link_font=&#8221;||||||||&#8221; link_text_color=&#8221;#7a7a7a&#8221; header_font=&#8221;||||||||&#8221; header_3_font=&#8221;Montserrat|700|||||||&#8221; header_3_text_color=&#8221;#4dbdc6&#8243; header_3_line_height=&#8221;1.3em&#8221; custom_margin=&#8221;||20px|&#8221; custom_padding=&#8221;||||false|false&#8221; locked=&#8221;off&#8221; global_colors_info=&#8221;{}&#8221; link_text_color__hover_enabled=&#8221;on&#8221; link_text_color__hover=&#8221;#7a7a7a&#8221;]<\/p>\n<p><span style=\"color: #f39200;\"><strong><span style=\"color: #299f53;\">Intervenants :<br \/><\/span><\/strong><\/span><strong>Fabienne\u00a0BOURDAIS,<\/strong> Directrice des Sports, Minist\u00e8re des Sports des Jeux Olympiques et Paralympiques<br \/><strong>Samuel CHEVRET,<\/strong> Avocat au Barreau de Paris, Derby Avocats<br \/><strong>Benjamin PEYRELEVADE,<\/strong> Avocat au Barreau de Paris, DENOVO<br \/><strong>St\u00e9phanie PIOGER,<\/strong> Vice-pr\u00e9sidente de la F\u00e9d\u00e9ration fran\u00e7aise de Basket-ball (FFBB), Avocate<span style=\"text-decoration: underline;\"><strong><\/strong><\/span><span style=\"text-decoration: underline;\"><strong><\/strong><\/span><\/p>\n<p>[\/et_pb_text][\/et_pb_column][\/et_pb_row][et_pb_row column_structure=&#8221;1_4,3_4&#8243; _builder_version=&#8221;4.16&#8243; background_color=&#8221;#ffffff&#8221; custom_padding=&#8221;29px|20px|0|20px|false|false&#8221; animation_style=&#8221;fade&#8221; animation_delay=&#8221;100ms&#8221; border_color_top=&#8221;#e1e3e5&#8243; border_width_bottom=&#8221;1px&#8221; border_color_bottom=&#8221;#e1e3e5&#8243; locked=&#8221;off&#8221; global_colors_info=&#8221;{}&#8221;][et_pb_column type=&#8221;1_4&#8243; _builder_version=&#8221;4.16&#8243; custom_padding=&#8221;|||&#8221; global_colors_info=&#8221;{}&#8221; custom_padding__hover=&#8221;|||&#8221;][et_pb_blurb title=&#8221;10h45 &#8211; 11h00&#8243; use_icon=&#8221;on&#8221; font_icon=&#8221;&#xe105;||divi||400&#8243; icon_color=&#8221;#299F53&#8243; icon_placement=&#8221;left&#8221; image_icon_width=&#8221;17px&#8221; _builder_version=&#8221;4.23.1&#8243; header_font=&#8221;Montserrat||||||||&#8221; header_text_color=&#8221;#7c7c7c&#8221; header_font_size=&#8221;16px&#8221; icon_font_size=&#8221;17px&#8221; global_colors_info=&#8221;{}&#8221;][\/et_pb_blurb][\/et_pb_column][et_pb_column type=&#8221;3_4&#8243; _builder_version=&#8221;4.16&#8243; custom_padding=&#8221;|||&#8221; global_colors_info=&#8221;{}&#8221; custom_padding__hover=&#8221;|||&#8221;][et_pb_text _builder_version=&#8221;4.23.1&#8243; text_font=&#8221;||||||||&#8221; text_text_color=&#8221;#7a7a7a&#8221; text_line_height=&#8221;1.8em&#8221; link_font=&#8221;||||||||&#8221; link_text_color=&#8221;#7a7a7a&#8221; header_font=&#8221;||||||||&#8221; header_3_font=&#8221;Montserrat|700|||||||&#8221; header_3_text_color=&#8221;#4dbdc6&#8243; header_3_line_height=&#8221;1.3em&#8221; custom_margin=&#8221;0px||20px|&#8221; global_colors_info=&#8221;{}&#8221; link_text_color__hover_enabled=&#8221;on&#8221; link_text_color__hover=&#8221;#7a7a7a&#8221;]<\/p>\n<h3><span style=\"color: #299f53;\">Pause<\/span><\/h3>\n<p>[\/et_pb_text][\/et_pb_column][\/et_pb_row][et_pb_row column_structure=&#8221;1_5,1_5,3_5&#8243; disabled_on=&#8221;off|off|off&#8221; _builder_version=&#8221;4.24.2&#8243; background_color=&#8221;#ffffff&#8221; custom_padding=&#8221;29px|20px|12px|20px|false|false&#8221; animation_style=&#8221;fade&#8221; animation_delay=&#8221;100ms&#8221; border_color_top=&#8221;#e1e3e5&#8243; border_width_bottom=&#8221;1px&#8221; border_color_bottom=&#8221;#e1e3e5&#8243; locked=&#8221;off&#8221; global_colors_info=&#8221;{}&#8221;][et_pb_column type=&#8221;1_5&#8243; _builder_version=&#8221;4.16&#8243; custom_padding=&#8221;|||&#8221; global_colors_info=&#8221;{}&#8221; custom_padding__hover=&#8221;|||&#8221;][et_pb_blurb title=&#8221;11h15 &#8211; 12h15&#8243; use_icon=&#8221;on&#8221; font_icon=&#8221;&#x7d;||divi||400&#8243; icon_color=&#8221;#299F53&#8243; icon_placement=&#8221;left&#8221; image_icon_width=&#8221;17px&#8221; _builder_version=&#8221;4.24.2&#8243; header_font=&#8221;Montserrat||||||||&#8221; header_text_color=&#8221;#7c7c7c&#8221; header_font_size=&#8221;16px&#8221; icon_font_size=&#8221;17px&#8221; global_colors_info=&#8221;{}&#8221;][\/et_pb_blurb][\/et_pb_column][et_pb_column type=&#8221;1_5&#8243; _builder_version=&#8221;4.16&#8243; custom_padding=&#8221;|||&#8221; global_colors_info=&#8221;{}&#8221; custom_padding__hover=&#8221;|||&#8221;][et_pb_image src=&#8221;https:\/\/football-legal.com\/conference\/wp-content\/uploads\/2024\/04\/Frederic-BIBAL-nb-square.jpg&#8221; title_text=&#8221;Frederic-BIBAL-nb-square&#8221; _builder_version=&#8221;4.24.2&#8243; max_width=&#8221;55%&#8221; module_alignment=&#8221;center&#8221; custom_margin=&#8221;|||&#8221; custom_margin_tablet=&#8221;90px|||&#8221; custom_margin_last_edited=&#8221;off|desktop&#8221; animation_style=&#8221;zoom&#8221; border_radii=&#8221;on|100%|100%|100%|100%&#8221; always_center_on_mobile=&#8221;off&#8221; locked=&#8221;off&#8221; global_colors_info=&#8221;{}&#8221;][\/et_pb_image][\/et_pb_column][et_pb_column type=&#8221;3_5&#8243; _builder_version=&#8221;4.16&#8243; custom_padding=&#8221;|||&#8221; global_colors_info=&#8221;{}&#8221; custom_padding__hover=&#8221;|||&#8221;][et_pb_text _builder_version=&#8221;4.25.0&#8243; text_font=&#8221;||||||||&#8221; text_text_color=&#8221;#7a7a7a&#8221; text_line_height=&#8221;1.8em&#8221; link_font=&#8221;||||||||&#8221; link_text_color=&#8221;#7a7a7a&#8221; header_font=&#8221;||||||||&#8221; header_3_font=&#8221;Montserrat|700|||||||&#8221; header_3_text_color=&#8221;#4dbdc6&#8243; header_3_line_height=&#8221;1.3em&#8221; custom_margin=&#8221;||20px|&#8221; global_colors_info=&#8221;{}&#8221; link_text_color__hover_enabled=&#8221;on&#8221; link_text_color__hover=&#8221;#7a7a7a&#8221;]<\/p>\n<h3><span style=\"text-decoration: underline;\"><span style=\"color: #f39200;\"><span style=\"color: #299f53; text-decoration: underline;\">Panel 6 &#8211; L<\/span><span style=\"color: #299f53; text-decoration: underline;\">a d\u00e9claration des droits des athl\u00e8tes<\/span><\/span><\/span><span style=\"text-decoration: underline; color: #f39200;\"><br \/><\/span><\/h3>\n<p><span style=\"color: #299f53;\"><strong>Mod\u00e9rateur :<\/strong><strong><\/strong><\/span>\u00a0<strong>Fr\u00e9d\u00e9ric BIBAL,<\/strong> Avocat au Barreau de Paris<\/p>\n<p>[\/et_pb_text][et_pb_text _builder_version=&#8221;4.25.0&#8243; text_font=&#8221;||||||||&#8221; text_text_color=&#8221;#7a7a7a&#8221; text_line_height=&#8221;1.8em&#8221; link_font=&#8221;||||||||&#8221; link_text_color=&#8221;#7a7a7a&#8221; header_font=&#8221;||||||||&#8221; header_3_font=&#8221;Montserrat|700|||||||&#8221; header_3_text_color=&#8221;#4dbdc6&#8243; header_3_line_height=&#8221;1.3em&#8221; custom_margin=&#8221;||20px|&#8221; custom_padding=&#8221;||||false|false&#8221; locked=&#8221;off&#8221; global_colors_info=&#8221;{}&#8221; link_text_color__hover_enabled=&#8221;on&#8221; link_text_color__hover=&#8221;#7a7a7a&#8221;]<\/p>\n<p><span style=\"color: #f39200;\"><strong><span style=\"color: #299f53;\">Intervenants :<\/span><br \/><\/strong><\/span><strong>Thierry ABALLEA,<\/strong> <span style=\"color: #7a7a7a;\">Avocat au Barreau de Paris, \u00c9lu Conseil National des Barreaux, Ancien sportif de haut niveau<\/span><strong><span style=\"color: #000000;\"><\/span><\/strong><br \/><strong>Xavier DUPR\u00c9 DE BOULOIS,<\/strong> Professeur de droit public \u00e0 l&#8217;Universit\u00e9 Paris 1 <span>Panth\u00e9on-Sorbonne<\/span><br \/><strong>Alexandra FUSAI,<\/strong> Responsable suivi socioprofessionnel, Joueuses et joueurs Parcours Haut Niveau, F\u00e9d\u00e9ration fran\u00e7aise de tennis (FFT)<br \/><strong>Sophie KWASNY,<\/strong> Cheffe de la Division Sport et Secr\u00e9taire ex\u00e9cutive de l&#8217;APES, Conseil de l&#8217;Europe<br \/><strong>Philippe PIAT,<\/strong> Pr\u00e9sident de l&#8217;UNFP<br \/><span style=\"text-decoration: underline;\"><strong><\/strong><\/span><span style=\"text-decoration: underline;\"><strong><\/strong><\/span><\/p>\n<p>[\/et_pb_text][\/et_pb_column][\/et_pb_row][et_pb_row column_structure=&#8221;1_4,3_4&#8243; _builder_version=&#8221;4.24.0&#8243; background_color=&#8221;#ffffff&#8221; custom_padding=&#8221;29px|20px|0|20px|false|false&#8221; animation_style=&#8221;fade&#8221; animation_delay=&#8221;100ms&#8221; border_color_top=&#8221;#e1e3e5&#8243; border_color_bottom=&#8221;#e1e3e5&#8243; locked=&#8221;off&#8221; global_colors_info=&#8221;{}&#8221;][et_pb_column type=&#8221;1_4&#8243; _builder_version=&#8221;4.16&#8243; custom_padding=&#8221;|||&#8221; global_colors_info=&#8221;{}&#8221; custom_padding__hover=&#8221;|||&#8221;][et_pb_blurb title=&#8221;12h15 &#8211; 13h00&#8243; use_icon=&#8221;on&#8221; font_icon=&#8221;&#x7d;||divi||400&#8243; icon_color=&#8221;#299F53&#8243; icon_placement=&#8221;left&#8221; image_icon_width=&#8221;17px&#8221; _builder_version=&#8221;4.23.1&#8243; header_font=&#8221;Montserrat||||||||&#8221; header_text_color=&#8221;#7c7c7c&#8221; header_font_size=&#8221;16px&#8221; icon_font_size=&#8221;17px&#8221; global_colors_info=&#8221;{}&#8221;][\/et_pb_blurb][\/et_pb_column][et_pb_column type=&#8221;3_4&#8243; _builder_version=&#8221;4.16&#8243; custom_padding=&#8221;|||&#8221; global_colors_info=&#8221;{}&#8221; custom_padding__hover=&#8221;|||&#8221;][et_pb_text _builder_version=&#8221;4.25.0&#8243; text_font=&#8221;||||||||&#8221; text_text_color=&#8221;#7a7a7a&#8221; text_line_height=&#8221;1.8em&#8221; link_font=&#8221;||||||||&#8221; link_text_color=&#8221;#7a7a7a&#8221; header_font=&#8221;||||||||&#8221; header_3_font=&#8221;Montserrat|700|||||||&#8221; header_3_text_color=&#8221;#F39200&#8243; header_3_line_height=&#8221;1.3em&#8221; custom_margin=&#8221;-9px||20px||false|false&#8221; global_colors_info=&#8221;{}&#8221; link_text_color__hover_enabled=&#8221;on&#8221; link_text_color__hover=&#8221;#7a7a7a&#8221;]<\/p>\n<h3><span style=\"color: #299f53;\">Rapport de synth\u00e8se<\/span><\/h3>\n<p>[\/et_pb_text][\/et_pb_column][\/et_pb_row][et_pb_row column_structure=&#8221;1_5,1_5,3_5&#8243; _builder_version=&#8221;4.24.0&#8243; background_color=&#8221;#ffffff&#8221; custom_padding=&#8221;15px|20px|12px|20px|false|false&#8221; animation_style=&#8221;fade&#8221; animation_delay=&#8221;100ms&#8221; pac_drh_column_numbers_tablet=&#8221;pac_drh_tab_col_two&#8221; border_color_top=&#8221;#e1e3e5&#8243; border_width_bottom=&#8221;1px&#8221; border_color_bottom=&#8221;#e1e3e5&#8243; locked=&#8221;off&#8221; global_colors_info=&#8221;{}&#8221;][et_pb_column type=&#8221;1_5&#8243; _builder_version=&#8221;4.16&#8243; custom_padding=&#8221;|||&#8221; global_colors_info=&#8221;{}&#8221; custom_padding__hover=&#8221;|||&#8221;][\/et_pb_column][et_pb_column type=&#8221;1_5&#8243; _builder_version=&#8221;4.16&#8243; custom_padding=&#8221;|||&#8221; global_colors_info=&#8221;{}&#8221; custom_padding__hover=&#8221;|||&#8221;][et_pb_image src=&#8221;https:\/\/football-legal.com\/conference\/wp-content\/uploads\/2024\/02\/Frederic-KRENC-nb-square.jpg&#8221; title_text=&#8221;Fre\u0301de\u0301ric-KRENC-nb-square&#8221; _builder_version=&#8221;4.24.0&#8243; max_width=&#8221;55%&#8221; module_alignment=&#8221;center&#8221; custom_margin=&#8221;|||&#8221; custom_margin_tablet=&#8221;90px|||&#8221; custom_margin_last_edited=&#8221;off|desktop&#8221; animation_style=&#8221;zoom&#8221; border_radii=&#8221;on|100%|100%|100%|100%&#8221; always_center_on_mobile=&#8221;off&#8221; locked=&#8221;off&#8221; global_colors_info=&#8221;{}&#8221;][\/et_pb_image][\/et_pb_column][et_pb_column type=&#8221;3_5&#8243; _builder_version=&#8221;4.16&#8243; custom_padding=&#8221;|||&#8221; global_colors_info=&#8221;{}&#8221; custom_padding__hover=&#8221;|||&#8221;][et_pb_text content_tablet=&#8221;<\/p>\n<p><span style=%22color: #000000;%22><strong><\/strong><\/span><span style=%22color: #000000;%22><strong>G\u00e9rald SIMON<br \/><\/strong><\/span>Professeur de droit public \u00e0 l&#8217;Universit\u00e9 de Bourgogne, Arbitre au Tribunal arbitral du sport (TAS)<\/p>\n<p><strong> <\/strong><\/p>\n<p>&#8221; content_last_edited=&#8221;off|desktop&#8221; module_id=&#8221;centrer-verticalement&#8221; _builder_version=&#8221;4.24.0&#8243; text_font=&#8221;||||||||&#8221; text_text_color=&#8221;#7a7a7a&#8221; text_line_height=&#8221;1.8em&#8221; link_font=&#8221;||||||||&#8221; link_text_color=&#8221;#7a7a7a&#8221; header_font=&#8221;||||||||&#8221; header_3_font=&#8221;Montserrat|700|||||||&#8221; header_3_text_color=&#8221;#4dbdc6&#8243; header_3_line_height=&#8221;1.3em&#8221; custom_margin=&#8221;||||false|false&#8221; custom_padding=&#8221;10px||||false|false&#8221; custom_padding_tablet=&#8221;10px||||false|false&#8221; custom_padding_phone=&#8221;10px||||false|false&#8221; custom_padding_last_edited=&#8221;on|desktop&#8221; global_colors_info=&#8221;{}&#8221; link_text_color__hover_enabled=&#8221;on&#8221; link_text_color__hover=&#8221;#7a7a7a&#8221;]<\/p>\n<p><strong><span style=\"color: #000000;\">Fr\u00e9d\u00e9ric KRENC<\/span><br \/><\/strong>Juge \u00e0 la Cour europ\u00e9enne des droits de l\u2019Homme (CEDH)<\/p>\n<p><strong>\u00a0<\/strong><\/p>\n<p>[\/et_pb_text][\/et_pb_column][\/et_pb_row][et_pb_row column_structure=&#8221;1_4,3_4&#8243; _builder_version=&#8221;4.16&#8243; background_color=&#8221;#ffffff&#8221; custom_padding=&#8221;29px|20px|0|20px|false|false&#8221; animation_style=&#8221;fade&#8221; animation_delay=&#8221;100ms&#8221; border_color_top=&#8221;#e1e3e5&#8243; border_width_bottom=&#8221;1px&#8221; border_color_bottom=&#8221;#e1e3e5&#8243; locked=&#8221;off&#8221; global_colors_info=&#8221;{}&#8221;][et_pb_column type=&#8221;1_4&#8243; _builder_version=&#8221;4.16&#8243; custom_padding=&#8221;|||&#8221; global_colors_info=&#8221;{}&#8221; custom_padding__hover=&#8221;|||&#8221;][et_pb_blurb title=&#8221;13h00&#8243; use_icon=&#8221;on&#8221; font_icon=&#8221;&#x7d;||divi||400&#8243; icon_color=&#8221;#299F53&#8243; icon_placement=&#8221;left&#8221; image_icon_width=&#8221;17px&#8221; _builder_version=&#8221;4.23.1&#8243; header_font=&#8221;Montserrat||||||||&#8221; header_text_color=&#8221;#7c7c7c&#8221; header_font_size=&#8221;16px&#8221; icon_font_size=&#8221;17px&#8221; global_colors_info=&#8221;{}&#8221;][\/et_pb_blurb][\/et_pb_column][et_pb_column type=&#8221;3_4&#8243; _builder_version=&#8221;4.16&#8243; custom_padding=&#8221;|||&#8221; global_colors_info=&#8221;{}&#8221; custom_padding__hover=&#8221;|||&#8221;][et_pb_text _builder_version=&#8221;4.25.0&#8243; text_font=&#8221;||||||||&#8221; text_text_color=&#8221;#7a7a7a&#8221; text_line_height=&#8221;1.8em&#8221; link_font=&#8221;||||||||&#8221; link_text_color=&#8221;#7a7a7a&#8221; header_font=&#8221;||||||||&#8221; header_3_font=&#8221;Montserrat|700|||||||&#8221; header_3_text_color=&#8221;#F39200&#8243; header_3_line_height=&#8221;1.3em&#8221; custom_margin=&#8221;-9px||20px||false|false&#8221; global_colors_info=&#8221;{}&#8221; link_text_color__hover_enabled=&#8221;on&#8221; link_text_color__hover=&#8221;#7a7a7a&#8221;]<\/p>\n<h3><span style=\"color: #299f53;\">Cl\u00f4ture des Assises du droit du sport<\/span><\/h3>\n<p>[\/et_pb_text][\/et_pb_column][\/et_pb_row][\/et_pb_section][et_pb_section fb_built=&#8221;1&#8243; disabled_on=&#8221;on|on|on&#8221; module_id=&#8221;speakers&#8221; _builder_version=&#8221;4.25.2&#8243; _module_preset=&#8221;default&#8221; use_background_color_gradient=&#8221;on&#8221; background_color_gradient_stops=&#8221;#e4e46f 0%|#1ba854 43%|rgba(30, 175, 105, 1) 74%|#194e24 100%&#8221; disabled=&#8221;on&#8221; global_colors_info=&#8221;{}&#8221;][et_pb_row _builder_version=&#8221;4.25.1&#8243; custom_margin=&#8221;||40px||false|false&#8221; custom_padding=&#8221;0px|0px|0|0px|false|false&#8221; locked=&#8221;off&#8221; global_colors_info=&#8221;{}&#8221;][et_pb_column type=&#8221;4_4&#8243; _builder_version=&#8221;4.16&#8243; background_blend=&#8221;multiply&#8221; custom_padding=&#8221;|||&#8221; global_colors_info=&#8221;{}&#8221; custom_padding__hover=&#8221;|||&#8221;][et_pb_text content_tablet=&#8221;<\/p>\n<h2><span style=%22color: #194c23;%22>Confirmed Speakers<\/span><\/h2>\n<p>&#8221; content_phone=&#8221;<\/p>\n<h2><span style=%22color: #194c23;%22>Confirmed<br \/>Speakers<\/span><\/h2>\n<p>&#8221; content_last_edited=&#8221;on|desktop&#8221; _builder_version=&#8221;4.25.1&#8243; text_font=&#8221;Montserrat|700|||||||&#8221; text_text_color=&#8221;#282828&#8243; text_font_size=&#8221;40px&#8221; text_line_height=&#8221;1.8em&#8221; header_font=&#8221;Montserrat|700|||||||&#8221; header_text_color=&#8221;#000000&#8243; header_font_size=&#8221;40px&#8221; header_2_font=&#8221;Montserrat|700|||||||&#8221; header_2_text_color=&#8221;#ffffff&#8221; header_2_font_size=&#8221;40px&#8221; custom_margin=&#8221;0px||||false|false&#8221; animation_style=&#8221;fade&#8221; animation_direction=&#8221;top&#8221; animation_delay=&#8221;100ms&#8221; header_font_size_tablet=&#8221;40px&#8221; header_font_size_phone=&#8221;27px&#8221; header_font_size_last_edited=&#8221;on|phone&#8221; header_2_font_size_tablet=&#8221;40px&#8221; header_2_font_size_phone=&#8221;35px&#8221; header_2_font_size_last_edited=&#8221;on|desktop&#8221; locked=&#8221;off&#8221; inline_fonts=&#8221;Georgia&#8221; global_colors_info=&#8221;{}&#8221;]<\/p>\n<h2><span style=\"color: #194c23;\">Confirmed Speakers<\/span><\/h2>\n<p>[\/et_pb_text][\/et_pb_column][\/et_pb_row][et_pb_row column_structure=&#8221;1_4,1_4,1_4,1_4&#8243; use_custom_gutter=&#8221;on&#8221; gutter_width=&#8221;2&#8243; custom_padding_last_edited=&#8221;off|desktop&#8221; disabled_on=&#8221;off|off|off&#8221; _builder_version=&#8221;4.25.1&#8243; background_color=&#8221;RGBA(255,255,255,0)&#8221; custom_padding=&#8221;0px|0px|40px|0|false|false&#8221; custom_padding_tablet=&#8221;|||40px&#8221; pac_drh_column_numbers_tablet=&#8221;pac_drh_tab_col_four&#8221; locked=&#8221;off&#8221; global_colors_info=&#8221;{}&#8221;][et_pb_column type=&#8221;1_4&#8243; _builder_version=&#8221;4.16&#8243; custom_padding=&#8221;|||&#8221; global_colors_info=&#8221;{}&#8221; custom_padding__hover=&#8221;|||&#8221;][et_pb_image src=&#8221;https:\/\/football-legal.com\/conference\/wp-content\/uploads\/2024\/05\/Loic-Alves-nb.jpg&#8221; title_text=&#8221;Loic-Alves-nb&#8221; align_tablet=&#8221;center&#8221; align_phone=&#8221;&#8221; align_last_edited=&#8221;on|desktop&#8221; module_class=&#8221;zoom-image&#8221; _builder_version=&#8221;4.25.1&#8243; custom_margin=&#8221;0px|0px|20px|0px&#8221; custom_padding=&#8221;0px|0px|0px|0px&#8221; filter_sepia=&#8221;30%&#8221; animation_style=&#8221;fade&#8221; animation_delay=&#8221;100ms&#8221; border_width_bottom=&#8221;6px&#8221; border_style_bottom=&#8221;inset&#8221; locked=&#8221;off&#8221; global_colors_info=&#8221;{}&#8221; border_radii__hover_enabled=&#8221;on&#8221; border_width_bottom__hover_enabled=&#8221;on|hover&#8221; border_color_bottom__hover_enabled=&#8221;on|hover&#8221; border_color_bottom__hover=&#8221;#CEB200&#8243; border_radii__hover=&#8221;||||&#8221; border_width_bottom__hover=&#8221;6px&#8221;][\/et_pb_image][et_pb_text _builder_version=&#8221;4.25.1&#8243; text_font=&#8221;||||||||&#8221; text_text_color=&#8221;#7a7a7a&#8221; text_font_size=&#8221;13px&#8221; header_font=&#8221;||||||||&#8221; header_4_font=&#8221;Montserrat|700|||||||&#8221; custom_margin=&#8221;0px|0px|0px|0px&#8221; custom_padding=&#8221;0px|0px|5px|0px|false|false&#8221; custom_padding_tablet=&#8221;|||0px|false|false&#8221; custom_padding_phone=&#8221;|||0px|false|false&#8221; custom_padding_last_edited=&#8221;on|tablet&#8221; animation_style=&#8221;fade&#8221; animation_delay=&#8221;100ms&#8221; locked=&#8221;off&#8221; global_colors_info=&#8221;{}&#8221; header_4_text_color__hover_enabled=&#8221;on&#8221; header_4_text_color__hover=&#8221;#4dbdc6&#8243;]<\/p>\n<p><span style=\"color: #e4e46f;\"><strong>Speaker<\/strong><\/span><\/p>\n<p>[\/et_pb_text][et_pb_text content_tablet=&#8221;<\/p>\n<h4><strong>Lo\u00efc<br \/>ALVES<\/strong><span style=%22text-decoration: underline;%22><\/span><\/h4>\n<p><span style=%22color: #ffffff;%22>Lo\u00efc ALVES is a Senior Legal Counsel at <\/span><a href=%22https:\/\/fifpro.org\/%22 data-et-target-link=%22_blank%22 rel=%22noopener%22><span style=%22text-decoration: underline;%22><strong><span style=%22color: #ffffff; text-decoration: underline;%22>FIFPRO<\/span><\/strong><\/span><\/a><span style=%22color: #ffffff;%22>, the global union of professional footballers. He previously worked with the European Handball Federation and had an experience with professional football club in France. This gives him an understanding of the various viewpoints in the sports sector.<\/span><\/p>\n<p>&#8221; content_phone=&#8221;<\/p>\n<h4><strong>Lo\u00efc ALVES<\/strong><span style=%22text-decoration: underline;%22><\/span><\/h4>\n<p><span style=%22color: #ffffff;%22>Lo\u00efc ALVES is a Senior Legal Counsel at <\/span><a href=%22https:\/\/fifpro.org\/%22 data-et-target-link=%22_blank%22 rel=%22noopener%22><span style=%22text-decoration: underline;%22><strong><span style=%22color: #ffffff; text-decoration: underline;%22>FIFPRO<\/span><\/strong><\/span><\/a><span style=%22color: #ffffff;%22>, the global union of professional footballers. He previously worked with the European Handball Federation and had an experience with professional football club in France. This gives him an understanding of the various viewpoints in the sports sector.<\/span><\/p>\n<p>&#8221; content_last_edited=&#8221;on|phone&#8221; _builder_version=&#8221;4.25.1&#8243; text_font=&#8221;||||||||&#8221; text_font_size=&#8221;13px&#8221; header_font=&#8221;||||||||&#8221; header_4_font=&#8221;Montserrat|700|||||||&#8221; custom_margin=&#8221;0px|0px|0px|0px&#8221; custom_padding=&#8221;0px|20px|5px|0px|false|false&#8221; custom_padding_tablet=&#8221;|||0px|false|false&#8221; custom_padding_phone=&#8221;|||0px|false|false&#8221; custom_padding_last_edited=&#8221;on|phone&#8221; animation_style=&#8221;fade&#8221; animation_delay=&#8221;100ms&#8221; locked=&#8221;off&#8221; global_colors_info=&#8221;{}&#8221; header_4_text_color__hover_enabled=&#8221;off|desktop&#8221; header_4_text_color__hover=&#8221;#4dbdc6&#8243;]<\/p>\n<h4><strong>Lo\u00efc ALVES<\/strong><span style=\"text-decoration: underline;\"><\/span><\/h4>\n<p><span style=\"color: #ffffff;\">Lo\u00efc ALVES is a Senior Legal Counsel at <\/span><a href=\"https:\/\/fifpro.org\/\" target=\"_blank\" rel=\"noopener\"><span style=\"text-decoration: underline;\"><strong><span style=\"color: #ffffff; text-decoration: underline;\">FIFPRO<\/span><\/strong><\/span><\/a><span style=\"color: #ffffff;\">, the global union of professional footballers. He previously worked with the European Handball Federation and had an experience with professional football club in France. This gives him an understanding of the various viewpoints in the sports sector.<\/span><\/p>\n<p>[\/et_pb_text][\/et_pb_column][et_pb_column type=&#8221;1_4&#8243; _builder_version=&#8221;4.16&#8243; custom_padding=&#8221;|||&#8221; global_colors_info=&#8221;{}&#8221; custom_padding__hover=&#8221;|||&#8221;][et_pb_image src=&#8221;https:\/\/football-legal.com\/conference\/wp-content\/uploads\/2024\/05\/jacques-blondin-nb.jpg&#8221; title_text=&#8221;jacques-blondin-nb&#8221; align_tablet=&#8221;center&#8221; align_phone=&#8221;&#8221; align_last_edited=&#8221;on|desktop&#8221; module_class=&#8221;zoom-image&#8221; _builder_version=&#8221;4.25.1&#8243; custom_margin=&#8221;0px|0px|20px|0px&#8221; custom_padding=&#8221;0px|0px|0px|0px&#8221; filter_sepia=&#8221;30%&#8221; animation_style=&#8221;fade&#8221; animation_delay=&#8221;100ms&#8221; border_width_bottom=&#8221;6px&#8221; border_style_bottom=&#8221;inset&#8221; locked=&#8221;off&#8221; global_colors_info=&#8221;{}&#8221; border_radii__hover_enabled=&#8221;on&#8221; border_width_bottom__hover_enabled=&#8221;on|hover&#8221; border_color_bottom__hover_enabled=&#8221;on|hover&#8221; border_color_bottom__hover=&#8221;#CEB200&#8243; border_radii__hover=&#8221;||||&#8221; border_width_bottom__hover=&#8221;6px&#8221;][\/et_pb_image][et_pb_text _builder_version=&#8221;4.25.1&#8243; text_font=&#8221;||||||||&#8221; text_text_color=&#8221;#7a7a7a&#8221; text_font_size=&#8221;13px&#8221; header_font=&#8221;||||||||&#8221; header_4_font=&#8221;Montserrat|700|||||||&#8221; custom_margin=&#8221;0px|0px|0px|0px&#8221; custom_padding=&#8221;0px|0px|5px|0px|false|false&#8221; custom_padding_tablet=&#8221;|||0px|false|false&#8221; custom_padding_phone=&#8221;|||0px|false|false&#8221; custom_padding_last_edited=&#8221;on|tablet&#8221; animation_style=&#8221;fade&#8221; animation_delay=&#8221;100ms&#8221; locked=&#8221;off&#8221; global_colors_info=&#8221;{}&#8221; header_4_text_color__hover_enabled=&#8221;on&#8221; header_4_text_color__hover=&#8221;#4dbdc6&#8243;]<\/p>\n<p><span style=\"color: #e4e46f;\"><strong>Speaker<\/strong><\/span><\/p>\n<p>[\/et_pb_text][et_pb_text content_tablet=&#8221;<\/p>\n<h4><strong>Jacques<br \/>BLONDIN<\/strong><span style=%22text-decoration: underline;%22><br \/><\/span><\/h4>\n<p><span style=%22color: #7a7a7a;%22><span style=%22color: #ffffff;%22>Jacques BLONDIN is an Italian attorney-at-law. He has recently founded SP.IN Law, a boutique law firm that offers highly specialised services to the sports industry.<\/span><br \/><span style=%22color: #ffffff;%22>Prior to that, Jacques worked for 9 years at FIFA, where he led the FIFA TMS Department as well as the FIFA Regulatory Enforcement Department. He also worked for the FIFA Disciplinary and Appeal Committees and represented FIFA before the Court of Arbitration for Sport (CAS) in Lausanne.<\/span><br \/><span style=%22color: #ffffff;%22>Jacques lectures in different sports law masters. He has also covered different roles in committees of international sports federations.<\/span><\/span><span style=%22color: #7a7a7a;%22><a href=%22https:\/\/cnosf.franceolympique.com\/cnosf\/%22 data-et-target-link=%22_blank%22 rel=%22noopener%22 style=%22color: #7a7a7a;%22><span style=%22text-decoration: underline;%22><strong><\/strong><\/span><\/a><\/span><\/p>\n<p>&#8221; content_phone=&#8221;<\/p>\n<h4><strong>Jacques BLONDIN<\/strong><span style=%22text-decoration: underline;%22><br \/><\/span><\/h4>\n<p><span style=%22color: #7a7a7a;%22><span style=%22color: #ffffff;%22>Jacques BLONDIN is an Italian attorney-at-law. He has recently founded SP.IN Law, a boutique law firm that offers highly specialised services to the sports industry.<\/span><br \/><span style=%22color: #ffffff;%22>Prior to that, Jacques worked for 9 years at FIFA, where he led the FIFA TMS Department as well as the FIFA Regulatory Enforcement Department. He also worked for the FIFA Disciplinary and Appeal Committees and represented FIFA before the Court of Arbitration for Sport (CAS) in Lausanne.<\/span><br \/><span style=%22color: #ffffff;%22>Jacques lectures in different sports law masters. He has also covered different roles in committees of international sports federations.<\/span><\/span><span style=%22color: #7a7a7a;%22><a href=%22https:\/\/cnosf.franceolympique.com\/cnosf\/%22 data-et-target-link=%22_blank%22 rel=%22noopener%22 style=%22color: #7a7a7a;%22><span style=%22text-decoration: underline;%22><strong><\/strong><\/span><\/a><\/span><\/p>\n<p>&#8221; content_last_edited=&#8221;on|tablet&#8221; _builder_version=&#8221;4.25.1&#8243; text_font=&#8221;||||||||&#8221; text_font_size=&#8221;13px&#8221; header_font=&#8221;||||||||&#8221; header_4_font=&#8221;Montserrat|700|||||||&#8221; custom_margin=&#8221;0px|0px|0px|0px&#8221; custom_padding=&#8221;0px|0px|5px|0px&#8221; custom_padding_tablet=&#8221;|5px||0px|false|false&#8221; custom_padding_phone=&#8221;|||0px|false|false&#8221; custom_padding_last_edited=&#8221;on|tablet&#8221; animation_style=&#8221;fade&#8221; animation_delay=&#8221;100ms&#8221; locked=&#8221;off&#8221; global_colors_info=&#8221;{}&#8221; header_4_text_color__hover_enabled=&#8221;off|hover&#8221; header_4_text_color__hover=&#8221;#4dbdc6&#8243;]<\/p>\n<h4><strong>Jacques BLONDIN<\/strong><span style=\"text-decoration: underline;\"><br \/><\/span><\/h4>\n<p><span style=\"color: #ffffff;\">He has recently founded SP.IN Law, a boutique law firm that offers highly specialised services to the sports industry.<br \/>Prior to that, Jacques worked for 9 years at FIFA, where he led the FIFA TMS Department as well as the FIFA Regulatory Enforcement Department. He also worked for the FIFA Disciplinary and Appeal Committees and represented FIFA before the Court of Arbitration for Sport (CAS) in Lausanne.<\/span><span style=\"color: #7a7a7a;\"><a href=\"https:\/\/cnosf.franceolympique.com\/cnosf\/\" target=\"_blank\" rel=\"noopener\" style=\"color: #7a7a7a;\"><span style=\"text-decoration: underline;\"><strong><\/strong><\/span><\/a><\/span><\/p>\n<p>[\/et_pb_text][\/et_pb_column][et_pb_column type=&#8221;1_4&#8243; _builder_version=&#8221;4.16&#8243; custom_padding=&#8221;|||&#8221; global_colors_info=&#8221;{}&#8221; custom_padding__hover=&#8221;|||&#8221;][et_pb_image src=&#8221;https:\/\/football-legal.com\/conference\/wp-content\/uploads\/2024\/06\/Brigitte-DIFFOUO-nb.jpg&#8221; title_text=&#8221;Brigitte-DIFFOUO-nb&#8221; align_tablet=&#8221;center&#8221; align_phone=&#8221;&#8221; align_last_edited=&#8221;on|desktop&#8221; module_class=&#8221;zoom-image&#8221; _builder_version=&#8221;4.25.1&#8243; custom_margin=&#8221;0px|0px|20px|0px&#8221; custom_padding=&#8221;0px|0px|0px|0px&#8221; filter_sepia=&#8221;30%&#8221; animation_style=&#8221;fade&#8221; animation_delay=&#8221;100ms&#8221; border_width_bottom=&#8221;6px&#8221; border_style_bottom=&#8221;inset&#8221; locked=&#8221;off&#8221; global_colors_info=&#8221;{}&#8221; border_radii__hover_enabled=&#8221;on&#8221; border_width_bottom__hover_enabled=&#8221;on|hover&#8221; border_color_bottom__hover_enabled=&#8221;on|hover&#8221; border_color_bottom__hover=&#8221;#CEB200&#8243; border_radii__hover=&#8221;||||&#8221; border_width_bottom__hover=&#8221;6px&#8221;][\/et_pb_image][et_pb_text _builder_version=&#8221;4.25.1&#8243; text_font=&#8221;||||||||&#8221; text_text_color=&#8221;#7a7a7a&#8221; text_font_size=&#8221;13px&#8221; header_font=&#8221;||||||||&#8221; header_4_font=&#8221;Montserrat|700|||||||&#8221; custom_margin=&#8221;0px|0px|0px|0px&#8221; custom_padding=&#8221;0px|0px|5px|0px|false|false&#8221; custom_padding_tablet=&#8221;|||0px|false|false&#8221; custom_padding_phone=&#8221;|||0px|false|false&#8221; custom_padding_last_edited=&#8221;on|tablet&#8221; animation_style=&#8221;fade&#8221; animation_delay=&#8221;100ms&#8221; locked=&#8221;off&#8221; global_colors_info=&#8221;{}&#8221; header_4_text_color__hover_enabled=&#8221;on&#8221; header_4_text_color__hover=&#8221;#4dbdc6&#8243;]<\/p>\n<p><span style=\"color: #e4e46f;\"><strong>Speaker<\/strong><\/span><\/p>\n<p>[\/et_pb_text][et_pb_text content_tablet=&#8221;<\/p>\n<h4><span style=%22color: #ffffff;%22><span style=%22color: #333333;%22><strong>Brigitte<br \/>DIFFOUO<\/strong><\/span><span style=%22text-decoration: underline;%22><\/span><\/span><\/h4>\n<p><span style=%22color: #ffffff;%22>Lawyer at the Cameroon Bar<br \/>Member of <span style=%22text-decoration: underline;%22><strong><a href=%22http:\/\/www.acads-droitsport.org\/%22 data-et-target-link=%22_blank%22 rel=%22noopener%22 style=%22color: #ffffff; text-decoration: underline;%22>ACADS<\/a><\/strong><\/span><\/span><\/p>\n<p>&#8221; content_phone=&#8221;<\/p>\n<h4><span style=%22color: #ffffff;%22><span style=%22color: #333333;%22><strong>Brigitte DIFFOUO<\/strong><\/span><span style=%22text-decoration: underline;%22><\/span><\/span><\/h4>\n<p><span style=%22color: #ffffff;%22>Lawyer at the Cameroon Bar<br \/>Member of <span style=%22text-decoration: underline;%22><strong><a href=%22http:\/\/www.acads-droitsport.org\/%22 data-et-target-link=%22_blank%22 rel=%22noopener%22 style=%22color: #ffffff; text-decoration: underline;%22>ACADS<\/a><\/strong><\/span><\/span><\/p>\n<p>&#8221; content_last_edited=&#8221;on|phone&#8221; _builder_version=&#8221;4.25.1&#8243; text_font=&#8221;||||||||&#8221; text_font_size=&#8221;13px&#8221; header_font=&#8221;||||||||&#8221; header_4_font=&#8221;Montserrat|700|||||||&#8221; custom_margin=&#8221;0px|0px|0px|0px&#8221; custom_padding=&#8221;0px|20px|5px|0px|false|false&#8221; custom_padding_tablet=&#8221;|||0px|false|false&#8221; custom_padding_phone=&#8221;|||0px|false|false&#8221; custom_padding_last_edited=&#8221;on|tablet&#8221; animation_style=&#8221;fade&#8221; animation_delay=&#8221;100ms&#8221; locked=&#8221;off&#8221; global_colors_info=&#8221;{}&#8221; header_4_text_color__hover_enabled=&#8221;off|desktop&#8221; header_4_text_color__hover=&#8221;#4dbdc6&#8243;]<\/p>\n<h4><span style=\"color: #ffffff;\"><span style=\"color: #333333;\"><strong>Brigitte DIFFOUO<\/strong><\/span><span style=\"text-decoration: underline;\"><\/span><\/span><\/h4>\n<p><span style=\"color: #ffffff;\">Lawyer at the Cameroon Bar<br \/>Member of <span style=\"text-decoration: underline;\"><strong><a href=\"http:\/\/www.acads-droitsport.org\/\" target=\"_blank\" rel=\"noopener\" style=\"color: #ffffff; text-decoration: underline;\">ACADS<\/a><\/strong><\/span><\/span><\/p>\n<p>[\/et_pb_text][\/et_pb_column][et_pb_column type=&#8221;1_4&#8243; _builder_version=&#8221;4.16&#8243; custom_padding=&#8221;|||&#8221; global_colors_info=&#8221;{}&#8221; custom_padding__hover=&#8221;|||&#8221;][et_pb_image src=&#8221;https:\/\/football-legal.com\/conference\/wp-content\/uploads\/2024\/05\/Alexandre-DURAND-nb.jpg&#8221; title_text=&#8221;Alexandre-DURAND-nb&#8221; align_tablet=&#8221;center&#8221; align_phone=&#8221;&#8221; align_last_edited=&#8221;on|desktop&#8221; module_class=&#8221;zoom-image&#8221; _builder_version=&#8221;4.25.1&#8243; custom_margin=&#8221;0px|0px|20px|0px&#8221; custom_padding=&#8221;0px|0px|0px|0px&#8221; filter_sepia=&#8221;30%&#8221; animation_style=&#8221;fade&#8221; animation_delay=&#8221;100ms&#8221; border_width_bottom=&#8221;6px&#8221; border_style_bottom=&#8221;inset&#8221; locked=&#8221;off&#8221; global_colors_info=&#8221;{}&#8221; border_radii__hover_enabled=&#8221;on&#8221; border_width_bottom__hover_enabled=&#8221;on|hover&#8221; border_color_bottom__hover_enabled=&#8221;on|hover&#8221; border_color_bottom__hover=&#8221;#CEB200&#8243; border_radii__hover=&#8221;||||&#8221; border_width_bottom__hover=&#8221;6px&#8221;][\/et_pb_image][et_pb_text _builder_version=&#8221;4.25.1&#8243; text_font=&#8221;||||||||&#8221; text_text_color=&#8221;#7a7a7a&#8221; text_font_size=&#8221;13px&#8221; header_font=&#8221;||||||||&#8221; header_4_font=&#8221;Montserrat|700|||||||&#8221; custom_margin=&#8221;0px|0px|0px|0px&#8221; custom_padding=&#8221;0px|0px|5px|0px|false|false&#8221; custom_padding_tablet=&#8221;|||0px|false|false&#8221; custom_padding_phone=&#8221;|||0px|false|false&#8221; custom_padding_last_edited=&#8221;on|tablet&#8221; animation_style=&#8221;fade&#8221; animation_delay=&#8221;100ms&#8221; locked=&#8221;off&#8221; global_colors_info=&#8221;{}&#8221; header_4_text_color__hover_enabled=&#8221;on&#8221; header_4_text_color__hover=&#8221;#4dbdc6&#8243;]<\/p>\n<p><span style=\"color: #e4e46f;\"><strong>Speaker<\/strong><\/span><\/p>\n<p>[\/et_pb_text][et_pb_text content_tablet=&#8221;<\/p>\n<h4><span style=%22color: #ffffff;%22><span style=%22color: #333333;%22><strong>Alexandre<br \/>DURAND<\/strong><\/span><span style=%22text-decoration: underline;%22><\/span><\/span><\/h4>\n<p><span style=%22color: #ffffff;%22>Alexandre DURAND is a lawyer specialized in sports law. He is the founder of Editions <a href=%22https:\/\/www.droitdusport.com\/%22 data-et-target-link=%22_blank%22 rel=%22noopener%22 style=%22color: #ffffff;%22><span style=%22text-decoration: underline;%22><strong>droitdusport.com<\/strong><\/span><\/a> and <strong><a href=%22https:\/\/football-legal.com\/%22 data-et-target-link=%22_blank%22 rel=%22noopener%22 style=%22color: #ffffff;%22><span style=%22text-decoration: underline;%22>Football Legal<\/span><\/a><\/strong>. He has been organizing sports law conferences in France and internationally for over 15 years.<\/span><\/p>\n<p>&#8221; content_phone=&#8221;<\/p>\n<h4><span style=%22color: #ffffff;%22><span style=%22color: #333333;%22><strong>Alexandre DURAND<\/strong><\/span><span style=%22text-decoration: underline;%22><\/span><\/span><\/h4>\n<p><span style=%22color: #ffffff;%22>Alexandre DURAND is a lawyer specialized in sports law. He is the founder of Editions <a href=%22https:\/\/www.droitdusport.com\/%22 data-et-target-link=%22_blank%22 rel=%22noopener%22 style=%22color: #ffffff;%22><span style=%22text-decoration: underline;%22><strong>droitdusport.com<\/strong><\/span><\/a> and <strong><a href=%22https:\/\/football-legal.com\/%22 data-et-target-link=%22_blank%22 rel=%22noopener%22 style=%22color: #ffffff;%22><span style=%22text-decoration: underline;%22>Football Legal<\/span><\/a><\/strong>. He has been organizing sports law conferences in France and internationally for over 15 years.<\/span><\/p>\n<p>&#8221; content_last_edited=&#8221;on|tablet&#8221; _builder_version=&#8221;4.25.1&#8243; text_font=&#8221;||||||||&#8221; text_font_size=&#8221;13px&#8221; header_font=&#8221;||||||||&#8221; header_4_font=&#8221;Montserrat|700|||||||&#8221; custom_margin=&#8221;0px|0px|0px|0px&#8221; custom_padding=&#8221;0px|20px|5px|0px|false|false&#8221; custom_padding_tablet=&#8221;|||0px|false|false&#8221; custom_padding_phone=&#8221;|||0px|false|false&#8221; custom_padding_last_edited=&#8221;on|tablet&#8221; animation_style=&#8221;fade&#8221; animation_delay=&#8221;100ms&#8221; locked=&#8221;off&#8221; global_colors_info=&#8221;{}&#8221; header_4_text_color__hover_enabled=&#8221;off|desktop&#8221; header_4_text_color__hover=&#8221;#4dbdc6&#8243;]<\/p>\n<h4><span style=\"color: #ffffff;\"><span style=\"color: #333333;\"><strong>Alexandre DURAND<\/strong><\/span><span style=\"text-decoration: underline;\"><\/span><\/span><\/h4>\n<p><span style=\"color: #ffffff;\">Alexandre DURAND is a lawyer specialized in sports law. He is the founder of Editions <a href=\"https:\/\/www.droitdusport.com\/\" target=\"_blank\" rel=\"noopener\" style=\"color: #ffffff;\"><span style=\"text-decoration: underline;\"><strong>droitdusport.com<\/strong><\/span><\/a> and <strong><a href=\"https:\/\/football-legal.com\/\" target=\"_blank\" rel=\"noopener\" style=\"color: #ffffff;\"><span style=\"text-decoration: underline;\">Football Legal<\/span><\/a><\/strong>. He has been organizing sports law conferences in France and internationally for over 15 years.<\/span><\/p>\n<p>[\/et_pb_text][\/et_pb_column][\/et_pb_row][et_pb_row column_structure=&#8221;1_4,1_4,1_4,1_4&#8243; use_custom_gutter=&#8221;on&#8221; gutter_width=&#8221;2&#8243; custom_padding_last_edited=&#8221;off|desktop&#8221; disabled_on=&#8221;off|off|off&#8221; _builder_version=&#8221;4.25.1&#8243; background_color=&#8221;RGBA(255,255,255,0)&#8221; custom_padding=&#8221;0px|0px|40px|0|false|false&#8221; custom_padding_tablet=&#8221;|||40px&#8221; pac_drh_column_numbers_tablet=&#8221;pac_drh_tab_col_four&#8221; locked=&#8221;off&#8221; global_colors_info=&#8221;{}&#8221;][et_pb_column type=&#8221;1_4&#8243; _builder_version=&#8221;4.16&#8243; custom_padding=&#8221;|||&#8221; global_colors_info=&#8221;{}&#8221; custom_padding__hover=&#8221;|||&#8221;][et_pb_image src=&#8221;https:\/\/football-legal.com\/conference\/wp-content\/uploads\/2024\/05\/Hamidou-DRAME-nb.jpg&#8221; title_text=&#8221;Hamidou-DRAME\u0301-nb&#8221; align_tablet=&#8221;center&#8221; align_phone=&#8221;&#8221; align_last_edited=&#8221;on|desktop&#8221; module_class=&#8221;zoom-image&#8221; _builder_version=&#8221;4.25.1&#8243; custom_margin=&#8221;0px|0px|20px|0px&#8221; custom_padding=&#8221;0px|0px|0px|0px&#8221; filter_sepia=&#8221;30%&#8221; animation_style=&#8221;fade&#8221; animation_delay=&#8221;100ms&#8221; border_width_bottom=&#8221;6px&#8221; border_style_bottom=&#8221;inset&#8221; locked=&#8221;off&#8221; global_colors_info=&#8221;{}&#8221; border_radii__hover_enabled=&#8221;on&#8221; border_width_bottom__hover_enabled=&#8221;on|hover&#8221; border_color_bottom__hover_enabled=&#8221;on|hover&#8221; border_color_bottom__hover=&#8221;#CEB200&#8243; border_radii__hover=&#8221;||||&#8221; border_width_bottom__hover=&#8221;6px&#8221;][\/et_pb_image][et_pb_text _builder_version=&#8221;4.25.1&#8243; text_font=&#8221;||||||||&#8221; text_text_color=&#8221;#7a7a7a&#8221; text_font_size=&#8221;13px&#8221; header_font=&#8221;||||||||&#8221; header_4_font=&#8221;Montserrat|700|||||||&#8221; custom_margin=&#8221;0px|0px|0px|0px&#8221; custom_padding=&#8221;0px|0px|5px|0px|false|false&#8221; custom_padding_tablet=&#8221;|||0px|false|false&#8221; custom_padding_phone=&#8221;|||0px|false|false&#8221; custom_padding_last_edited=&#8221;on|tablet&#8221; animation_style=&#8221;fade&#8221; animation_delay=&#8221;100ms&#8221; locked=&#8221;off&#8221; global_colors_info=&#8221;{}&#8221; header_4_text_color__hover_enabled=&#8221;on&#8221; header_4_text_color__hover=&#8221;#4dbdc6&#8243;]<\/p>\n<p><span style=\"color: #e4e46f;\"><strong>Speaker<\/strong><\/span><\/p>\n<p>[\/et_pb_text][et_pb_text content_tablet=&#8221;<\/p>\n<h4><span style=%22color: #ffffff;%22><span style=%22color: #333333;%22><strong>Hamidou<br \/>DRAM\u00c9<\/strong><\/span><span style=%22text-decoration: underline;%22><\/span><\/span><\/h4>\n<p><span style=%22color: #ffffff;%22>Hamidou Dram\u00e9 is a Lawyer, Partner of <span style=%22text-decoration: underline;%22><strong><a href=%22https:\/\/guilex-avocats.com\/%22 data-et-target-link=%22_blank%22 rel=%22noopener%22 style=%22color: #ffffff; text-decoration: underline;%22>Guilex Avocats<\/a><\/strong><\/span>, admitted to the Guinea and Lyon bars (France). He regularly advices players, clubs and federations. He has handled CAS cases and disputes before FIFA Tribunal mainly regarding contractual disputes and requests for the payment of training indemnities and solidarity contributions.<\/span><\/p>\n<p>&#8221; content_phone=&#8221;<\/p>\n<h4><span style=%22color: #ffffff;%22><span style=%22color: #333333;%22><strong>Hamidou DRAM\u00c9<\/strong><\/span><span style=%22text-decoration: underline;%22><\/span><\/span><\/h4>\n<p><span style=%22color: #ffffff;%22>Hamidou Dram\u00e9 is a Lawyer, Partner of <span style=%22text-decoration: underline;%22><strong><a href=%22https:\/\/guilex-avocats.com\/%22 data-et-target-link=%22_blank%22 rel=%22noopener%22 style=%22color: #ffffff; text-decoration: underline;%22>Guilex Avocats<\/a><\/strong><\/span>, admitted to the Guinea and Lyon bars (France). He regularly advices players, clubs and federations. He has handled CAS cases and disputes before FIFA Tribunal mainly regarding contractual disputes and requests for the payment of training indemnities and solidarity contributions.<\/span><\/p>\n<p>&#8221; content_last_edited=&#8221;on|phone&#8221; _builder_version=&#8221;4.25.1&#8243; text_font=&#8221;||||||||&#8221; text_font_size=&#8221;13px&#8221; header_font=&#8221;||||||||&#8221; header_4_font=&#8221;Montserrat|700|||||||&#8221; custom_margin=&#8221;0px|0px|0px|0px&#8221; custom_padding=&#8221;0px|20px|5px|0px|false|false&#8221; custom_padding_tablet=&#8221;|||0px|false|false&#8221; custom_padding_phone=&#8221;|||0px|false|false&#8221; custom_padding_last_edited=&#8221;on|tablet&#8221; animation_style=&#8221;fade&#8221; animation_delay=&#8221;100ms&#8221; locked=&#8221;off&#8221; global_colors_info=&#8221;{}&#8221; header_4_text_color__hover_enabled=&#8221;off|desktop&#8221; header_4_text_color__hover=&#8221;#4dbdc6&#8243;]<\/p>\n<h4><span style=\"color: #ffffff;\"><span style=\"color: #333333;\"><strong>Hamidou DRAM\u00c9<\/strong><\/span><span style=\"text-decoration: underline;\"><\/span><\/span><\/h4>\n<p><span style=\"color: #ffffff;\">Hamidou Dram\u00e9 is a Lawyer, Partner of <span style=\"text-decoration: underline;\"><strong><a href=\"https:\/\/guilex-avocats.com\/\" target=\"_blank\" rel=\"noopener\" style=\"color: #ffffff; text-decoration: underline;\">Guilex Avocats<\/a><\/strong><\/span>, admitted to the Guinea and Lyon bars (France). He regularly advices players, clubs and federations. He has handled CAS cases and disputes before FIFA Tribunal mainly regarding contractual disputes and requests for the payment of training indemnities and solidarity contributions.<\/span><\/p>\n<p>[\/et_pb_text][\/et_pb_column][et_pb_column type=&#8221;1_4&#8243; _builder_version=&#8221;4.16&#8243; custom_padding=&#8221;|||&#8221; global_colors_info=&#8221;{}&#8221; custom_padding__hover=&#8221;|||&#8221;][et_pb_image src=&#8221;https:\/\/football-legal.com\/conference\/wp-content\/uploads\/2024\/05\/Nasr-EL-DIN-AZZAM-nb.jpg&#8221; title_text=&#8221;Nasr-EL-DIN-AZZAM-nb&#8221; align_tablet=&#8221;center&#8221; align_phone=&#8221;&#8221; align_last_edited=&#8221;on|desktop&#8221; module_class=&#8221;zoom-image&#8221; _builder_version=&#8221;4.25.1&#8243; custom_margin=&#8221;0px|0px|20px|0px&#8221; custom_padding=&#8221;0px|0px|0px|0px&#8221; filter_sepia=&#8221;30%&#8221; animation_style=&#8221;fade&#8221; animation_delay=&#8221;100ms&#8221; border_width_bottom=&#8221;6px&#8221; border_style_bottom=&#8221;inset&#8221; locked=&#8221;off&#8221; global_colors_info=&#8221;{}&#8221; border_radii__hover_enabled=&#8221;on&#8221; border_width_bottom__hover_enabled=&#8221;on|hover&#8221; border_color_bottom__hover_enabled=&#8221;on|hover&#8221; border_color_bottom__hover=&#8221;#CEB200&#8243; border_radii__hover=&#8221;||||&#8221; border_width_bottom__hover=&#8221;6px&#8221;][\/et_pb_image][et_pb_text _builder_version=&#8221;4.25.1&#8243; text_font=&#8221;||||||||&#8221; text_text_color=&#8221;#7a7a7a&#8221; text_font_size=&#8221;13px&#8221; header_font=&#8221;||||||||&#8221; header_4_font=&#8221;Montserrat|700|||||||&#8221; custom_margin=&#8221;0px|0px|0px|0px&#8221; custom_padding=&#8221;0px|0px|5px|0px|false|false&#8221; custom_padding_tablet=&#8221;|||0px|false|false&#8221; custom_padding_phone=&#8221;|||0px|false|false&#8221; custom_padding_last_edited=&#8221;on|tablet&#8221; animation_style=&#8221;fade&#8221; animation_delay=&#8221;100ms&#8221; locked=&#8221;off&#8221; global_colors_info=&#8221;{}&#8221; header_4_text_color__hover_enabled=&#8221;on&#8221; header_4_text_color__hover=&#8221;#4dbdc6&#8243;]<\/p>\n<p><span style=\"color: #e4e46f;\"><strong>Speaker<\/strong><\/span><\/p>\n<p>[\/et_pb_text][et_pb_text content_tablet=&#8221;<\/p>\n<h4><span style=%22color: #ffffff;%22><span style=%22color: #333333;%22><strong>Nasr<br \/>EL DIN AZZAM<\/strong><\/span><span style=%22text-decoration: underline;%22><\/span><\/span><\/h4>\n<p><span style=%22color: #ffffff;%22>Nasr El Din Azzam is a Co-Founder and Sports Lawyer at <span style=%22text-decoration: underline;%22><strong><a href=%22https:\/\/sportmakers.com\/%22 data-et-target-link=%22_blank%22 rel=%22noopener%22 style=%22color: #ffffff; text-decoration: underline;%22>Sport Makers<\/a><\/strong><\/span>, a Sports Law &#038; Management Firm based in Cairo &#038; Doha. He is a legal advisor for Zamalek SC and Ismaily SC in Egypt, alongside many other clubs in Middle East &#038; Africa. Given his previous experiences as a former football player, he also advises football players in contractual matters. Nasr a member of the <strong><a href=%22https:\/\/www.aiaf-law.com\/%22 data-et-target-link=%22_blank%22 rel=%22noopener%22 style=%22color: #ffffff;%22><span style=%22text-decoration: underline;%22>International Association of Football Lawyers (AIAF)<\/span><\/a><\/strong>.<\/span><\/p>\n<p>&#8221; content_phone=&#8221;<\/p>\n<h4><span style=%22color: #ffffff;%22><span style=%22color: #333333;%22><strong>Nasr EL DIN AZZAM<\/strong><\/span><span style=%22text-decoration: underline;%22><\/span><\/span><\/h4>\n<p><span style=%22color: #ffffff;%22>Nasr El Din Azzam is a Co-Founder and Sports Lawyer at <span style=%22text-decoration: underline;%22><strong><a href=%22https:\/\/sportmakers.com\/%22 data-et-target-link=%22_blank%22 rel=%22noopener%22 style=%22color: #ffffff; text-decoration: underline;%22>Sport Makers<\/a><\/strong><\/span>, a Sports Law &#038; Management Firm based in Cairo &#038; Doha. He is a legal advisor for Zamalek SC and Ismaily SC in Egypt, alongside many other clubs in Middle East &#038; Africa. Given his previous experiences as a former football player, he also advises football players in contractual matters. Nasr a member of the <strong><a href=%22https:\/\/www.aiaf-law.com\/%22 data-et-target-link=%22_blank%22 rel=%22noopener%22 style=%22color: #ffffff;%22><span style=%22text-decoration: underline;%22>International Association of Football Lawyers (AIAF)<\/span><\/a><\/strong>.<\/span><\/p>\n<p>&#8221; content_last_edited=&#8221;on|phone&#8221; _builder_version=&#8221;4.25.1&#8243; text_font=&#8221;||||||||&#8221; text_font_size=&#8221;13px&#8221; header_font=&#8221;||||||||&#8221; header_4_font=&#8221;Montserrat|700|||||||&#8221; custom_margin=&#8221;0px|0px|0px|0px&#8221; custom_padding=&#8221;0px|20px|5px|0px|false|false&#8221; custom_padding_tablet=&#8221;|||0px|false|false&#8221; custom_padding_phone=&#8221;|||0px|false|false&#8221; custom_padding_last_edited=&#8221;on|tablet&#8221; animation_style=&#8221;fade&#8221; animation_delay=&#8221;100ms&#8221; locked=&#8221;off&#8221; global_colors_info=&#8221;{}&#8221; header_4_text_color__hover_enabled=&#8221;off|desktop&#8221; header_4_text_color__hover=&#8221;#4dbdc6&#8243;]<\/p>\n<h4><span style=\"color: #ffffff;\"><span style=\"color: #333333;\"><strong>Nasr EL DIN AZZAM<\/strong><\/span><span style=\"text-decoration: underline;\"><\/span><\/span><\/h4>\n<p><span style=\"color: #ffffff;\">Nasr El Din Azzam is a Co-Founder and Sports Lawyer at <span style=\"text-decoration: underline;\"><strong><a href=\"https:\/\/sportmakers.com\/\" target=\"_blank\" rel=\"noopener\" style=\"color: #ffffff; text-decoration: underline;\">Sport Makers<\/a><\/strong><\/span>, a Sports Law &amp; Management Firm based in Cairo &amp; Doha. He is a legal advisor for Zamalek SC and Ismaily SC in Egypt, alongside many other clubs in Middle East &amp; Africa. Given his previous experiences as a former football player, he also advises football players in contractual matters. Nasr a member of the <strong><a href=\"https:\/\/www.aiaf-law.com\/\" target=\"_blank\" rel=\"noopener\" style=\"color: #ffffff;\"><span style=\"text-decoration: underline;\">International Association of Football Lawyers (AIAF)<\/span><\/a><\/strong>.<\/span><\/p>\n<p>[\/et_pb_text][\/et_pb_column][et_pb_column type=&#8221;1_4&#8243; _builder_version=&#8221;4.16&#8243; custom_padding=&#8221;|||&#8221; global_colors_info=&#8221;{}&#8221; custom_padding__hover=&#8221;|||&#8221;][et_pb_image src=&#8221;https:\/\/football-legal.com\/conference\/wp-content\/uploads\/2024\/06\/Abdouraman-HAMADOU-BABA-nb.jpg&#8221; title_text=&#8221;Abdouraman-HAMADOU-BABA-nb&#8221; align_tablet=&#8221;center&#8221; align_phone=&#8221;&#8221; align_last_edited=&#8221;on|desktop&#8221; module_class=&#8221;zoom-image&#8221; _builder_version=&#8221;4.25.1&#8243; custom_margin=&#8221;0px|0px|20px|0px&#8221; custom_padding=&#8221;0px|0px|0px|0px&#8221; filter_sepia=&#8221;30%&#8221; animation_style=&#8221;fade&#8221; animation_delay=&#8221;100ms&#8221; border_width_bottom=&#8221;6px&#8221; border_style_bottom=&#8221;inset&#8221; locked=&#8221;off&#8221; global_colors_info=&#8221;{}&#8221; border_radii__hover_enabled=&#8221;on&#8221; border_width_bottom__hover_enabled=&#8221;on|hover&#8221; border_color_bottom__hover_enabled=&#8221;on|hover&#8221; border_color_bottom__hover=&#8221;#CEB200&#8243; border_radii__hover=&#8221;||||&#8221; border_width_bottom__hover=&#8221;6px&#8221;][\/et_pb_image][et_pb_text _builder_version=&#8221;4.25.1&#8243; text_font=&#8221;||||||||&#8221; text_text_color=&#8221;#7a7a7a&#8221; text_font_size=&#8221;13px&#8221; header_font=&#8221;||||||||&#8221; header_4_font=&#8221;Montserrat|700|||||||&#8221; custom_margin=&#8221;0px|0px|0px|0px&#8221; custom_padding=&#8221;0px|0px|5px|0px|false|false&#8221; custom_padding_tablet=&#8221;|||0px|false|false&#8221; custom_padding_phone=&#8221;|||0px|false|false&#8221; custom_padding_last_edited=&#8221;on|tablet&#8221; animation_style=&#8221;fade&#8221; animation_delay=&#8221;100ms&#8221; locked=&#8221;off&#8221; global_colors_info=&#8221;{}&#8221; header_4_text_color__hover_enabled=&#8221;on&#8221; header_4_text_color__hover=&#8221;#4dbdc6&#8243;]<\/p>\n<p><span style=\"color: #e4e46f;\"><strong>Speaker<\/strong><\/span><\/p>\n<p>[\/et_pb_text][et_pb_text content_tablet=&#8221;<\/p>\n<h4><strong>Abdouraman<br \/>HAMADOU<br \/>BABBA<\/strong><span style=%22text-decoration: underline; color: #ffffff;%22><\/span><\/h4>\n<p><span style=%22color: #ffffff;%22>Abdouraman Hamadou Babba is a football stakerholder in Cameroon. He was a member of F\u00e9cafoot and president of Etoile Filante de Garoua. He is known for the various appeals to the Court of arbitration for sport which led to several cancellations of electoral processes and dissolutions of F\u00e9cafoot management teams.<\/span><\/p>\n<p>&#8221; content_phone=&#8221;<\/p>\n<h4><strong>Abdouraman HAMADOU BABBA<\/strong><span style=%22text-decoration: underline; color: #ffffff;%22><\/span><\/h4>\n<p><span style=%22color: #ffffff;%22>Abdouraman Hamadou Babba is a football stakerholder in Cameroon. He was a member of F\u00e9cafoot and president of Etoile Filante de Garoua. He is known for the various appeals to the Court of arbitration for sport which led to several cancellations of electoral processes and dissolutions of F\u00e9cafoot management teams.<\/span><\/p>\n<p>&#8221; content_last_edited=&#8221;on|phone&#8221; _builder_version=&#8221;4.25.1&#8243; text_font=&#8221;||||||||&#8221; text_font_size=&#8221;13px&#8221; header_font=&#8221;||||||||&#8221; header_4_font=&#8221;Montserrat|700|||||||&#8221; custom_margin=&#8221;0px|0px|0px|0px&#8221; custom_padding=&#8221;0px|20px|5px|0px|false|false&#8221; custom_padding_tablet=&#8221;|||0px|false|false&#8221; custom_padding_phone=&#8221;|||0px|false|false&#8221; custom_padding_last_edited=&#8221;on|tablet&#8221; animation_style=&#8221;fade&#8221; animation_delay=&#8221;100ms&#8221; locked=&#8221;off&#8221; global_colors_info=&#8221;{}&#8221; header_4_text_color__hover_enabled=&#8221;off|desktop&#8221; header_4_text_color__hover=&#8221;#4dbdc6&#8243;]<\/p>\n<h4><strong>Abdouraman<br \/>HAMADOU BABBA<\/strong><span style=\"text-decoration: underline; color: #ffffff;\"><\/span><\/h4>\n<p><span style=\"color: #ffffff;\">Abdouraman Hamadou Babba is a football stakerholder in Cameroon. He was a member of F\u00e9cafoot and president of Etoile Filante de Garoua. He is known for the various appeals to the Court of arbitration for sport which led to several cancellations of electoral processes and dissolutions of F\u00e9cafoot management teams.<\/span><\/p>\n<p>[\/et_pb_text][\/et_pb_column][et_pb_column type=&#8221;1_4&#8243; _builder_version=&#8221;4.16&#8243; custom_padding=&#8221;|||&#8221; global_colors_info=&#8221;{}&#8221; custom_padding__hover=&#8221;|||&#8221;][et_pb_image src=&#8221;https:\/\/football-legal.com\/conference\/wp-content\/uploads\/2024\/05\/Paul-MEBIZOO-nb.jpg&#8221; title_text=&#8221;Paul-MEBIZO&#8217;O-nb&#8221; align_tablet=&#8221;center&#8221; align_phone=&#8221;&#8221; align_last_edited=&#8221;on|desktop&#8221; module_class=&#8221;zoom-image&#8221; _builder_version=&#8221;4.25.1&#8243; custom_margin=&#8221;0px|0px|20px|0px&#8221; custom_padding=&#8221;0px|0px|0px|0px&#8221; filter_sepia=&#8221;30%&#8221; animation_style=&#8221;fade&#8221; animation_delay=&#8221;100ms&#8221; border_width_bottom=&#8221;6px&#8221; border_style_bottom=&#8221;inset&#8221; locked=&#8221;off&#8221; global_colors_info=&#8221;{}&#8221; border_radii__hover_enabled=&#8221;on&#8221; border_width_bottom__hover_enabled=&#8221;on|hover&#8221; border_color_bottom__hover_enabled=&#8221;on|hover&#8221; border_color_bottom__hover=&#8221;#CEB200&#8243; border_radii__hover=&#8221;||||&#8221; border_width_bottom__hover=&#8221;6px&#8221;][\/et_pb_image][et_pb_text _builder_version=&#8221;4.25.1&#8243; text_font=&#8221;||||||||&#8221; text_text_color=&#8221;#7a7a7a&#8221; text_font_size=&#8221;13px&#8221; header_font=&#8221;||||||||&#8221; header_4_font=&#8221;Montserrat|700|||||||&#8221; custom_margin=&#8221;0px|0px|0px|0px&#8221; custom_padding=&#8221;0px|0px|5px|0px|false|false&#8221; custom_padding_tablet=&#8221;|||0px|false|false&#8221; custom_padding_phone=&#8221;|||0px|false|false&#8221; custom_padding_last_edited=&#8221;on|tablet&#8221; animation_style=&#8221;fade&#8221; animation_delay=&#8221;100ms&#8221; locked=&#8221;off&#8221; global_colors_info=&#8221;{}&#8221; header_4_text_color__hover_enabled=&#8221;on&#8221; header_4_text_color__hover=&#8221;#4dbdc6&#8243;]<\/p>\n<p><span style=\"color: #e4e46f;\"><strong>Speaker<\/strong><\/span><\/p>\n<p>[\/et_pb_text][et_pb_text content_tablet=&#8221;<\/p>\n<h4><strong>Paul<br \/>MEBIZO&#8217;O<\/strong><span style=%22text-decoration: underline; color: #ffffff;%22><\/span><\/h4>\n<p><span style=%22color: #ffffff;%22>Paul MEBIZO&#8217;O is a sports consultant. He worked for many years at FECAFOOT as head of licenses and transfers, then as Head of the Competitions Department.<\/span><\/p>\n<p>&#8221; content_phone=&#8221;<\/p>\n<h4><strong>Paul MEBIZO&#8217;O<\/strong><span style=%22text-decoration: underline; color: #ffffff;%22><\/span><\/h4>\n<p><span style=%22color: #ffffff;%22>Paul MEBIZO&#8217;O is a sports consultant. He worked for many years at FECAFOOT as head of licenses and transfers, then as Head of the Competitions Department.<\/span><\/p>\n<p>&#8221; content_last_edited=&#8221;on|phone&#8221; _builder_version=&#8221;4.25.1&#8243; text_font=&#8221;||||||||&#8221; text_font_size=&#8221;13px&#8221; header_font=&#8221;||||||||&#8221; header_4_font=&#8221;Montserrat|700|||||||&#8221; custom_margin=&#8221;0px|0px|0px|0px&#8221; custom_padding=&#8221;0px|20px|5px|0px|false|false&#8221; custom_padding_tablet=&#8221;|||0px|false|false&#8221; custom_padding_phone=&#8221;|||0px|false|false&#8221; custom_padding_last_edited=&#8221;on|tablet&#8221; animation_style=&#8221;fade&#8221; animation_delay=&#8221;100ms&#8221; locked=&#8221;off&#8221; global_colors_info=&#8221;{}&#8221; header_4_text_color__hover_enabled=&#8221;off|desktop&#8221; header_4_text_color__hover=&#8221;#4dbdc6&#8243;]<\/p>\n<h4><strong>Paul MEBIZO&#8217;O<\/strong><span style=\"text-decoration: underline; color: #ffffff;\"><\/span><\/h4>\n<p><span style=\"color: #ffffff;\">Paul MEBIZO&#8217;O is a sports consultant. He worked for many years at FECAFOOT as head of licenses and transfers, then as Head of the Competitions Department.<\/span><\/p>\n<p>[\/et_pb_text][\/et_pb_column][\/et_pb_row][et_pb_row column_structure=&#8221;1_4,1_4,1_4,1_4&#8243; use_custom_gutter=&#8221;on&#8221; gutter_width=&#8221;2&#8243; custom_padding_last_edited=&#8221;off|desktop&#8221; disabled_on=&#8221;off|off|off&#8221; _builder_version=&#8221;4.25.1&#8243; background_color=&#8221;RGBA(255,255,255,0)&#8221; custom_padding=&#8221;0px|0px|40px|0|false|false&#8221; custom_padding_tablet=&#8221;|||40px&#8221; pac_drh_column_numbers_tablet=&#8221;pac_drh_tab_col_four&#8221; locked=&#8221;off&#8221; global_colors_info=&#8221;{}&#8221;][et_pb_column type=&#8221;1_4&#8243; _builder_version=&#8221;4.16&#8243; custom_padding=&#8221;|||&#8221; global_colors_info=&#8221;{}&#8221; custom_padding__hover=&#8221;|||&#8221;][et_pb_image src=&#8221;https:\/\/football-legal.com\/conference\/wp-content\/uploads\/2024\/05\/Enow-NGACHU-nb.jpg&#8221; title_text=&#8221;Enow-NGACHU-nb&#8221; align_tablet=&#8221;center&#8221; align_phone=&#8221;&#8221; align_last_edited=&#8221;on|desktop&#8221; module_class=&#8221;zoom-image&#8221; _builder_version=&#8221;4.25.1&#8243; custom_margin=&#8221;0px|0px|20px|0px&#8221; custom_padding=&#8221;0px|0px|0px|0px&#8221; filter_sepia=&#8221;30%&#8221; animation_style=&#8221;fade&#8221; animation_delay=&#8221;100ms&#8221; border_width_bottom=&#8221;6px&#8221; border_style_bottom=&#8221;inset&#8221; locked=&#8221;off&#8221; global_colors_info=&#8221;{}&#8221; border_radii__hover_enabled=&#8221;on&#8221; border_width_bottom__hover_enabled=&#8221;on|hover&#8221; border_color_bottom__hover_enabled=&#8221;on|hover&#8221; border_color_bottom__hover=&#8221;#CEB200&#8243; border_radii__hover=&#8221;||||&#8221; border_width_bottom__hover=&#8221;6px&#8221;][\/et_pb_image][et_pb_text _builder_version=&#8221;4.25.1&#8243; text_font=&#8221;||||||||&#8221; text_text_color=&#8221;#7a7a7a&#8221; text_font_size=&#8221;13px&#8221; header_font=&#8221;||||||||&#8221; header_4_font=&#8221;Montserrat|700|||||||&#8221; custom_margin=&#8221;0px|0px|0px|0px&#8221; custom_padding=&#8221;0px|0px|5px|0px|false|false&#8221; custom_padding_tablet=&#8221;|||0px|false|false&#8221; custom_padding_phone=&#8221;|||0px|false|false&#8221; custom_padding_last_edited=&#8221;on|tablet&#8221; animation_style=&#8221;fade&#8221; animation_delay=&#8221;100ms&#8221; locked=&#8221;off&#8221; global_colors_info=&#8221;{}&#8221; header_4_text_color__hover_enabled=&#8221;on&#8221; header_4_text_color__hover=&#8221;#4dbdc6&#8243;]<\/p>\n<p><span style=\"color: #e4e46f;\"><strong>Speaker<\/strong><\/span><\/p>\n<p>[\/et_pb_text][et_pb_text content_tablet=&#8221;<\/p>\n<h4><span style=%22color: #efefef;%22><span style=%22color: #333333;%22><strong>Carl Enow<br \/>NGACHU<\/strong><\/span><span style=%22text-decoration: underline;%22><\/span><\/span><\/h4>\n<p><span style=%22color: #ffffff;%22>Carl Enow NGACHU was named coach of the Cameroon women&#8217;s team in 2003.<br \/>He won the silver medal as coach at the 2004 African Championship. He was the bronze medalist in 2012. Since May 2017, he has been Chief Executive Officer of <span style=%22text-decoration: underline;%22><strong><a href=%22https:\/\/www.facebook.com\/anafootweb\/%22 data-et-target-link=%22_blank%22 rel=%22noopener%22 style=%22color: #ffffff; text-decoration: underline;%22>Anafoot<\/a><\/strong><\/span>.<\/span><\/p>\n<p>&#8221; content_phone=&#8221;<\/p>\n<h4><span style=%22color: #efefef;%22><span style=%22color: #333333;%22><strong>Carl Enow NGACHU<\/strong><\/span><span style=%22text-decoration: underline;%22><\/span><\/span><\/h4>\n<p><span style=%22color: #ffffff;%22>Carl Enow NGACHU was named coach of the Cameroon women&#8217;s team in 2003.<br \/>He won the silver medal as coach at the 2004 African Championship. He was the bronze medalist in 2012. Since May 2017, he has been Chief Executive Officer of <span style=%22text-decoration: underline;%22><strong><a href=%22https:\/\/www.facebook.com\/anafootweb\/%22 data-et-target-link=%22_blank%22 rel=%22noopener%22 style=%22color: #ffffff; text-decoration: underline;%22>Anafoot<\/a><\/strong><\/span>.<\/span><\/p>\n<p>&#8221; content_last_edited=&#8221;on|phone&#8221; _builder_version=&#8221;4.25.1&#8243; text_font=&#8221;||||||||&#8221; text_font_size=&#8221;13px&#8221; header_font=&#8221;||||||||&#8221; header_4_font=&#8221;Montserrat|700|||||||&#8221; custom_margin=&#8221;0px|0px|0px|0px&#8221; custom_padding=&#8221;0px|20px|5px|0px|false|false&#8221; custom_padding_tablet=&#8221;|||0px|false|false&#8221; custom_padding_phone=&#8221;|||0px|false|false&#8221; custom_padding_last_edited=&#8221;on|phone&#8221; animation_style=&#8221;fade&#8221; animation_delay=&#8221;100ms&#8221; locked=&#8221;off&#8221; global_colors_info=&#8221;{}&#8221; header_4_text_color__hover_enabled=&#8221;off|desktop&#8221; header_4_text_color__hover=&#8221;#4dbdc6&#8243;]<\/p>\n<h4><span style=\"color: #efefef;\"><span style=\"color: #333333;\"><strong>Carl Enow NGACHU<\/strong><\/span><span style=\"text-decoration: underline;\"><\/span><\/span><\/h4>\n<p><span style=\"color: #ffffff;\">Carl Enow NGACHU was named coach of the Cameroon women&#8217;s team in 2003.<br \/>He won the silver medal as coach at the 2004 African Championship. He was the bronze medalist in 2012. Since May 2017, he has been Chief Executive Officer of <span style=\"text-decoration: underline;\"><strong><a href=\"https:\/\/www.facebook.com\/anafootweb\/\" target=\"_blank\" rel=\"noopener\" style=\"color: #ffffff; text-decoration: underline;\">Anafoot<\/a><\/strong><\/span>.<\/span><\/p>\n<p>[\/et_pb_text][\/et_pb_column][et_pb_column type=&#8221;1_4&#8243; _builder_version=&#8221;4.16&#8243; custom_padding=&#8221;|||&#8221; global_colors_info=&#8221;{}&#8221; custom_padding__hover=&#8221;|||&#8221;][et_pb_image src=&#8221;https:\/\/football-legal.com\/conference\/wp-content\/uploads\/2024\/05\/Geremi-NJITAP-nb.jpg&#8221; title_text=&#8221;Geremi-NJITAP-nb&#8221; align_tablet=&#8221;center&#8221; align_phone=&#8221;&#8221; align_last_edited=&#8221;on|desktop&#8221; module_class=&#8221;zoom-image&#8221; _builder_version=&#8221;4.25.1&#8243; custom_margin=&#8221;0px|0px|20px|0px&#8221; custom_padding=&#8221;0px|0px|0px|0px&#8221; filter_sepia=&#8221;30%&#8221; animation_style=&#8221;fade&#8221; animation_delay=&#8221;100ms&#8221; border_width_bottom=&#8221;6px&#8221; border_style_bottom=&#8221;inset&#8221; locked=&#8221;off&#8221; global_colors_info=&#8221;{}&#8221; border_radii__hover_enabled=&#8221;on&#8221; border_width_bottom__hover_enabled=&#8221;on|hover&#8221; border_color_bottom__hover_enabled=&#8221;on|hover&#8221; border_color_bottom__hover=&#8221;#CEB200&#8243; border_radii__hover=&#8221;||||&#8221; border_width_bottom__hover=&#8221;6px&#8221;][\/et_pb_image][et_pb_text _builder_version=&#8221;4.25.1&#8243; text_font=&#8221;||||||||&#8221; text_text_color=&#8221;#7a7a7a&#8221; text_font_size=&#8221;13px&#8221; header_font=&#8221;||||||||&#8221; header_4_font=&#8221;Montserrat|700|||||||&#8221; custom_margin=&#8221;0px|0px|0px|0px&#8221; custom_padding=&#8221;0px|0px|5px|0px|false|false&#8221; custom_padding_tablet=&#8221;|||0px|false|false&#8221; custom_padding_phone=&#8221;|||0px|false|false&#8221; custom_padding_last_edited=&#8221;on|tablet&#8221; animation_style=&#8221;fade&#8221; animation_delay=&#8221;100ms&#8221; locked=&#8221;off&#8221; global_colors_info=&#8221;{}&#8221; header_4_text_color__hover_enabled=&#8221;on&#8221; header_4_text_color__hover=&#8221;#4dbdc6&#8243;]<\/p>\n<p><span style=\"color: #e4e46f;\"><strong>Speaker<\/strong><\/span><\/p>\n<p>[\/et_pb_text][et_pb_text content_tablet=&#8221;<\/p>\n<h4><span style=%22color: #ffffff;%22><span style=%22color: #333333;%22>Geremi<br \/>NJITAP<\/span><span style=%22text-decoration: underline;%22><br \/><\/span><\/span><\/h4>\n<p><span style=%22color: #ffffff;%22>Geremi NJITAP is a former Cameroonian international footballer. He is president of the national union of footballers of Cameroon (<span style=%22text-decoration: underline;%22><strong><a href=%22https:\/\/synafoc.divisionafrica.org\/%22 data-et-target-link=%22_blank%22 rel=%22noopener%22 style=%22color: #ffffff; text-decoration: underline;%22>SYNAFOC<\/a><\/strong><\/span>) and vice-president of <span style=%22text-decoration: underline;%22><strong><a href=%22https:\/\/www.fifpro.org\/%22 data-et-target-link=%22_blank%22 rel=%22noopener%22 style=%22color: #ffffff; text-decoration: underline;%22>FIFPRO<\/a><\/strong><\/span>.<\/span><\/p>\n<p>&#8221; content_phone=&#8221;<\/p>\n<h4><span style=%22color: #ffffff;%22><span style=%22color: #333333;%22>Geremi NJITAP<\/span><span style=%22text-decoration: underline;%22><br \/><\/span><\/span><\/h4>\n<p><span style=%22color: #ffffff;%22>Geremi NJITAP is a former Cameroonian international footballer. He is president of the national union of footballers of Cameroon (<span style=%22text-decoration: underline;%22><strong><a href=%22https:\/\/synafoc.divisionafrica.org\/%22 data-et-target-link=%22_blank%22 rel=%22noopener%22 style=%22color: #ffffff; text-decoration: underline;%22>SYNAFOC<\/a><\/strong><\/span>) and vice-president of <span style=%22text-decoration: underline;%22><strong><a href=%22https:\/\/www.fifpro.org\/%22 data-et-target-link=%22_blank%22 rel=%22noopener%22 style=%22color: #ffffff; text-decoration: underline;%22>FIFPRO<\/a><\/strong><\/span>.<\/span><\/p>\n<p>&#8221; content_last_edited=&#8221;on|phone&#8221; _builder_version=&#8221;4.25.1&#8243; text_font=&#8221;||||||||&#8221; text_font_size=&#8221;13px&#8221; header_font=&#8221;||||||||&#8221; header_4_font=&#8221;Montserrat|700|||||||&#8221; custom_margin=&#8221;0px|0px|0px|0px&#8221; custom_padding=&#8221;0px|0px|5px|0px&#8221; custom_padding_tablet=&#8221;|||0px|false|false&#8221; custom_padding_phone=&#8221;|||0px|false|false&#8221; custom_padding_last_edited=&#8221;on|tablet&#8221; animation_style=&#8221;fade&#8221; animation_delay=&#8221;100ms&#8221; locked=&#8221;off&#8221; global_colors_info=&#8221;{}&#8221; header_4_text_color__hover_enabled=&#8221;off|hover&#8221; header_4_text_color__hover=&#8221;#4dbdc6&#8243;]<\/p>\n<h4><span style=\"color: #ffffff;\"><span style=\"color: #333333;\">Geremi NJITAP<\/span><span style=\"text-decoration: underline;\"><br \/><\/span><\/span><\/h4>\n<p><span style=\"color: #ffffff;\">Geremi NJITAP is a former Cameroonian international footballer. He is president of the national union of footballers of Cameroon (<span style=\"text-decoration: underline;\"><strong><a href=\"https:\/\/synafoc.divisionafrica.org\/\" target=\"_blank\" rel=\"noopener\" style=\"color: #ffffff; text-decoration: underline;\">SYNAFOC<\/a><\/strong><\/span>) and vice-president of <span style=\"text-decoration: underline;\"><strong><a href=\"https:\/\/www.fifpro.org\/\" target=\"_blank\" rel=\"noopener\" style=\"color: #ffffff; text-decoration: underline;\">FIFPRO<\/a><\/strong><\/span>.<\/span><\/p>\n<p>[\/et_pb_text][\/et_pb_column][et_pb_column type=&#8221;1_4&#8243; _builder_version=&#8221;4.16&#8243; custom_padding=&#8221;|||&#8221; global_colors_info=&#8221;{}&#8221; custom_padding__hover=&#8221;|||&#8221;][et_pb_image src=&#8221;https:\/\/football-legal.com\/conference\/wp-content\/uploads\/2024\/05\/JJ-Nouyadjam-nb.jpg&#8221; title_text=&#8221;JJ-Nouyadjam-nb&#8221; align_tablet=&#8221;center&#8221; align_phone=&#8221;&#8221; align_last_edited=&#8221;on|desktop&#8221; module_class=&#8221;zoom-image&#8221; _builder_version=&#8221;4.25.1&#8243; custom_margin=&#8221;0px|0px|20px|0px&#8221; custom_padding=&#8221;0px|0px|0px|0px&#8221; filter_sepia=&#8221;30%&#8221; animation_style=&#8221;fade&#8221; animation_delay=&#8221;100ms&#8221; border_width_bottom=&#8221;6px&#8221; border_style_bottom=&#8221;inset&#8221; locked=&#8221;off&#8221; global_colors_info=&#8221;{}&#8221; border_radii__hover_enabled=&#8221;on&#8221; border_width_bottom__hover_enabled=&#8221;on|hover&#8221; border_color_bottom__hover_enabled=&#8221;on|hover&#8221; border_color_bottom__hover=&#8221;#CEB200&#8243; border_radii__hover=&#8221;||||&#8221; border_width_bottom__hover=&#8221;6px&#8221;][\/et_pb_image][et_pb_text _builder_version=&#8221;4.25.1&#8243; text_font=&#8221;||||||||&#8221; text_text_color=&#8221;#7a7a7a&#8221; text_font_size=&#8221;13px&#8221; header_font=&#8221;||||||||&#8221; header_4_font=&#8221;Montserrat|700|||||||&#8221; custom_margin=&#8221;0px|0px|0px|0px&#8221; custom_padding=&#8221;0px|0px|5px|0px|false|false&#8221; custom_padding_tablet=&#8221;|||0px|false|false&#8221; custom_padding_phone=&#8221;|||0px|false|false&#8221; custom_padding_last_edited=&#8221;on|tablet&#8221; animation_style=&#8221;fade&#8221; animation_delay=&#8221;100ms&#8221; locked=&#8221;off&#8221; global_colors_info=&#8221;{}&#8221; header_4_text_color__hover_enabled=&#8221;on&#8221; header_4_text_color__hover=&#8221;#4dbdc6&#8243;]<\/p>\n<p><span style=\"color: #e4e46f;\"><strong>Speaker<\/strong><\/span><\/p>\n<p>[\/et_pb_text][et_pb_text content_tablet=&#8221;<\/p>\n<h4><strong>Jean-Jacques<br \/>NOUYADJAM<\/strong><span style=%22text-decoration: underline; color: #ffffff;%22><\/span><\/h4>\n<p><span style=%22color: #ffffff;%22>Jean-Jacques NOUYADJAM is a lawyer specializing in sports law, registered with the Cameroon Bar. He founded the bilingual and pan-African law firm <span style=%22text-decoration: underline;%22><strong><a href=%22https:\/\/nouyadjamassociates.com\/%22 data-et-target-link=%22_blank%22 rel=%22noopener%22 style=%22color: #ffffff; text-decoration: underline;%22>NOUYADJAM &#038; Associ\u00e9s<\/a><\/strong><\/span>. He is a member of the <strong><a href=%22https:\/\/www.aiaf-law.com\/%22 data-et-target-link=%22_blank%22 rel=%22noopener%22 style=%22color: #ffffff;%22><span style=%22text-decoration: underline;%22>International Association of Football Lawyers (AIAF)<\/span><\/a><\/strong>. He is also the founder of the <strong><a href=%22http:\/\/www.acads-droitsport.org\/%22 data-et-target-link=%22_blank%22 rel=%22noopener%22 style=%22color: #ffffff;%22><span style=%22text-decoration: underline;%22>Cameroonian Association of Sports Law Lawyers (ACADS)<\/span><\/a><\/strong>.<\/span><\/p>\n<p>&#8221; content_phone=&#8221;<\/p>\n<h4><strong>Jean-Jacques NOUYADJAM<\/strong><span style=%22text-decoration: underline; color: #ffffff;%22><\/span><\/h4>\n<p><span style=%22color: #ffffff;%22>Jean-Jacques NOUYADJAM is a lawyer specializing in sports law, registered with the Cameroon Bar. He founded the bilingual and pan-African law firm <span style=%22text-decoration: underline;%22><strong><a href=%22https:\/\/nouyadjamassociates.com\/%22 data-et-target-link=%22_blank%22 rel=%22noopener%22 style=%22color: #ffffff; text-decoration: underline;%22>NOUYADJAM &#038; Associ\u00e9s<\/a><\/strong><\/span>. He is a member of the <strong><a href=%22https:\/\/www.aiaf-law.com\/%22 data-et-target-link=%22_blank%22 rel=%22noopener%22 style=%22color: #ffffff;%22><span style=%22text-decoration: underline;%22>International Association of Football Lawyers (AIAF)<\/span><\/a><\/strong>. He is also the founder of the <strong><a href=%22http:\/\/www.acads-droitsport.org\/%22 data-et-target-link=%22_blank%22 rel=%22noopener%22 style=%22color: #ffffff;%22><span style=%22text-decoration: underline;%22>Cameroonian Association of Sports Law Lawyers (ACADS)<\/span><\/a><\/strong>.<\/span><\/p>\n<p>&#8221; content_last_edited=&#8221;on|phone&#8221; _builder_version=&#8221;4.25.1&#8243; text_font=&#8221;||||||||&#8221; text_font_size=&#8221;13px&#8221; header_font=&#8221;||||||||&#8221; header_4_font=&#8221;Montserrat|700|||||||&#8221; custom_margin=&#8221;0px|0px|0px|0px&#8221; custom_padding=&#8221;0px|20px|5px|0px|false|false&#8221; custom_padding_tablet=&#8221;|||0px|false|false&#8221; custom_padding_phone=&#8221;|||0px|false|false&#8221; custom_padding_last_edited=&#8221;on|tablet&#8221; animation_style=&#8221;fade&#8221; animation_delay=&#8221;100ms&#8221; locked=&#8221;off&#8221; global_colors_info=&#8221;{}&#8221; header_4_text_color__hover_enabled=&#8221;off|desktop&#8221; header_4_text_color__hover=&#8221;#4dbdc6&#8243;]<\/p>\n<h4><strong>Jean-Jacques<br \/>NOUYADJAM<\/strong><span style=\"text-decoration: underline; color: #ffffff;\"><\/span><\/h4>\n<p><span style=\"color: #ffffff;\">Jean-Jacques NOUYADJAM is a lawyer specializing in sports law, registered with the Cameroon Bar. He founded the bilingual and pan-African law firm <span style=\"text-decoration: underline;\"><strong><a href=\"https:\/\/nouyadjamassociates.com\/\" target=\"_blank\" rel=\"noopener\" style=\"color: #ffffff; text-decoration: underline;\">NOUYADJAM &amp; Associ\u00e9s<\/a><\/strong><\/span>. He is a member of the <strong><a href=\"https:\/\/www.aiaf-law.com\/\" target=\"_blank\" rel=\"noopener\" style=\"color: #ffffff;\"><span style=\"text-decoration: underline;\">International Association of Football Lawyers (AIAF)<\/span><\/a><\/strong>. He is also the founder of the <strong><a href=\"http:\/\/www.acads-droitsport.org\/\" target=\"_blank\" rel=\"noopener\" style=\"color: #ffffff;\"><span style=\"text-decoration: underline;\">Cameroonian Association of Sports Law Lawyers (ACADS)<\/span><\/a><\/strong>.<\/span><\/p>\n<p>[\/et_pb_text][\/et_pb_column][et_pb_column type=&#8221;1_4&#8243; _builder_version=&#8221;4.16&#8243; custom_padding=&#8221;|||&#8221; global_colors_info=&#8221;{}&#8221; custom_padding__hover=&#8221;|||&#8221;][et_pb_image src=&#8221;https:\/\/football-legal.com\/conference\/wp-content\/uploads\/2024\/05\/Etienne-RIZK-nb.jpg&#8221; title_text=&#8221;Etienne-RIZK-nb&#8221; align_tablet=&#8221;center&#8221; align_phone=&#8221;&#8221; align_last_edited=&#8221;on|desktop&#8221; module_class=&#8221;zoom-image&#8221; _builder_version=&#8221;4.25.1&#8243; custom_margin=&#8221;0px|0px|20px|0px&#8221; custom_padding=&#8221;0px|0px|0px|0px&#8221; filter_sepia=&#8221;30%&#8221; animation_style=&#8221;fade&#8221; animation_delay=&#8221;100ms&#8221; border_width_bottom=&#8221;6px&#8221; border_style_bottom=&#8221;inset&#8221; locked=&#8221;off&#8221; global_colors_info=&#8221;{}&#8221; border_radii__hover_enabled=&#8221;on&#8221; border_width_bottom__hover_enabled=&#8221;on|hover&#8221; border_color_bottom__hover_enabled=&#8221;on|hover&#8221; border_color_bottom__hover=&#8221;#CEB200&#8243; border_radii__hover=&#8221;||||&#8221; border_width_bottom__hover=&#8221;6px&#8221;][\/et_pb_image][et_pb_text _builder_version=&#8221;4.25.1&#8243; text_font=&#8221;||||||||&#8221; text_text_color=&#8221;#7a7a7a&#8221; text_font_size=&#8221;13px&#8221; header_font=&#8221;||||||||&#8221; header_4_font=&#8221;Montserrat|700|||||||&#8221; custom_margin=&#8221;0px|0px|0px|0px&#8221; custom_padding=&#8221;0px|0px|5px|0px|false|false&#8221; custom_padding_tablet=&#8221;|||0px|false|false&#8221; custom_padding_phone=&#8221;|||0px|false|false&#8221; custom_padding_last_edited=&#8221;on|tablet&#8221; animation_style=&#8221;fade&#8221; animation_delay=&#8221;100ms&#8221; locked=&#8221;off&#8221; global_colors_info=&#8221;{}&#8221; header_4_text_color__hover_enabled=&#8221;on&#8221; header_4_text_color__hover=&#8221;#4dbdc6&#8243;]<\/p>\n<p><span style=\"color: #e4e46f;\"><strong>Speaker<\/strong><\/span><\/p>\n<p>[\/et_pb_text][et_pb_text content_tablet=&#8221;<\/p>\n<h4><span style=%22color: #efefef;%22><span style=%22color: #333333;%22><strong>\u00c9tienne<br \/>RIZK<\/strong><\/span><span style=%22text-decoration: underline;%22><\/span><\/span><\/h4>\n<p><span style=%22color: #ffffff;%22>Etienne RIZK is a sport lawyer. He worked for almost 10 years within the NFA LAW firm, where he notably intervened in transfer operations involving emblematic football players.<br \/>After serving as Director of Football at sports marketing agency Total Sports Asia in Malaysia from 2018 to 2021, Etienne co-founded the niche firm <span style=%22text-decoration: underline;%22><strong><a href=%22https:\/\/www.nrlegal.fr\/%22 data-et-target-link=%22_blank%22 rel=%22noopener%22 style=%22color: #ffffff; text-decoration: underline;%22>NATAF RIZK LEGAL<\/a><\/strong><\/span> in January 2022.<\/span><\/p>\n<p>&#8221; content_phone=&#8221;<\/p>\n<h4><span style=%22color: #efefef;%22><span style=%22color: #333333;%22><strong>\u00c9tienne RIZK<\/strong><\/span><span style=%22text-decoration: underline;%22><\/span><\/span><\/h4>\n<p><span style=%22color: #ffffff;%22>Etienne RIZK is a sport lawyer. He worked for almost 10 years within the NFA LAW firm, where he notably intervened in transfer operations involving emblematic football players.<br \/>After serving as Director of Football at sports marketing agency Total Sports Asia in Malaysia from 2018 to 2021, Etienne co-founded the niche firm <span style=%22text-decoration: underline;%22><strong><a href=%22https:\/\/www.nrlegal.fr\/%22 data-et-target-link=%22_blank%22 rel=%22noopener%22 style=%22color: #ffffff; text-decoration: underline;%22>NATAF RIZK LEGAL<\/a><\/strong><\/span> in January 2022.<\/span><\/p>\n<p>&#8221; content_last_edited=&#8221;on|phone&#8221; _builder_version=&#8221;4.25.1&#8243; text_font=&#8221;||||||||&#8221; text_font_size=&#8221;13px&#8221; header_font=&#8221;||||||||&#8221; header_4_font=&#8221;Montserrat|700|||||||&#8221; custom_margin=&#8221;0px|0px|0px|0px&#8221; custom_padding=&#8221;0px|20px|5px|0px|false|false&#8221; custom_padding_tablet=&#8221;|||0px|false|false&#8221; custom_padding_phone=&#8221;|||0px|false|false&#8221; custom_padding_last_edited=&#8221;on|phone&#8221; animation_style=&#8221;fade&#8221; animation_delay=&#8221;100ms&#8221; locked=&#8221;off&#8221; global_colors_info=&#8221;{}&#8221; header_4_text_color__hover_enabled=&#8221;off|desktop&#8221; header_4_text_color__hover=&#8221;#4dbdc6&#8243;]<\/p>\n<h4><span style=\"color: #efefef;\"><span style=\"color: #333333;\"><strong>\u00c9tienne RIZK<\/strong><\/span><span style=\"text-decoration: underline;\"><\/span><\/span><\/h4>\n<p><span style=\"color: #ffffff;\">Etienne RIZK is a sport lawyer. He worked for almost 10 years within the NFA LAW firm, where he notably intervened in transfer operations involving emblematic football players.<br \/>After serving as Director of Football at sports marketing agency Total Sports Asia in Malaysia from 2018 to 2021, Etienne co-founded the niche firm <span style=\"text-decoration: underline;\"><strong><a href=\"https:\/\/www.nrlegal.fr\/\" target=\"_blank\" rel=\"noopener\" style=\"color: #ffffff; text-decoration: underline;\">NATAF RIZK LEGAL<\/a><\/strong><\/span> in January 2022.<\/span><\/p>\n<p>[\/et_pb_text][\/et_pb_column][\/et_pb_row][et_pb_row column_structure=&#8221;1_4,1_4,1_4,1_4&#8243; use_custom_gutter=&#8221;on&#8221; gutter_width=&#8221;2&#8243; custom_padding_last_edited=&#8221;off|desktop&#8221; disabled_on=&#8221;off|off|off&#8221; _builder_version=&#8221;4.25.1&#8243; background_color=&#8221;RGBA(255,255,255,0)&#8221; custom_padding=&#8221;0px|0px|40px|0|false|false&#8221; custom_padding_tablet=&#8221;|||40px&#8221; pac_drh_column_numbers_tablet=&#8221;pac_drh_tab_col_four&#8221; locked=&#8221;off&#8221; global_colors_info=&#8221;{}&#8221;][et_pb_column type=&#8221;1_4&#8243; _builder_version=&#8221;4.16&#8243; custom_padding=&#8221;|||&#8221; global_colors_info=&#8221;{}&#8221; custom_padding__hover=&#8221;|||&#8221;][et_pb_image src=&#8221;https:\/\/football-legal.com\/conference\/wp-content\/uploads\/2024\/05\/Abdoulaye-SOW-nb.jpg&#8221; title_text=&#8221;Abdoulaye-SOW-nb&#8221; align_tablet=&#8221;center&#8221; align_phone=&#8221;&#8221; align_last_edited=&#8221;on|desktop&#8221; module_class=&#8221;zoom-image&#8221; _builder_version=&#8221;4.25.1&#8243; custom_margin=&#8221;0px|0px|20px|0px&#8221; custom_padding=&#8221;0px|0px|0px|0px&#8221; filter_sepia=&#8221;30%&#8221; animation_style=&#8221;fade&#8221; animation_delay=&#8221;100ms&#8221; border_width_bottom=&#8221;6px&#8221; border_style_bottom=&#8221;inset&#8221; locked=&#8221;off&#8221; global_colors_info=&#8221;{}&#8221; border_radii__hover_enabled=&#8221;on&#8221; border_width_bottom__hover_enabled=&#8221;on|hover&#8221; border_color_bottom__hover_enabled=&#8221;on|hover&#8221; border_color_bottom__hover=&#8221;#CEB200&#8243; border_radii__hover=&#8221;||||&#8221; border_width_bottom__hover=&#8221;6px&#8221;][\/et_pb_image][et_pb_text _builder_version=&#8221;4.25.1&#8243; text_font=&#8221;||||||||&#8221; text_text_color=&#8221;#7a7a7a&#8221; text_font_size=&#8221;13px&#8221; header_font=&#8221;||||||||&#8221; header_4_font=&#8221;Montserrat|700|||||||&#8221; custom_margin=&#8221;0px|0px|0px|0px&#8221; custom_padding=&#8221;0px|0px|5px|0px|false|false&#8221; custom_padding_tablet=&#8221;|||0px|false|false&#8221; custom_padding_phone=&#8221;|||0px|false|false&#8221; custom_padding_last_edited=&#8221;on|tablet&#8221; animation_style=&#8221;fade&#8221; animation_delay=&#8221;100ms&#8221; locked=&#8221;off&#8221; global_colors_info=&#8221;{}&#8221; header_4_text_color__hover_enabled=&#8221;on&#8221; header_4_text_color__hover=&#8221;#4dbdc6&#8243;]<\/p>\n<p><span style=\"color: #e4e46f;\"><strong>Speaker<\/strong><\/span><\/p>\n<p>[\/et_pb_text][et_pb_text content_tablet=&#8221;<\/p>\n<h4><span style=%22color: #ffffff;%22><span style=%22color: #333333;%22>Abdoulaye<br \/>SOW<\/span><span style=%22text-decoration: underline;%22><br \/><\/span><\/span><\/h4>\n<p><span style=%22color: #ffffff;%22>Abdoulaye SOW, is a Legal counsel specializing in sports law. Holder of a Master 2 in %22Professions juridiques du sport%22 (University of Burgundy), he has been a consultant in sports regulations with the <strong><span style=%22text-decoration: underline;%22><a href=%22https:\/\/guilex-avocats.com\/%22 data-et-target-link=%22_blank%22 rel=%22noopener%22 style=%22color: #ffffff; text-decoration: underline;%22>Guilex-Avocats firm<\/a><\/span><\/strong> since April 2021, particularly concerning transfer operations in football.<\/span><\/p>\n<p>&#8221; content_phone=&#8221;<\/p>\n<h4><span style=%22color: #ffffff;%22><span style=%22color: #333333;%22>Abdoulaye SOW<\/span><span style=%22text-decoration: underline;%22><br \/><\/span><\/span><\/h4>\n<p><span style=%22color: #ffffff;%22>Abdoulaye SOW, is a Legal counsel specializing in sports law. Holder of a Master 2 in %22Professions juridiques du sport%22 (University of Burgundy), he has been a consultant in sports regulations with the <strong><span style=%22text-decoration: underline;%22><a href=%22https:\/\/guilex-avocats.com\/%22 data-et-target-link=%22_blank%22 rel=%22noopener%22 style=%22color: #ffffff; text-decoration: underline;%22>Guilex-Avocats firm<\/a><\/span><\/strong> since April 2021, particularly concerning transfer operations in football.<\/span><\/p>\n<p>&#8221; content_last_edited=&#8221;on|desktop&#8221; _builder_version=&#8221;4.25.1&#8243; text_font=&#8221;||||||||&#8221; text_font_size=&#8221;13px&#8221; header_font=&#8221;||||||||&#8221; header_4_font=&#8221;Montserrat|700|||||||&#8221; custom_margin=&#8221;0px|0px|0px|0px&#8221; custom_padding=&#8221;0px|0px|5px|0px&#8221; custom_padding_tablet=&#8221;|||0px|false|false&#8221; custom_padding_phone=&#8221;|||0px|false|false&#8221; custom_padding_last_edited=&#8221;on|tablet&#8221; animation_style=&#8221;fade&#8221; animation_delay=&#8221;100ms&#8221; locked=&#8221;off&#8221; global_colors_info=&#8221;{}&#8221; header_4_text_color__hover_enabled=&#8221;off|hover&#8221; header_4_text_color__hover=&#8221;#4dbdc6&#8243;]<\/p>\n<h4><span style=\"color: #ffffff;\"><span style=\"color: #333333;\">Abdoulaye SOW<\/span><span style=\"text-decoration: underline;\"><br \/><\/span><\/span><\/h4>\n<p><span style=\"color: #ffffff;\">Abdoulaye SOW, is a Legal counsel specializing in sports law. Holder of a Master 2 in &#8220;Professions juridiques du sport&#8221; (University of Burgundy), he has been a consultant in sports regulations with the <strong><span style=\"text-decoration: underline;\"><a href=\"https:\/\/guilex-avocats.com\/\" target=\"_blank\" rel=\"noopener\" style=\"color: #ffffff; text-decoration: underline;\">Guilex-Avocats firm<\/a><\/span><\/strong> since April 2021, particularly concerning transfer operations in football.<\/span><\/p>\n<p>[\/et_pb_text][\/et_pb_column][et_pb_column type=&#8221;1_4&#8243; _builder_version=&#8221;4.16&#8243; custom_padding=&#8221;|||&#8221; global_colors_info=&#8221;{}&#8221; custom_padding__hover=&#8221;|||&#8221;][et_pb_image src=&#8221;https:\/\/football-legal.com\/conference\/wp-content\/uploads\/2024\/05\/william-sternheimer-nb.jpg&#8221; title_text=&#8221;william-sternheimer-nb&#8221; align_tablet=&#8221;center&#8221; align_phone=&#8221;&#8221; align_last_edited=&#8221;on|desktop&#8221; module_class=&#8221;zoom-image&#8221; _builder_version=&#8221;4.25.1&#8243; custom_margin=&#8221;0px|0px|20px|0px&#8221; custom_padding=&#8221;0px|0px|0px|0px&#8221; filter_sepia=&#8221;30%&#8221; animation_style=&#8221;fade&#8221; animation_delay=&#8221;100ms&#8221; border_width_bottom=&#8221;6px&#8221; border_style_bottom=&#8221;inset&#8221; locked=&#8221;off&#8221; global_colors_info=&#8221;{}&#8221; border_radii__hover_enabled=&#8221;on&#8221; border_width_bottom__hover_enabled=&#8221;on|hover&#8221; border_color_bottom__hover_enabled=&#8221;on|hover&#8221; border_color_bottom__hover=&#8221;#CEB200&#8243; border_radii__hover=&#8221;||||&#8221; border_width_bottom__hover=&#8221;6px&#8221;][\/et_pb_image][et_pb_text _builder_version=&#8221;4.25.1&#8243; text_font=&#8221;||||||||&#8221; text_text_color=&#8221;#7a7a7a&#8221; text_font_size=&#8221;13px&#8221; header_font=&#8221;||||||||&#8221; header_4_font=&#8221;Montserrat|700|||||||&#8221; custom_margin=&#8221;0px|0px|0px|0px&#8221; custom_padding=&#8221;0px|0px|5px|0px|false|false&#8221; custom_padding_tablet=&#8221;|||0px|false|false&#8221; custom_padding_phone=&#8221;|||0px|false|false&#8221; custom_padding_last_edited=&#8221;on|tablet&#8221; animation_style=&#8221;fade&#8221; animation_delay=&#8221;100ms&#8221; locked=&#8221;off&#8221; global_colors_info=&#8221;{}&#8221; header_4_text_color__hover_enabled=&#8221;on&#8221; header_4_text_color__hover=&#8221;#4dbdc6&#8243;]<\/p>\n<p><span style=\"color: #e4e46f;\"><strong>Speaker<\/strong><\/span><\/p>\n<p>[\/et_pb_text][et_pb_text content_tablet=&#8221;<\/p>\n<h4><span style=%22color: #ffffff;%22><span style=%22color: #333333;%22>William<br \/>STERNHEIMER<\/span><span style=%22text-decoration: underline;%22><br \/><\/span><\/span><\/h4>\n<p><span style=%22color: #ffffff;%22>William joined <\/span><span style=%22text-decoration: underline; color: #ffffff;%22><strong><a href=%22https:\/\/morgansl.com\/en%22 data-et-target-link=%22_blank%22 rel=%22noopener%22 style=%22text-decoration: underline; color: #ffffff;%22>Morgan Sports Law<\/a><\/strong><\/span><span style=%22color: #ffffff;%22> in January 2019 after spending ten years at the Court of Arbitration for Sport (CAS), where he was Deputy Secretary General. His practice focuses on international arbitration and alternative dispute resolution in the context of sports disputes, and more particularly football-related disputes.<\/span><\/p>\n<p>&#8221; content_phone=&#8221;<\/p>\n<h4><span style=%22color: #ffffff;%22><span style=%22color: #333333;%22>William STERNHEIMER<\/span><span style=%22text-decoration: underline;%22><br \/><\/span><\/span><\/h4>\n<p><span style=%22color: #ffffff;%22>William joined <\/span><span style=%22text-decoration: underline; color: #ffffff;%22><strong><a href=%22https:\/\/morgansl.com\/en%22 data-et-target-link=%22_blank%22 rel=%22noopener%22 style=%22text-decoration: underline; color: #ffffff;%22>Morgan Sports Law<\/a><\/strong><\/span><span style=%22color: #ffffff;%22> in January 2019 after spending ten years at the Court of Arbitration for Sport (CAS), where he was Deputy Secretary General. His practice focuses on international arbitration and alternative dispute resolution in the context of sports disputes, and more particularly football-related disputes.<\/span><\/p>\n<p>&#8221; content_last_edited=&#8221;on|phone&#8221; _builder_version=&#8221;4.25.1&#8243; text_font=&#8221;||||||||&#8221; text_font_size=&#8221;13px&#8221; header_font=&#8221;||||||||&#8221; header_4_font=&#8221;Montserrat|700|||||||&#8221; custom_margin=&#8221;0px|0px|0px|0px&#8221; custom_padding=&#8221;0px|0px|5px|0px&#8221; custom_padding_tablet=&#8221;|||0px|false|false&#8221; custom_padding_phone=&#8221;|||0px|false|false&#8221; custom_padding_last_edited=&#8221;on|tablet&#8221; animation_style=&#8221;fade&#8221; animation_delay=&#8221;100ms&#8221; locked=&#8221;off&#8221; global_colors_info=&#8221;{}&#8221; header_4_text_color__hover_enabled=&#8221;off|hover&#8221; header_4_text_color__hover=&#8221;#4dbdc6&#8243;]<\/p>\n<h4><span style=\"color: #ffffff;\"><span style=\"color: #333333;\">William STERNHEIMER<\/span><span style=\"text-decoration: underline;\"><br \/><\/span><\/span><\/h4>\n<p><span style=\"color: #ffffff;\">William joined <\/span><span style=\"text-decoration: underline; color: #ffffff;\"><strong><a href=\"https:\/\/morgansl.com\/en\" target=\"_blank\" rel=\"noopener\" style=\"text-decoration: underline; color: #ffffff;\">Morgan Sports Law<\/a><\/strong><\/span><span style=\"color: #ffffff;\"> in January 2019 after spending ten years at the Court of Arbitration for Sport (CAS), where he was Deputy Secretary General. His practice focuses on international arbitration and alternative dispute resolution in the context of sports disputes, and more particularly football-related disputes.<\/span><\/p>\n<p>[\/et_pb_text][\/et_pb_column][et_pb_column type=&#8221;1_4&#8243; _builder_version=&#8221;4.16&#8243; custom_padding=&#8221;|||&#8221; global_colors_info=&#8221;{}&#8221; custom_padding__hover=&#8221;|||&#8221;][et_pb_image src=&#8221;https:\/\/football-legal.com\/conference\/wp-content\/uploads\/2024\/05\/Samba-Thiam-nb.jpg&#8221; title_text=&#8221;Samba-Thiam-nb&#8221; align_tablet=&#8221;center&#8221; align_phone=&#8221;&#8221; align_last_edited=&#8221;on|desktop&#8221; module_class=&#8221;zoom-image&#8221; _builder_version=&#8221;4.25.1&#8243; custom_margin=&#8221;0px|0px|20px|0px&#8221; custom_margin_tablet=&#8221;|||0px|false|false&#8221; custom_margin_phone=&#8221;|||0px|false|false&#8221; custom_margin_last_edited=&#8221;on|tablet&#8221; custom_padding=&#8221;0px|0px|0px|0px&#8221; filter_sepia=&#8221;30%&#8221; animation_style=&#8221;fade&#8221; animation_delay=&#8221;100ms&#8221; border_width_bottom=&#8221;6px&#8221; border_style_bottom=&#8221;inset&#8221; locked=&#8221;off&#8221; global_colors_info=&#8221;{}&#8221; border_radii__hover_enabled=&#8221;on&#8221; border_width_bottom__hover_enabled=&#8221;on|hover&#8221; border_color_bottom__hover_enabled=&#8221;on|hover&#8221; border_color_bottom__hover=&#8221;#CEB200&#8243; border_radii__hover=&#8221;||||&#8221; border_width_bottom__hover=&#8221;6px&#8221;][\/et_pb_image][et_pb_text _builder_version=&#8221;4.25.1&#8243; text_font=&#8221;||||||||&#8221; text_text_color=&#8221;#7a7a7a&#8221; text_font_size=&#8221;13px&#8221; header_font=&#8221;||||||||&#8221; header_4_font=&#8221;Montserrat|700|||||||&#8221; custom_margin=&#8221;0px|0px|0px|0px&#8221; custom_padding=&#8221;0px|0px|5px|0px|false|false&#8221; custom_padding_tablet=&#8221;|||0px|false|false&#8221; custom_padding_phone=&#8221;|||0px|false|false&#8221; custom_padding_last_edited=&#8221;on|tablet&#8221; animation_style=&#8221;fade&#8221; animation_delay=&#8221;100ms&#8221; locked=&#8221;off&#8221; global_colors_info=&#8221;{}&#8221; header_4_text_color__hover_enabled=&#8221;on&#8221; header_4_text_color__hover=&#8221;#4dbdc6&#8243;]<\/p>\n<p><span style=\"color: #e4e46f;\"><strong>Speaker<\/strong><\/span><\/p>\n<p>[\/et_pb_text][et_pb_text content_tablet=&#8221;<\/p>\n<h4><span style=%22color: #ffffff;%22><span style=%22color: #333333;%22>Samba<br \/>THIAM<\/span><span style=%22text-decoration: underline;%22><br \/><\/span><\/span><\/h4>\n<p><span style=%22color: #ffffff;%22>Samba Thiam holds a Doctor\u2019s degree in Sports law from the Aix-Marseille University in France, as well as an international master\u2019s degree in business law and is completing the final step of becoming an attorney at the Paris Bar. Dr. Thiam continues research on topics related to sports law and regularly publishes articles and contributions to academic and encyclopedic publications both in France and internationally. He intervenes on topics related to his research and is involved in various projects in Senegal, his country of origin.<a href=%22https:\/\/cnosf.franceolympique.com\/cnosf\/%22 data-et-target-link=%22_blank%22 rel=%22noopener%22 style=%22color: #ffffff;%22><span style=%22text-decoration: underline;%22><strong><\/strong><\/span><\/a><\/span><\/p>\n<p>&#8221; content_phone=&#8221;<\/p>\n<h4><span style=%22color: #ffffff;%22><span style=%22color: #333333;%22>Samba THIAM<\/span><span style=%22text-decoration: underline;%22><br \/><\/span><\/span><\/h4>\n<p><span style=%22color: #ffffff;%22>Samba Thiam holds a Doctor\u2019s degree in Sports law from the Aix-Marseille University in France, as well as an international master\u2019s degree in business law and is completing the final step of becoming an attorney at the Paris Bar. Dr. Thiam continues research on topics related to sports law and regularly publishes articles and contributions to academic and encyclopedic publications both in France and internationally. He intervenes on topics related to his research and is involved in various projects in Senegal, his country of origin.<a href=%22https:\/\/cnosf.franceolympique.com\/cnosf\/%22 data-et-target-link=%22_blank%22 rel=%22noopener%22 style=%22color: #ffffff;%22><span style=%22text-decoration: underline;%22><strong><\/strong><\/span><\/a><\/span><\/p>\n<p>&#8221; content_last_edited=&#8221;on|tablet&#8221; _builder_version=&#8221;4.25.1&#8243; text_font=&#8221;||||||||&#8221; text_font_size=&#8221;13px&#8221; header_font=&#8221;||||||||&#8221; header_4_font=&#8221;Montserrat|700|||||||&#8221; custom_margin=&#8221;0px|0px|0px|0px&#8221; custom_margin_tablet=&#8221;|||0px|false|false&#8221; custom_margin_phone=&#8221;|||0px|false|false&#8221; custom_margin_last_edited=&#8221;on|phone&#8221; custom_padding=&#8221;0px|0px|5px|0px&#8221; custom_padding_tablet=&#8221;|||0px|false|false&#8221; custom_padding_phone=&#8221;|||0px|false|false&#8221; custom_padding_last_edited=&#8221;on|tablet&#8221; animation_style=&#8221;fade&#8221; animation_delay=&#8221;100ms&#8221; locked=&#8221;off&#8221; global_colors_info=&#8221;{}&#8221; header_4_text_color__hover_enabled=&#8221;off|hover&#8221; header_4_text_color__hover=&#8221;#4dbdc6&#8243;]<\/p>\n<h4><span style=\"color: #ffffff;\"><span style=\"color: #333333;\">Samba THIAM<\/span><span style=\"text-decoration: underline;\"><br \/><\/span><\/span><\/h4>\n<p><span style=\"color: #ffffff;\">Samba Thiam holds a Doctor\u2019s degree in Sports law from the Aix-Marseille University in France, as well as an international master\u2019s degree in business law and is completing the final step of becoming an attorney at the Paris Bar. Dr. Thiam continues research on topics related to sports law and regularly publishes articles and contributions to academic and encyclopedic publications both in France and internationally. He intervenes on topics related to his research and is involved in various projects in Senegal, his country of origin.<a href=\"https:\/\/cnosf.franceolympique.com\/cnosf\/\" target=\"_blank\" rel=\"noopener\" style=\"color: #ffffff;\"><span style=\"text-decoration: underline;\"><strong><\/strong><\/span><\/a><\/span><\/p>\n<p>[\/et_pb_text][\/et_pb_column][et_pb_column type=&#8221;1_4&#8243; _builder_version=&#8221;4.16&#8243; custom_padding=&#8221;|||&#8221; global_colors_info=&#8221;{}&#8221; custom_padding__hover=&#8221;|||&#8221;][et_pb_image src=&#8221;https:\/\/football-legal.com\/conference\/wp-content\/uploads\/2024\/05\/fond-vide.png&#8221; title_text=&#8221;fond-vide&#8221; disabled_on=&#8221;on|off|off&#8221; _builder_version=&#8221;4.25.1&#8243; _module_preset=&#8221;default&#8221; global_colors_info=&#8221;{}&#8221;][\/et_pb_image][\/et_pb_column][\/et_pb_row][\/et_pb_section][et_pb_section fb_built=&#8221;1&#8243; disabled_on=&#8221;on|on|on&#8221; module_id=&#8221;registration&#8221; _builder_version=&#8221;4.25.2&#8243; background_enable_color=&#8221;off&#8221; background_image=&#8221;https:\/\/football-legal.com\/conference\/wp-content\/uploads\/2024\/05\/flc-africa-visuel-2.jpg&#8221; parallax=&#8221;on&#8221; background_blend=&#8221;multiply&#8221; custom_padding=&#8221;200px|0|250px|0px|false|false&#8221; animation_style=&#8221;fade&#8221; animation_delay=&#8221;100ms&#8221; disabled=&#8221;on&#8221; global_colors_info=&#8221;{}&#8221;][et_pb_row _builder_version=&#8221;4.16&#8243; custom_padding=&#8221;0|0px|0|0px|false|false&#8221; use_custom_width=&#8221;on&#8221; width_unit=&#8221;off&#8221; global_colors_info=&#8221;{}&#8221;][et_pb_column type=&#8221;4_4&#8243; _builder_version=&#8221;4.16&#8243; custom_padding=&#8221;|||&#8221; global_colors_info=&#8221;{}&#8221; custom_padding__hover=&#8221;|||&#8221;][et_pb_text content_tablet=&#8221;<\/p>\n<h1 style=%22text-align: center;%22><span style=%22text-decoration: underline;%22><strong>Registration<\/strong><\/span><\/h1>\n<p style=%22text-align: center;%22><strong>Access to both days of the event:<br \/><\/strong><br \/><span style=%22text-decoration: underline;%22><strong>Price:<\/strong><\/span><\/p>\n<h4 style=%22text-align: center;%22>\u20ac150<\/h4>\n<h4 style=%22text-align: center;%22><strong><\/strong><\/h4>\n<p>&#8221; content_phone=&#8221;<\/p>\n<h1 style=%22text-align: center;%22><span style=%22text-decoration: underline;%22><strong>Registration<\/strong><\/span><\/h1>\n<p style=%22text-align: center;%22><strong>Access to both days<br \/>of the event:<br \/><\/strong><br \/><span style=%22text-decoration: underline;%22><strong>Price:<\/strong><\/span><\/p>\n<h4 style=%22text-align: center;%22>\u20ac150<strong><\/strong><\/h4>\n<p>&#8221; content_last_edited=&#8221;on|phone&#8221; _builder_version=&#8221;4.25.1&#8243; text_font=&#8221;||||||||&#8221; text_text_color=&#8221;#ffffff&#8221; text_font_size=&#8221;19px&#8221; text_line_height=&#8221;1.9em&#8221; header_font=&#8221;Montserrat|700||on|||||&#8221; header_text_align=&#8221;center&#8221; header_text_color=&#8221;#ffffff&#8221; header_font_size=&#8221;40px&#8221; header_4_font=&#8221;Montserrat|800|||||||&#8221; header_4_text_color=&#8221;#ffffff&#8221; header_4_font_size=&#8221;75px&#8221; text_orientation=&#8221;center&#8221; custom_margin=&#8221;||20px&#8221; animation_style=&#8221;fade&#8221; animation_delay=&#8221;100ms&#8221; header_font_size_tablet=&#8221;&#8221; header_font_size_phone=&#8221;30px&#8221; header_font_size_last_edited=&#8221;on|phone&#8221; global_colors_info=&#8221;{}&#8221;]<\/p>\n<h1 style=\"text-align: center;\"><span style=\"text-decoration: underline;\"><strong>Registration<\/strong><\/span><\/h1>\n<p style=\"text-align: center;\"><strong>Access to both days of the event:<\/strong><br \/><span style=\"text-decoration: underline;\"><strong><br \/>Price:<\/strong><\/span><\/p>\n<h4 style=\"text-align: center;\">\u20ac150<strong><\/strong><\/h4>\n<p>[\/et_pb_text][et_pb_button button_url=&#8221;https:\/\/my.weezevent.com\/football-legal-conference-africa-2024&#8243; url_new_window=&#8221;on&#8221; button_text=&#8221;REGISTER&#8221; button_alignment=&#8221;center&#8221; _builder_version=&#8221;4.25.1&#8243; custom_button=&#8221;on&#8221; button_text_size=&#8221;25px&#8221; button_text_color=&#8221;#ffffff&#8221; button_bg_color=&#8221;#3E2814&#8243; button_border_width=&#8221;7px&#8221; button_border_color=&#8221;#3E2814&#8243; button_border_radius=&#8221;0px&#8221; button_font=&#8221;Montserrat|700|||||||&#8221; button_use_icon=&#8221;off&#8221; custom_margin=&#8221;0px||0px&#8221; custom_padding=&#8221;0px|20px|0px|20px&#8221; animation_style=&#8221;fade&#8221; animation_delay=&#8221;100ms&#8221; locked=&#8221;off&#8221; global_colors_info=&#8221;{}&#8221; button_text_size__hover_enabled=&#8221;off&#8221; button_one_text_size__hover_enabled=&#8221;off&#8221; button_two_text_size__hover_enabled=&#8221;off&#8221; button_text_color__hover_enabled=&#8221;off&#8221; button_one_text_color__hover_enabled=&#8221;off&#8221; button_two_text_color__hover_enabled=&#8221;off&#8221; button_border_width__hover_enabled=&#8221;off&#8221; button_one_border_width__hover_enabled=&#8221;off&#8221; button_two_border_width__hover_enabled=&#8221;off&#8221; button_border_color__hover_enabled=&#8221;off&#8221; button_one_border_color__hover_enabled=&#8221;off&#8221; button_two_border_color__hover_enabled=&#8221;off&#8221; button_border_radius__hover_enabled=&#8221;off&#8221; button_one_border_radius__hover_enabled=&#8221;off&#8221; button_two_border_radius__hover_enabled=&#8221;off&#8221; button_letter_spacing__hover_enabled=&#8221;off&#8221; button_one_letter_spacing__hover_enabled=&#8221;off&#8221; button_two_letter_spacing__hover_enabled=&#8221;off&#8221; button_bg_color__hover_enabled=&#8221;off&#8221; button_one_bg_color__hover_enabled=&#8221;off&#8221; button_two_bg_color__hover_enabled=&#8221;off&#8221;][\/et_pb_button][et_pb_text _builder_version=&#8221;4.25.1&#8243; text_font=&#8221;||||||||&#8221; text_text_color=&#8221;#ffffff&#8221; text_font_size=&#8221;13px&#8221; text_line_height=&#8221;1.9em&#8221; header_font=&#8221;Montserrat|700||on|||||&#8221; header_text_align=&#8221;center&#8221; header_text_color=&#8221;#ffffff&#8221; header_font_size=&#8221;45px&#8221; header_4_font=&#8221;Montserrat|800|||||||&#8221; header_4_text_color=&#8221;#ffffff&#8221; header_4_font_size=&#8221;75px&#8221; text_orientation=&#8221;center&#8221; custom_margin=&#8221;40px||&#8221; animation_style=&#8221;fade&#8221; animation_delay=&#8221;100ms&#8221; global_colors_info=&#8221;{}&#8221;]<\/p>\n<p><strong>Registration for the FLC Africa 2024 is non-refundable.<\/strong><br \/><strong>On the day of the event, you must bring this admission ticket to the FLC Africa 2024 and a form of identification.<\/strong><\/p>\n<p>[\/et_pb_text][\/et_pb_column][\/et_pb_row][\/et_pb_section][et_pb_section fb_built=&#8221;1&#8243; disabled_on=&#8221;on|on|on&#8221; module_id=&#8221;partners&#8221; _builder_version=&#8221;4.25.2&#8243; background_color=&#8221;#ededed&#8221; custom_margin=&#8221;||||false|false&#8221; custom_padding=&#8221;80px|0px|80px|0px|false|false&#8221; disabled=&#8221;on&#8221; locked=&#8221;off&#8221; global_colors_info=&#8221;{}&#8221;][et_pb_row _builder_version=&#8221;4.16&#8243; custom_margin=&#8221;|||&#8221; custom_padding=&#8221;0px|0px|27px|0px|false|false&#8221; global_colors_info=&#8221;{}&#8221;][et_pb_column type=&#8221;4_4&#8243; _builder_version=&#8221;4.16&#8243; custom_padding=&#8221;|||&#8221; global_colors_info=&#8221;{}&#8221; custom_padding__hover=&#8221;|||&#8221;][et_pb_text _builder_version=&#8221;4.25.1&#8243; text_font=&#8221;||||||||&#8221; header_font=&#8221;Montserrat|700|||||||&#8221; header_text_align=&#8221;center&#8221; header_font_size=&#8221;40px&#8221; header_2_font=&#8221;Montserrat|700|||||||&#8221; header_2_text_align=&#8221;center&#8221; header_2_text_color=&#8221;#21212a&#8221; header_2_font_size=&#8221;40px&#8221; header_2_line_height=&#8221;1.3em&#8221; max_width=&#8221;700px&#8221; module_alignment=&#8221;center&#8221; custom_margin=&#8221;|||&#8221; animation_style=&#8221;fade&#8221; animation_delay=&#8221;100ms&#8221; header_font_size_tablet=&#8221;&#8221; header_font_size_phone=&#8221;30px&#8221; header_font_size_last_edited=&#8221;on|desktop&#8221; global_colors_info=&#8221;{}&#8221;]<\/p>\n<h1>Partners<span style=\"color: #299f53;\"><br \/><\/span><\/h1>\n<p>[\/et_pb_text][\/et_pb_column][\/et_pb_row][et_pb_row column_structure=&#8221;1_2,1_2&#8243; admin_label=&#8221;Sponsors&#8221; _builder_version=&#8221;4.25.1&#8243; background_color=&#8221;#ffffff&#8221; background_enable_image=&#8221;off&#8221; custom_margin=&#8221;|||&#8221; animation_style=&#8221;fade&#8221; animation_delay=&#8221;100ms&#8221; locked=&#8221;off&#8221; global_colors_info=&#8221;{}&#8221;][et_pb_column type=&#8221;1_2&#8243; _builder_version=&#8221;4.25.1&#8243; background_image=&#8221;https:\/\/football-legal.com\/conference\/wp-content\/uploads\/2024\/05\/logo-morgan-sports-law.jpg&#8221; background_size=&#8221;contain&#8221; custom_padding=&#8221;|||&#8221; global_colors_info=&#8221;{}&#8221; custom_padding__hover=&#8221;|||&#8221;][et_pb_image src=&#8221;https:\/\/football-legal.com\/conference\/wp-content\/uploads\/2024\/05\/logo-morgan-sports-law.jpg&#8221; title_text=&#8221;logo-morgan-sports-law&#8221; url=&#8221;https:\/\/morgansl.com\/en&#8221; url_new_window=&#8221;on&#8221; align=&#8221;center&#8221; align_tablet=&#8221;center&#8221; align_phone=&#8221;&#8221; align_last_edited=&#8221;on|desktop&#8221; _builder_version=&#8221;4.25.1&#8243; width=&#8221;45%&#8221; width_tablet=&#8221;22%&#8221; width_phone=&#8221;80%&#8221; width_last_edited=&#8221;on|phone&#8221; max_width_tablet=&#8221;50%&#8221; max_width_phone=&#8221;35%&#8221; max_width_last_edited=&#8221;off|desktop&#8221; filter_saturate=&#8221;0%&#8221; animation_style=&#8221;fade&#8221; animation_delay=&#8221;50ms&#8221; hover_transition_duration=&#8221;100ms&#8221; global_colors_info=&#8221;{}&#8221; filter_opacity__hover_enabled=&#8221;on&#8221; filter_opacity__hover=&#8221;0%&#8221;][\/et_pb_image][\/et_pb_column][et_pb_column type=&#8221;1_2&#8243; _builder_version=&#8221;4.25.1&#8243; background_image=&#8221;https:\/\/football-legal.com\/conference\/wp-content\/uploads\/2024\/05\/logo-guilex-avocats.jpg&#8221; background_size=&#8221;contain&#8221; custom_padding=&#8221;|||&#8221; global_colors_info=&#8221;{}&#8221; custom_padding__hover=&#8221;|||&#8221;][et_pb_image src=&#8221;https:\/\/football-legal.com\/conference\/wp-content\/uploads\/2024\/05\/logo-guilex-avocats.jpg&#8221; title_text=&#8221;logo-guilex-avocats&#8221; url=&#8221;https:\/\/guilex-avocats.com\/&#8221; url_new_window=&#8221;on&#8221; align=&#8221;center&#8221; align_tablet=&#8221;center&#8221; align_phone=&#8221;&#8221; align_last_edited=&#8221;on|desktop&#8221; _builder_version=&#8221;4.25.1&#8243; width=&#8221;45%&#8221; width_tablet=&#8221;22%&#8221; width_phone=&#8221;80%&#8221; width_last_edited=&#8221;on|phone&#8221; max_width_tablet=&#8221;50%&#8221; max_width_phone=&#8221;35%&#8221; max_width_last_edited=&#8221;off|desktop&#8221; filter_saturate=&#8221;0%&#8221; animation_style=&#8221;fade&#8221; animation_delay=&#8221;50ms&#8221; hover_transition_duration=&#8221;100ms&#8221; locked=&#8221;off&#8221; global_colors_info=&#8221;{}&#8221; filter_opacity__hover_enabled=&#8221;on&#8221; filter_opacity__hover=&#8221;0%&#8221;][\/et_pb_image][\/et_pb_column][\/et_pb_row][et_pb_row disabled_on=&#8221;on|on|on&#8221; _builder_version=&#8221;4.25.1&#8243; custom_margin=&#8221;|||&#8221; custom_padding=&#8221;40px|0px|27px|0px|false|false&#8221; disabled=&#8221;on&#8221; global_colors_info=&#8221;{}&#8221;][et_pb_column type=&#8221;4_4&#8243; _builder_version=&#8221;4.16&#8243; custom_padding=&#8221;|||&#8221; global_colors_info=&#8221;{}&#8221; custom_padding__hover=&#8221;|||&#8221;][et_pb_text _builder_version=&#8221;4.25.0&#8243; text_font=&#8221;||||||||&#8221; header_font=&#8221;Montserrat|700|||||||&#8221; header_text_align=&#8221;center&#8221; header_font_size=&#8221;40px&#8221; header_2_font=&#8221;Montserrat|700|||||||&#8221; header_2_text_align=&#8221;center&#8221; header_2_text_color=&#8221;#21212a&#8221; header_2_font_size=&#8221;40px&#8221; header_2_line_height=&#8221;1.3em&#8221; max_width=&#8221;700px&#8221; module_alignment=&#8221;center&#8221; custom_margin=&#8221;|||&#8221; animation_style=&#8221;fade&#8221; animation_delay=&#8221;100ms&#8221; header_font_size_tablet=&#8221;&#8221; header_font_size_phone=&#8221;30px&#8221; header_font_size_last_edited=&#8221;on|desktop&#8221; global_colors_info=&#8221;{}&#8221;]<\/p>\n<h1>Media Partners<\/h1>\n<p>[\/et_pb_text][\/et_pb_column][\/et_pb_row][et_pb_row disabled_on=&#8221;on|on|on&#8221; admin_label=&#8221;Sponsors&#8221; _builder_version=&#8221;4.25.1&#8243; background_color=&#8221;#ffffff&#8221; background_enable_image=&#8221;off&#8221; custom_margin=&#8221;|||&#8221; animation_style=&#8221;fade&#8221; animation_delay=&#8221;100ms&#8221; disabled=&#8221;on&#8221; locked=&#8221;off&#8221; global_colors_info=&#8221;{}&#8221;][et_pb_column type=&#8221;4_4&#8243; _builder_version=&#8221;4.25.1&#8243; background_image=&#8221;https:\/\/football-legal.com\/conference\/wp-content\/uploads\/2024\/05\/logo-morgan-sports-law.jpg&#8221; background_size=&#8221;contain&#8221; custom_padding=&#8221;|||&#8221; global_colors_info=&#8221;{}&#8221; custom_padding__hover=&#8221;|||&#8221;][et_pb_image src=&#8221;https:\/\/football-legal.com\/conference\/wp-content\/uploads\/2024\/05\/logo-morgan-sports-law.jpg&#8221; title_text=&#8221;logo-morgan-sports-law&#8221; url=&#8221;https:\/\/morgansl.com\/en&#8221; url_new_window=&#8221;on&#8221; align=&#8221;center&#8221; align_tablet=&#8221;center&#8221; align_phone=&#8221;&#8221; align_last_edited=&#8221;on|desktop&#8221; _builder_version=&#8221;4.25.1&#8243; width=&#8221;22%&#8221; width_tablet=&#8221;22%&#8221; width_phone=&#8221;80%&#8221; width_last_edited=&#8221;on|phone&#8221; max_width_tablet=&#8221;50%&#8221; max_width_phone=&#8221;35%&#8221; max_width_last_edited=&#8221;off|desktop&#8221; filter_saturate=&#8221;0%&#8221; animation_style=&#8221;fade&#8221; animation_delay=&#8221;50ms&#8221; hover_transition_duration=&#8221;100ms&#8221; global_colors_info=&#8221;{}&#8221; filter_opacity__hover_enabled=&#8221;on&#8221; filter_opacity__hover=&#8221;0%&#8221;][\/et_pb_image][\/et_pb_column][\/et_pb_row][et_pb_row column_structure=&#8221;1_3,1_3,1_3&#8243; disabled_on=&#8221;on|on|on&#8221; admin_label=&#8221;Sponsors&#8221; _builder_version=&#8221;4.25.1&#8243; background_color=&#8221;#ffffff&#8221; custom_margin=&#8221;|||&#8221; animation_style=&#8221;fade&#8221; animation_delay=&#8221;100ms&#8221; pac_drh_column_numbers_tablet=&#8221;pac_drh_tab_col_three&#8221; pac_drh_column_numbers_phone=&#8221;pac_drh_phone_col_one&#8221; disabled=&#8221;on&#8221; global_colors_info=&#8221;{}&#8221;][et_pb_column type=&#8221;1_3&#8243; _builder_version=&#8221;4.24.2&#8243; background_image=&#8221;https:\/\/football-legal.com\/conference\/wp-content\/uploads\/2024\/04\/logo-cabinet-atfield.jpg&#8221; background_size=&#8221;contain&#8221; custom_padding=&#8221;|||&#8221; global_colors_info=&#8221;{}&#8221; custom_padding__hover=&#8221;|||&#8221;][et_pb_image src=&#8221;https:\/\/football-legal.com\/conference\/wp-content\/uploads\/2024\/04\/logo-cabinet-atfield.jpg&#8221; title_text=&#8221;logo-cabinet-atfield&#8221; url=&#8221;https:\/\/www.atfield.be\/&#8221; url_new_window=&#8221;on&#8221; align=&#8221;center&#8221; align_tablet=&#8221;center&#8221; align_phone=&#8221;&#8221; align_last_edited=&#8221;on|desktop&#8221; _builder_version=&#8221;4.24.2&#8243; width=&#8221;75%&#8221; max_width_tablet=&#8221;50%&#8221; max_width_phone=&#8221;35%&#8221; max_width_last_edited=&#8221;off|desktop&#8221; filter_saturate=&#8221;0%&#8221; animation_style=&#8221;fade&#8221; animation_delay=&#8221;150ms&#8221; hover_transition_duration=&#8221;100ms&#8221; global_colors_info=&#8221;{}&#8221; filter_opacity__hover_enabled=&#8221;on&#8221; filter_opacity__hover=&#8221;0%&#8221; filter_brightness__hover_enabled=&#8221;off|hover&#8221; filter_brightness__hover=&#8221;100%&#8221;][\/et_pb_image][\/et_pb_column][et_pb_column type=&#8221;1_3&#8243; _builder_version=&#8221;4.23.2&#8243; background_image=&#8221;https:\/\/football-legal.com\/conference\/wp-content\/uploads\/2023\/12\/logo-unfp.jpg&#8221; background_size=&#8221;contain&#8221; custom_padding=&#8221;|||&#8221; global_colors_info=&#8221;{}&#8221; custom_padding__hover=&#8221;|||&#8221;][et_pb_image src=&#8221;https:\/\/football-legal.com\/conference\/wp-content\/uploads\/2023\/12\/logo-unfp.jpg&#8221; title_text=&#8221;logo-unfp&#8221; url=&#8221;https:\/\/www.unfp.org\/&#8221; url_new_window=&#8221;on&#8221; align=&#8221;center&#8221; align_tablet=&#8221;center&#8221; align_phone=&#8221;&#8221; align_last_edited=&#8221;on|desktop&#8221; _builder_version=&#8221;4.23.2&#8243; width=&#8221;75%&#8221; max_width_tablet=&#8221;50%&#8221; max_width_phone=&#8221;35%&#8221; max_width_last_edited=&#8221;off|desktop&#8221; filter_saturate=&#8221;0%&#8221; animation_style=&#8221;fade&#8221; animation_delay=&#8221;100ms&#8221; hover_transition_duration=&#8221;100ms&#8221; global_colors_info=&#8221;{}&#8221; filter_opacity__hover_enabled=&#8221;on&#8221; filter_opacity__hover=&#8221;0%&#8221; filter_saturate__hover_enabled=&#8221;off|desktop&#8221;][\/et_pb_image][\/et_pb_column][et_pb_column type=&#8221;1_3&#8243; _builder_version=&#8221;4.23.2&#8243; background_image=&#8221;https:\/\/football-legal.com\/conference\/wp-content\/uploads\/2023\/12\/logo-cabinet-bslaw.jpg&#8221; background_size=&#8221;contain&#8221; custom_padding=&#8221;|||&#8221; global_colors_info=&#8221;{}&#8221; custom_padding__hover=&#8221;|||&#8221;][et_pb_image src=&#8221;https:\/\/football-legal.com\/conference\/wp-content\/uploads\/2023\/12\/logo-cabinet-bslaw.jpg&#8221; title_text=&#8221;logo-cabinet-bslaw&#8221; url=&#8221;https:\/\/www.bslawparis.com\/&#8221; url_new_window=&#8221;on&#8221; align=&#8221;center&#8221; _builder_version=&#8221;4.23.2&#8243; width=&#8221;75%&#8221; filter_saturate=&#8221;0%&#8221; global_colors_info=&#8221;{}&#8221; filter_opacity__hover_enabled=&#8221;on&#8221; filter_opacity__hover=&#8221;0%&#8221;][\/et_pb_image][\/et_pb_column][\/et_pb_row][\/et_pb_section][et_pb_section fb_built=&#8221;1&#8243; custom_padding_last_edited=&#8221;on|desktop&#8221; admin_label=&#8221;hero section&#8221; module_id=&#8221;newsletter&#8221; _builder_version=&#8221;4.25.0&#8243; custom_margin=&#8221;|||&#8221; custom_padding=&#8221;80px||100px||false|false&#8221; custom_padding_tablet=&#8221;40px||100px||false|false&#8221; custom_padding_phone=&#8221;40px||||false|false&#8221; locked=&#8221;off&#8221; global_colors_info=&#8221;{}&#8221;][et_pb_row _builder_version=&#8221;4.16&#8243; custom_padding=&#8221;0px|0px|0|0px|false|false&#8221; global_colors_info=&#8221;{}&#8221;][et_pb_column type=&#8221;4_4&#8243; _builder_version=&#8221;4.16&#8243; custom_padding=&#8221;|||&#8221; global_colors_info=&#8221;{}&#8221; custom_padding__hover=&#8221;|||&#8221;][et_pb_text _builder_version=&#8221;4.25.0&#8243; header_font=&#8221;Montserrat|700|||||||&#8221; header_text_color=&#8221;#000000&#8243; header_font_size=&#8221;40px&#8221; header_2_font=&#8221;Montserrat|700|||||||&#8221; header_2_text_color=&#8221;#000000&#8243; header_2_font_size=&#8221;25px&#8221; custom_padding=&#8221;||&#8221; locked=&#8221;off&#8221; global_colors_info=&#8221;{}&#8221;]<\/p>\n<h1>Stay tuned<\/h1>\n<p>Subscribe for free to the <strong>Football Legal Conference AFRICA newsletter<\/strong> to receive all the latest news on the event.<\/p>\n<p>*Required fields<\/p>\n<p>[\/et_pb_text][\/et_pb_column][\/et_pb_row][et_pb_row use_custom_gutter=&#8221;on&#8221; admin_label=&#8221;title and illustration&#8221; _builder_version=&#8221;4.16&#8243; background_size=&#8221;initial&#8221; background_position=&#8221;top_left&#8221; background_repeat=&#8221;repeat&#8221; custom_padding=&#8221;||0||false|false&#8221; global_colors_info=&#8221;{}&#8221;][et_pb_column type=&#8221;4_4&#8243; _builder_version=&#8221;4.16&#8243; custom_padding=&#8221;|||&#8221; global_colors_info=&#8221;{}&#8221; custom_padding__hover=&#8221;|||&#8221;][et_pb_contact_form use_spam_service=&#8221;on&#8221; recaptcha_list=&#8221;GRAPHIK SHAKER V3-0&#8243; email=&#8221;contact@droitdusport.com&#8221; use_redirect=&#8221;on&#8221; redirect_url=&#8221;https:\/\/football-legal.com\/conference\/confirmation-subscription-newsletter\/&#8221; success_message=&#8221;Your request has been accepted. Thank you.&#8221; submit_button_text=&#8221;Receive the newsletter&#8221; module_id=&#8221;et_pb_contact_form_0&#8243; _builder_version=&#8221;4.25.1&#8243; _unique_id=&#8221;75a6f983-3856-44b7-b97c-680d8fa7eaa5&#8243; form_field_background_color=&#8221;#ededed&#8221; title_level=&#8221;h2&#8243; title_font=&#8221;Montserrat|700|||||||&#8221; title_text_color=&#8221;#000000&#8243; title_font_size=&#8221;25px&#8221; title_line_height=&#8221;1.7em&#8221; form_field_font=&#8221;||||||||&#8221; custom_button=&#8221;on&#8221; button_text_size=&#8221;16px&#8221; button_text_color=&#8221;#ffffff&#8221; button_bg_color=&#8221;#299F53&#8243; button_border_width=&#8221;0px&#8221; button_border_color=&#8221;#edf000&#8243; button_border_radius=&#8221;0px&#8221; button_letter_spacing=&#8221;0px&#8221; button_font=&#8221;Montserrat|700|||||||&#8221; button_icon=&#8221;&#x45;||divi||400&#8243; custom_padding=&#8221;0px|0px|0px|0px&#8221; link_option_url_new_window=&#8221;on&#8221; button_letter_spacing_tablet=&#8221;&#8221; button_letter_spacing_phone=&#8221;&#8221; button_letter_spacing_last_edited=&#8221;on|desktop&#8221; form_background_color=&#8221;#ededed&#8221; locked=&#8221;off&#8221; global_colors_info=&#8221;{}&#8221;][et_pb_contact_field field_id=&#8221;E-mail&#8221; field_title=&#8221;E-mail address*&#8221; fullwidth_field=&#8221;on&#8221; _builder_version=&#8221;4.25.0&#8243; form_field_font=&#8221;||||||||&#8221; global_colors_info=&#8221;{}&#8221;][\/et_pb_contact_field][et_pb_contact_field field_id=&#8221;First_and_Last_name&#8221; field_title=&#8221;First and last name*&#8221; fullwidth_field=&#8221;on&#8221; _builder_version=&#8221;4.25.0&#8243; global_colors_info=&#8221;{}&#8221;][\/et_pb_contact_field][et_pb_contact_field field_id=&#8221;Company&#8221; field_title=&#8221;Company&#8221; required_mark=&#8221;off&#8221; fullwidth_field=&#8221;on&#8221; _builder_version=&#8221;4.25.0&#8243; global_colors_info=&#8221;{}&#8221;][\/et_pb_contact_field][et_pb_contact_field field_id=&#8221;Position&#8221; field_title=&#8221;Position&#8221; required_mark=&#8221;off&#8221; fullwidth_field=&#8221;on&#8221; _builder_version=&#8221;4.25.0&#8243; global_colors_info=&#8221;{}&#8221;][\/et_pb_contact_field][et_pb_contact_field field_id=&#8221;Phone&#8221; field_title=&#8221;Phone number&#8221; required_mark=&#8221;off&#8221; fullwidth_field=&#8221;on&#8221; _builder_version=&#8221;4.25.0&#8243; global_colors_info=&#8221;{}&#8221;][\/et_pb_contact_field][et_pb_contact_field field_id=&#8221;RGPD&#8221; field_title=&#8221;Confidentiality*&#8221; field_type=&#8221;checkbox&#8221; checkbox_options=&#8221;%91{%22value%22:%22I agree to receive this newsletter and understand that I can easily unsubscribe at any time. I have read and accept your Privacy Policy.%22,%22checked%22:0,%22dragID%22:-1,%22link_url%22:%22%22}%93&#8243; fullwidth_field=&#8221;on&#8221; _builder_version=&#8221;4.25.0&#8243; global_colors_info=&#8221;{}&#8221;][\/et_pb_contact_field][\/et_pb_contact_form][\/et_pb_column][\/et_pb_row][\/et_pb_section][et_pb_section fb_built=&#8221;1&#8243; fullwidth=&#8221;on&#8221; admin_label=&#8221;Map Section&#8221; module_id=&#8221;location&#8221; _builder_version=&#8221;4.25.0&#8243; border_color_all=&#8221;#ffba60&#8243; border_width_left=&#8221;0vw&#8221; border_color_left=&#8221;#173E49&#8243; locked=&#8221;off&#8221; global_colors_info=&#8221;{}&#8221;][et_pb_fullwidth_map google_api_key=&#8221;AIzaSyCz6avCBjvBFbMjuQPJ5voErA_NNw8o-Yk&#8221; address=&#8221;1 Avenue Narvick, Yaound\u00e9 2659, Cameroun&#8221; zoom_level=&#8221;13&#8243; address_lat=&#8221;3.8703937162538&#8243; address_lng=&#8221;11.51436305223&#8243; mouse_wheel=&#8221;off&#8221; use_grayscale_filter=&#8221;on&#8221; grayscale_filter_amount=&#8221;30&#8243; _builder_version=&#8221;4.25.0&#8243; min_height=&#8221;650px&#8221; height=&#8221;650px&#8221; child_filter_saturate=&#8221;20%&#8221; global_colors_info=&#8221;{}&#8221;][et_pb_map_pin title=&#8221;1st Football Legal Conference&#8221; pin_address=&#8221;1 Avenue Narvick, Yaound\u00e9 2659, Cameroun&#8221; zoom_level=&#8221;15&#8243; pin_address_lat=&#8221;3.8713357&#8243; pin_address_lng=&#8221;11.5157065&#8243; _builder_version=&#8221;4.25.0&#8243; global_colors_info=&#8221;{}&#8221;]<\/p>\n<p><span>Djeuga Palace Hotel of Yaound\u00e9<br \/><\/span>1 Avenue Narvick, Yaound\u00e9 2659, Cameroun<\/p>\n<p>[\/et_pb_map_pin][\/et_pb_fullwidth_map][\/et_pb_section]<\/p>\n","protected":false},"excerpt":{"rendered":"<p>The event for African stakeholders in football lawBy participating in FLC AFRICA 2024, you strengthen your expertise in football law and contribute to developing the value of African football! Master applicable law and Football Regulations Develop best practices to secure the activity of players and clubs Identify procedures and remedies to assert the rights of [&hellip;]<\/p>\n","protected":false},"author":2,"featured_media":12,"parent":0,"menu_order":0,"comment_status":"closed","ping_status":"open","template":"","meta":{"_et_pb_use_builder":"on","_et_pb_old_content":"<!-- wp:paragraph -->\n<p>This is an example page. It's different from a blog post because it will stay in one place and will show up in your site navigation (in most themes). Most people start with an About page that introduces them to potential site visitors. It might say something like this:<\/p>\n<!-- \/wp:paragraph -->\n\n<!-- wp:quote -->\n<blockquote class=\"wp-block-quote\"><p>Hi there! I'm a bike messenger by day, aspiring actor by night, and this is my website. I live in Los Angeles, have a great dog named Jack, and I like pi&#241;a coladas. (And gettin' caught in the rain.)<\/p><\/blockquote>\n<!-- \/wp:quote -->\n\n<!-- wp:paragraph -->\n<p>...or something like this:<\/p>\n<!-- \/wp:paragraph -->\n\n<!-- wp:quote -->\n<blockquote class=\"wp-block-quote\"><p>The XYZ Doohickey Company was founded in 1971, and has been providing quality doohickeys to the public ever since. Located in Gotham City, XYZ employs over 2,000 people and does all kinds of awesome things for the Gotham community.<\/p><\/blockquote>\n<!-- \/wp:quote -->\n\n<!-- wp:paragraph -->\n<p>As a new WordPress user, you should go to <a href=\"https:\/\/football-legal.com\/conference\/wp-admin\/\">your dashboard<\/a> to delete this page and create new pages for your content. Have fun!<\/p>\n<!-- \/wp:paragraph -->","_et_gb_content_width":"","footnotes":""},"class_list":["post-2","page","type-page","status-publish","has-post-thumbnail","hentry"],"yoast_head":"<!-- This site is optimized with the Yoast SEO plugin v27.4 - https:\/\/yoast.com\/product\/yoast-seo-wordpress\/ -->\n<title>1st Football Legal Conference<\/title>\n<meta name=\"description\" content=\"Take part in the major sports law symposium to be held at the Djeuga Palace Hotel in Yaound\u00e9, Cameroon, on 17 and 18 June 2024.\" \/>\n<meta name=\"robots\" content=\"index, follow, max-snippet:-1, max-image-preview:large, max-video-preview:-1\" \/>\n<link rel=\"canonical\" href=\"https:\/\/football-legal.com\/conference\/\" \/>\n<meta property=\"og:locale\" content=\"en_US\" \/>\n<meta property=\"og:type\" content=\"article\" \/>\n<meta property=\"og:title\" content=\"1st Football Legal Conference\" \/>\n<meta property=\"og:description\" content=\"Take part in the major sports law symposium to be held at the Djeuga Palace Hotel in Yaound\u00e9, Cameroon, on 17 and 18 June 2024.\" \/>\n<meta property=\"og:url\" content=\"https:\/\/football-legal.com\/conference\/\" \/>\n<meta property=\"og:site_name\" content=\"Football Legal Conference\" \/>\n<meta property=\"article:modified_time\" content=\"2024-06-25T15:40:28+00:00\" \/>\n<meta property=\"og:image\" content=\"https:\/\/football-legal.com\/conference\/wp-content\/uploads\/2024\/05\/header-FL-Conference-Cameroon-tablet.jpg\" \/>\n\t<meta property=\"og:image:width\" content=\"1180\" \/>\n\t<meta property=\"og:image:height\" content=\"1267\" \/>\n\t<meta property=\"og:image:type\" content=\"image\/jpeg\" \/>\n<meta name=\"twitter:card\" content=\"summary_large_image\" \/>\n<meta name=\"twitter:label1\" content=\"Est. reading time\" \/>\n\t<meta name=\"twitter:data1\" content=\"12 minutes\" \/>\n<script type=\"application\/ld+json\" class=\"yoast-schema-graph\">{\"@context\":\"https:\\\/\\\/schema.org\",\"@graph\":[{\"@type\":\"WebPage\",\"@id\":\"https:\\\/\\\/football-legal.com\\\/conference\\\/\",\"url\":\"https:\\\/\\\/football-legal.com\\\/conference\\\/\",\"name\":\"1st Football Legal Conference\",\"isPartOf\":{\"@id\":\"https:\\\/\\\/football-legal.com\\\/conference\\\/#website\"},\"primaryImageOfPage\":{\"@id\":\"https:\\\/\\\/football-legal.com\\\/conference\\\/#primaryimage\"},\"image\":{\"@id\":\"https:\\\/\\\/football-legal.com\\\/conference\\\/#primaryimage\"},\"thumbnailUrl\":\"https:\\\/\\\/football-legal.com\\\/conference\\\/wp-content\\\/uploads\\\/2024\\\/05\\\/header-FL-Conference-Cameroon-tablet.jpg\",\"datePublished\":\"2024-05-14T18:06:20+00:00\",\"dateModified\":\"2024-06-25T15:40:28+00:00\",\"description\":\"Take part in the major sports law symposium to be held at the Djeuga Palace Hotel in Yaound\u00e9, Cameroon, on 17 and 18 June 2024.\",\"breadcrumb\":{\"@id\":\"https:\\\/\\\/football-legal.com\\\/conference\\\/#breadcrumb\"},\"inLanguage\":\"en-US\",\"potentialAction\":[{\"@type\":\"ReadAction\",\"target\":[\"https:\\\/\\\/football-legal.com\\\/conference\\\/\"]}]},{\"@type\":\"ImageObject\",\"inLanguage\":\"en-US\",\"@id\":\"https:\\\/\\\/football-legal.com\\\/conference\\\/#primaryimage\",\"url\":\"https:\\\/\\\/football-legal.com\\\/conference\\\/wp-content\\\/uploads\\\/2024\\\/05\\\/header-FL-Conference-Cameroon-tablet.jpg\",\"contentUrl\":\"https:\\\/\\\/football-legal.com\\\/conference\\\/wp-content\\\/uploads\\\/2024\\\/05\\\/header-FL-Conference-Cameroon-tablet.jpg\",\"width\":1180,\"height\":1267},{\"@type\":\"BreadcrumbList\",\"@id\":\"https:\\\/\\\/football-legal.com\\\/conference\\\/#breadcrumb\",\"itemListElement\":[{\"@type\":\"ListItem\",\"position\":1,\"name\":\"Home\",\"item\":\"https:\\\/\\\/football-legal.com\\\/conference\\\/\"},{\"@type\":\"ListItem\",\"position\":2,\"name\":\"Home\"}]},{\"@type\":\"WebSite\",\"@id\":\"https:\\\/\\\/football-legal.com\\\/conference\\\/#website\",\"url\":\"https:\\\/\\\/football-legal.com\\\/conference\\\/\",\"name\":\"Football Legal Conference\",\"description\":\"1st Football Legal Conference Africa\",\"potentialAction\":[{\"@type\":\"SearchAction\",\"target\":{\"@type\":\"EntryPoint\",\"urlTemplate\":\"https:\\\/\\\/football-legal.com\\\/conference\\\/?s={search_term_string}\"},\"query-input\":{\"@type\":\"PropertyValueSpecification\",\"valueRequired\":true,\"valueName\":\"search_term_string\"}}],\"inLanguage\":\"en-US\"}]}<\/script>\n<!-- \/ Yoast SEO plugin. -->","yoast_head_json":{"title":"1st Football Legal Conference","description":"Take part in the major sports law symposium to be held at the Djeuga Palace Hotel in Yaound\u00e9, Cameroon, on 17 and 18 June 2024.","robots":{"index":"index","follow":"follow","max-snippet":"max-snippet:-1","max-image-preview":"max-image-preview:large","max-video-preview":"max-video-preview:-1"},"canonical":"https:\/\/football-legal.com\/conference\/","og_locale":"en_US","og_type":"article","og_title":"1st Football Legal Conference","og_description":"Take part in the major sports law symposium to be held at the Djeuga Palace Hotel in Yaound\u00e9, Cameroon, on 17 and 18 June 2024.","og_url":"https:\/\/football-legal.com\/conference\/","og_site_name":"Football Legal Conference","article_modified_time":"2024-06-25T15:40:28+00:00","og_image":[{"width":1180,"height":1267,"url":"https:\/\/football-legal.com\/conference\/wp-content\/uploads\/2024\/05\/header-FL-Conference-Cameroon-tablet.jpg","type":"image\/jpeg"}],"twitter_card":"summary_large_image","twitter_misc":{"Est. reading time":"12 minutes"},"schema":{"@context":"https:\/\/schema.org","@graph":[{"@type":"WebPage","@id":"https:\/\/football-legal.com\/conference\/","url":"https:\/\/football-legal.com\/conference\/","name":"1st Football Legal Conference","isPartOf":{"@id":"https:\/\/football-legal.com\/conference\/#website"},"primaryImageOfPage":{"@id":"https:\/\/football-legal.com\/conference\/#primaryimage"},"image":{"@id":"https:\/\/football-legal.com\/conference\/#primaryimage"},"thumbnailUrl":"https:\/\/football-legal.com\/conference\/wp-content\/uploads\/2024\/05\/header-FL-Conference-Cameroon-tablet.jpg","datePublished":"2024-05-14T18:06:20+00:00","dateModified":"2024-06-25T15:40:28+00:00","description":"Take part in the major sports law symposium to be held at the Djeuga Palace Hotel in Yaound\u00e9, Cameroon, on 17 and 18 June 2024.","breadcrumb":{"@id":"https:\/\/football-legal.com\/conference\/#breadcrumb"},"inLanguage":"en-US","potentialAction":[{"@type":"ReadAction","target":["https:\/\/football-legal.com\/conference\/"]}]},{"@type":"ImageObject","inLanguage":"en-US","@id":"https:\/\/football-legal.com\/conference\/#primaryimage","url":"https:\/\/football-legal.com\/conference\/wp-content\/uploads\/2024\/05\/header-FL-Conference-Cameroon-tablet.jpg","contentUrl":"https:\/\/football-legal.com\/conference\/wp-content\/uploads\/2024\/05\/header-FL-Conference-Cameroon-tablet.jpg","width":1180,"height":1267},{"@type":"BreadcrumbList","@id":"https:\/\/football-legal.com\/conference\/#breadcrumb","itemListElement":[{"@type":"ListItem","position":1,"name":"Home","item":"https:\/\/football-legal.com\/conference\/"},{"@type":"ListItem","position":2,"name":"Home"}]},{"@type":"WebSite","@id":"https:\/\/football-legal.com\/conference\/#website","url":"https:\/\/football-legal.com\/conference\/","name":"Football Legal Conference","description":"1st Football Legal Conference Africa","potentialAction":[{"@type":"SearchAction","target":{"@type":"EntryPoint","urlTemplate":"https:\/\/football-legal.com\/conference\/?s={search_term_string}"},"query-input":{"@type":"PropertyValueSpecification","valueRequired":true,"valueName":"search_term_string"}}],"inLanguage":"en-US"}]}},"_links":{"self":[{"href":"https:\/\/football-legal.com\/conference\/wp-json\/wp\/v2\/pages\/2","targetHints":{"allow":["GET"]}}],"collection":[{"href":"https:\/\/football-legal.com\/conference\/wp-json\/wp\/v2\/pages"}],"about":[{"href":"https:\/\/football-legal.com\/conference\/wp-json\/wp\/v2\/types\/page"}],"author":[{"embeddable":true,"href":"https:\/\/football-legal.com\/conference\/wp-json\/wp\/v2\/users\/2"}],"replies":[{"embeddable":true,"href":"https:\/\/football-legal.com\/conference\/wp-json\/wp\/v2\/comments?post=2"}],"version-history":[{"count":64,"href":"https:\/\/football-legal.com\/conference\/wp-json\/wp\/v2\/pages\/2\/revisions"}],"predecessor-version":[{"id":743,"href":"https:\/\/football-legal.com\/conference\/wp-json\/wp\/v2\/pages\/2\/revisions\/743"}],"wp:featuredmedia":[{"embeddable":true,"href":"https:\/\/football-legal.com\/conference\/wp-json\/wp\/v2\/media\/12"}],"wp:attachment":[{"href":"https:\/\/football-legal.com\/conference\/wp-json\/wp\/v2\/media?parent=2"}],"curies":[{"name":"wp","href":"https:\/\/api.w.org\/{rel}","templated":true}]}}