{"id":129,"date":"2024-05-15T16:24:19","date_gmt":"2024-05-15T16:24:19","guid":{"rendered":"https:\/\/fl-conf.local\/?page_id=129"},"modified":"2024-05-30T10:45:54","modified_gmt":"2024-05-30T10:45:54","slug":"systeme-transferts","status":"publish","type":"page","link":"https:\/\/football-legal.com\/conference\/fr\/systeme-transferts\/","title":{"rendered":"Syst\u00e8me des transferts et indemnit\u00e9s de formation"},"content":{"rendered":"<p>[et_pb_section fb_built=&#8221;1&#8243; custom_padding_last_edited=&#8221;on|tablet&#8221; admin_label=&#8221;Overview&#8221; _builder_version=&#8221;4.25.0&#8243; background_enable_color=&#8221;off&#8221; use_background_color_gradient=&#8221;on&#8221; background_color_gradient_stops=&#8221;#e4e46f 0%|#1ba854 30%|#1eaf69 50%|#194e24 100%&#8221; background_enable_image=&#8221;off&#8221; background_size=&#8221;custom&#8221; background_image_width=&#8221;17%&#8221; background_image_height=&#8221;79%&#8221; background_position=&#8221;center_right&#8221; background_horizontal_offset=&#8221;0%&#8221; max_width_tablet=&#8221;&#8221; max_width_phone=&#8221;&#8221; max_width_last_edited=&#8221;on|desktop&#8221; module_alignment=&#8221;right&#8221; custom_padding=&#8221;0px|0px|0px|0px|false|false&#8221; custom_padding_tablet=&#8221;0px|||0px|false|false&#8221; custom_padding_phone=&#8221;40px||||false|false&#8221; background_last_edited=&#8221;on|desktop&#8221; background_enable_image_tablet=&#8221;off&#8221; global_colors_info=&#8221;{}&#8221;][et_pb_row custom_padding_last_edited=&#8221;off|desktop&#8221; _builder_version=&#8221;4.23.2&#8243; background_color=&#8221;#ffffff&#8221; custom_padding=&#8221;40px|0px|80px|0|false|false&#8221; custom_padding_tablet=&#8221;|||40px&#8221; box_shadow_style=&#8221;preset4&#8243; box_shadow_horizontal=&#8221;-700px&#8221; box_shadow_vertical=&#8221;0px&#8221; box_shadow_color=&#8221;#ffffff&#8221; global_colors_info=&#8221;{}&#8221;][et_pb_column type=&#8221;4_4&#8243; _builder_version=&#8221;4.16&#8243; custom_padding=&#8221;|||&#8221; global_colors_info=&#8221;{}&#8221; custom_padding__hover=&#8221;|||&#8221;][et_pb_text content_tablet=&#8221;<\/p>\n<h5><span class=%22background-details%22><span class=%22lt-line-clamp__line%22><span style=%22color: #000000;%22><span style=%22color: #3e2814;%22><strong>Panel 1 <\/strong>&#8211; Lundi 17 Juin 2024, 10:00 &#8211; 12:30<\/span><\/span><\/span><\/span><span class=%22background-details%22><span class=%22lt-line-clamp__line%22><\/span><\/span><\/h5>\n<h1>Syst\u00e8me des transferts et indemnit\u00e9s de formation<\/h1>\n<p>&#8221; content_phone=&#8221;<\/p>\n<h5><span class=%22background-details%22><span class=%22lt-line-clamp__line%22><span style=%22color: #000000;%22><span style=%22color: #3e2814;%22><strong>Panel 1<br \/><\/strong><\/span><\/span><\/span><\/span><span class=%22background-details%22><span class=%22lt-line-clamp__line%22><span style=%22color: #000000;%22><span style=%22color: #3e2814;%22>Lundi 17 Juin 2024<br \/>10:00 &#8211; 12:30<\/span><\/span><\/span><\/span><span class=%22background-details%22><span class=%22lt-line-clamp__line%22><span style=%22color: #000000;%22><span style=%22color: #3e2814;%22><\/span><\/span><\/span><\/span><\/h5>\n<h1>Syst\u00e8me des transferts et indemnit\u00e9s de formation<\/h1>\n<p>&#8221; content_last_edited=&#8221;on|desktop&#8221; _builder_version=&#8221;4.25.1&#8243; text_font=&#8221;||||||||&#8221; text_font_size=&#8221;16px&#8221; text_line_height=&#8221;1.8em&#8221; header_font=&#8221;Montserrat|700|||||||&#8221; header_text_color=&#8221;#299F53&#8243; header_font_size=&#8221;49px&#8221; header_line_height=&#8221;1.2em&#8221; header_2_font=&#8221;Muli|700|||||||&#8221; header_2_font_size=&#8221;36px&#8221; header_2_line_height=&#8221;1.4em&#8221; header_5_font=&#8221;Montserrat||||||||&#8221; header_5_text_color=&#8221;#000000&#8243; header_5_font_size=&#8221;20px&#8221; header_5_line_height=&#8221;1.6em&#8221; custom_padding=&#8221;|20px|0px||false|false&#8221; custom_padding_tablet=&#8221;|||20px|false|false&#8221; custom_padding_phone=&#8221;|20px|||false|false&#8221; custom_padding_last_edited=&#8221;on|phone&#8221; animation_style=&#8221;fade&#8221; animation_delay=&#8221;100ms&#8221; header_font_size_tablet=&#8221;36px&#8221; header_font_size_phone=&#8221;21px&#8221; header_font_size_last_edited=&#8221;on|phone&#8221; header_2_font_size_tablet=&#8221;24px&#8221; header_2_font_size_phone=&#8221;18px&#8221; header_2_font_size_last_edited=&#8221;on|phone&#8221; header_5_font_size_tablet=&#8221;20px&#8221; header_5_font_size_phone=&#8221;18px&#8221; header_5_font_size_last_edited=&#8221;on|phone&#8221; locked=&#8221;off&#8221; global_colors_info=&#8221;{}&#8221; text_font_size__hover=&#8221;14px&#8221; text_font_size__hover_enabled=&#8221;14px&#8221; text_letter_spacing__hover=&#8221;0px&#8221; text_letter_spacing__hover_enabled=&#8221;0px&#8221; text_line_height__hover=&#8221;1.7em&#8221; text_line_height__hover_enabled=&#8221;1.7em&#8221; text_text_shadow_style__hover=&#8221;none&#8221; text_text_shadow_style__hover_enabled=&#8221;none&#8221; text_text_shadow_color__hover=&#8221;rgba(0,0,0,0.4)&#8221; text_text_shadow_color__hover_enabled=&#8221;rgba(0,0,0,0.4)&#8221; link_font_size__hover=&#8221;14px&#8221; link_font_size__hover_enabled=&#8221;14px&#8221; link_letter_spacing__hover=&#8221;0px&#8221; link_letter_spacing__hover_enabled=&#8221;0px&#8221; link_line_height__hover=&#8221;1em&#8221; link_line_height__hover_enabled=&#8221;1em&#8221; link_text_shadow_style__hover=&#8221;none&#8221; link_text_shadow_style__hover_enabled=&#8221;none&#8221; link_text_shadow_color__hover=&#8221;rgba(0,0,0,0.4)&#8221; link_text_shadow_color__hover_enabled=&#8221;rgba(0,0,0,0.4)&#8221; ul_font_size__hover=&#8221;14px&#8221; ul_font_size__hover_enabled=&#8221;14px&#8221; ul_letter_spacing__hover=&#8221;0px&#8221; ul_letter_spacing__hover_enabled=&#8221;0px&#8221; ul_line_height__hover=&#8221;1em&#8221; ul_line_height__hover_enabled=&#8221;1em&#8221; ul_text_shadow_style__hover=&#8221;none&#8221; ul_text_shadow_style__hover_enabled=&#8221;none&#8221; ul_text_shadow_color__hover=&#8221;rgba(0,0,0,0.4)&#8221; ul_text_shadow_color__hover_enabled=&#8221;rgba(0,0,0,0.4)&#8221; ol_font_size__hover=&#8221;14px&#8221; ol_font_size__hover_enabled=&#8221;14px&#8221; ol_letter_spacing__hover=&#8221;0px&#8221; ol_letter_spacing__hover_enabled=&#8221;0px&#8221; ol_line_height__hover=&#8221;1em&#8221; ol_line_height__hover_enabled=&#8221;1em&#8221; ol_text_shadow_style__hover=&#8221;none&#8221; ol_text_shadow_style__hover_enabled=&#8221;none&#8221; ol_text_shadow_color__hover=&#8221;rgba(0,0,0,0.4)&#8221; ol_text_shadow_color__hover_enabled=&#8221;rgba(0,0,0,0.4)&#8221; quote_font_size__hover=&#8221;14px&#8221; quote_font_size__hover_enabled=&#8221;14px&#8221; quote_letter_spacing__hover=&#8221;0px&#8221; quote_letter_spacing__hover_enabled=&#8221;0px&#8221; quote_line_height__hover=&#8221;1em&#8221; quote_line_height__hover_enabled=&#8221;1em&#8221; quote_text_shadow_style__hover=&#8221;none&#8221; quote_text_shadow_style__hover_enabled=&#8221;none&#8221; quote_text_shadow_color__hover=&#8221;rgba(0,0,0,0.4)&#8221; quote_text_shadow_color__hover_enabled=&#8221;rgba(0,0,0,0.4)&#8221; text_orientation__hover=&#8221;left&#8221; text_orientation__hover_enabled=&#8221;left&#8221; background_layout__hover=&#8221;light&#8221; background_layout__hover_enabled=&#8221;light&#8221; header_3_font_size__hover=&#8221;22px&#8221; header_3_font_size__hover_enabled=&#8221;22px&#8221; header_3_letter_spacing__hover=&#8221;0px&#8221; header_3_letter_spacing__hover_enabled=&#8221;0px&#8221; header_3_line_height__hover=&#8221;1em&#8221; header_3_line_height__hover_enabled=&#8221;1em&#8221; header_3_text_shadow_style__hover=&#8221;none&#8221; header_3_text_shadow_style__hover_enabled=&#8221;none&#8221; header_3_text_shadow_color__hover=&#8221;rgba(0,0,0,0.4)&#8221; header_3_text_shadow_color__hover_enabled=&#8221;rgba(0,0,0,0.4)&#8221; header_6_font_size__hover=&#8221;14px&#8221; header_6_font_size__hover_enabled=&#8221;14px&#8221; header_6_letter_spacing__hover=&#8221;0px&#8221; header_6_letter_spacing__hover_enabled=&#8221;0px&#8221; header_6_line_height__hover=&#8221;1em&#8221; header_6_line_height__hover_enabled=&#8221;1em&#8221; header_6_text_shadow_style__hover=&#8221;none&#8221; header_6_text_shadow_style__hover_enabled=&#8221;none&#8221; header_6_text_shadow_color__hover=&#8221;rgba(0,0,0,0.4)&#8221; header_6_text_shadow_color__hover_enabled=&#8221;rgba(0,0,0,0.4)&#8221;]<\/p>\n<h5><span class=\"background-details\"><span class=\"lt-line-clamp__line\"><span style=\"color: #000000;\"><span style=\"color: #3e2814;\"><strong>Panel 1 <\/strong>&#8211; Lundi 17 Juin 2024, 10:00 &#8211; 12:30<\/span><\/span><\/span><\/span><\/h5>\n<h1>Syst\u00e8me des transferts<br \/>et indemnit\u00e9s de formation<\/h1>\n<p>[\/et_pb_text][et_pb_image src=&#8221;https:\/\/football-legal.com\/conference\/wp-content\/uploads\/2024\/05\/atelier-pratique-Stabilite-contractuelle-2.jpg&#8221; title_text=&#8221;atelier-pratique-Stabilite\u0301-contractuelle-2&#8243; disabled_on=&#8221;on|off|off&#8221; _builder_version=&#8221;4.24.2&#8243; _module_preset=&#8221;default&#8221; animation_style=&#8221;fade&#8221; animation_delay=&#8221;100ms&#8221; global_colors_info=&#8221;{}&#8221;][\/et_pb_image][et_pb_image src=&#8221;https:\/\/football-legal.com\/conference\/wp-content\/uploads\/2024\/05\/atelier-pratique-Stabilite-contractuelle.jpg&#8221; title_text=&#8221;atelier-pratique-Stabilite\u0301-contractuelle&#8221; disabled_on=&#8221;off|on|on&#8221; _builder_version=&#8221;4.24.2&#8243; _module_preset=&#8221;default&#8221; animation_style=&#8221;fade&#8221; animation_delay=&#8221;100ms&#8221; global_colors_info=&#8221;{}&#8221;][\/et_pb_image][et_pb_text _builder_version=&#8221;4.25.1&#8243; text_font=&#8221;||||||||&#8221; text_font_size=&#8221;16px&#8221; text_line_height=&#8221;1.8em&#8221; header_font=&#8221;Montserrat|700|||||||&#8221; header_text_color=&#8221;#000000&#8243; header_font_size=&#8221;55px&#8221; header_line_height=&#8221;1.2em&#8221; header_2_font=&#8221;Muli|700|||||||&#8221; header_2_font_size=&#8221;36px&#8221; header_2_line_height=&#8221;1.4em&#8221; header_5_font=&#8221;Montserrat||||||||&#8221; header_5_text_color=&#8221;#000000&#8243; header_5_font_size=&#8221;20px&#8221; header_5_line_height=&#8221;1.6em&#8221; custom_padding=&#8221;|40px|||false|false&#8221; custom_padding_tablet=&#8221;|20px||20px|false|false&#8221; custom_padding_phone=&#8221;|20px||20px|false|false&#8221; custom_padding_last_edited=&#8221;on|phone&#8221; animation_style=&#8221;fade&#8221; animation_delay=&#8221;100ms&#8221; header_font_size_tablet=&#8221;&#8221; header_font_size_phone=&#8221;32px&#8221; header_font_size_last_edited=&#8221;on|phone&#8221; header_2_font_size_tablet=&#8221;24px&#8221; header_2_font_size_phone=&#8221;18px&#8221; header_2_font_size_last_edited=&#8221;on|phone&#8221; locked=&#8221;off&#8221; global_colors_info=&#8221;{}&#8221; text_font_size__hover=&#8221;14px&#8221; text_font_size__hover_enabled=&#8221;14px&#8221; text_letter_spacing__hover=&#8221;0px&#8221; text_letter_spacing__hover_enabled=&#8221;0px&#8221; text_line_height__hover=&#8221;1.7em&#8221; text_line_height__hover_enabled=&#8221;1.7em&#8221; text_text_shadow_style__hover=&#8221;none&#8221; text_text_shadow_style__hover_enabled=&#8221;none&#8221; text_text_shadow_color__hover=&#8221;rgba(0,0,0,0.4)&#8221; text_text_shadow_color__hover_enabled=&#8221;rgba(0,0,0,0.4)&#8221; link_font_size__hover=&#8221;14px&#8221; link_font_size__hover_enabled=&#8221;14px&#8221; link_letter_spacing__hover=&#8221;0px&#8221; link_letter_spacing__hover_enabled=&#8221;0px&#8221; link_line_height__hover=&#8221;1em&#8221; link_line_height__hover_enabled=&#8221;1em&#8221; link_text_shadow_style__hover=&#8221;none&#8221; link_text_shadow_style__hover_enabled=&#8221;none&#8221; link_text_shadow_color__hover=&#8221;rgba(0,0,0,0.4)&#8221; link_text_shadow_color__hover_enabled=&#8221;rgba(0,0,0,0.4)&#8221; ul_font_size__hover=&#8221;14px&#8221; ul_font_size__hover_enabled=&#8221;14px&#8221; ul_letter_spacing__hover=&#8221;0px&#8221; ul_letter_spacing__hover_enabled=&#8221;0px&#8221; ul_line_height__hover=&#8221;1em&#8221; ul_line_height__hover_enabled=&#8221;1em&#8221; ul_text_shadow_style__hover=&#8221;none&#8221; ul_text_shadow_style__hover_enabled=&#8221;none&#8221; ul_text_shadow_color__hover=&#8221;rgba(0,0,0,0.4)&#8221; ul_text_shadow_color__hover_enabled=&#8221;rgba(0,0,0,0.4)&#8221; ol_font_size__hover=&#8221;14px&#8221; ol_font_size__hover_enabled=&#8221;14px&#8221; ol_letter_spacing__hover=&#8221;0px&#8221; ol_letter_spacing__hover_enabled=&#8221;0px&#8221; ol_line_height__hover=&#8221;1em&#8221; ol_line_height__hover_enabled=&#8221;1em&#8221; ol_text_shadow_style__hover=&#8221;none&#8221; ol_text_shadow_style__hover_enabled=&#8221;none&#8221; ol_text_shadow_color__hover=&#8221;rgba(0,0,0,0.4)&#8221; ol_text_shadow_color__hover_enabled=&#8221;rgba(0,0,0,0.4)&#8221; quote_font_size__hover=&#8221;14px&#8221; quote_font_size__hover_enabled=&#8221;14px&#8221; quote_letter_spacing__hover=&#8221;0px&#8221; quote_letter_spacing__hover_enabled=&#8221;0px&#8221; quote_line_height__hover=&#8221;1em&#8221; quote_line_height__hover_enabled=&#8221;1em&#8221; quote_text_shadow_style__hover=&#8221;none&#8221; quote_text_shadow_style__hover_enabled=&#8221;none&#8221; quote_text_shadow_color__hover=&#8221;rgba(0,0,0,0.4)&#8221; quote_text_shadow_color__hover_enabled=&#8221;rgba(0,0,0,0.4)&#8221; text_orientation__hover=&#8221;left&#8221; text_orientation__hover_enabled=&#8221;left&#8221; background_layout__hover=&#8221;light&#8221; background_layout__hover_enabled=&#8221;light&#8221; header_3_font_size__hover=&#8221;22px&#8221; header_3_font_size__hover_enabled=&#8221;22px&#8221; header_3_letter_spacing__hover=&#8221;0px&#8221; header_3_letter_spacing__hover_enabled=&#8221;0px&#8221; header_3_line_height__hover=&#8221;1em&#8221; header_3_line_height__hover_enabled=&#8221;1em&#8221; header_3_text_shadow_style__hover=&#8221;none&#8221; header_3_text_shadow_style__hover_enabled=&#8221;none&#8221; header_3_text_shadow_color__hover=&#8221;rgba(0,0,0,0.4)&#8221; header_3_text_shadow_color__hover_enabled=&#8221;rgba(0,0,0,0.4)&#8221; header_6_font_size__hover=&#8221;14px&#8221; header_6_font_size__hover_enabled=&#8221;14px&#8221; header_6_letter_spacing__hover=&#8221;0px&#8221; header_6_letter_spacing__hover_enabled=&#8221;0px&#8221; header_6_line_height__hover=&#8221;1em&#8221; header_6_line_height__hover_enabled=&#8221;1em&#8221; header_6_text_shadow_style__hover=&#8221;none&#8221; header_6_text_shadow_style__hover_enabled=&#8221;none&#8221; header_6_text_shadow_color__hover=&#8221;rgba(0,0,0,0.4)&#8221; header_6_text_shadow_color__hover_enabled=&#8221;rgba(0,0,0,0.4)&#8221;]<\/p>\n<p>Comment fonctionne le syst\u00e8me des transferts avec la mise en place par la FIFA de la Clearing House ? Quels sont les points cl\u00e9s \u00e0 ma\u00eetriser et les bonnes pratiques pour r\u00e9aliser une op\u00e9ration de transfert ? Quels sont les principes g\u00e9n\u00e9raux et les objectifs des m\u00e9canismes d&#8217;indemnit\u00e9s de formation et de contributions de solidarit\u00e9 ? Comment calculer les deux m\u00e9canismes ? Quelles sont leurs sp\u00e9cificit\u00e9s ?<br \/>En cas de non paiement d\u00fb, quels sont les recours possibles ?<br \/>Pour r\u00e9pondre \u00e0 toutes ces questions destin\u00e9es \u00e0 ma\u00eetriser l&#8217;\u00e9conomie du syst\u00e8me des transferts de joueurs, de nombreux exemples concrets seront propos\u00e9s.<\/p>\n<p>[\/et_pb_text][\/et_pb_column][\/et_pb_row][et_pb_row column_structure=&#8221;1_4,1_4,1_4,1_4&#8243; use_custom_gutter=&#8221;on&#8221; gutter_width=&#8221;2&#8243; custom_padding_last_edited=&#8221;off|desktop&#8221; disabled_on=&#8221;off|off|off&#8221; _builder_version=&#8221;4.25.1&#8243; background_color=&#8221;#ffffff&#8221; custom_padding=&#8221;0px|0px|40px|0|false|false&#8221; custom_padding_tablet=&#8221;|||40px&#8221; hover_enabled=&#8221;0&#8243; pac_drh_column_numbers_tablet=&#8221;pac_drh_tab_col_four&#8221; box_shadow_style=&#8221;preset4&#8243; box_shadow_horizontal=&#8221;-700px&#8221; box_shadow_vertical=&#8221;0px&#8221; box_shadow_color=&#8221;#ffffff&#8221; locked=&#8221;off&#8221; global_colors_info=&#8221;{}&#8221; sticky_enabled=&#8221;0&#8243;][et_pb_column type=&#8221;1_4&#8243; _builder_version=&#8221;4.16&#8243; custom_padding=&#8221;|||&#8221; global_colors_info=&#8221;{}&#8221; custom_padding__hover=&#8221;|||&#8221;][et_pb_image src=&#8221;https:\/\/football-legal.com\/conference\/wp-content\/uploads\/2024\/05\/jacques-blondin-nb.jpg&#8221; title_text=&#8221;jacques-blondin-nb&#8221; align_tablet=&#8221;center&#8221; align_phone=&#8221;&#8221; align_last_edited=&#8221;on|desktop&#8221; module_class=&#8221;zoom-image&#8221; _builder_version=&#8221;4.25.1&#8243; custom_margin=&#8221;0px|0px|20px|0px&#8221; custom_padding=&#8221;0px|0px|0px|0px&#8221; animation_style=&#8221;fade&#8221; animation_delay=&#8221;100ms&#8221; border_width_bottom=&#8221;6px&#8221; border_style_bottom=&#8221;inset&#8221; locked=&#8221;off&#8221; global_colors_info=&#8221;{}&#8221; border_radii__hover_enabled=&#8221;on&#8221; border_width_bottom__hover_enabled=&#8221;on|hover&#8221; border_color_bottom__hover_enabled=&#8221;on|hover&#8221; border_color_bottom__hover=&#8221;#CEB200&#8243; border_radii__hover=&#8221;||||&#8221; border_width_bottom__hover=&#8221;6px&#8221;][\/et_pb_image][et_pb_text _builder_version=&#8221;4.25.1&#8243; text_font=&#8221;||||||||&#8221; text_text_color=&#8221;#7a7a7a&#8221; text_font_size=&#8221;13px&#8221; header_font=&#8221;||||||||&#8221; header_4_font=&#8221;Montserrat|700|||||||&#8221; custom_margin=&#8221;0px|0px|0px|0px&#8221; custom_padding=&#8221;0px|0px|5px|0px&#8221; custom_padding_tablet=&#8221;|||20px|false|false&#8221; custom_padding_phone=&#8221;|||20px|false|false&#8221; custom_padding_last_edited=&#8221;on|phone&#8221; animation_style=&#8221;fade&#8221; animation_delay=&#8221;100ms&#8221; locked=&#8221;off&#8221; global_colors_info=&#8221;{}&#8221; header_4_text_color__hover_enabled=&#8221;on&#8221; header_4_text_color__hover=&#8221;#4dbdc6&#8243;]<\/p>\n<p><span style=\"color: #299f53;\"><strong>Intervenant<\/strong><\/span><\/p>\n<p>[\/et_pb_text][et_pb_text content_tablet=&#8221;<\/p>\n<h4><strong>Jacques<br \/>BLONDIN<\/strong><span style=%22text-decoration: underline;%22><br \/><\/span><\/h4>\n<p><span style=%22color: #7a7a7a;%22>Jacques BLONDIN est un avocat italien. Il a r\u00e9cemment fond\u00e9 SP.IN Law, un cabinet d&#8217;avocats qui offre des services hautement sp\u00e9cialis\u00e9s \u00e0 l&#8217;industrie du sport.<br \/>Auparavant, Jacques a travaill\u00e9 pendant 9 ans \u00e0 la FIFA, o\u00f9 il a dirig\u00e9 le d\u00e9partement du FIFA TMS ainsi que le d\u00e9partement d&#8217;application de la r\u00e9glementation. Il a \u00e9galement travaill\u00e9 pour les Commissions de Discipline et d&#8217;Appel de la FIFA et a repr\u00e9sent\u00e9 la FIFA devant le Tribunal Arbitral du Sport (TAS) de Lausanne.<\/span><\/p>\n<p>&#8221; content_phone=&#8221;<\/p>\n<h4><strong>Jacques BLONDIN<\/strong><span style=%22text-decoration: underline;%22><br \/><\/span><\/h4>\n<p><span style=%22color: #7a7a7a;%22>Jacques BLONDIN est un avocat italien. Il a r\u00e9cemment fond\u00e9 SP.IN Law, un cabinet d&#8217;avocats qui offre des services hautement sp\u00e9cialis\u00e9s \u00e0 l&#8217;industrie du sport.<br \/>Auparavant, Jacques a travaill\u00e9 pendant 9 ans \u00e0 la FIFA, o\u00f9 il a dirig\u00e9 le d\u00e9partement du FIFA TMS ainsi que le d\u00e9partement d&#8217;application de la r\u00e9glementation. Il a \u00e9galement travaill\u00e9 pour les Commissions de Discipline et d&#8217;Appel de la FIFA et a repr\u00e9sent\u00e9 la FIFA devant le Tribunal Arbitral du Sport (TAS) de Lausanne.<\/span><\/p>\n<p>&#8221; content_last_edited=&#8221;on|phone&#8221; _builder_version=&#8221;4.25.1&#8243; text_font=&#8221;||||||||&#8221; text_font_size=&#8221;13px&#8221; header_font=&#8221;||||||||&#8221; header_4_font=&#8221;Montserrat|700|||||||&#8221; custom_margin=&#8221;0px|0px|0px|0px&#8221; custom_padding=&#8221;0px|20px|5px|0px|false|false&#8221; custom_padding_tablet=&#8221;|||20px|false|false&#8221; custom_padding_phone=&#8221;|||20px|false|false&#8221; custom_padding_last_edited=&#8221;on|phone&#8221; animation_style=&#8221;fade&#8221; animation_delay=&#8221;100ms&#8221; global_colors_info=&#8221;{}&#8221; header_4_text_color__hover_enabled=&#8221;off|desktop&#8221; header_4_text_color__hover=&#8221;#4dbdc6&#8243;]<\/p>\n<h4><strong>Jacques BLONDIN<\/strong><span style=\"text-decoration: underline;\"><br \/><\/span><\/h4>\n<p><span style=\"color: #7a7a7a;\">Jacques BLONDIN est un avocat italien. Il a r\u00e9cemment fond\u00e9 SP.IN Law, un cabinet d&#8217;avocats qui offre des services hautement sp\u00e9cialis\u00e9s \u00e0 l&#8217;industrie du sport.<br \/>Auparavant, Jacques a travaill\u00e9 pendant 9 ans \u00e0 la FIFA, o\u00f9 il a dirig\u00e9 le d\u00e9partement du FIFA TMS ainsi que le d\u00e9partement d&#8217;application de la r\u00e9glementation. Il a \u00e9galement travaill\u00e9 pour les Commissions de Discipline et d&#8217;Appel de la FIFA et a repr\u00e9sent\u00e9 la FIFA devant le Tribunal Arbitral du Sport (TAS) de Lausanne.<\/span><\/p>\n<p>[\/et_pb_text][\/et_pb_column][et_pb_column type=&#8221;1_4&#8243; _builder_version=&#8221;4.25.0&#8243; _module_preset=&#8221;default&#8221; global_colors_info=&#8221;{}&#8221;][et_pb_image src=&#8221;https:\/\/football-legal.com\/conference\/wp-content\/uploads\/2024\/05\/Paul-MEBIZOO-nb.jpg&#8221; title_text=&#8221;Paul-MEBIZO&#8217;O-nb&#8221; align_tablet=&#8221;center&#8221; align_phone=&#8221;&#8221; align_last_edited=&#8221;on|desktop&#8221; module_class=&#8221;zoom-image&#8221; _builder_version=&#8221;4.25.1&#8243; custom_margin=&#8221;0px|0px|20px|0px&#8221; custom_padding=&#8221;0px|0px|0px|0px&#8221; animation_style=&#8221;fade&#8221; animation_delay=&#8221;100ms&#8221; hover_enabled=&#8221;0&#8243; border_width_bottom=&#8221;6px&#8221; border_style_bottom=&#8221;inset&#8221; locked=&#8221;off&#8221; global_colors_info=&#8221;{}&#8221; border_radii__hover_enabled=&#8221;on&#8221; border_width_bottom__hover_enabled=&#8221;on|hover&#8221; border_color_bottom__hover_enabled=&#8221;on|hover&#8221; border_color_bottom__hover=&#8221;#CEB200&#8243; border_radii__hover=&#8221;||||&#8221; border_width_bottom__hover=&#8221;6px&#8221; sticky_enabled=&#8221;0&#8243;][\/et_pb_image][et_pb_text _builder_version=&#8221;4.25.1&#8243; text_font=&#8221;||||||||&#8221; text_text_color=&#8221;#7a7a7a&#8221; text_font_size=&#8221;13px&#8221; header_font=&#8221;||||||||&#8221; header_4_font=&#8221;Montserrat|700|||||||&#8221; custom_margin=&#8221;0px|0px|0px|0px&#8221; custom_padding=&#8221;0px|0px|5px|0px&#8221; custom_padding_tablet=&#8221;|||0px|false|false&#8221; custom_padding_phone=&#8221;|||20px|false|false&#8221; custom_padding_last_edited=&#8221;on|phone&#8221; animation_style=&#8221;fade&#8221; animation_delay=&#8221;100ms&#8221; hover_enabled=&#8221;0&#8243; locked=&#8221;off&#8221; global_colors_info=&#8221;{}&#8221; header_4_text_color__hover_enabled=&#8221;on&#8221; header_4_text_color__hover=&#8221;#4dbdc6&#8243; sticky_enabled=&#8221;0&#8243;]<\/p>\n<p><span style=\"color: #299f53;\"><strong>Intervenant<\/strong><\/span><\/p>\n<p>[\/et_pb_text][et_pb_text content_tablet=&#8221;<\/p>\n<h4><strong>Paul<br \/>MEBIZO\u2019O<\/strong><\/h4>\n<p><span style=%22color: #7a7a7a;%22>Paul MEBIZO\u2019O est consultant sportif. Il a travaill\u00e9 de nombreuses ann\u00e9es \u00e0 la FECAFOOT en tant que responsable des licences et des transferts, puis en tant que Chef du D\u00e9partement des comp\u00e9titions.<\/span><\/p>\n<p>&#8221; content_phone=&#8221;<\/p>\n<h4><strong>Paul MEBIZO\u2019O<\/strong><\/h4>\n<p><span style=%22color: #7a7a7a;%22>Paul MEBIZO\u2019O est consultant sportif. Il a travaill\u00e9 de nombreuses ann\u00e9es \u00e0 la FECAFOOT en tant que responsable des licences et des transferts, puis en tant que Chef du D\u00e9partement des comp\u00e9titions.<\/span><\/p>\n<p>&#8221; content_last_edited=&#8221;on|phone&#8221; _builder_version=&#8221;4.25.1&#8243; text_font=&#8221;||||||||&#8221; text_font_size=&#8221;13px&#8221; header_font=&#8221;||||||||&#8221; header_4_font=&#8221;Montserrat|700|||||||&#8221; custom_margin=&#8221;0px|0px|0px|0px&#8221; custom_padding=&#8221;0px|20px|5px|0px|false|false&#8221; custom_padding_tablet=&#8221;|||0px|false|false&#8221; custom_padding_phone=&#8221;|||20px|false|false&#8221; custom_padding_last_edited=&#8221;on|phone&#8221; animation_style=&#8221;fade&#8221; animation_delay=&#8221;100ms&#8221; hover_enabled=&#8221;0&#8243; global_colors_info=&#8221;{}&#8221; header_4_text_color__hover_enabled=&#8221;off|desktop&#8221; header_4_text_color__hover=&#8221;#4dbdc6&#8243; sticky_enabled=&#8221;0&#8243;]<\/p>\n<h4><strong>Paul MEBIZO\u2019O<\/strong><\/h4>\n<p><span style=\"color: #7a7a7a;\">Paul MEBIZO\u2019O est consultant sportif. Il a travaill\u00e9 de nombreuses ann\u00e9es \u00e0 la FECAFOOT en tant que responsable des licences et des transferts, puis en tant que Chef du D\u00e9partement des comp\u00e9titions.<\/span><\/p>\n<p>[\/et_pb_text][\/et_pb_column][et_pb_column type=&#8221;1_4&#8243; _builder_version=&#8221;4.25.0&#8243; _module_preset=&#8221;default&#8221; global_colors_info=&#8221;{}&#8221;][et_pb_image src=&#8221;https:\/\/football-legal.com\/conference\/wp-content\/uploads\/2024\/05\/Etienne-RIZK-nb.jpg&#8221; title_text=&#8221;Etienne-RIZK-nb&#8221; align_tablet=&#8221;center&#8221; align_phone=&#8221;&#8221; align_last_edited=&#8221;on|desktop&#8221; module_class=&#8221;zoom-image&#8221; _builder_version=&#8221;4.25.1&#8243; custom_margin=&#8221;0px|0px|20px|0px&#8221; custom_padding=&#8221;0px|0px|0px|0px&#8221; animation_style=&#8221;fade&#8221; animation_delay=&#8221;100ms&#8221; border_width_bottom=&#8221;6px&#8221; border_style_bottom=&#8221;inset&#8221; locked=&#8221;off&#8221; global_colors_info=&#8221;{}&#8221; border_radii__hover_enabled=&#8221;on&#8221; border_width_bottom__hover_enabled=&#8221;on|hover&#8221; border_color_bottom__hover_enabled=&#8221;on|hover&#8221; border_color_bottom__hover=&#8221;#CEB200&#8243; border_radii__hover=&#8221;||||&#8221; border_width_bottom__hover=&#8221;6px&#8221;][\/et_pb_image][et_pb_text _builder_version=&#8221;4.25.1&#8243; text_font=&#8221;||||||||&#8221; text_text_color=&#8221;#7a7a7a&#8221; text_font_size=&#8221;13px&#8221; header_font=&#8221;||||||||&#8221; header_4_font=&#8221;Montserrat|700|||||||&#8221; custom_margin=&#8221;0px|0px|0px|0px&#8221; custom_padding=&#8221;0px|0px|5px|0px&#8221; custom_padding_tablet=&#8221;|||0px|false|false&#8221; custom_padding_phone=&#8221;|||20px|false|false&#8221; custom_padding_last_edited=&#8221;on|tablet&#8221; animation_style=&#8221;fade&#8221; animation_delay=&#8221;100ms&#8221; locked=&#8221;off&#8221; global_colors_info=&#8221;{}&#8221; header_4_text_color__hover_enabled=&#8221;on&#8221; header_4_text_color__hover=&#8221;#4dbdc6&#8243;]<\/p>\n<p><span style=\"color: #299f53;\"><strong>Intervenant<\/strong><\/span><\/p>\n<p>[\/et_pb_text][et_pb_text content_tablet=&#8221;<\/p>\n<h4><strong>\u00c9tienne<br \/>RIZK<\/strong><span style=%22text-decoration: underline;%22><\/span><\/h4>\n<p><span style=%22color: #7a7a7a;%22>Etienne RIZK est avocat sp\u00e9cialis\u00e9 en droit du sport. Il a exerc\u00e9 pendant pr\u00e8s de 10 ans au sein du cabinet NFA LAW au sein duquel il est notamment intervenu dans le cadre d&#8217;op\u00e9rations de transferts de joueurs de football embl\u00e9matiques.<br \/>Apr\u00e8s avoir occup\u00e9 le poste de Directeur du Football au sein de l&#8217;agence de marketing sportif Total Sports Asia en Malaisie de 2018 \u00e0 2021, Etienne a co-fond\u00e9 le cabinet de niche <strong><a href=%22https:\/\/www.nrlegal.fr\/%22 data-et-target-link=%22_blank%22 rel=%22noopener%22><span style=%22text-decoration: underline;%22>NATAF RIZK LEGAL<\/span><\/a><\/strong> en janvier 2022.<\/span><\/p>\n<p>&#8221; content_phone=&#8221;<\/p>\n<h4><strong>\u00c9tienne RIZK<\/strong><span style=%22text-decoration: underline;%22><\/span><\/h4>\n<p><span style=%22color: #7a7a7a;%22>Etienne RIZK est avocat sp\u00e9cialis\u00e9 en droit du sport. Il a exerc\u00e9 pendant pr\u00e8s de 10 ans au sein du cabinet NFA LAW au sein duquel il est notamment intervenu dans le cadre d&#8217;op\u00e9rations de transferts de joueurs de football embl\u00e9matiques.<br \/>Apr\u00e8s avoir occup\u00e9 le poste de Directeur du Football au sein de l&#8217;agence de marketing sportif Total Sports Asia en Malaisie de 2018 \u00e0 2021, Etienne a co-fond\u00e9 le cabinet de niche <strong><a href=%22https:\/\/www.nrlegal.fr\/%22 data-et-target-link=%22_blank%22 rel=%22noopener%22><span style=%22text-decoration: underline;%22>NATAF RIZK LEGAL<\/span><\/a><\/strong> en janvier 2022.<\/span><\/p>\n<p>&#8221; content_last_edited=&#8221;on|phone&#8221; _builder_version=&#8221;4.25.1&#8243; text_font=&#8221;||||||||&#8221; text_font_size=&#8221;13px&#8221; header_font=&#8221;||||||||&#8221; header_4_font=&#8221;Montserrat|700|||||||&#8221; custom_margin=&#8221;0px|0px|0px|0px&#8221; custom_padding=&#8221;0px|20px|5px|0px|false|false&#8221; custom_padding_tablet=&#8221;|||0px|false|false&#8221; custom_padding_phone=&#8221;|||20px|false|false&#8221; custom_padding_last_edited=&#8221;on|phone&#8221; animation_style=&#8221;fade&#8221; animation_delay=&#8221;100ms&#8221; global_colors_info=&#8221;{}&#8221; header_4_text_color__hover_enabled=&#8221;off|desktop&#8221; header_4_text_color__hover=&#8221;#4dbdc6&#8243;]<\/p>\n<h4><strong>\u00c9tienne RIZK<\/strong><span style=\"text-decoration: underline;\"><\/span><\/h4>\n<p><span style=\"color: #7a7a7a;\">Etienne RIZK est avocat sp\u00e9cialis\u00e9 en droit du sport. Il a exerc\u00e9 pendant pr\u00e8s de 10 ans au sein du cabinet NFA LAW au sein duquel il est notamment intervenu dans le cadre d&#8217;op\u00e9rations de transferts de joueurs de football embl\u00e9matiques.<br \/>Apr\u00e8s avoir occup\u00e9 le poste de Directeur du Football au sein de l&#8217;agence de marketing sportif Total Sports Asia en Malaisie de 2018 \u00e0 2021, Etienne a co-fond\u00e9 le cabinet de niche <strong><a href=\"https:\/\/www.nrlegal.fr\/\" target=\"_blank\" rel=\"noopener\"><span style=\"text-decoration: underline;\">NATAF RIZK LEGAL<\/span><\/a><\/strong> en janvier 2022.<\/span><\/p>\n<p>[\/et_pb_text][\/et_pb_column][et_pb_column type=&#8221;1_4&#8243; _builder_version=&#8221;4.25.0&#8243; _module_preset=&#8221;default&#8221; global_colors_info=&#8221;{}&#8221;][et_pb_image src=&#8221;https:\/\/football-legal.com\/conference\/wp-content\/uploads\/2024\/05\/Abdoulaye-SOW-nb.jpg&#8221; title_text=&#8221;Abdoulaye-SOW-nb&#8221; align_tablet=&#8221;center&#8221; align_phone=&#8221;&#8221; align_last_edited=&#8221;on|desktop&#8221; module_class=&#8221;zoom-image&#8221; _builder_version=&#8221;4.25.1&#8243; custom_margin=&#8221;0px|0px|20px|0px&#8221; custom_padding=&#8221;0px|0px|0px|0px&#8221; animation_style=&#8221;fade&#8221; animation_delay=&#8221;100ms&#8221; border_width_bottom=&#8221;6px&#8221; border_style_bottom=&#8221;inset&#8221; locked=&#8221;off&#8221; global_colors_info=&#8221;{}&#8221; border_radii__hover_enabled=&#8221;on&#8221; border_width_bottom__hover_enabled=&#8221;on|hover&#8221; border_color_bottom__hover_enabled=&#8221;on|hover&#8221; border_color_bottom__hover=&#8221;#CEB200&#8243; border_radii__hover=&#8221;||||&#8221; border_width_bottom__hover=&#8221;6px&#8221;][\/et_pb_image][et_pb_text _builder_version=&#8221;4.25.1&#8243; text_font=&#8221;||||||||&#8221; text_text_color=&#8221;#7a7a7a&#8221; text_font_size=&#8221;13px&#8221; header_font=&#8221;||||||||&#8221; header_4_font=&#8221;Montserrat|700|||||||&#8221; custom_margin=&#8221;0px|0px|0px|0px&#8221; custom_padding=&#8221;0px|0px|5px|0px&#8221; custom_padding_tablet=&#8221;|||0px|false|false&#8221; custom_padding_phone=&#8221;|||20px|false|false&#8221; custom_padding_last_edited=&#8221;on|tablet&#8221; animation_style=&#8221;fade&#8221; animation_delay=&#8221;100ms&#8221; locked=&#8221;off&#8221; global_colors_info=&#8221;{}&#8221; header_4_text_color__hover_enabled=&#8221;on&#8221; header_4_text_color__hover=&#8221;#4dbdc6&#8243;]<\/p>\n<p><span style=\"color: #299f53;\"><strong>Intervenant<\/strong><\/span><\/p>\n<p>[\/et_pb_text][et_pb_text content_tablet=&#8221;<\/p>\n<h4><strong>Abdoulaye<br \/>SOW<\/strong><span style=%22text-decoration: underline;%22><\/span><\/h4>\n<p><span style=%22color: #7a7a7a;%22>Abdoulaye SOW, est un juriste sp\u00e9cialis\u00e9 en droit du sport. Titulaire du Master 2 Professions juridiques du sport (Universit\u00e9 de Bourgogne), il est depuis avril 2021 consultant en r\u00e9glementation sportive aupr\u00e8s du cabinet <strong><a href=%22https:\/\/guilex-avocats.com\/%22 data-et-target-link=%22_blank%22 rel=%22noopener%22><span style=%22text-decoration: underline;%22>Guilex-Avocats<\/span><\/a><\/strong>, notamment concernant les op\u00e9rations de transfert dans le football.<br \/><\/span><\/p>\n<p>&#8221; content_phone=&#8221;<\/p>\n<h4><strong>Abdoulaye SOW<\/strong><span style=%22text-decoration: underline;%22><\/span><\/h4>\n<p><span style=%22color: #7a7a7a;%22>Abdoulaye SOW, est un juriste sp\u00e9cialis\u00e9 en droit du sport. Titulaire du Master 2 Professions juridiques du sport (Universit\u00e9 de Bourgogne), il est depuis avril 2021 consultant en r\u00e9glementation sportive aupr\u00e8s du cabinet <strong><a href=%22https:\/\/guilex-avocats.com\/%22 data-et-target-link=%22_blank%22 rel=%22noopener%22><span style=%22text-decoration: underline;%22>Guilex-Avocats<\/span><\/a><\/strong>, notamment concernant les op\u00e9rations de transfert dans le football.<br \/><\/span><\/p>\n<p>&#8221; content_last_edited=&#8221;on|desktop&#8221; _builder_version=&#8221;4.25.1&#8243; text_font=&#8221;||||||||&#8221; text_font_size=&#8221;13px&#8221; header_font=&#8221;||||||||&#8221; header_4_font=&#8221;Montserrat|700|||||||&#8221; custom_margin=&#8221;0px|0px|0px|0px&#8221; custom_padding=&#8221;0px|20px|5px|0px|false|false&#8221; custom_padding_tablet=&#8221;|||0px|false|false&#8221; custom_padding_phone=&#8221;|||20px|false|false&#8221; custom_padding_last_edited=&#8221;on|phone&#8221; animation_style=&#8221;fade&#8221; animation_delay=&#8221;100ms&#8221; locked=&#8221;off&#8221; global_colors_info=&#8221;{}&#8221; header_4_text_color__hover_enabled=&#8221;off|desktop&#8221; header_4_text_color__hover=&#8221;#4dbdc6&#8243;]<\/p>\n<h4><strong>Abdoulaye SOW<\/strong><span style=\"text-decoration: underline;\"><\/span><\/h4>\n<p><span style=\"color: #7a7a7a;\">Abdoulaye SOW, est un juriste sp\u00e9cialis\u00e9 en droit du sport. Titulaire du Master 2 Professions juridiques du sport (Universit\u00e9 de Bourgogne), il est depuis avril 2021 consultant en r\u00e9glementation sportive aupr\u00e8s du cabinet <strong><a href=\"https:\/\/guilex-avocats.com\/\" target=\"_blank\" rel=\"noopener\"><span style=\"text-decoration: underline;\">Guilex-Avocats<\/span><\/a><\/strong>, notamment concernant les op\u00e9rations de transfert dans le football.<br \/><\/span><\/p>\n<p>[\/et_pb_text][\/et_pb_column][\/et_pb_row][et_pb_row make_equal=&#8221;on&#8221; _builder_version=&#8221;4.23.2&#8243; background_color=&#8221;#ededed&#8221; custom_padding=&#8221;40px|0px|0px|0|false|false&#8221; box_shadow_style=&#8221;preset4&#8243; box_shadow_horizontal=&#8221;-700px&#8221; box_shadow_vertical=&#8221;0px&#8221; box_shadow_color=&#8221;#ededed&#8221; locked=&#8221;off&#8221; global_colors_info=&#8221;{}&#8221;][et_pb_column type=&#8221;4_4&#8243; _builder_version=&#8221;4.16&#8243; background_blend=&#8221;multiply&#8221; custom_padding=&#8221;|||&#8221; global_colors_info=&#8221;{}&#8221; custom_padding__hover=&#8221;|||&#8221;][et_pb_text content_tablet=&#8221;<\/p>\n<h2>Programme<\/h2>\n<p>&#8221; content_phone=&#8221;<\/p>\n<h2>Programme<\/h2>\n<p>&#8221; content_last_edited=&#8221;on|phone&#8221; _builder_version=&#8221;4.25.1&#8243; text_font=&#8221;||||||||&#8221; text_font_size=&#8221;16px&#8221; text_line_height=&#8221;1.8em&#8221; header_font=&#8221;Montserrat|700|||||||&#8221; header_text_color=&#8221;#000000&#8243; header_font_size=&#8221;55px&#8221; header_line_height=&#8221;1.2em&#8221; header_2_font=&#8221;Montserrat|700|||||||&#8221; header_2_text_color=&#8221;#299F53&#8243; header_2_font_size=&#8221;40px&#8221; header_2_line_height=&#8221;1.4em&#8221; header_5_font=&#8221;Montserrat||||||||&#8221; header_5_text_color=&#8221;#000000&#8243; header_5_font_size=&#8221;20px&#8221; header_5_line_height=&#8221;1.6em&#8221; custom_margin=&#8221;||0px|||&#8221; custom_padding=&#8221;|20px|0px||false|false&#8221; custom_padding_tablet=&#8221;|||20px|false|false&#8221; custom_padding_phone=&#8221;|20px|||false|false&#8221; custom_padding_last_edited=&#8221;on|phone&#8221; animation_style=&#8221;fade&#8221; animation_direction=&#8221;top&#8221; animation_delay=&#8221;100ms&#8221; header_font_size_tablet=&#8221;35px&#8221; header_font_size_phone=&#8221;28px&#8221; header_font_size_last_edited=&#8221;on|phone&#8221; header_2_font_size_tablet=&#8221;40px&#8221; header_2_font_size_phone=&#8221;30px&#8221; header_2_font_size_last_edited=&#8221;on|desktop&#8221; locked=&#8221;off&#8221; inline_fonts=&#8221;Georgia&#8221; global_colors_info=&#8221;{}&#8221;]<\/p>\n<h2>Programme<\/h2>\n<p>[\/et_pb_text][\/et_pb_column][\/et_pb_row][et_pb_row column_structure=&#8221;1_2,1_2&#8243; make_equal=&#8221;on&#8221; _builder_version=&#8221;4.24.2&#8243; background_color=&#8221;#ededed&#8221; custom_padding=&#8221;40px|0px|0px|0|false|false&#8221; pac_drh_column_numbers_tablet=&#8221;pac_drh_tab_col_two&#8221; box_shadow_style=&#8221;preset4&#8243; box_shadow_horizontal=&#8221;-700px&#8221; box_shadow_vertical=&#8221;0px&#8221; box_shadow_color=&#8221;#ededed&#8221; global_module=&#8221;194&#8243; saved_tabs=&#8221;all&#8221; locked=&#8221;off&#8221; global_colors_info=&#8221;{}&#8221;][et_pb_column type=&#8221;1_2&#8243; _builder_version=&#8221;4.16&#8243; custom_padding=&#8221;|||&#8221; global_colors_info=&#8221;{}&#8221; custom_padding__hover=&#8221;|||&#8221;][et_pb_image src=&#8221;https:\/\/football-legal.com\/conference\/wp-content\/uploads\/2024\/05\/atelier-pratique-Stabilite-contractuelle.jpg&#8221; title_text=&#8221;atelier-pratique-Stabilite\u0301-contractuelle&#8221; url=&#8221;https:\/\/football-legal.com\/conference\/fr\/systeme-transferts\/&#8221; align_tablet=&#8221;center&#8221; align_phone=&#8221;&#8221; align_last_edited=&#8221;on|desktop&#8221; module_class=&#8221;zoom-image&#8221; _builder_version=&#8221;4.25.1&#8243; custom_margin=&#8221;0px|0px|20px|0px&#8221; custom_padding=&#8221;0px|0px|0px|0px&#8221; filter_saturate=&#8221;0%&#8221; animation_style=&#8221;fade&#8221; animation_delay=&#8221;100ms&#8221; border_width_bottom=&#8221;6px&#8221; border_style_bottom=&#8221;inset&#8221; locked=&#8221;off&#8221; global_colors_info=&#8221;{}&#8221; border_radii__hover_enabled=&#8221;on&#8221; border_width_bottom__hover_enabled=&#8221;on|hover&#8221; border_color_bottom__hover_enabled=&#8221;on|hover&#8221; border_color_bottom__hover=&#8221;#CEB200&#8243; border_radii__hover=&#8221;||||&#8221; filter_saturate__hover_enabled=&#8221;on&#8221; filter_saturate__hover=&#8221;100%&#8221; border_width_bottom__hover=&#8221;6px&#8221;][\/et_pb_image][et_pb_text content_tablet=&#8221;<\/p>\n<\/p>\n<p><span style=%22color: #000000;%22><strong><\/strong><span style=%22color: #3e2814;%22><strong>Panel 1<br \/><\/strong><\/span><\/span><span style=%22color: #000000;%22><span style=%22color: #3e2814;%22>Lundi 17 Juin 2024, 10:00 &#8211; 12:30<\/span><span style=%22text-decoration: underline;%22><strong><\/strong><\/span><br \/><\/span><\/p>\n<\/p>\n<p>&#8221; content_phone=&#8221;<\/p>\n<\/p>\n<p><span style=%22color: #000000;%22><strong><\/strong><span style=%22color: #3e2814;%22><strong>Panel 1<br \/><\/strong><\/span><\/span><span style=%22color: #000000;%22><span style=%22color: #3e2814;%22>Lundi 17 Juin 2024, 10:00 &#8211; 12:30<\/span><span style=%22text-decoration: underline;%22><strong><\/strong><\/span><br \/><\/span><span style=%22color: #000000;%22><\/span><\/p>\n<\/p>\n<p>&#8221; content_last_edited=&#8221;on|phone&#8221; _builder_version=&#8221;4.25.1&#8243; header_font=&#8221;||||||||&#8221; header_4_font=&#8221;Montserrat|700|||||||&#8221; custom_margin=&#8221;0px|0px|0px|0px|false|false&#8221; custom_margin_tablet=&#8221;|||20px|false|false&#8221; custom_margin_phone=&#8221;&#8221; custom_margin_last_edited=&#8221;on|tablet&#8221; custom_padding=&#8221;0px|0px|5px|0px&#8221; custom_padding_tablet=&#8221;||||false|false&#8221; custom_padding_phone=&#8221;||||false|false&#8221; custom_padding_last_edited=&#8221;on|phone&#8221; animation_style=&#8221;fade&#8221; animation_delay=&#8221;100ms&#8221; locked=&#8221;off&#8221; global_colors_info=&#8221;{}&#8221;]<\/p>\n<p><span style=\"color: #000000;\"><span style=\"color: #3e2814;\"><strong>Panel 1 <\/strong>&#8211; Lundi 17 Juin 2024, 10:00 &#8211; 12:30<\/span><span style=\"text-decoration: underline;\"><strong><br \/><\/strong><\/span><\/span><\/p>\n<p>[\/et_pb_text][et_pb_text content_tablet=&#8221;<\/p>\n<p><span style=%22color: #299f53;%22><a href=%22https:\/\/football-legal.com\/conference\/fr\/systeme-transferts\/%22 style=%22color: #299f53;%22><span style=%22text-decoration: underline;%22><strong>Syst\u00e8me des transferts et indemnit\u00e9s de formation<\/strong><\/span><\/a><\/span><\/p>\n<p>Comment fonctionne le syst\u00e8me des transferts avec la mise en place par la FIFA de la Clearing House ? Quels sont les points cl\u00e9s \u00e0 ma\u00eetriser et les bonnes pratiques pour r\u00e9aliser une op\u00e9ration de transfert ? Quels sont les principes g\u00e9n\u00e9raux et les objectifs des m\u00e9canismes d&#8217;indemnit\u00e9s de formation et de contributions de solidarit\u00e9 ? Comment calculer les deux&#8230; <a href=%22https:\/\/football-legal.com\/conference\/fr\/systeme-transferts\/%22><span style=%22text-decoration: underline; color: #4dbdc6;%22><em><strong><span style=%22color: #299f53; text-decoration: underline;%22>> Lire plus<\/span><\/strong><\/em><\/span><\/a><\/p>\n<p>&#8221; content_phone=&#8221;<\/p>\n<p><span style=%22color: #299f53;%22><a href=%22https:\/\/football-legal.com\/conference\/fr\/systeme-transferts\/%22 style=%22color: #299f53;%22><span style=%22text-decoration: underline;%22><strong>Syst\u00e8me des transferts et indemnit\u00e9s de formation<\/strong><\/span><\/a><\/span><\/p>\n<p>Comment fonctionne le syst\u00e8me des transferts avec la mise en place par la FIFA de la Clearing House ? Quels sont les points cl\u00e9s \u00e0 ma\u00eetriser et les bonnes pratiques pour r\u00e9aliser une op\u00e9ration de transfert ? Quels sont les principes g\u00e9n\u00e9raux et les objectifs des m\u00e9canismes d&#8217;indemnit\u00e9s de formation et de contributions de solidarit\u00e9 ? Comment calculer les deux&#8230; <a href=%22https:\/\/football-legal.com\/conference\/transfer-system\/%22><span style=%22text-decoration: underline; color: #4dbdc6;%22><em><strong><span style=%22color: #299f53; text-decoration: underline;%22>> Lire plus<\/span><\/strong><\/em><\/span><\/a><\/p>\n<p>&#8221; content_last_edited=&#8221;on|phone&#8221; _builder_version=&#8221;4.25.1&#8243; header_font=&#8221;||||||||&#8221; header_3_font=&#8221;|700|||||||&#8221; header_3_font_size=&#8221;14px&#8221; header_4_font=&#8221;Montserrat|700|||||||&#8221; custom_margin=&#8221;0px|0px|0px|0px|false|false&#8221; custom_margin_tablet=&#8221;|0px||20px|false|false&#8221; custom_margin_phone=&#8221;|20px||20px|false|false&#8221; custom_margin_last_edited=&#8221;on|tablet&#8221; custom_padding=&#8221;0px|0px|5px|0px|false|false&#8221; custom_padding_tablet=&#8221;||||false|false&#8221; custom_padding_phone=&#8221;0px||5px|0px|false|false&#8221; custom_padding_last_edited=&#8221;on|tablet&#8221; animation_style=&#8221;fade&#8221; animation_delay=&#8221;100ms&#8221; locked=&#8221;off&#8221; global_colors_info=&#8221;{}&#8221;]<\/p>\n<p><span style=\"color: #299f53;\"><a href=\"https:\/\/football-legal.com\/conference\/fr\/systeme-transferts\/\" style=\"color: #299f53;\"><span style=\"text-decoration: underline;\"><strong>Syst\u00e8me des transferts et indemnit\u00e9s de formation<\/strong><\/span><\/a><\/span><\/p>\n<p>Comment fonctionne le syst\u00e8me des transferts avec la mise en place par la FIFA de la Clearing House ? Quels sont les points cl\u00e9s \u00e0 ma\u00eetriser et les bonnes pratiques pour r\u00e9aliser une op\u00e9ration de transfert ? Quels sont les principes g\u00e9n\u00e9raux et les objectifs des m\u00e9canismes d&#8217;indemnit\u00e9s de formation et de contributions de solidarit\u00e9 ? Comment calculer les deux&#8230; <a href=\"https:\/\/football-legal.com\/conference\/fr\/systeme-transferts\/\"><span style=\"text-decoration: underline; color: #4dbdc6;\"><em><strong><span style=\"color: #299f53; text-decoration: underline;\">&gt; Lire plus<\/span><\/strong><\/em><\/span><\/a><\/p>\n<p>[\/et_pb_text][\/et_pb_column][et_pb_column type=&#8221;1_2&#8243; _builder_version=&#8221;4.16&#8243; custom_padding=&#8221;|||&#8221; global_colors_info=&#8221;{}&#8221; custom_padding__hover=&#8221;|||&#8221;][et_pb_image src=&#8221;https:\/\/football-legal.com\/conference\/wp-content\/uploads\/2024\/05\/p2-photo-minors.jpg&#8221; title_text=&#8221;p2-photo-minors&#8221; url=&#8221;https:\/\/football-legal.com\/conference\/fr\/mineurs\/&#8221; align_tablet=&#8221;center&#8221; align_phone=&#8221;&#8221; align_last_edited=&#8221;on|desktop&#8221; module_class=&#8221;zoom-image&#8221; _builder_version=&#8221;4.25.1&#8243; custom_margin=&#8221;0px|0px|20px|0px&#8221; custom_padding=&#8221;0px|0px|0px|0px&#8221; filter_saturate=&#8221;0%&#8221; animation_style=&#8221;fade&#8221; animation_delay=&#8221;100ms&#8221; border_width_bottom=&#8221;6px&#8221; border_style_bottom=&#8221;inset&#8221; locked=&#8221;off&#8221; global_colors_info=&#8221;{}&#8221; border_radii__hover_enabled=&#8221;on&#8221; border_width_bottom__hover_enabled=&#8221;on|hover&#8221; border_color_bottom__hover_enabled=&#8221;on|hover&#8221; border_color_bottom__hover=&#8221;#CEB200&#8243; border_radii__hover=&#8221;||||&#8221; filter_saturate__hover_enabled=&#8221;on&#8221; filter_saturate__hover=&#8221;100%&#8221; border_width_bottom__hover=&#8221;6px&#8221;][\/et_pb_image][et_pb_text content_tablet=&#8221;<\/p>\n<\/p>\n<p><span style=%22color: #000000;%22><strong><\/strong><span style=%22color: #3e2814;%22><strong>Panel 2<br \/><\/strong><\/span><\/span><span style=%22color: #000000;%22><span style=%22color: #3e2814;%22>Lundi 17 Juin 2024, 14:30 &#8211; 17:00<\/span><span style=%22text-decoration: underline;%22><strong><\/strong><\/span><br \/><\/span><\/p>\n<\/p>\n<p>&#8221; content_phone=&#8221;<\/p>\n<\/p>\n<p><span style=%22color: #000000;%22><strong><\/strong><span style=%22color: #3e2814;%22><strong>Panel 2<br \/><\/strong>Lundi 17 Juin 2024, 14:30 &#8211; 17:00<\/span><span style=%22text-decoration: underline;%22><strong><\/strong><\/span><br \/><\/span><span style=%22color: #000000;%22><\/span><\/p>\n<\/p>\n<p>&#8221; content_last_edited=&#8221;on|phone&#8221; _builder_version=&#8221;4.25.1&#8243; header_font=&#8221;||||||||&#8221; header_4_font=&#8221;Montserrat|700|||||||&#8221; custom_margin=&#8221;0px||0px|0px|false|false&#8221; custom_margin_tablet=&#8221;|||0px|false|false&#8221; custom_margin_phone=&#8221;|||20px|false|false&#8221; custom_margin_last_edited=&#8221;on|phone&#8221; custom_padding=&#8221;0px|0px|5px|0px&#8221; custom_padding_tablet=&#8221;||||false|false&#8221; custom_padding_phone=&#8221;||||false|false&#8221; custom_padding_last_edited=&#8221;on|phone&#8221; animation_style=&#8221;fade&#8221; animation_delay=&#8221;100ms&#8221; locked=&#8221;off&#8221; global_colors_info=&#8221;{}&#8221;]<\/p>\n<p><span style=\"color: #000000;\"><span style=\"color: #3e2814;\"><strong>Panel 2 <\/strong>&#8211; Lundi 17 Juin 2024, 14:30 &#8211; 17:00<\/span><span style=\"text-decoration: underline;\"><strong><br \/><\/strong><\/span><\/span><\/p>\n<p>[\/et_pb_text][et_pb_text content_tablet=&#8221;<\/p>\n<p><span style=%22color: #299f53;%22><a href=%22https:\/\/football-legal.com\/conference\/fr\/mineurs\/%22 style=%22color: #299f53;%22><span style=%22text-decoration: underline;%22><strong>La formation des jeunes joueurs en Afrique<\/strong><\/span><\/a><\/span><\/p>\n<p>Quelles sont les dispositions sp\u00e9cifiques du droit national et international qui s&#8217;appliquent au joueur mineur ? Quels contrats peut-il signer ? Quels sont les m\u00e9canismes juridiques destin\u00e9s \u00e0 le prot\u00e9ger mais aussi \u00e0 faire face \u00e0 son incapacit\u00e9 de principe \u00e0 contracter ? De m\u00eame, les centres de formation et les acad\u00e9mies de football en&#8230; <a href=%22https:\/\/football-legal.com\/conference\/fr\/mineurs\/%22><span style=%22text-decoration: underline; color: #4dbdc6;%22><em><strong><span style=%22color: #299f53; text-decoration: underline;%22>> Lire plus<\/span><\/strong><\/em><\/span><\/a><\/p>\n<p>&#8221; content_phone=&#8221;<\/p>\n<p><span style=%22color: #299f53;%22><a href=%22https:\/\/football-legal.com\/conference\/fr\/mineurs\/%22 style=%22color: #299f53;%22><span style=%22text-decoration: underline;%22><strong>La formation des jeunes joueurs en Afrique<\/strong><\/span><\/a><\/span><\/p>\n<p>Quelles sont les dispositions sp\u00e9cifiques du droit national et international qui s&#8217;appliquent au joueur mineur ? Quels contrats peut-il signer ? Quels sont les m\u00e9canismes juridiques destin\u00e9s \u00e0 le prot\u00e9ger mais aussi \u00e0 faire face \u00e0 son incapacit\u00e9 de principe \u00e0 contracter ? De m\u00eame, les centres de formation et les acad\u00e9mies de football en&#8230; <a href=%22https:\/\/football-legal.com\/conference\/fr\/mineurs\/%22><span style=%22text-decoration: underline; color: #4dbdc6;%22><em><strong><span style=%22color: #299f53; text-decoration: underline;%22>> Lire plus<\/span><\/strong><\/em><\/span><\/a><\/p>\n<p>&#8221; content_last_edited=&#8221;on|phone&#8221; _builder_version=&#8221;4.25.1&#8243; header_font=&#8221;||||||||&#8221; header_3_font=&#8221;|700|||||||&#8221; header_3_font_size=&#8221;14px&#8221; header_4_font=&#8221;Montserrat|700|||||||&#8221; custom_margin=&#8221;0px|20px|0px|0px|false|false&#8221; custom_margin_tablet=&#8221;&#8221; custom_margin_phone=&#8221;|20px||20px|false|false&#8221; custom_margin_last_edited=&#8221;on|phone&#8221; custom_padding=&#8221;0px|0px|5px|0px|false|false&#8221; custom_padding_tablet=&#8221;||||false|false&#8221; custom_padding_phone=&#8221;0px||5px||false|false&#8221; custom_padding_last_edited=&#8221;on|phone&#8221; animation_style=&#8221;fade&#8221; animation_delay=&#8221;100ms&#8221; locked=&#8221;off&#8221; global_colors_info=&#8221;{}&#8221;]<\/p>\n<p><span style=\"color: #299f53;\"><a href=\"https:\/\/football-legal.com\/conference\/fr\/mineurs\/\" style=\"color: #299f53;\"><span style=\"text-decoration: underline;\"><strong>La formation des jeunes joueurs en Afrique<\/strong><\/span><\/a><\/span><\/p>\n<p>Quelles sont les dispositions sp\u00e9cifiques du droit national et international qui s&#8217;appliquent au joueur mineur ? Quels contrats peut-il signer ? Quels sont les m\u00e9canismes juridiques destin\u00e9s \u00e0 le prot\u00e9ger mais aussi \u00e0 faire face \u00e0 son incapacit\u00e9 de principe \u00e0 contracter ? De m\u00eame, les centres de formation et les acad\u00e9mies de football en&#8230; <a href=\"https:\/\/football-legal.com\/conference\/fr\/mineurs\/\"><span style=\"text-decoration: underline; color: #4dbdc6;\"><em><strong><span style=\"color: #299f53; text-decoration: underline;\">&gt; Lire plus<\/span><\/strong><\/em><\/span><\/a><\/p>\n<p>[\/et_pb_text][\/et_pb_column][\/et_pb_row][et_pb_row column_structure=&#8221;1_2,1_2&#8243; make_equal=&#8221;on&#8221; _builder_version=&#8221;4.24.2&#8243; background_color=&#8221;#ededed&#8221; custom_padding=&#8221;40px|0px|80px|0|false|false&#8221; pac_drh_column_numbers_tablet=&#8221;pac_drh_tab_col_two&#8221; box_shadow_style=&#8221;preset4&#8243; box_shadow_horizontal=&#8221;-700px&#8221; box_shadow_vertical=&#8221;0px&#8221; box_shadow_color=&#8221;#ededed&#8221; global_module=&#8221;195&#8243; saved_tabs=&#8221;all&#8221; locked=&#8221;off&#8221; global_colors_info=&#8221;{}&#8221;][et_pb_column type=&#8221;1_2&#8243; _builder_version=&#8221;4.16&#8243; custom_padding=&#8221;|||&#8221; global_colors_info=&#8221;{}&#8221; custom_padding__hover=&#8221;|||&#8221;][et_pb_image src=&#8221;https:\/\/football-legal.com\/conference\/wp-content\/uploads\/2024\/05\/p3-environnement-joueur.jpg&#8221; title_text=&#8221;p3-environnement-joueur&#8221; url=&#8221;https:\/\/football-legal.com\/conference\/fr\/environnement-travail-joueur\/&#8221; align_tablet=&#8221;center&#8221; align_phone=&#8221;&#8221; align_last_edited=&#8221;on|desktop&#8221; module_class=&#8221;zoom-image&#8221; _builder_version=&#8221;4.25.1&#8243; custom_margin=&#8221;0px|0px|20px|0px&#8221; custom_padding=&#8221;0px|0px|0px|0px&#8221; filter_saturate=&#8221;0%&#8221; animation_style=&#8221;fade&#8221; animation_delay=&#8221;100ms&#8221; border_width_bottom=&#8221;6px&#8221; border_style_bottom=&#8221;inset&#8221; locked=&#8221;off&#8221; global_colors_info=&#8221;{}&#8221; border_radii__hover_enabled=&#8221;on&#8221; border_width_bottom__hover_enabled=&#8221;on|hover&#8221; border_color_bottom__hover_enabled=&#8221;on|hover&#8221; border_color_bottom__hover=&#8221;#CEB200&#8243; border_radii__hover=&#8221;||||&#8221; filter_saturate__hover_enabled=&#8221;on&#8221; filter_saturate__hover=&#8221;100%&#8221; border_width_bottom__hover=&#8221;6px&#8221;][\/et_pb_image][et_pb_text content_tablet=&#8221;<\/p>\n<p><span style=%22color: #000000;%22><span style=%22color: #3e2814;%22><strong>Panel 3 <\/strong>&#8211; Mardi 18 Juin 2024, 10:00 &#8211; 12:30<\/span><span style=%22text-decoration: underline;%22><strong><br \/><\/strong><\/span><\/span><\/p>\n<p>&#8221; content_phone=&#8221;<\/p>\n<\/p>\n<p><span style=%22color: #000000;%22><strong><\/strong><span style=%22color: #3e2814;%22><strong>Panel 3<br \/><\/strong><\/span><span style=%22color: #3e2814;%22>Mardi 18 Juin 2024, 10:00 &#8211; 12:30<\/span><span style=%22text-decoration: underline;%22><strong><\/strong><\/span><br \/><\/span><span style=%22color: #000000;%22><\/span><\/p>\n<\/p>\n<p>&#8221; content_last_edited=&#8221;on|phone&#8221; _builder_version=&#8221;4.25.1&#8243; header_font=&#8221;||||||||&#8221; header_4_font=&#8221;Montserrat|700|||||||&#8221; custom_margin=&#8221;0px|0px|0px|0px|false|false&#8221; custom_margin_tablet=&#8221;|||20px|false|false&#8221; custom_margin_phone=&#8221;&#8221; custom_margin_last_edited=&#8221;on|tablet&#8221; custom_padding=&#8221;0px|0px|5px|0px&#8221; custom_padding_tablet=&#8221;||||false|false&#8221; custom_padding_phone=&#8221;||||false|false&#8221; custom_padding_last_edited=&#8221;on|phone&#8221; animation_style=&#8221;fade&#8221; animation_delay=&#8221;100ms&#8221; locked=&#8221;off&#8221; global_colors_info=&#8221;{}&#8221;]<\/p>\n<p><span style=\"color: #000000;\"><span style=\"color: #3e2814;\"><strong>Panel 3 <\/strong>&#8211; Mardi 18 Juin 2024, 10:00 &#8211; 12:30<\/span><span style=\"text-decoration: underline;\"><strong><br \/><\/strong><\/span><\/span><\/p>\n<p>[\/et_pb_text][et_pb_text content_tablet=&#8221;<\/p>\n<p><span style=%22color: #299f53;%22><a href=%22https:\/\/football-legal.com\/conference\/fr\/environnement-travail-joueur\/%22 style=%22color: #299f53;%22><span style=%22text-decoration: underline;%22><strong>L&#8217;environnement de travail du joueur<\/strong><\/span><\/a><\/span><\/p>\n<p class=%22p1%22>Le footballeur qui \u00e9volue en Afrique peut se trouver dans des situations tr\u00e8s diff\u00e9rentes selon les clubs et les pays. Dans sa relation avec son club et sa f\u00e9d\u00e9ration nationale, de nombreuses difficult\u00e9s peuvent survenir : non paiement des salaires, absence de contrat \u00e9crit, sanctions disciplinaires, menaces, etc. Comment le joueur doit-il r\u00e9agir face&#8230; <a href=%22https:\/\/football-legal.com\/conference\/fr\/environnement-travail-joueur\/%22><span style=%22text-decoration: underline; color: #4dbdc6;%22><em><strong><span style=%22color: #299f53; text-decoration: underline;%22>> Lire plus<\/span><\/strong><\/em><\/span><\/a><\/p>\n<p>&#8221; content_phone=&#8221;<\/p>\n<p><span style=%22color: #299f53;%22><a href=%22https:\/\/football-legal.com\/conference\/fr\/environnement-travail-joueur\/%22 style=%22color: #299f53;%22><span style=%22text-decoration: underline;%22><strong>L&#8217;environnement de travail du joueur<\/strong><\/span><\/a><\/span><\/p>\n<p class=%22p1%22>Le footballeur qui \u00e9volue en Afrique peut se trouver dans des situations tr\u00e8s diff\u00e9rentes selon les clubs et les pays. Dans sa relation avec son club et sa f\u00e9d\u00e9ration nationale, de nombreuses difficult\u00e9s peuvent survenir : non paiement des salaires, absence de contrat \u00e9crit, sanctions disciplinaires, menaces, etc. Comment le joueur doit-il r\u00e9agir face&#8230; <a href=%22https:\/\/football-legal.com\/conference\/fr\/environnement-travail-joueur\/%22><span style=%22text-decoration: underline; color: #4dbdc6;%22><em><strong><span style=%22color: #299f53; text-decoration: underline;%22>> Lire plus<\/span><\/strong><\/em><\/span><\/a><\/p>\n<p>&#8221; content_last_edited=&#8221;on|tablet&#8221; _builder_version=&#8221;4.25.1&#8243; header_font=&#8221;||||||||&#8221; header_3_font=&#8221;|700|||||||&#8221; header_3_font_size=&#8221;14px&#8221; header_4_font=&#8221;Montserrat|700|||||||&#8221; custom_margin=&#8221;0px|0px|0px|0px|false|false&#8221; custom_margin_tablet=&#8221;|0px||20px|false|false&#8221; custom_margin_phone=&#8221;|20px||20px|false|false&#8221; custom_margin_last_edited=&#8221;on|tablet&#8221; custom_padding=&#8221;0px|0px|5px|0px|false|false&#8221; custom_padding_tablet=&#8221;||||false|false&#8221; custom_padding_phone=&#8221;0px||5px|0px|false|false&#8221; custom_padding_last_edited=&#8221;on|tablet&#8221; animation_style=&#8221;fade&#8221; animation_delay=&#8221;100ms&#8221; locked=&#8221;off&#8221; global_colors_info=&#8221;{}&#8221;]<\/p>\n<p><span style=\"color: #299f53;\"><a href=\"https:\/\/football-legal.com\/conference\/fr\/environnement-travail-joueur\/\" style=\"color: #299f53;\"><span style=\"text-decoration: underline;\"><strong>L&#8217;environnement de travail du joueur<\/strong><\/span><\/a><\/span><\/p>\n<p class=\"p1\">Le footballeur qui \u00e9volue en Afrique peut se trouver dans des situations tr\u00e8s diff\u00e9rentes selon les clubs et les pays. Dans sa relation avec son club et sa f\u00e9d\u00e9ration nationale, de nombreuses difficult\u00e9s peuvent survenir : non paiement des salaires, absence de contrat \u00e9crit, sanctions disciplinaires, menaces, etc. Comment le joueur doit-il r\u00e9agir face&#8230; <a href=\"https:\/\/football-legal.com\/conference\/fr\/environnement-travail-joueur\/\"><span style=\"text-decoration: underline; color: #4dbdc6;\"><em><strong><span style=\"color: #299f53; text-decoration: underline;\">&gt; Lire plus<\/span><\/strong><\/em><\/span><\/a><\/p>\n<p>[\/et_pb_text][\/et_pb_column][et_pb_column type=&#8221;1_2&#8243; _builder_version=&#8221;4.16&#8243; custom_padding=&#8221;|||&#8221; global_colors_info=&#8221;{}&#8221; custom_padding__hover=&#8221;|||&#8221;][et_pb_image src=&#8221;https:\/\/football-legal.com\/conference\/wp-content\/uploads\/2024\/05\/p4-aiaf-africa.jpg&#8221; title_text=&#8221;p4-aiaf-africa&#8221; url=&#8221;https:\/\/football-legal.com\/conference\/fr\/lancement-aiaf-africa\/&#8221; align_tablet=&#8221;center&#8221; align_phone=&#8221;&#8221; align_last_edited=&#8221;on|desktop&#8221; module_class=&#8221;zoom-image&#8221; _builder_version=&#8221;4.25.1&#8243; custom_margin=&#8221;0px|0px|20px|0px&#8221; custom_padding=&#8221;0px|0px|0px|0px&#8221; filter_saturate=&#8221;0%&#8221; animation_style=&#8221;fade&#8221; animation_delay=&#8221;100ms&#8221; border_width_bottom=&#8221;6px&#8221; border_style_bottom=&#8221;inset&#8221; locked=&#8221;off&#8221; global_colors_info=&#8221;{}&#8221; border_radii__hover_enabled=&#8221;on&#8221; border_width_bottom__hover_enabled=&#8221;on|hover&#8221; border_color_bottom__hover_enabled=&#8221;on|hover&#8221; border_color_bottom__hover=&#8221;#CEB200&#8243; border_radii__hover=&#8221;||||&#8221; filter_saturate__hover_enabled=&#8221;on&#8221; filter_saturate__hover=&#8221;100%&#8221; border_width_bottom__hover=&#8221;6px&#8221;][\/et_pb_image][et_pb_text content_tablet=&#8221;<\/p>\n<\/p>\n<p><span style=%22color: #000000;%22><strong><\/strong><span style=%22color: #3e2814;%22><strong>Panel 4<br \/><\/strong><\/span><span style=%22color: #3e2814;%22>Mardi 18 Juin 2024, 14:30 &#8211; 16:30<\/span><span style=%22text-decoration: underline;%22><strong><\/strong><\/span><br \/><\/span><\/p>\n<\/p>\n<p>&#8221; content_phone=&#8221;<\/p>\n<\/p>\n<p><span style=%22color: #000000;%22><strong><\/strong><span style=%22color: #3e2814;%22><strong>Panel 4<br \/><\/strong><\/span><span style=%22color: #3e2814;%22>Mardi 18 Juin 2024, 14:30 &#8211; 16:30<\/span><span style=%22text-decoration: underline;%22><strong><\/strong><\/span><br \/><\/span><span style=%22color: #000000;%22><\/span><\/p>\n<\/p>\n<p>&#8221; content_last_edited=&#8221;on|phone&#8221; _builder_version=&#8221;4.25.1&#8243; header_font=&#8221;||||||||&#8221; header_4_font=&#8221;Montserrat|700|||||||&#8221; custom_margin=&#8221;0px||0px|0px|false|false&#8221; custom_margin_tablet=&#8221;|||0px|false|false&#8221; custom_margin_phone=&#8221;|||20px|false|false&#8221; custom_margin_last_edited=&#8221;on|phone&#8221; custom_padding=&#8221;0px|0px|5px|0px&#8221; custom_padding_tablet=&#8221;||||false|false&#8221; custom_padding_phone=&#8221;||||false|false&#8221; custom_padding_last_edited=&#8221;on|phone&#8221; animation_style=&#8221;fade&#8221; animation_delay=&#8221;100ms&#8221; locked=&#8221;off&#8221; global_colors_info=&#8221;{}&#8221;]<\/p>\n<p><span style=\"color: #000000;\"><span style=\"color: #3e2814;\"><strong>Panel 4 <\/strong>&#8211; Mardi 18 Juin 2024, 14:30 &#8211; 16:30<\/span><span style=\"text-decoration: underline;\"><strong><br \/><\/strong><\/span><\/span><\/p>\n<p>[\/et_pb_text][et_pb_text content_tablet=&#8221;<\/p>\n<p>\u00a0<\/p>\n<p><span style=%22color: #299f53;%22><a href=%22https:\/\/football-legal.com\/conference\/fr\/lancement-aiaf-africa\/%22 style=%22color: #299f53;%22><span style=%22text-decoration: underline;%22><strong>Lancement de AIAF Africa<\/strong><\/span><\/a><\/span><\/p>\n<p class=%22p1%22>Cr\u00e9\u00e9e en 2013, l&#8217;Association Internationale des Avocats du Football (AIAF), qui regroupe aujourd&#8217;hui plus de 130 avocats en droit du football \u00e0 travers le monde, est devenue l&#8217;association de r\u00e9f\u00e9rence en droit international du football. Depuis 2022, l&#8217;AIAF collabore activement avec la FIFA \u00e0 travers l&#8217;organisation de workshops afin de r\u00e9fl\u00e9chir et&#8230; <a href=%22https:\/\/football-legal.com\/conference\/fr\/lancement-aiaf-africa\/%22><span style=%22text-decoration: underline; color: #4dbdc6;%22><em><strong><span style=%22color: #299f53; text-decoration: underline;%22>> Lire plus<\/span><\/strong><\/em><\/span><\/a><\/p>\n<p>\u00a0<\/p>\n<p>&#8221; content_phone=&#8221;<\/p>\n<p>\u00a0<\/p>\n<p><span style=%22color: #299f53;%22><a href=%22https:\/\/football-legal.com\/conference\/fr\/lancement-aiaf-africa\/%22 style=%22color: #299f53;%22><span style=%22text-decoration: underline;%22><strong>Lancement de AIAF Africa<\/strong><\/span><\/a><\/span><\/p>\n<p class=%22p1%22>Cr\u00e9\u00e9e en 2013, l&#8217;Association Internationale des Avocats du Football (AIAF), qui regroupe aujourd&#8217;hui plus de 130 avocats en droit du football \u00e0 travers le monde, est devenue l&#8217;association de r\u00e9f\u00e9rence en droit international du football. Depuis 2022, l&#8217;AIAF collabore activement avec la FIFA \u00e0 travers l&#8217;organisation de workshops afin de r\u00e9fl\u00e9chir et&#8230; <a href=%22https:\/\/football-legal.com\/conference\/fr\/lancement-aiaf-africa\/%22><span style=%22text-decoration: underline; color: #4dbdc6;%22><em><strong><span style=%22color: #299f53; text-decoration: underline;%22>> Lire plus<\/span><\/strong><\/em><\/span><\/a><\/p>\n<p>\u00a0<\/p>\n<p>&#8221; content_last_edited=&#8221;on|phone&#8221; _builder_version=&#8221;4.25.1&#8243; header_font=&#8221;||||||||&#8221; header_3_font=&#8221;|700|||||||&#8221; header_3_font_size=&#8221;14px&#8221; header_4_font=&#8221;Montserrat|700|||||||&#8221; custom_margin=&#8221;0px|20px|0px|0px|false|false&#8221; custom_margin_tablet=&#8221;&#8221; custom_margin_phone=&#8221;|20px||20px|false|false&#8221; custom_margin_last_edited=&#8221;on|phone&#8221; custom_padding=&#8221;0px|0px|5px|0px|false|false&#8221; custom_padding_tablet=&#8221;||||false|false&#8221; custom_padding_phone=&#8221;0px||5px||false|false&#8221; custom_padding_last_edited=&#8221;on|phone&#8221; animation_style=&#8221;fade&#8221; animation_delay=&#8221;100ms&#8221; locked=&#8221;off&#8221; global_colors_info=&#8221;{}&#8221;]<\/p>\n<p><span style=\"color: #299f53;\"><a href=\"https:\/\/football-legal.com\/conference\/fr\/lancement-aiaf-africa\/\" style=\"color: #299f53;\"><span style=\"text-decoration: underline;\"><strong>Lancement de AIAF Africa<\/strong><\/span><\/a><\/span><\/p>\n<p class=\"p1\">Cr\u00e9\u00e9e en 2013, l&#8217;Association Internationale des Avocats du Football (AIAF), qui regroupe aujourd&#8217;hui plus de 130 avocats en droit du football \u00e0 travers le monde, est devenue l&#8217;association de r\u00e9f\u00e9rence en droit international du football. Depuis 2022, l&#8217;AIAF collabore activement avec la FIFA \u00e0 travers l&#8217;organisation de workshops afin de r\u00e9fl\u00e9chir et&#8230; <a href=\"https:\/\/football-legal.com\/conference\/fr\/lancement-aiaf-africa\/\"><span style=\"text-decoration: underline; color: #4dbdc6;\"><em><strong><span style=\"color: #299f53; text-decoration: underline;\">&gt; Lire plus<\/span><\/strong><\/em><\/span><\/a><\/p>\n<p>[\/et_pb_text][\/et_pb_column][\/et_pb_row][\/et_pb_section]<\/p>\n","protected":false},"excerpt":{"rendered":"<p>Panel 1 &#8211; Lundi 17 Juin 2024, 10:00 &#8211; 12:30 Syst\u00e8me des transfertset indemnit\u00e9s de formationComment fonctionne le syst\u00e8me des transferts avec la mise en place par la FIFA de la Clearing House ? Quels sont les points cl\u00e9s \u00e0 ma\u00eetriser et les bonnes pratiques pour r\u00e9aliser une op\u00e9ration de transfert ? Quels sont les [&hellip;]<\/p>\n","protected":false},"author":2,"featured_media":85,"parent":0,"menu_order":0,"comment_status":"closed","ping_status":"closed","template":"","meta":{"_et_pb_use_builder":"on","_et_pb_old_content":"","_et_gb_content_width":"","footnotes":""},"class_list":["post-129","page","type-page","status-publish","has-post-thumbnail","hentry"],"yoast_head":"<!-- This site is optimized with the Yoast SEO plugin v27.4 - https:\/\/yoast.com\/product\/yoast-seo-wordpress\/ -->\n<title>Syst\u00e8me des transferts et indemnit\u00e9s de formation - Football Legal Conference<\/title>\n<meta name=\"description\" content=\"Comment fonctionne le syst\u00e8me des transferts avec la mise en place par la FIFA de la Clearing House ? Quels sont les points cl\u00e9s \u00e0 ma\u00eetriser et les bonnes pratiques pour r\u00e9aliser une op\u00e9ration de transfert ?\" \/>\n<meta name=\"robots\" content=\"index, follow, max-snippet:-1, max-image-preview:large, max-video-preview:-1\" \/>\n<link rel=\"canonical\" href=\"https:\/\/football-legal.com\/conference\/fr\/systeme-transferts\/\" \/>\n<meta property=\"og:locale\" content=\"en_US\" \/>\n<meta property=\"og:type\" content=\"article\" \/>\n<meta property=\"og:title\" content=\"Syst\u00e8me des transferts et indemnit\u00e9s de formation - Football Legal Conference\" \/>\n<meta property=\"og:description\" content=\"Comment fonctionne le syst\u00e8me des transferts avec la mise en place par la FIFA de la Clearing House ? Quels sont les points cl\u00e9s \u00e0 ma\u00eetriser et les bonnes pratiques pour r\u00e9aliser une op\u00e9ration de transfert ?\" \/>\n<meta property=\"og:url\" content=\"https:\/\/football-legal.com\/conference\/fr\/systeme-transferts\/\" \/>\n<meta property=\"og:site_name\" content=\"Football Legal Conference\" \/>\n<meta property=\"article:modified_time\" content=\"2024-05-30T10:45:54+00:00\" \/>\n<meta property=\"og:image\" content=\"https:\/\/football-legal.com\/conference\/wp-content\/uploads\/2024\/05\/atelier-pratique-Stabilite-contractuelle-rs.jpg\" \/>\n\t<meta property=\"og:image:width\" content=\"769\" \/>\n\t<meta property=\"og:image:height\" content=\"769\" \/>\n\t<meta property=\"og:image:type\" content=\"image\/jpeg\" \/>\n<meta name=\"twitter:card\" content=\"summary_large_image\" \/>\n<meta name=\"twitter:label1\" content=\"Est. reading time\" \/>\n\t<meta name=\"twitter:data1\" content=\"7 minutes\" \/>\n<script type=\"application\/ld+json\" class=\"yoast-schema-graph\">{\"@context\":\"https:\\\/\\\/schema.org\",\"@graph\":[{\"@type\":\"WebPage\",\"@id\":\"https:\\\/\\\/football-legal.com\\\/conference\\\/fr\\\/systeme-transferts\\\/\",\"url\":\"https:\\\/\\\/football-legal.com\\\/conference\\\/fr\\\/systeme-transferts\\\/\",\"name\":\"Syst\u00e8me des transferts et indemnit\u00e9s de formation - Football Legal Conference\",\"isPartOf\":{\"@id\":\"https:\\\/\\\/football-legal.com\\\/conference\\\/#website\"},\"primaryImageOfPage\":{\"@id\":\"https:\\\/\\\/football-legal.com\\\/conference\\\/fr\\\/systeme-transferts\\\/#primaryimage\"},\"image\":{\"@id\":\"https:\\\/\\\/football-legal.com\\\/conference\\\/fr\\\/systeme-transferts\\\/#primaryimage\"},\"thumbnailUrl\":\"https:\\\/\\\/football-legal.com\\\/conference\\\/wp-content\\\/uploads\\\/2024\\\/05\\\/atelier-pratique-Stabilite-contractuelle-rs.jpg\",\"datePublished\":\"2024-05-15T16:24:19+00:00\",\"dateModified\":\"2024-05-30T10:45:54+00:00\",\"description\":\"Comment fonctionne le syst\u00e8me des transferts avec la mise en place par la FIFA de la Clearing House ? Quels sont les points cl\u00e9s \u00e0 ma\u00eetriser et les bonnes pratiques pour r\u00e9aliser une op\u00e9ration de transfert ?\",\"breadcrumb\":{\"@id\":\"https:\\\/\\\/football-legal.com\\\/conference\\\/fr\\\/systeme-transferts\\\/#breadcrumb\"},\"inLanguage\":\"en-US\",\"potentialAction\":[{\"@type\":\"ReadAction\",\"target\":[\"https:\\\/\\\/football-legal.com\\\/conference\\\/fr\\\/systeme-transferts\\\/\"]}]},{\"@type\":\"ImageObject\",\"inLanguage\":\"en-US\",\"@id\":\"https:\\\/\\\/football-legal.com\\\/conference\\\/fr\\\/systeme-transferts\\\/#primaryimage\",\"url\":\"https:\\\/\\\/football-legal.com\\\/conference\\\/wp-content\\\/uploads\\\/2024\\\/05\\\/atelier-pratique-Stabilite-contractuelle-rs.jpg\",\"contentUrl\":\"https:\\\/\\\/football-legal.com\\\/conference\\\/wp-content\\\/uploads\\\/2024\\\/05\\\/atelier-pratique-Stabilite-contractuelle-rs.jpg\",\"width\":769,\"height\":769},{\"@type\":\"BreadcrumbList\",\"@id\":\"https:\\\/\\\/football-legal.com\\\/conference\\\/fr\\\/systeme-transferts\\\/#breadcrumb\",\"itemListElement\":[{\"@type\":\"ListItem\",\"position\":1,\"name\":\"Home\",\"item\":\"https:\\\/\\\/football-legal.com\\\/conference\\\/\"},{\"@type\":\"ListItem\",\"position\":2,\"name\":\"Syst\u00e8me des transferts et indemnit\u00e9s de formation\"}]},{\"@type\":\"WebSite\",\"@id\":\"https:\\\/\\\/football-legal.com\\\/conference\\\/#website\",\"url\":\"https:\\\/\\\/football-legal.com\\\/conference\\\/\",\"name\":\"Football Legal Conference\",\"description\":\"1st Football Legal Conference Africa\",\"potentialAction\":[{\"@type\":\"SearchAction\",\"target\":{\"@type\":\"EntryPoint\",\"urlTemplate\":\"https:\\\/\\\/football-legal.com\\\/conference\\\/?s={search_term_string}\"},\"query-input\":{\"@type\":\"PropertyValueSpecification\",\"valueRequired\":true,\"valueName\":\"search_term_string\"}}],\"inLanguage\":\"en-US\"}]}<\/script>\n<!-- \/ Yoast SEO plugin. -->","yoast_head_json":{"title":"Syst\u00e8me des transferts et indemnit\u00e9s de formation - Football Legal Conference","description":"Comment fonctionne le syst\u00e8me des transferts avec la mise en place par la FIFA de la Clearing House ? Quels sont les points cl\u00e9s \u00e0 ma\u00eetriser et les bonnes pratiques pour r\u00e9aliser une op\u00e9ration de transfert ?","robots":{"index":"index","follow":"follow","max-snippet":"max-snippet:-1","max-image-preview":"max-image-preview:large","max-video-preview":"max-video-preview:-1"},"canonical":"https:\/\/football-legal.com\/conference\/fr\/systeme-transferts\/","og_locale":"en_US","og_type":"article","og_title":"Syst\u00e8me des transferts et indemnit\u00e9s de formation - Football Legal Conference","og_description":"Comment fonctionne le syst\u00e8me des transferts avec la mise en place par la FIFA de la Clearing House ? Quels sont les points cl\u00e9s \u00e0 ma\u00eetriser et les bonnes pratiques pour r\u00e9aliser une op\u00e9ration de transfert ?","og_url":"https:\/\/football-legal.com\/conference\/fr\/systeme-transferts\/","og_site_name":"Football Legal Conference","article_modified_time":"2024-05-30T10:45:54+00:00","og_image":[{"width":769,"height":769,"url":"https:\/\/football-legal.com\/conference\/wp-content\/uploads\/2024\/05\/atelier-pratique-Stabilite-contractuelle-rs.jpg","type":"image\/jpeg"}],"twitter_card":"summary_large_image","twitter_misc":{"Est. reading time":"7 minutes"},"schema":{"@context":"https:\/\/schema.org","@graph":[{"@type":"WebPage","@id":"https:\/\/football-legal.com\/conference\/fr\/systeme-transferts\/","url":"https:\/\/football-legal.com\/conference\/fr\/systeme-transferts\/","name":"Syst\u00e8me des transferts et indemnit\u00e9s de formation - Football Legal Conference","isPartOf":{"@id":"https:\/\/football-legal.com\/conference\/#website"},"primaryImageOfPage":{"@id":"https:\/\/football-legal.com\/conference\/fr\/systeme-transferts\/#primaryimage"},"image":{"@id":"https:\/\/football-legal.com\/conference\/fr\/systeme-transferts\/#primaryimage"},"thumbnailUrl":"https:\/\/football-legal.com\/conference\/wp-content\/uploads\/2024\/05\/atelier-pratique-Stabilite-contractuelle-rs.jpg","datePublished":"2024-05-15T16:24:19+00:00","dateModified":"2024-05-30T10:45:54+00:00","description":"Comment fonctionne le syst\u00e8me des transferts avec la mise en place par la FIFA de la Clearing House ? Quels sont les points cl\u00e9s \u00e0 ma\u00eetriser et les bonnes pratiques pour r\u00e9aliser une op\u00e9ration de transfert ?","breadcrumb":{"@id":"https:\/\/football-legal.com\/conference\/fr\/systeme-transferts\/#breadcrumb"},"inLanguage":"en-US","potentialAction":[{"@type":"ReadAction","target":["https:\/\/football-legal.com\/conference\/fr\/systeme-transferts\/"]}]},{"@type":"ImageObject","inLanguage":"en-US","@id":"https:\/\/football-legal.com\/conference\/fr\/systeme-transferts\/#primaryimage","url":"https:\/\/football-legal.com\/conference\/wp-content\/uploads\/2024\/05\/atelier-pratique-Stabilite-contractuelle-rs.jpg","contentUrl":"https:\/\/football-legal.com\/conference\/wp-content\/uploads\/2024\/05\/atelier-pratique-Stabilite-contractuelle-rs.jpg","width":769,"height":769},{"@type":"BreadcrumbList","@id":"https:\/\/football-legal.com\/conference\/fr\/systeme-transferts\/#breadcrumb","itemListElement":[{"@type":"ListItem","position":1,"name":"Home","item":"https:\/\/football-legal.com\/conference\/"},{"@type":"ListItem","position":2,"name":"Syst\u00e8me des transferts et indemnit\u00e9s de formation"}]},{"@type":"WebSite","@id":"https:\/\/football-legal.com\/conference\/#website","url":"https:\/\/football-legal.com\/conference\/","name":"Football Legal Conference","description":"1st Football Legal Conference Africa","potentialAction":[{"@type":"SearchAction","target":{"@type":"EntryPoint","urlTemplate":"https:\/\/football-legal.com\/conference\/?s={search_term_string}"},"query-input":{"@type":"PropertyValueSpecification","valueRequired":true,"valueName":"search_term_string"}}],"inLanguage":"en-US"}]}},"_links":{"self":[{"href":"https:\/\/football-legal.com\/conference\/wp-json\/wp\/v2\/pages\/129","targetHints":{"allow":["GET"]}}],"collection":[{"href":"https:\/\/football-legal.com\/conference\/wp-json\/wp\/v2\/pages"}],"about":[{"href":"https:\/\/football-legal.com\/conference\/wp-json\/wp\/v2\/types\/page"}],"author":[{"embeddable":true,"href":"https:\/\/football-legal.com\/conference\/wp-json\/wp\/v2\/users\/2"}],"replies":[{"embeddable":true,"href":"https:\/\/football-legal.com\/conference\/wp-json\/wp\/v2\/comments?post=129"}],"version-history":[{"count":22,"href":"https:\/\/football-legal.com\/conference\/wp-json\/wp\/v2\/pages\/129\/revisions"}],"predecessor-version":[{"id":484,"href":"https:\/\/football-legal.com\/conference\/wp-json\/wp\/v2\/pages\/129\/revisions\/484"}],"wp:featuredmedia":[{"embeddable":true,"href":"https:\/\/football-legal.com\/conference\/wp-json\/wp\/v2\/media\/85"}],"wp:attachment":[{"href":"https:\/\/football-legal.com\/conference\/wp-json\/wp\/v2\/media?parent=129"}],"curies":[{"name":"wp","href":"https:\/\/api.w.org\/{rel}","templated":true}]}}